{"id":8722,"date":"2026-05-18T21:27:04","date_gmt":"2026-05-18T19:27:04","guid":{"rendered":"https:\/\/wp1.sedaozcan.net.tr\/nasil-destek-olabilirsiniz\/yardmseverlik-koullar\/"},"modified":"2026-08-29T13:56:47","modified_gmt":"2026-08-29T11:56:47","slug":"yardimseverlik-kosulari","status":"publish","type":"page","link":"https:\/\/wp1.sedaozcan.net.tr\/en\/nasil-destek-olabilirsiniz\/yardimseverlik-kosulari\/","title":{"rendered":"Yard\u0131mseverlik Ko\u015fular\u0131"},"content":{"rendered":"<div data-elementor-type=\"wp-page\" data-elementor-id=\"8722\" class=\"elementor elementor-8722\" data-elementor-post-type=\"page\">\n\t\t\t\t\t\t<section class=\"elementor-section elementor-top-section elementor-element elementor-element-65c3591 elementor-section-height-min-height elementor-section-boxed elementor-section-height-default elementor-section-items-middle\" data-id=\"65c3591\" data-element_type=\"section\" data-e-type=\"section\" data-settings=\"{&quot;background_background&quot;:&quot;classic&quot;}\">\n\t\t\t\t\t\t\t<div class=\"elementor-background-overlay\"><\/div>\n\t\t\t\t\t\t\t<div class=\"elementor-container elementor-column-gap-no\">\n\t\t\t\t\t<div class=\"elementor-column elementor-col-100 elementor-top-column elementor-element elementor-element-4ed4a12\" data-id=\"4ed4a12\" data-element_type=\"column\" data-e-type=\"column\">\n\t\t\t<div class=\"elementor-widget-wrap elementor-element-populated\">\n\t\t\t\t\t\t<div class=\"elementor-element elementor-element-dce73fe elementor-icon-list--layout-inline elementor-tablet-align-center elementor-list-item-link-full_width elementor-widget elementor-widget-icon-list\" data-id=\"dce73fe\" data-element_type=\"widget\" data-e-type=\"widget\" data-widget_type=\"icon-list.default\">\n\t\t\t\t<div class=\"elementor-widget-container\">\n\t\t\t\t\t\t\t<ul class=\"elementor-icon-list-items elementor-inline-items\">\n\t\t\t\t\t\t\t<li class=\"elementor-icon-list-item elementor-inline-item\">\n\t\t\t\t\t\t\t\t\t\t<span class=\"elementor-icon-list-text\">How Can You Help?<\/span>\n\t\t\t\t\t\t\t\t\t<\/li>\n\t\t\t\t\t\t<\/ul>\n\t\t\t\t\t\t<\/div>\n\t\t\t\t<\/div>\n\t\t\t\t<div class=\"elementor-element elementor-element-834ff22 elementor-widget elementor-widget-heading\" data-id=\"834ff22\" data-element_type=\"widget\" data-e-type=\"widget\" data-widget_type=\"heading.default\">\n\t\t\t\t<div class=\"elementor-widget-container\">\n\t\t\t\t\t<h1 class=\"elementor-heading-title elementor-size-default\">Yard\u0131mseverlik Ko\u015fular\u0131<\/h1>\t\t\t\t<\/div>\n\t\t\t\t<\/div>\n\t\t\t\t\t<\/div>\n\t\t<\/div>\n\t\t\t\t\t<\/div>\n\t\t<\/section>\n\t\t<div class=\"elementor-element elementor-element-ffb53b1 e-flex e-con-boxed e-con e-parent\" data-id=\"ffb53b1\" data-element_type=\"container\" data-e-type=\"container\">\n\t\t\t\t\t<div class=\"e-con-inner\">\n\t\t\t\t<div class=\"elementor-element elementor-element-1d70efb elementor-widget elementor-widget-html\" data-id=\"1d70efb\" data-element_type=\"widget\" data-e-type=\"widget\" data-widget_type=\"html.default\">\n\t\t\t\t<div class=\"elementor-widget-container\">\n\t\t\t\t\t<link href=\"https:\/\/fonts.googleapis.com\/css2?family=Poppins:wght@600;700;800&family=Inter:wght@400;500;700&display=swap\" rel=\"stylesheet\"\/>\n\n<div id=\"tov-tax\">\n  <style>\n    \/* ==== SCOPE & TOKENS ==== *\/\n    #tov-tax *{ box-sizing:border-box }\n    #tov-tax{\n      --tov-primary:#009DD1;\n      --tov-accent:#F2B705;\n      --tov-ink:#0f172a;\n      --tov-muted:#64748b;\n      --tov-border:#e9e9ee;\n      --tov-bg:#fafafa;\n      color:var(--tov-ink);\n      font-family:Inter, system-ui, -apple-system, Segoe UI, Roboto, Helvetica, Arial;\n    }\n\n    #tov-tax h1,#tov-tax h2,#tov-tax h3,#tov-tax h4,#tov-tax h5,#tov-tax h6{\n      font-family:inherit; font-weight:700; line-height:1.25; margin:0;\n    }\n\n    \/* ==== Frame & Section Title ==== *\/\n    #tov-tax .frame{\n      border:1px solid var(--tov-border);\n      border-radius:16px;\n      background:#fff;\n      padding:20px;\n      margin:22px 0;\n    }\n    #tov-tax .section-title{\n      font-family:Poppins, sans-serif;\n      font-weight:800;\n      font-size:clamp(20px, 2.6vw, 26px);\n      line-height:1.15;\n      margin:0 0 16px;\n      position:relative;\n      padding-bottom:10px;\n      color:#111;\n    }\n    #tov-tax .section-title::after{\n      content:\"\"; position:absolute; left:0; bottom:-6px;\n      width:72px; height:3px; background:var(--tov-accent); border-radius:2px;\n    }\n    #tov-tax .section-desc{ font-size:15.5px; line-height:1.7; color:#333; margin:0 0 14px; }\n\n    \/* ==== Tablo ==== *\/\n    #tov-tax .table-wrap{\n      border:1px solid var(--tov-border); border-radius:12px; overflow:hidden; background:#fff; margin-top:10px;\n    }\n    #tov-tax table{ width:100%; border-collapse:collapse; table-layout:fixed; }\n    #tov-tax colgroup col.col-1{ width:220px; }\n\n    #tov-tax thead th{\n      background:#f8fafc; color:#0b1220; text-align:left;\n      padding:12px 14px; font-weight:700; border-bottom:1px solid var(--tov-border);\n      font-size:15px;\n    }\n    #tov-tax tbody td{\n      padding:12px 14px; vertical-align:top; border-top:1px solid var(--tov-border);\n      word-break:break-word; white-space:normal; font-size:15px; line-height:1.65;\n    }\n\n    \/* ==== Liste & Not ==== *\/\n    #tov-tax ul{ margin:15px 0; padding:0 0 0 20px; }\n    #tov-tax li{ margin:8px 0; line-height:1.65; font-size:15px; }\n    #tov-tax .note{\n      border:1px dashed #009DD1; background:#f6fdff; color:#005c7a;\n      border-radius:10px; padding:12px 14px; font-weight:600; margin-top:15px; display:inline-block;\n      line-height:1.5;\n    }\n\n    \/* ==== Butonlar ==== *\/\n    #tov-tax .actions{ display:flex; gap:10px; flex-wrap:wrap; margin-top:20px; }\n    #tov-tax a.link-chip{\n      display:inline-flex; align-items:center; gap:8px;\n      border:1px solid var(--tov-primary); color:var(--tov-primary);\n      padding:8px 12px; border-radius:999px; text-decoration:none; font-weight:700; font-size:13.5px;\n      background:#f6fdff; transition:transform .12s ease;\n    }\n    #tov-tax a.link-chip:hover{ background:#e8f8ff; transform:translateY(-1px); }\n    #tov-tax a.link-chip .ico{\n      width:16px; height:16px; display:inline-block; background:no-repeat center\/16px;\n      background-image:url('data:image\/svg+svg;utf8,<svg xmlns=\"http:\/\/www.w3.org\/2000\/svg\" fill=\"%23009DD1\" viewBox=\"0 0 24 24\"><path d=\"M14 3h7v7h-2V6.41l-9.29 9.3-1.42-1.42L17.59 5H14V3z\"\/><path d=\"M5 5h7v2H7v10h10v-5h2v7H5V5z\"\/><\/svg>');\n    }\n    #tov-tax a.cta-btn{\n      display:inline-block; background:var(--tov-primary); color:#fff; text-decoration:none;\n      padding:10px 14px; border-radius:12px; font-weight:700; border:1px solid var(--tov-primary);\n      transition:transform .12s ease, opacity .12s ease; font-size:14px;\n    }\n    #tov-tax a.cta-btn:hover{ transform:translateY(-1px); opacity:.95; }\n\n    @media (max-width:640px){\n      #tov-tax .frame{ padding:16px; }\n      #tov-tax colgroup col.col-1{ width:150px; }\n      #tov-tax thead th, #tov-tax tbody td{ font-size:14px; padding:10px; }\n    }\n  <\/style>\n\n  <section class=\"frame\">\n    <h2 class=\"section-title\">Ad\u0131mlar, Otizm Fark\u0131ndal\u0131\u011f\u0131 Yaratmak ve Otizmli \u00c7ocuklar\u0131n E\u011fitimine Katk\u0131 Sa\u011flamak \u0130\u00e7in!<\/h2>\n    \n    <p class=\"section-desc\">\n      Tohum Otizm Vakf\u0131 olarak, y\u0131l boyunca ger\u00e7ekle\u015fen bir\u00e7ok sportif faaliyette yard\u0131mseverlik ko\u015fusu ger\u00e7ekle\u015ftiriyoruz. Yard\u0131mseverlik ko\u015fular\u0131 kapsam\u0131nda g\u00f6n\u00fcll\u00fc ko\u015fucular ad\u0131mlar\u0131n\u0131 otizmli \u00e7ocuklar\u0131n tek \u00e7aresi olan e\u011fitime ula\u015fabilmeleri i\u00e7in atarak; hem sosyal \u00e7evrelerinde otizm fark\u0131ndal\u0131\u011f\u0131 yarat\u0131yor hem de otizmli \u00e7ocuklar\u0131n toplumsal hayatta ba\u011f\u0131ms\u0131z bireyler olarak yer alabilmeleri i\u00e7in ihtiya\u00e7 duyduklar\u0131 \u00f6zel e\u011fitim hizmetlerinden s\u00fcrd\u00fcr\u00fclebilir bir \u015fekilde yararlanabilmeleri i\u00e7in e\u011fitim burs fonuna katk\u0131 sa\u011fl\u0131yorlar.\n    <\/p>\n\n    <div class=\"note\">\n      \ud83c\udfc3\u200d\u2642\ufe0f Siz de g\u00f6n\u00fcll\u00fc ko\u015fucumuz olmak isterseniz; kat\u0131lmak istedi\u011finiz sportif etkinli\u011fe kay\u0131t i\u015fleminizi ger\u00e7ekle\u015ftirdikten sonra <a target=\"_blank\" href=\"https:\/\/ipk.adimadim.org\/nonprofit\/view?id=20407\">bu link<\/a> \u00fczerinden Ad\u0131m Ad\u0131m \u2013 \u0130yilik Pe\u015finde Ko\u015f platformunda yer alan yard\u0131mseverlik ko\u015fusu projemizi se\u00e7erek kampanya a\u00e7abilirsiniz.\n    <\/div>\n\n    <h3 style=\"margin-top:28px; font-size:20px; font-family:Poppins, sans-serif; color:#111;\">Yard\u0131mseverlik Ko\u015fusu Nedir?<\/h3>\n    \n    <p class=\"section-desc\">\n     Bir sosyal sorumluluk amac\u0131 do\u011frultusunda kat\u0131l\u0131mc\u0131lar\u0131n ad\u0131mlar\u0131n\u0131 fark\u0131ndal\u0131k yaratmak i\u00e7in att\u0131\u011f\u0131 ve ba\u011f\u0131\u015f toplayarak toplumsal fayda yaratmay\u0131 hedefledi\u011fi yard\u0131mseverlik ko\u015fular\u0131 sivil toplum kurulu\u015flar\u0131 i\u00e7in en etkili kaynak geli\u015ftirme y\u00f6ntemlerinden biridir. Kat\u0131l\u0131mc\u0131lar\u0131n bir nevi g\u00f6n\u00fcll\u00fc el\u00e7i olarak sivil toplum kurulu\u015flar\u0131n\u0131n \u00e7al\u0131\u015fmalar\u0131n\u0131 sosyal \u00e7evrelerine duyurmalar\u0131yla; yard\u0131mseverlik ko\u015fular\u0131 yaln\u0131zca maddi kaynak yarat\u0131lmas\u0131n\u0131 de\u011fil, e\u015f zamanl\u0131 olarak insan kayna\u011f\u0131n\u0131n geli\u015ftirilmesini de sa\u011flar. Bu y\u00f6ntemle sivil toplum kurulu\u015flar\u0131 hem yeni g\u00f6n\u00fcll\u00fcler ve destek\u00e7iler ile bir araya gelir hem de hizmet sa\u011flad\u0131\u011f\u0131 alanda \u00e7al\u0131\u015fmalar\u0131n\u0131n s\u00fcrd\u00fcr\u00fclebilirli\u011fini g\u00fc\u00e7lendirir. Bireysel ve kurumsal g\u00f6n\u00fcll\u00fcler ile ger\u00e7ekle\u015ftirilen yard\u0131mseverlik ko\u015fular\u0131 ayn\u0131 zamanda sivil alan\u0131n g\u00fc\u00e7lenmesine de katk\u0131 sunar.\n    <\/p>\n\n\t  \n    <h3 style=\"margin-top:28px; font-size:20px; font-family:Poppins, sans-serif; color:#111;\">Tohum G\u00fcne\u015fi Nedir?<\/h3>\n\n    <p class=\"section-desc\">\n    Her \u00e7ocu\u011fun e\u015fit \u015fartlarda ya\u015famas\u0131 gerekti\u011fi inanc\u0131yla, kat\u0131ld\u0131\u011f\u0131 maratonlarda ad\u0131mlar\u0131n\u0131 Tohum Otizm Vakf\u0131 yarar\u0131na atarak otizmli \u00e7ocuklar\u0131n tek \u00e7aresi olan e\u011fitime eri\u015fmeleri i\u00e7in fark\u0131ndal\u0131k yarat\u0131p ba\u011f\u0131\u015f toplayan g\u00f6n\u00fcll\u00fc el\u00e7ilere Tohum G\u00fcne\u015fi denir.<\/p>\n\n    <p class=\"section-desc\">\n    E\u011fitimin her \u00e7ocu\u011fun anayasal hakk\u0131 oldu\u011funu savunan Tohum G\u00fcne\u015fleri att\u0131klar\u0131 her ad\u0131mda otizmli \u00e7ocuklar\u0131n e\u011fitimine giden yolda en b\u00fcy\u00fck katk\u0131y\u0131 sa\u011flar. Bireysel ya da kurumsal olarak g\u00f6n\u00fcll\u00fcl\u00fck esas\u0131yla hareket eden Tohum G\u00fcne\u015fleri, Tohum Otizm Vakf\u0131\u2019n\u0131n \u00e7al\u0131\u015fmalar\u0131n\u0131 geni\u015f kitlelere duyurarak sosyal \u00e7evrelerinde otizm fark\u0131ndal\u0131\u011f\u0131 yarat\u0131lmas\u0131na katk\u0131 sa\u011flar, otizmli \u00e7ocuklar\u0131n e\u011fitim ihtiya\u00e7lar\u0131n\u0131n kar\u015f\u0131lanmas\u0131 i\u00e7in e\u011fitim burs fonuna ba\u011f\u0131\u015f \u00e7a\u011fr\u0131s\u0131nda bulunur.\n\n    <\/p>\n\t  \n    <h3 style=\"margin-top:28px; font-size:20px; font-family:Poppins, sans-serif; color:#111;\">Neden Tohum G\u00fcne\u015fi Olmal\u0131s\u0131n\u0131z?<\/h3>\n\n    <p class=\"section-desc\">\nOtizmli \u00e7ocuklar\u0131n erken tan\u0131 almas\u0131 ve kendileri i\u00e7in geli\u015ftirilmi\u015f \u00f6zel e\u011fitim programlar\u0131ndan yararlanmas\u0131 hayati \u00f6nem ta\u015f\u0131maktad\u0131r. \u00dclkemizde 2 milyondan fazla otizmli birey oldu\u011fu tahmin edilmekte 700 binden fazlas\u0131 e\u011fitim \u00e7a\u011f\u0131nda oldu\u011fu halde yaln\u0131zca 44 bini okula gidebilmektedir.\n<\/p>\t \n<p class=\"section-desc\">\nSiz de Tohum G\u00fcne\u015fi olarak, otizmli \u00e7ocuklar\u0131n e\u011fitimlerine destek olabilir; meslek hayat\u0131na ve toplumsal ya\u015fama haz\u0131rlanmalar\u0131na, akranlar\u0131 ile ayn\u0131 ortamlarda sosyalle\u015febilmelerine, ayn\u0131 s\u0131n\u0131flarda e\u011fitim g\u00f6rebilmelerine, ayn\u0131 oyunlar\u0131 oynayabilmelerine katk\u0131da bulunabilirsiniz.\n<\/p>\n\t  \n\n    <h3 style=\"margin-top:28px; font-size:20px; font-family:Poppins, sans-serif; color:#111;\">Hangi Maratonlarda Tohum G\u00fcne\u015fi Olabilirsiniz?<\/h3>\n<p class=\"section-desc\">\n<a target=\"_blank\" href=\"https:\/\/www.tursetsports.com\/\">Runtalya Maratonu,<\/a><a target=\"_blank\" href=\"https:\/\/istanbulyarimaratonu.com\/\"> \u0130stanbul Yar\u0131 Maratonu, <a target=\"_blank\" href=\"https:\/\/www.ekerkosu.com\/\">Eker I Run<\/a> ve <a target=\"_blank\" href=\"https:\/\/maraton.istanbul\/\">\u0130stanbul Maratonu<\/a> kapsam\u0131nda Tohum Otizm Vakf\u0131 yarar\u0131na yard\u0131mseverlik ko\u015fusu ger\u00e7ekle\u015ftirerek Tohum G\u00fcne\u015fi olabilirsiniz.\n<\/p>\t  \n\t  \n\t \n\t<h3 style=\"margin-top:28px; font-size:20px; font-family:Poppins, sans-serif; color:#111;\">Tohum G\u00fcne\u015fi Olarak Nas\u0131l Yard\u0131mseverlik Ko\u015fusu Yap\u0131l\u0131r?<\/h3>\n<p class=\"section-desc\">\nYard\u0131mseverlik ko\u015fusu ger\u00e7ekle\u015ftirmek isteyen bireysel ve kurumsal g\u00f6n\u00fcll\u00fcler, kat\u0131lacaklar\u0131 maraton \u00f6ncesinde <a target=\"_blank\" href=\"https:\/\/ipk.adimadim.org\/\">Ad\u0131m Ad\u0131m - \u0130yilik Pe\u015finde Ko\u015f<\/a> platformunda bir yard\u0131mseverlik kampanyas\u0131 ba\u015flatarak yard\u0131mseverlik ko\u015fusunun ilk ad\u0131m\u0131n\u0131 atar. Ard\u0131ndan bu kampanya sayfas\u0131n\u0131n linkini sosyal \u00e7evrelerinde payla\u015farak otizm fark\u0131ndal\u0131\u011f\u0131 yarat\u0131p ba\u011f\u0131\u015f \u00e7a\u011fr\u0131s\u0131nda bulunurlar.\n<\/p>\t\t  \n\t  \n<p class=\"section-desc\">\n\u0130lgili platformda yard\u0131mseverlik ko\u015fusu ger\u00e7ekle\u015ftirmek i\u00e7in izleyece\u011finiz ad\u0131mlar\u0131 a\u015fa\u011f\u0131da bulabilirsiniz:\t  \n<\/p>\n\t  \n<p class=\"section-desc\">\t  \n<strong>1-Profil Olu\u015fturun:<\/strong> <a target=\"_blank\" href=\"https:\/\/ipk.adimadim.org\/\">Ad\u0131m Ad\u0131m \u2013 \u0130yilik Pe\u015finde Ko\u015f<\/a> platformunda bireysel ko\u015fucu profilinizi olu\u015fturun.\n<\/p>\t  \n<p class=\"section-desc\">\t  \n<strong>2-Yard\u0131mseverlik Kampanyan\u0131z\u0131 Olu\u015fturun: \u201cKat\u0131labilece\u011fin Etkinlikler\u201d <\/strong> alan\u0131ndan ilgili maratona t\u0131klay\u0131n. <strong>\u201cYard\u0131m Projesi\u201d<\/strong> alan\u0131ndan Tohum Otizm Vakf\u0131\u2019n\u0131n projesini se\u00e7in. <strong>\u201cHedef Ba\u011f\u0131\u015f\u00e7\u0131 Say\u0131s\u0131\u201d<\/strong> ve \u201cHedef Ba\u011f\u0131\u015f Tutar\u0131\u201d bilgilerini girin. <strong>\u201cNeden Ko\u015fuyorum\u201d<\/strong> alan\u0131n\u0131 doldurduktan sonra <strong>\u201cKampanyam\u0131 Olu\u015ftur\u201d<\/strong> butonuna t\u0131klay\u0131n.<\/p>\n<p class=\"section-desc\">\t\n\n\t<strong>3-Kampanya Sayfan\u0131z\u0131 Tan\u0131d\u0131klar\u0131n\u0131zla Payla\u015f\u0131n:<\/strong> Kampanyalar ba\u011f\u0131\u015fa a\u00e7\u0131ld\u0131\u011f\u0131nda yard\u0131mseverlik ko\u015fusu projemiz ile ilgili sizinle payla\u015faca\u011f\u0131m\u0131z \u00f6rnek ba\u011f\u0131\u015f \u00e7a\u011fr\u0131s\u0131 mail i\u00e7eriklerini ve g\u00f6rselleri kullanarak sosyal \u00e7evrenizde fark\u0131ndal\u0131k yarat\u0131n, ba\u011f\u0131\u015f \u00e7a\u011fr\u0131s\u0131nda bulunun. Maratonu neden yard\u0131mseverlik ko\u015fusuna d\u00f6n\u00fc\u015ft\u00fcrd\u00fc\u011f\u00fcn\u00fcz bilgisiyle beraber yard\u0131mseverlik ko\u015fusu i\u00e7in olu\u015fturdu\u011funuz kampanya sayfan\u0131z\u0131n linkini sosyal medya hesaplar\u0131n\u0131zdan payla\u015f\u0131n ya da birebir mesajla\u015fma uygulamalar\u0131n\u0131z \u00fczerinden tan\u0131d\u0131klar\u0131n\u0131za g\u00f6nderin. Sosyal medya payla\u015f\u0131mlar\u0131n\u0131zda @tohumotizm ve @adimadim_tohumotizm hesaplar\u0131m\u0131z\u0131 etiketlemeyi unutmay\u0131n.\n\t\n<\/p>\t\n<p class=\"section-desc\">\t\n\n\t<strong>4-Hedefinizi Takip Edin:<\/strong> D\u00f6rt hafta boyunca s\u00fcrecek olan kampanya d\u00f6neminde istedi\u011finiz zaman ko\u015fucu profilinize giri\u015f yaparak, sizin ad\u0131n\u0131za ba\u011f\u0131\u015f yapan ki\u015filerin isimlerini g\u00f6rebilir ve hedefinize ula\u015fman\u0131za ne kadar kald\u0131\u011f\u0131n\u0131 takip edebilirsiniz.\n\n<\/p>\t  \n\t\n\t<p class=\"section-desc\">  \n\tSorular\u0131n\u0131z i\u00e7in 0212 244 75 00 numaral\u0131 telefondan ya da <a target=\"_blank\" href=\"mailto:maraton@tohumotizm.org.tr\">maraton@tohumotizm.org.tr<\/a> e-posta adresinden bizimle ileti\u015fime ge\u00e7ebilirsiniz.\n\t  <\/p>\n\t  \n<p class=\"section-desc\">\t  \n<strong>\t\n<a href=\"https:\/\/tohumotizm.org.tr\/wp-content\/uploads\/2023\/07\/TOV_YARDIMSEVERLIK-KOSUSU-BROSURU.pdf\">\tMaraton Bilgilendirme Bro\u015f\u00fcr\u00fc <\/a><\/strong>\n\t\n\t \n<\/p>\t \n\t  \n    <div class=\"actions\">\n      <a class=\"cta-btn\" href=\"https:\/\/ipk.adimadim.org\/nonprofit\/view?id=20407\" target=\"_blank\" rel=\"noopener\">Kampanya A\u00e7 \/ Kat\u0131l<\/a>\n      <a class=\"link-chip\" href=\"https:\/\/ipk.adimadim.org\/nonprofit\/view?id=20407\" target=\"_blank\" rel=\"noopener\"><span class=\"ico\"><\/span> Ad\u0131m Ad\u0131m Platformu<\/a>\n    <\/div>\n  <\/section>\n<\/div>\t\t\t\t<\/div>\n\t\t\t\t<\/div>\n\t\t\t\t<div class=\"elementor-element elementor-element-cb93625 elementor-widget elementor-widget-html\" data-id=\"cb93625\" data-element_type=\"widget\" data-e-type=\"widget\" data-widget_type=\"html.default\">\n\t\t\t\t<div class=\"elementor-widget-container\">\n\t\t\t\t\t<div class=\"nav-links\">\n\t<div class=\"prev\">\n\t\t<a href=\"https:\/\/wp1.sedaozcan.net.tr\/en\/nasil-destek-olabilirsiniz\/her-sinif-bir-tohum\/\" rel=\"prev\">Her S\u0131n\u0131f Bir Tohum Projesi<\/a>    \n\t<\/div>\n\n\t<div class=\"next\">\n\t\t<a target=\"_blank\" href=\"https:\/\/online.tohumotizm.org.tr\/egitim-burs-fonu?_gl=1*jgfn29*_gcl_aw*R0NMLjE3NjI1MjQ5NjMuQ2p3S0NBaUF6cmJJQmhBM0Vpd0FVQmFVZFZFcTE5ZTZHby10RlBpcFdEc3NyMExTNF9QTElCMXl3eUtWdVBQTlBqbWpJaFVJTUlUbnVSb0NtU2tRQXZEX0J3RQ..*_gcl_au*MTU1NDIxNTM5My4xNzYxMDQ1MzcxLjI0MzQyNzQxMS4xNzYzMzg5MzMwLjE3NjMzODk3ODU.*_ga*MjAzNjQxNjAyMS4xNzYxMDQ1Mzcx*_ga_QN0QMZBTCJ*czE3NjM0NTU3NzIkbzMwJGcwJHQxNzYzNDU1NzcyJGo2MCRsMCRoMA..*_ga_2QF21EE8WL*czE3NjM0NTU3NzIkbzMwJGcwJHQxNzYzNDU1NzcyJGo2MCRsMCRoMTU2ODYxNTQwOA..\" rel=\"next\">E\u011fitim Bursu Ba\u011f\u0131\u015f\u0131<\/a>\t<\/div>\n<\/div>\t\t\t\t<\/div>\n\t\t\t\t<\/div>\n\t\t\t\t\t<\/div>\n\t\t\t\t<\/div>\n\t\t\t\t<\/div>","protected":false},"excerpt":{"rendered":"<p>Nas\u0131l Destek Olabilirsiniz? Yard\u0131mseverlik Ko\u015fular\u0131 Ad\u0131mlar, Otizm Fark\u0131ndal\u0131\u011f\u0131 Yaratmak ve Otizmli \u00c7ocuklar\u0131n E\u011fitimine Katk\u0131 Sa\u011flamak \u0130\u00e7in! Tohum Otizm Vakf\u0131 olarak, y\u0131l boyunca ger\u00e7ekle\u015fen bir\u00e7ok sportif faaliyette yard\u0131mseverlik ko\u015fusu ger\u00e7ekle\u015ftiriyoruz. Yard\u0131mseverlik ko\u015fular\u0131 kapsam\u0131nda g\u00f6n\u00fcll\u00fc ko\u015fucular ad\u0131mlar\u0131n\u0131 otizmli \u00e7ocuklar\u0131n tek \u00e7aresi olan e\u011fitime ula\u015fabilmeleri i\u00e7in atarak; hem sosyal \u00e7evrelerinde otizm fark\u0131ndal\u0131\u011f\u0131 yarat\u0131yor hem de otizmli \u00e7ocuklar\u0131n toplumsal<\/p>","protected":false},"author":1,"featured_media":0,"parent":4310,"menu_order":0,"comment_status":"closed","ping_status":"closed","template":"elementor_header_footer","meta":{"footnotes":""},"class_list":["post-8722","page","type-page","status-publish","hentry"],"yoast_head":"<!-- This site is optimized with the Yoast SEO Premium plugin v28.3 (Yoast SEO v28.3) - https:\/\/yoast.com\/product\/yoast-seo-premium-wordpress\/ -->\n<title>Yard\u0131mseverlik Ko\u015fular\u0131 - Tohum Otizm Vakf\u0131 | Otizmin Tek \u00c7aresi E\u011fitim<\/title>\n<meta name=\"robots\" content=\"index, follow, max-snippet:-1, max-image-preview:large, max-video-preview:-1\" \/>\n<link rel=\"canonical\" href=\"https:\/\/wp1.sedaozcan.net.tr\/en\/nasil-destek-olabilirsiniz\/yardimseverlik-kosulari\/\" \/>\n<meta property=\"og:locale\" content=\"en_US\" \/>\n<meta property=\"og:type\" content=\"article\" \/>\n<meta property=\"og:title\" content=\"Yard\u0131mseverlik Ko\u015fular\u0131\" \/>\n<meta property=\"og:description\" content=\"Nas\u0131l Destek Olabilirsiniz? Yard\u0131mseverlik Ko\u015fular\u0131 Ad\u0131mlar, Otizm Fark\u0131ndal\u0131\u011f\u0131 Yaratmak ve Otizmli \u00c7ocuklar\u0131n E\u011fitimine Katk\u0131 Sa\u011flamak \u0130\u00e7in! Tohum Otizm Vakf\u0131 olarak, y\u0131l boyunca ger\u00e7ekle\u015fen bir\u00e7ok sportif faaliyette yard\u0131mseverlik ko\u015fusu ger\u00e7ekle\u015ftiriyoruz. Yard\u0131mseverlik ko\u015fular\u0131 kapsam\u0131nda g\u00f6n\u00fcll\u00fc ko\u015fucular ad\u0131mlar\u0131n\u0131 otizmli \u00e7ocuklar\u0131n tek \u00e7aresi olan e\u011fitime ula\u015fabilmeleri i\u00e7in atarak; hem sosyal \u00e7evrelerinde otizm fark\u0131ndal\u0131\u011f\u0131 yarat\u0131yor hem de otizmli \u00e7ocuklar\u0131n toplumsal\" \/>\n<meta property=\"og:url\" content=\"https:\/\/wp1.sedaozcan.net.tr\/en\/nasil-destek-olabilirsiniz\/yardimseverlik-kosulari\/\" \/>\n<meta property=\"og:site_name\" content=\"Tohum Otizm Vakf\u0131 | Otizmin Tek \u00c7aresi E\u011fitim\" \/>\n<meta property=\"article:modified_time\" content=\"2026-08-29T11:56:47+00:00\" \/>\n<meta name=\"twitter:card\" content=\"summary_large_image\" \/>\n<meta name=\"twitter:label1\" content=\"Est. reading time\" \/>\n\t<meta name=\"twitter:data1\" content=\"5 minutes\" \/>\n<script type=\"application\/ld+json\" class=\"yoast-schema-graph\">{\"@context\":\"https:\\\/\\\/schema.org\",\"@graph\":[{\"@type\":\"WebPage\",\"@id\":\"https:\\\/\\\/wp1.sedaozcan.net.tr\\\/nasil-destek-olabilirsiniz\\\/yardimseverlik-kosulari\\\/\",\"url\":\"https:\\\/\\\/wp1.sedaozcan.net.tr\\\/nasil-destek-olabilirsiniz\\\/yardimseverlik-kosulari\\\/\",\"name\":\"Yard\u0131mseverlik Ko\u015fular\u0131 - Tohum Otizm Vakf\u0131 | Otizmin Tek \u00c7aresi E\u011fitim\",\"isPartOf\":{\"@id\":\"https:\\\/\\\/wp1.sedaozcan.net.tr\\\/#website\"},\"datePublished\":\"2026-05-18T19:27:04+00:00\",\"dateModified\":\"2026-08-29T11:56:47+00:00\",\"breadcrumb\":{\"@id\":\"https:\\\/\\\/wp1.sedaozcan.net.tr\\\/nasil-destek-olabilirsiniz\\\/yardimseverlik-kosulari\\\/#breadcrumb\"},\"inLanguage\":\"en-US\",\"potentialAction\":[{\"@type\":\"ReadAction\",\"target\":[\"https:\\\/\\\/wp1.sedaozcan.net.tr\\\/nasil-destek-olabilirsiniz\\\/yardimseverlik-kosulari\\\/\"]}]},{\"@type\":\"BreadcrumbList\",\"@id\":\"https:\\\/\\\/wp1.sedaozcan.net.tr\\\/nasil-destek-olabilirsiniz\\\/yardimseverlik-kosulari\\\/#breadcrumb\",\"itemListElement\":[{\"@type\":\"ListItem\",\"position\":1,\"name\":\"Home\",\"item\":\"https:\\\/\\\/wp1.sedaozcan.net.tr\\\/\"},{\"@type\":\"ListItem\",\"position\":2,\"name\":\"Nas\u0131l Destek Olabilirsiniz ?\",\"item\":\"https:\\\/\\\/wp1.sedaozcan.net.tr\\\/nasil-destek-olabilirsiniz\\\/\"},{\"@type\":\"ListItem\",\"position\":3,\"name\":\"Yard\u0131mseverlik Ko\u015fular\u0131\"}]},{\"@type\":\"WebSite\",\"@id\":\"https:\\\/\\\/wp1.sedaozcan.net.tr\\\/#website\",\"url\":\"https:\\\/\\\/wp1.sedaozcan.net.tr\\\/\",\"name\":\"Tohum Otizm Vakf\u0131 | Otizmin Tek \u00c7aresi E\u011fitim\",\"description\":\"\",\"potentialAction\":[{\"@type\":\"SearchAction\",\"target\":{\"@type\":\"EntryPoint\",\"urlTemplate\":\"https:\\\/\\\/wp1.sedaozcan.net.tr\\\/?s={search_term_string}\"},\"query-input\":{\"@type\":\"PropertyValueSpecification\",\"valueRequired\":true,\"valueName\":\"search_term_string\"}}],\"inLanguage\":\"en-US\"},{\"@type\":\"ImageObject\",\"inLanguage\":\"en-US\",\"@id\":\"https:\\\/\\\/wp1.sedaozcan.net.tr\\\/nasil-destek-olabilirsiniz\\\/yardimseverlik-kosulari\\\/#local-main-organization-logo\",\"url\":\"\",\"contentUrl\":\"\",\"caption\":\"Tohum Otizm Vakf\u0131 | Otizmin Tek \u00c7aresi E\u011fitim\"}]}<\/script>\n<!-- \/ Yoast SEO Premium plugin. -->","yoast_head_json":{"title":"Yard\u0131mseverlik Ko\u015fular\u0131 - Tohum Otizm Vakf\u0131 | Otizmin Tek \u00c7aresi E\u011fitim","robots":{"index":"index","follow":"follow","max-snippet":"max-snippet:-1","max-image-preview":"max-image-preview:large","max-video-preview":"max-video-preview:-1"},"canonical":"https:\/\/wp1.sedaozcan.net.tr\/en\/nasil-destek-olabilirsiniz\/yardimseverlik-kosulari\/","og_locale":"en_US","og_type":"article","og_title":"Yard\u0131mseverlik Ko\u015fular\u0131","og_description":"Nas\u0131l Destek Olabilirsiniz? Yard\u0131mseverlik Ko\u015fular\u0131 Ad\u0131mlar, Otizm Fark\u0131ndal\u0131\u011f\u0131 Yaratmak ve Otizmli \u00c7ocuklar\u0131n E\u011fitimine Katk\u0131 Sa\u011flamak \u0130\u00e7in! Tohum Otizm Vakf\u0131 olarak, y\u0131l boyunca ger\u00e7ekle\u015fen bir\u00e7ok sportif faaliyette yard\u0131mseverlik ko\u015fusu ger\u00e7ekle\u015ftiriyoruz. Yard\u0131mseverlik ko\u015fular\u0131 kapsam\u0131nda g\u00f6n\u00fcll\u00fc ko\u015fucular ad\u0131mlar\u0131n\u0131 otizmli \u00e7ocuklar\u0131n tek \u00e7aresi olan e\u011fitime ula\u015fabilmeleri i\u00e7in atarak; hem sosyal \u00e7evrelerinde otizm fark\u0131ndal\u0131\u011f\u0131 yarat\u0131yor hem de otizmli \u00e7ocuklar\u0131n toplumsal","og_url":"https:\/\/wp1.sedaozcan.net.tr\/en\/nasil-destek-olabilirsiniz\/yardimseverlik-kosulari\/","og_site_name":"Tohum Otizm Vakf\u0131 | Otizmin Tek \u00c7aresi E\u011fitim","article_modified_time":"2026-08-29T11:56:47+00:00","twitter_card":"summary_large_image","twitter_misc":{"Est. reading time":"5 minutes"},"schema":{"@context":"https:\/\/schema.org","@graph":[{"@type":"WebPage","@id":"https:\/\/wp1.sedaozcan.net.tr\/nasil-destek-olabilirsiniz\/yardimseverlik-kosulari\/","url":"https:\/\/wp1.sedaozcan.net.tr\/nasil-destek-olabilirsiniz\/yardimseverlik-kosulari\/","name":"Yard\u0131mseverlik Ko\u015fular\u0131 - Tohum Otizm Vakf\u0131 | Otizmin Tek \u00c7aresi E\u011fitim","isPartOf":{"@id":"https:\/\/wp1.sedaozcan.net.tr\/#website"},"datePublished":"2026-05-18T19:27:04+00:00","dateModified":"2026-08-29T11:56:47+00:00","breadcrumb":{"@id":"https:\/\/wp1.sedaozcan.net.tr\/nasil-destek-olabilirsiniz\/yardimseverlik-kosulari\/#breadcrumb"},"inLanguage":"en-US","potentialAction":[{"@type":"ReadAction","target":["https:\/\/wp1.sedaozcan.net.tr\/nasil-destek-olabilirsiniz\/yardimseverlik-kosulari\/"]}]},{"@type":"BreadcrumbList","@id":"https:\/\/wp1.sedaozcan.net.tr\/nasil-destek-olabilirsiniz\/yardimseverlik-kosulari\/#breadcrumb","itemListElement":[{"@type":"ListItem","position":1,"name":"Home","item":"https:\/\/wp1.sedaozcan.net.tr\/"},{"@type":"ListItem","position":2,"name":"Nas\u0131l Destek Olabilirsiniz ?","item":"https:\/\/wp1.sedaozcan.net.tr\/nasil-destek-olabilirsiniz\/"},{"@type":"ListItem","position":3,"name":"Yard\u0131mseverlik Ko\u015fular\u0131"}]},{"@type":"WebSite","@id":"https:\/\/wp1.sedaozcan.net.tr\/#website","url":"https:\/\/wp1.sedaozcan.net.tr\/","name":"Tohum Autism Foundation | The Only Remedy for Autism is Education","description":"","potentialAction":[{"@type":"SearchAction","target":{"@type":"EntryPoint","urlTemplate":"https:\/\/wp1.sedaozcan.net.tr\/?s={search_term_string}"},"query-input":{"@type":"PropertyValueSpecification","valueRequired":true,"valueName":"search_term_string"}}],"inLanguage":"en-US"},{"@type":"ImageObject","inLanguage":"en-US","@id":"https:\/\/wp1.sedaozcan.net.tr\/nasil-destek-olabilirsiniz\/yardimseverlik-kosulari\/#local-main-organization-logo","url":"","contentUrl":"","caption":"Tohum Otizm Vakf\u0131 | Otizmin Tek \u00c7aresi E\u011fitim"}]}},"_links":{"self":[{"href":"https:\/\/wp1.sedaozcan.net.tr\/en\/wp-json\/wp\/v2\/pages\/8722","targetHints":{"allow":["GET"]}}],"collection":[{"href":"https:\/\/wp1.sedaozcan.net.tr\/en\/wp-json\/wp\/v2\/pages"}],"about":[{"href":"https:\/\/wp1.sedaozcan.net.tr\/en\/wp-json\/wp\/v2\/types\/page"}],"author":[{"embeddable":true,"href":"https:\/\/wp1.sedaozcan.net.tr\/en\/wp-json\/wp\/v2\/users\/1"}],"replies":[{"embeddable":true,"href":"https:\/\/wp1.sedaozcan.net.tr\/en\/wp-json\/wp\/v2\/comments?post=8722"}],"version-history":[{"count":31,"href":"https:\/\/wp1.sedaozcan.net.tr\/en\/wp-json\/wp\/v2\/pages\/8722\/revisions"}],"predecessor-version":[{"id":11620,"href":"https:\/\/wp1.sedaozcan.net.tr\/en\/wp-json\/wp\/v2\/pages\/8722\/revisions\/11620"}],"up":[{"embeddable":true,"href":"https:\/\/wp1.sedaozcan.net.tr\/en\/wp-json\/wp\/v2\/pages\/4310"}],"wp:attachment":[{"href":"https:\/\/wp1.sedaozcan.net.tr\/en\/wp-json\/wp\/v2\/media?parent=8722"}],"curies":[{"name":"wp","href":"https:\/\/api.w.org\/{rel}","templated":true}]}}