{"id":8259,"date":"2026-04-17T03:42:47","date_gmt":"2026-04-17T01:42:47","guid":{"rendered":"https:\/\/wp1.sedaozcan.net.tr\/okulumuz\/sk-sorulan-sorular\/"},"modified":"2026-05-18T20:18:43","modified_gmt":"2026-05-18T18:18:43","slug":"sikca-sorulan-sorular","status":"publish","type":"page","link":"https:\/\/wp1.sedaozcan.net.tr\/en\/okulumuz\/sikca-sorulan-sorular\/","title":{"rendered":"Frequently Asked Questions"},"content":{"rendered":"<div data-elementor-type=\"wp-page\" data-elementor-id=\"8259\" class=\"elementor elementor-8259\" data-elementor-post-type=\"page\">\n\t\t\t\t\t\t<section class=\"elementor-section elementor-top-section elementor-element elementor-element-19e0496 elementor-section-height-min-height elementor-section-boxed elementor-section-height-default elementor-section-items-middle\" data-id=\"19e0496\" data-element_type=\"section\" data-e-type=\"section\" data-settings=\"{&quot;background_background&quot;:&quot;classic&quot;}\">\n\t\t\t\t\t\t\t<div class=\"elementor-background-overlay\"><\/div>\n\t\t\t\t\t\t\t<div class=\"elementor-container elementor-column-gap-no\">\n\t\t\t\t\t<div class=\"elementor-column elementor-col-100 elementor-top-column elementor-element elementor-element-d4a0bbc\" data-id=\"d4a0bbc\" data-element_type=\"column\" data-e-type=\"column\">\n\t\t\t<div class=\"elementor-widget-wrap elementor-element-populated\">\n\t\t\t\t\t\t<div class=\"elementor-element elementor-element-b73574f elementor-icon-list--layout-inline elementor-tablet-align-center elementor-list-item-link-full_width elementor-widget elementor-widget-icon-list\" data-id=\"b73574f\" data-element_type=\"widget\" data-e-type=\"widget\" data-widget_type=\"icon-list.default\">\n\t\t\t\t<div class=\"elementor-widget-container\">\n\t\t\t\t\t\t\t<ul class=\"elementor-icon-list-items elementor-inline-items\">\n\t\t\t\t\t\t\t<li class=\"elementor-icon-list-item elementor-inline-item\">\n\t\t\t\t\t\t\t\t\t\t<span class=\"elementor-icon-list-text\">Our school<\/span>\n\t\t\t\t\t\t\t\t\t<\/li>\n\t\t\t\t\t\t<\/ul>\n\t\t\t\t\t\t<\/div>\n\t\t\t\t<\/div>\n\t\t\t\t<div class=\"elementor-element elementor-element-8cc58bd elementor-widget elementor-widget-heading\" data-id=\"8cc58bd\" data-element_type=\"widget\" data-e-type=\"widget\" data-widget_type=\"heading.default\">\n\t\t\t\t<div class=\"elementor-widget-container\">\n\t\t\t\t\t<h1 class=\"elementor-heading-title elementor-size-default\">S\u0131k Sorulan Sorular<\/h1>\t\t\t\t<\/div>\n\t\t\t\t<\/div>\n\t\t\t\t\t<\/div>\n\t\t<\/div>\n\t\t\t\t\t<\/div>\n\t\t<\/section>\n\t\t<div class=\"elementor-element elementor-element-35a46e6 e-flex e-con-boxed e-con e-parent\" data-id=\"35a46e6\" data-element_type=\"container\" data-e-type=\"container\">\n\t\t\t\t\t<div class=\"e-con-inner\">\n\t\t\t\t<div class=\"elementor-element elementor-element-b0a9c75 accordion-style-2 arrow-right elementor-widget elementor-widget-mae-accordion\" data-id=\"b0a9c75\" data-element_type=\"widget\" data-e-type=\"widget\" data-widget_type=\"mae-accordion.default\">\n\t\t\t\t<div class=\"elementor-widget-container\">\n\t\t\t\t\t\n\t\t<div class=\"master-accordions\">\n\t\t\t\t\t\t\t\t\t\t\t<div class=\"item elementor-repeater-item-faq0002\">\n\t\t\t\t\t<div class=\"title\">\n\t\t\t\t\t\t<div class=\"arrow\"><\/div>\n\t\t\t\t\t\t<h3>Uygulamal\u0131 Davran\u0131\u015f Analizi (UDA) Hakk\u0131nda<\/h3>\n\t\t\t\t\t<\/div>\n\n\t\t\t\t\t<div class=\"content\">\n\t\t\t\t\t\t<p><strong>Uygulamal\u0131 Davran\u0131\u015f Analizi (UDA) ile ilgili en s\u0131k sorulan sorular.<\/strong><\/p>\t\t\t\t\t<\/div>\n\t\t\t\t<\/div>\n\t\t\t\t\t\t\t\t\t\t\t<div class=\"item elementor-repeater-item-faq0003\">\n\t\t\t\t\t<div class=\"title\">\n\t\t\t\t\t\t<div class=\"arrow\"><\/div>\n\t\t\t\t\t\t<h3>Uygulamal\u0131 davran\u0131\u015f analizi uygulamas\u0131 nedir?<\/h3>\n\t\t\t\t\t<\/div>\n\n\t\t\t\t\t<div class=\"content\">\n\t\t\t\t\t\t<p><span style=\"font-weight: 400;\">Uygulamal\u0131 Davran\u0131\u015f Analizi (ABA), insan davran\u0131\u015flar\u0131n\u0131 inceleyen ve bu davran\u0131\u015flar\u0131 olumlu y\u00f6nde de\u011fi\u015ftirmek i\u00e7in bilimsel y\u00f6ntemler kullanan bir yakla\u015f\u0131md\u0131r. \u00d6\u011frenme ilkelerine dayan\u0131r ve davran\u0131\u015flar\u0131n neden ortaya \u00e7\u0131kt\u0131\u011f\u0131n\u0131, nas\u0131l s\u00fcrd\u00fc\u011f\u00fcn\u00fc ve nas\u0131l de\u011fi\u015ftirilebilece\u011fini ara\u015ft\u0131r\u0131r. E\u011fitim, terapi ve g\u00fcnl\u00fck ya\u015fam becerilerinin kazand\u0131r\u0131lmas\u0131nda yayg\u0131n olarak kullan\u0131l\u0131r.<\/span><\/p>\t\t\t\t\t<\/div>\n\t\t\t\t<\/div>\n\t\t\t\t\t\t\t\t\t\t\t<div class=\"item elementor-repeater-item-faq0004\">\n\t\t\t\t\t<div class=\"title\">\n\t\t\t\t\t\t<div class=\"arrow\"><\/div>\n\t\t\t\t\t\t<h3>\u00c7ocu\u011fumla ka\u00e7 ya\u015f\u0131ndan itibaren UDA uygulanabilir?<\/h3>\n\t\t\t\t\t<\/div>\n\n\t\t\t\t\t<div class=\"content\">\n\t\t\t\t\t\t<p><span style=\"font-weight: 400;\">Yap\u0131lan y\u00fczlerce \u00e7al\u0131\u015fma, UDA\u2019n\u0131n her ya\u015fta otizmli bireyler i\u00e7in etkili oldu\u011funu g\u00f6stermektedir. \u0130leti\u015fim, sosyal beceriler, oyun, akademik ba\u015far\u0131, motor beceriler ve uyumsal davran\u0131\u015flar\u0131n \u00f6\u011fretiminde kullan\u0131lmaktad\u0131r.<\/span><\/p>\n<p><span style=\"font-weight: 400;\">\u00c7ocu\u011funuz otizm tan\u0131s\u0131 ald\u0131\u011f\u0131 andan itibaren UDA\u2019ya ba\u015flanmas\u0131 \u00f6nemlidir. \u00d6zellikle erken \u00e7ocuklukta ba\u015flanan yo\u011fun m\u00fcdahale ile bir\u00e7ok \u00e7ocuk, akranlar\u0131yla aras\u0131ndaki geli\u015fimsel fark\u0131 kapatabilmektedir.<\/span><\/p>\t\t\t\t\t<\/div>\n\t\t\t\t<\/div>\n\t\t\t\t\t\t\t\t\t\t\t<div class=\"item elementor-repeater-item-faq0005\">\n\t\t\t\t\t<div class=\"title\">\n\t\t\t\t\t\t<div class=\"arrow\"><\/div>\n\t\t\t\t\t\t<h3>UDA \u00e7ocuklar\u0131 robotla\u015ft\u0131r\u0131r m\u0131?<\/h3>\n\t\t\t\t\t<\/div>\n\n\t\t\t\t\t<div class=\"content\">\n\t\t\t\t\t\t<p><span style=\"font-weight: 400;\">Hay\u0131r. Bu yanl\u0131\u015f bir inan\u0131\u015ft\u0131r. Otizmli bireyler do\u011falar\u0131 gere\u011fi rutinlere ba\u011fl\u0131 kalma, tekrarlay\u0131c\u0131 davran\u0131\u015flar sergileme, monoton konu\u015fma gibi e\u011filimler g\u00f6sterebilir. Bu durum \u201crobotla\u015fma\u201d olarak alg\u0131lanabilir. Ancak UDA, tam tersine, bireyin do\u011fal becerilerini geli\u015ftirmek ve yeni beceriler kazand\u0131rmak i\u00e7in uygulanmaktad\u0131r.<\/span><\/p>\t\t\t\t\t<\/div>\n\t\t\t\t<\/div>\n\t\t\t\t\t\t\t\t\t\t\t<div class=\"item elementor-repeater-item-faq0006\">\n\t\t\t\t\t<div class=\"title\">\n\t\t\t\t\t\t<div class=\"arrow\"><\/div>\n\t\t\t\t\t\t<h3>UDA uygulamalar\u0131n\u0131 kimler yapabilir?<\/h3>\n\t\t\t\t\t<\/div>\n\n\t\t\t\t\t<div class=\"content\">\n\t\t\t\t\t\t<p><span style=\"font-weight: 400;\">UDA; psikoloji, \u00f6zel e\u011fitim veya ili\u015fkili alanlardan mezun ki\u015filer taraf\u0131ndan uygulanabilir. ABD\u2019de bu hizmetler lisans\u00fcst\u00fc e\u011fitim ya da sertifika program\u0131 tamamlam\u0131\u015f uzmanlarca y\u00fcr\u00fct\u00fclmektedir.<\/span><\/p>\n<p><span style=\"font-weight: 400;\">T\u00fcrkiye\u2019de Tohum Otizm Vakf\u0131, Princeton \u00c7ocuk Geli\u015fim Enstit\u00fcs\u00fc\u2019nden ald\u0131\u011f\u0131 bilgi birikimiyle e\u011fitmenlerini yeti\u015ftirmektedir. Ayr\u0131ca Anadolu \u00dcniversitesi b\u00fcnyesinde a\u00e7\u0131lan y\u00fcksek lisans programlar\u0131 da bu alanda uzmanlar yeti\u015ftirmektedir. Bu t\u00fcr programlar\u0131n yayg\u0131nla\u015fmas\u0131, \u00fclkemizde nitelikli hizmetlerin art\u0131r\u0131lmas\u0131 a\u00e7\u0131s\u0131ndan b\u00fcy\u00fck \u00f6nem ta\u015f\u0131maktad\u0131r.<\/span><\/p>\t\t\t\t\t<\/div>\n\t\t\t\t<\/div>\n\t\t\t\t\t\t\t\t\t\t\t<div class=\"item elementor-repeater-item-faq0007\">\n\t\t\t\t\t<div class=\"title\">\n\t\t\t\t\t\t<div class=\"arrow\"><\/div>\n\t\t\t\t\t\t<h3>UDA ile oyun becerileri \u00f6\u011fretilebilir mi?<\/h3>\n\t\t\t\t\t<\/div>\n\n\t\t\t\t\t<div class=\"content\">\n\t\t\t\t\t\t<p><span style=\"font-weight: 400;\">Evet. UDA; ileti\u015fim, sosyal beceriler, akademik ba\u015far\u0131 ve toplumsal ya\u015fama kat\u0131l\u0131m gibi alanlarda oldu\u011fu gibi oyun becerilerinin \u00f6\u011fretiminde de etkilidir.<\/span><\/p>\n<p><span style=\"font-weight: 400;\">Oyun becerilerinin \u00f6\u011fretilmesine y\u00f6nelik daha fazla bilgi i\u00e7in Tohum Otizm Vakf\u0131 E\u011fitim Portal\u0131\u2019ndaki \u201cTemel Becerileri Kazand\u0131rmak \u2192 Oyun Oynama\u201d mod\u00fcl\u00fcn\u00fc inceleyebilirsiniz.<\/span><\/p>\t\t\t\t\t<\/div>\n\t\t\t\t<\/div>\n\t\t\t\t\t\t\t\t\t\t\t<div class=\"item elementor-repeater-item-faq0008\">\n\t\t\t\t\t<div class=\"title\">\n\t\t\t\t\t\t<div class=\"arrow\"><\/div>\n\t\t\t\t\t\t<h3>E\u011fitim Kurumunun Yap\u0131s\u0131<\/h3>\n\t\t\t\t\t<\/div>\n\n\t\t\t\t\t<div class=\"content\">\n\t\t\t\t\t\t<p><strong>E\u011fitim kurumunun yap\u0131s\u0131, programlar ve s\u0131n\u0131f d\u00fczeni hakk\u0131nda s\u0131k sorulan sorular.<\/strong><\/p>\t\t\t\t\t<\/div>\n\t\t\t\t<\/div>\n\t\t\t\t\t\t\t\t\t\t\t<div class=\"item elementor-repeater-item-faq0009\">\n\t\t\t\t\t<div class=\"title\">\n\t\t\t\t\t\t<div class=\"arrow\"><\/div>\n\t\t\t\t\t\t<h3>E\u011fitim kurumlar\u0131n\u0131zda seansl\u0131 e\u011fitim var m\u0131?<\/h3>\n\t\t\t\t\t<\/div>\n\n\t\t\t\t\t<div class=\"content\">\n\t\t\t\t\t\t<p><span style=\"font-weight: 400;\">Program t\u00fcr\u00fc, rehberlik birimi taraf\u0131ndan yap\u0131lan \u00fccretsiz e\u011fitsel de\u011ferlendirme sonucunda belirlenir. \u00d6\u011frencinin ihtiyac\u0131na g\u00f6re tam zamanl\u0131 e\u011fitim, destek e\u011fitim program\u0131 ve ilgili terapi hizmetleri hakk\u0131nda aileye bilgi verilir.<\/span><\/p>\t\t\t\t\t<\/div>\n\t\t\t\t<\/div>\n\t\t\t\t\t\t\t\t\t\t\t<div class=\"item elementor-repeater-item-faq0010\">\n\t\t\t\t\t<div class=\"title\">\n\t\t\t\t\t\t<div class=\"arrow\"><\/div>\n\t\t\t\t\t\t<h3>S\u0131n\u0131flarda 3-4 \u00f6\u011frencinin ayn\u0131 anda e\u011fitim almas\u0131 dikkat da\u011f\u0131tmaz m\u0131?<\/h3>\n\t\t\t\t\t<\/div>\n\n\t\t\t\t\t<div class=\"content\">\n\t\t\t\t\t\t<p><span style=\"font-weight: 400;\">Otizmli \u00e7ocuklar genellikle ileti\u015fim ba\u015flatmada ve s\u00fcrd\u00fcrmede g\u00fc\u00e7l\u00fck ya\u015farlar. S\u0131n\u0131f mevcudunun art\u0131r\u0131lmas\u0131, \u00f6\u011frencilerin akranlar\u0131yla etkile\u015fim f\u0131rsatlar\u0131n\u0131 da art\u0131r\u0131r.<\/span><\/p>\n<p><span style=\"font-weight: 400;\">Bir \u00f6\u011frencinin arkada\u015f\u0131ndan kalem istemesi, te\u015fekk\u00fcr etmesi, g\u00fcnayd\u0131n demesi ya da birlikte oyun oynamas\u0131 bizim i\u00e7in \u00e7ok de\u011ferli becerilerdir. Bu nedenle s\u0131n\u0131f ortam\u0131nda akran etkile\u015fimleri \u00f6zellikle te\u015fvik edilmektedir.<\/span><\/p>\t\t\t\t\t<\/div>\n\t\t\t\t<\/div>\n\t\t\t\t\t\t\t\t\t\t\t<div class=\"item elementor-repeater-item-faq0011\">\n\t\t\t\t\t<div class=\"title\">\n\t\t\t\t\t\t<div class=\"arrow\"><\/div>\n\t\t\t\t\t\t<h3>E\u011fitim g\u00fcnleriniz neler?<\/h3>\n\t\t\t\t\t<\/div>\n\n\t\t\t\t\t<div class=\"content\">\n\t\t\t\t\t\t<p><span style=\"font-weight: 400;\">Hem tam zamanl\u0131 e\u011fitim program\u0131m\u0131zda hem de destek e\u011fitim program\u0131m\u0131zda hafta i\u00e7i be\u015f g\u00fcn e\u011fitim verilmektedir. Hafta sonu e\u011fitim yap\u0131lmamaktad\u0131r.<\/span><\/p>\t\t\t\t\t<\/div>\n\t\t\t\t<\/div>\n\t\t\t\t\t\t\t\t\t\t\t<div class=\"item elementor-repeater-item-faq0012\">\n\t\t\t\t\t<div class=\"title\">\n\t\t\t\t\t\t<div class=\"arrow\"><\/div>\n\t\t\t\t\t\t<h3>\u00c7ocu\u011fum seanslarda hangi programlarla \u00e7al\u0131\u015facak?<\/h3>\n\t\t\t\t\t<\/div>\n\n\t\t\t\t\t<div class=\"content\">\n\t\t\t\t\t\t<p><span style=\"font-weight: 400;\">Programlar, PCDI m\u00fcfredat\u0131na dayal\u0131 de\u011ferlendirmeler, g\u00f6zlemler ve aile g\u00f6r\u00fc\u015fmeleri sonucunda belirlenir. Hedefler ailelerle birlikte g\u00f6zden ge\u00e7irilir ve y\u0131ll\u0131k e\u011fitim program\u0131 olu\u015fturulur.<\/span><\/p>\t\t\t\t\t<\/div>\n\t\t\t\t<\/div>\n\t\t\t\t\t\t\t\t\t\t\t<div class=\"item elementor-repeater-item-faq0013\">\n\t\t\t\t\t<div class=\"title\">\n\t\t\t\t\t\t<div class=\"arrow\"><\/div>\n\t\t\t\t\t\t<h3>\u00c7ocu\u011fumu kre\u015fe mi yoksa e\u011fitim kurumunuza m\u0131 g\u00f6ndermeliyim?<\/h3>\n\t\t\t\t\t<\/div>\n\n\t\t\t\t\t<div class=\"content\">\n\t\t\t\t\t\t<p><span style=\"font-weight: 400;\">Her \u00e7ocuk i\u00e7in bireysel de\u011ferlendirme yap\u0131l\u0131r. E\u011fitim kadromuz, \u201cen az k\u0131s\u0131tlay\u0131c\u0131 e\u011fitim ortam\u0131\u201d ilkesine g\u00f6re karar verir. \u00c7ocu\u011fun \u00f6zel e\u011fitim ihtiyac\u0131 ve akranlar\u0131yla birlikte e\u011fitim alabilme durumu dikkate al\u0131narak aileye \u00f6neriler sunulur.<\/span><\/p>\t\t\t\t\t<\/div>\n\t\t\t\t<\/div>\n\t\t\t\t\t\t\t\t\t\t\t<div class=\"item elementor-repeater-item-faq0014\">\n\t\t\t\t\t<div class=\"title\">\n\t\t\t\t\t\t<div class=\"arrow\"><\/div>\n\t\t\t\t\t\t<h3>Terapi Hizmetleri<\/h3>\n\t\t\t\t\t<\/div>\n\n\t\t\t\t\t<div class=\"content\">\n\t\t\t\t\t\t<p><strong>\u00d6zel e\u011fitim d\u0131\u015f\u0131ndaki destekleyici terapi hizmetleri hakk\u0131nda s\u0131k sorulan sorular.<\/strong><\/p>\t\t\t\t\t<\/div>\n\t\t\t\t<\/div>\n\t\t\t\t\t\t\t\t\t\t\t<div class=\"item elementor-repeater-item-faq0015\">\n\t\t\t\t\t<div class=\"title\">\n\t\t\t\t\t\t<div class=\"arrow\"><\/div>\n\t\t\t\t\t\t<h3>E\u011fitim kurumunuzda \u00f6zel e\u011fitim d\u0131\u015f\u0131nda ba\u015fka hizmetler var m\u0131?<\/h3>\n\t\t\t\t\t<\/div>\n\n\t\t\t\t\t<div class=\"content\">\n\t\t\t\t\t\t<p><span style=\"font-weight: 400;\">Evet. \u00d6zel e\u011fitim seanslar\u0131n\u0131n yan\u0131 s\u0131ra dil ve konu\u015fma terapisi ile ergoterapi hizmetleri verilmektedir.<\/span><\/p>\t\t\t\t\t<\/div>\n\t\t\t\t<\/div>\n\t\t\t\t\t\t\t\t\t\t\t<div class=\"item elementor-repeater-item-faq0016\">\n\t\t\t\t\t<div class=\"title\">\n\t\t\t\t\t\t<div class=\"arrow\"><\/div>\n\t\t\t\t\t\t<h3>Ergoterapi veya dil ve konu\u015fma terapisi i\u00e7in ne yapmal\u0131y\u0131m?<\/h3>\n\t\t\t\t\t<\/div>\n\n\t\t\t\t\t<div class=\"content\">\n\t\t\t\t\t\t<p><span style=\"font-weight: 400;\">Rehberlik biriminden \u00fccretsiz e\u011fitsel de\u011ferlendirme randevusu alman\u0131z gerekmektedir. De\u011ferlendirme sonucuna g\u00f6re ihtiya\u00e7 belirlenir ve seans planlamas\u0131 yap\u0131l\u0131r.<\/span><\/p>\n<p><strong>Not:<\/strong> <span style=\"font-weight: 400;\">Terapi seanslar\u0131n\u0131n ilk dersi de\u011ferlendirme amac\u0131yla yap\u0131l\u0131r ve \u00fccretlidir.<\/span><\/p>\t\t\t\t\t<\/div>\n\t\t\t\t<\/div>\n\t\t\t\t\t\t\t\t\t\t\t<div class=\"item elementor-repeater-item-faq0017\">\n\t\t\t\t\t<div class=\"title\">\n\t\t\t\t\t\t<div class=\"arrow\"><\/div>\n\t\t\t\t\t\t<h3>Kay\u0131t, De\u011ferlendirme ve Programlar<\/h3>\n\t\t\t\t\t<\/div>\n\n\t\t\t\t\t<div class=\"content\">\n\t\t\t\t\t\t<p><strong>Kay\u0131t s\u00fcreci, de\u011ferlendirme, RAM raporu ve program se\u00e7imi hakk\u0131nda s\u0131k sorulan sorular.<\/strong><\/p>\t\t\t\t\t<\/div>\n\t\t\t\t<\/div>\n\t\t\t\t\t\t\t\t\t\t\t<div class=\"item elementor-repeater-item-faq0018\">\n\t\t\t\t\t<div class=\"title\">\n\t\t\t\t\t\t<div class=\"arrow\"><\/div>\n\t\t\t\t\t\t<h3>E\u011fitim kurumuna kay\u0131t olmak i\u00e7in ne yapmal\u0131y\u0131m?<\/h3>\n\t\t\t\t\t<\/div>\n\n\t\t\t\t\t<div class=\"content\">\n\t\t\t\t\t\t<p><span style=\"font-weight: 400;\">Ailelerimizin \u00f6ncelikle rehberlik biriminden de\u011ferlendirme randevusu almas\u0131 gerekmektedir. De\u011ferlendirme sonras\u0131 programa uygun \u00f6\u011frenciler bekleme listesine al\u0131n\u0131r. E\u011fitim y\u0131l\u0131 sonunda ayr\u0131lan \u00f6\u011frencilerin yerine, uygun ya\u015f grubundaki \u00f6\u011frenciler aras\u0131ndan noter huzurunda kura \u00e7ekilerek kay\u0131tlar yap\u0131l\u0131r.<\/span><\/p>\t\t\t\t\t<\/div>\n\t\t\t\t<\/div>\n\t\t\t\t\t\t\t\t\t\t\t<div class=\"item elementor-repeater-item-faq0019\">\n\t\t\t\t\t<div class=\"title\">\n\t\t\t\t\t\t<div class=\"arrow\"><\/div>\n\t\t\t\t\t\t<h3>RAM raporumu destek e\u011fitim program\u0131nda kullanabilir miyim?<\/h3>\n\t\t\t\t\t<\/div>\n\n\t\t\t\t\t<div class=\"content\">\n\t\t\t\t\t\t<p><span style=\"font-weight: 400;\">Evet. Destek e\u011fitim program\u0131na kay\u0131t i\u00e7in RAM raporu gerekmektedir. Raporu olmayan \u00f6\u011frenciler, kurumumuzda \u00fccretsiz e\u011fitsel de\u011ferlendirmeden yararlanabilir.<\/span><\/p>\t\t\t\t\t<\/div>\n\t\t\t\t<\/div>\n\t\t\t\t\t\t\t\t\t\t\t<div class=\"item elementor-repeater-item-faq0020\">\n\t\t\t\t\t<div class=\"title\">\n\t\t\t\t\t\t<div class=\"arrow\"><\/div>\n\t\t\t\t\t\t<h3>Destek e\u011fitim program\u0131na nas\u0131l kay\u0131t olabilirim?<\/h3>\n\t\t\t\t\t<\/div>\n\n\t\t\t\t\t<div class=\"content\">\n\t\t\t\t\t\t<p><span style=\"font-weight: 400;\">Rehberlik biriminden \u00fccretsiz e\u011fitsel de\u011ferlendirme randevusu al\u0131nmal\u0131d\u0131r. De\u011ferlendirme sonucuna g\u00f6re en uygun program t\u00fcr\u00fc belirlenir ve kay\u0131t s\u00fcreci ba\u015flat\u0131l\u0131r.<\/span><\/p>\t\t\t\t\t<\/div>\n\t\t\t\t<\/div>\n\t\t\t\t\t\t\t\t\t\t\t<div class=\"item elementor-repeater-item-faq0021\">\n\t\t\t\t\t<div class=\"title\">\n\t\t\t\t\t\t<div class=\"arrow\"><\/div>\n\t\t\t\t\t\t<h3>\u00c7ocu\u011fumun seansl\u0131 m\u0131 yoksa tam zamanl\u0131 m\u0131 e\u011fitime ihtiyac\u0131 var?<\/h3>\n\t\t\t\t\t<\/div>\n\n\t\t\t\t\t<div class=\"content\">\n\t\t\t\t\t\t<p><span style=\"font-weight: 400;\">\u00dccretsiz yap\u0131lan e\u011fitsel de\u011ferlendirme sonras\u0131, \u00e7ocu\u011funuz i\u00e7in en uygun program t\u00fcr\u00fc aileyle payla\u015f\u0131l\u0131r.<\/span><\/p>\t\t\t\t\t<\/div>\n\t\t\t\t<\/div>\n\t\t\t\t\t\t\t\t\t\t\t<div class=\"item elementor-repeater-item-faq0022\">\n\t\t\t\t\t<div class=\"title\">\n\t\t\t\t\t\t<div class=\"arrow\"><\/div>\n\t\t\t\t\t\t<h3>E\u011fitsel de\u011ferlendirme \u00fccretsiz mi?<\/h3>\n\t\t\t\t\t<\/div>\n\n\t\t\t\t\t<div class=\"content\">\n\t\t\t\t\t\t<p><span style=\"font-weight: 400;\">Evet. Rehberlik birimimiz taraf\u0131ndan yap\u0131lan e\u011fitsel de\u011ferlendirmeler \u00fccretsizdir. De\u011ferlendirme sonucunda \u00f6\u011frencilerin ihtiya\u00e7lar\u0131 belirlenir ve aileyle payla\u015f\u0131l\u0131r.<\/span><\/p>\t\t\t\t\t<\/div>\n\t\t\t\t<\/div>\n\t\t\t\t\t\t\t\t\t\t\t<div class=\"item elementor-repeater-item-faq0023\">\n\t\t\t\t\t<div class=\"title\">\n\t\t\t\t\t\t<div class=\"arrow\"><\/div>\n\t\t\t\t\t\t<h3>90 dakikal\u0131k ders s\u00fcresi uzun de\u011fil mi?<\/h3>\n\t\t\t\t\t<\/div>\n\n\t\t\t\t\t<div class=\"content\">\n\t\t\t\t\t\t<p><span style=\"font-weight: 400;\">Dersler, \u00f6\u011frencilerin motivasyonunu destekleyen sistemlerle y\u00fcr\u00fct\u00fclmektedir. \u00d6\u011frencilerin ilgi alanlar\u0131na odaklanan bu sistemler zamanla geri \u00e7ekilerek \u00f6\u011frencilerin ba\u011f\u0131ms\u0131zl\u0131klar\u0131 desteklenmektedir.<\/span><\/p>\t\t\t\t\t<\/div>\n\t\t\t\t<\/div>\n\t\t\t\t\t\t\t\t\t\t\t<div class=\"item elementor-repeater-item-faq0024\">\n\t\t\t\t\t<div class=\"title\">\n\t\t\t\t\t\t<div class=\"arrow\"><\/div>\n\t\t\t\t\t\t<h3>Deneme dersiniz var m\u0131?<\/h3>\n\t\t\t\t\t<\/div>\n\n\t\t\t\t\t<div class=\"content\">\n\t\t\t\t\t\t<p><span style=\"font-weight: 400;\">Hay\u0131r. \u00d6\u011frencilerin ilk de\u011ferlendirmesi rehberlik birimi taraf\u0131ndan yap\u0131l\u0131r ve ard\u0131ndan kay\u0131t s\u00fcreci ba\u015flat\u0131l\u0131r.<\/span><\/p>\t\t\t\t\t<\/div>\n\t\t\t\t<\/div>\n\t\t\t\t\t\t\t\t\t\t\t<div class=\"item elementor-repeater-item-faq0025\">\n\t\t\t\t\t<div class=\"title\">\n\t\t\t\t\t\t<div class=\"arrow\"><\/div>\n\t\t\t\t\t\t<h3>Aile Kat\u0131l\u0131m\u0131<\/h3>\n\t\t\t\t\t<\/div>\n\n\t\t\t\t\t<div class=\"content\">\n\t\t\t\t\t\t<p><strong>Ailelerin e\u011fitim s\u00fcrecine kat\u0131l\u0131m\u0131, g\u00f6zlem ve bilgilendirme s\u00fcre\u00e7leri hakk\u0131nda s\u0131k sorulan sorular.<\/strong><\/p>\t\t\t\t\t<\/div>\n\t\t\t\t<\/div>\n\t\t\t\t\t\t\t\t\t\t\t<div class=\"item elementor-repeater-item-faq0026\">\n\t\t\t\t\t<div class=\"title\">\n\t\t\t\t\t\t<div class=\"arrow\"><\/div>\n\t\t\t\t\t\t<h3>Aileler \u00f6zel e\u011fitim seanslar\u0131n\u0131 izleyebiliyor mu?<\/h3>\n\t\t\t\t\t<\/div>\n\n\t\t\t\t\t<div class=\"content\">\n\t\t\t\t\t\t<p><span style=\"font-weight: 400;\">Evet. Aileler, \u00f6zel e\u011fitim ve di\u011fer terapi seanslar\u0131na d\u00fczenli olarak al\u0131nmaktad\u0131r. B\u00f6ylece hem g\u00f6zlem yapar hem de \u00e7ocuklar\u0131yla ders \u00e7al\u0131\u015fma becerilerini geli\u015ftirirler.<\/span><\/p>\t\t\t\t\t<\/div>\n\t\t\t\t<\/div>\n\t\t\t\t\t\t\t\t\t\t\t<div class=\"item elementor-repeater-item-faq0027\">\n\t\t\t\t\t<div class=\"title\">\n\t\t\t\t\t\t<div class=\"arrow\"><\/div>\n\t\t\t\t\t\t<h3>Aile e\u011fitimleri oluyor mu?<\/h3>\n\t\t\t\t\t<\/div>\n\n\t\t\t\t\t<div class=\"content\">\n\t\t\t\t\t\t<p><span style=\"font-weight: 400;\">Evet. Ailelerimizin \u00e7ocuklar\u0131n\u0131n geli\u015fimini desteklemesi i\u00e7in farkl\u0131 uygulamalar yap\u0131lmaktad\u0131r.<\/span><\/p>\n<ul>\n<li><span style=\"font-weight: 400;\">Tam zamanl\u0131 e\u011fitim alan \u00f6\u011frencilerin ailelerine d\u00fczenli olarak ev ziyaretleri yap\u0131l\u0131r.<\/span><\/li>\n<li><span style=\"font-weight: 400;\">Aileler derslere kat\u0131l\u0131r, g\u00f6zlem yapar ve s\u0131n\u0131f i\u00e7inde uygulamalara destek olur.<\/span><\/li>\n<li><span style=\"font-weight: 400;\">Her ders sonunda ailelere detayl\u0131 bilgilendirme yap\u0131l\u0131r.<\/span><\/li>\n<li><span style=\"font-weight: 400;\">Belirli aral\u0131klarla ger\u00e7ekle\u015ftirilen bireysel g\u00f6r\u00fc\u015fmelerde ailelerin ihtiya\u00e7lar\u0131, ya\u015fad\u0131\u011f\u0131 zorluklar ve \u00f6\u011frencilerin geli\u015fimleri de\u011ferlendirilir.<\/span><\/li>\n<\/ul>\t\t\t\t\t<\/div>\n\t\t\t\t<\/div>\n\t\t\t\t\t\t\t\t\t\t\t<div class=\"item elementor-repeater-item-faq0028\">\n\t\t\t\t\t<div class=\"title\">\n\t\t\t\t\t\t<div class=\"arrow\"><\/div>\n\t\t\t\t\t\t<h3>Burs ve \u00dccretler<\/h3>\n\t\t\t\t\t<\/div>\n\n\t\t\t\t\t<div class=\"content\">\n\t\t\t\t\t\t<p><strong>Burs ba\u015fvurusu, \u00f6deme s\u00fcre\u00e7leri ve \u00fccretlendirme hakk\u0131nda s\u0131k sorulan sorular.<\/strong><\/p>\t\t\t\t\t<\/div>\n\t\t\t\t<\/div>\n\t\t\t\t\t\t\t\t\t\t\t<div class=\"item elementor-repeater-item-faq0029\">\n\t\t\t\t\t<div class=\"title\">\n\t\t\t\t\t\t<div class=\"arrow\"><\/div>\n\t\t\t\t\t\t<h3>Burs ba\u015fvurusu nas\u0131l yap\u0131l\u0131r?<\/h3>\n\t\t\t\t\t<\/div>\n\n\t\t\t\t\t<div class=\"content\">\n\t\t\t\t\t\t<p><span style=\"font-weight: 400;\">De\u011ferlendirme sonras\u0131, ailelerin talebi do\u011frultusunda \u00f6\u011frenciler burs bekleme listesine al\u0131n\u0131r. E\u011fitim y\u0131l\u0131 sonunda vak\u0131f y\u00f6netimi taraf\u0131ndan belirlenen kontenjan do\u011frultusunda burslar da\u011f\u0131t\u0131l\u0131r.<\/span><\/p>\t\t\t\t\t<\/div>\n\t\t\t\t<\/div>\n\t\t\t\t\t\t\t\t\t\t\t<div class=\"item elementor-repeater-item-faq0030\">\n\t\t\t\t\t<div class=\"title\">\n\t\t\t\t\t\t<div class=\"arrow\"><\/div>\n\t\t\t\t\t\t<h3>Burs ba\u015fvurusunda bulundum, ne zaman s\u0131ra gelir?<\/h3>\n\t\t\t\t\t<\/div>\n\n\t\t\t\t\t<div class=\"content\">\n\t\t\t\t\t\t<p><span style=\"font-weight: 400;\">Burs bekleme listesine, \u0130stanbul\u2019da ikamet eden ve burs ko\u015fullar\u0131na uygun aileler kay\u0131t edilir. Burslar\u0131n verilme s\u00fcreci her y\u0131l Burs Komitesi taraf\u0131ndan y\u00f6netilir. S\u00fcre, b\u00fct\u00e7e ve kontenjana g\u00f6re de\u011fi\u015fti\u011finden kesin bir zaman verilememektedir.<\/span><\/p>\t\t\t\t\t<\/div>\n\t\t\t\t<\/div>\n\t\t\t\t\t\t\t\t\t\t\t<div class=\"item elementor-repeater-item-faq0031\">\n\t\t\t\t\t<div class=\"title\">\n\t\t\t\t\t\t<div class=\"arrow\"><\/div>\n\t\t\t\t\t\t<h3>Bursunuzu d\u0131\u015far\u0131da kullanabilir miyim?<\/h3>\n\t\t\t\t\t<\/div>\n\n\t\t\t\t\t<div class=\"content\">\n\t\t\t\t\t\t<p><span style=\"font-weight: 400;\">Hay\u0131r. Tohum Otizm Vakf\u0131 taraf\u0131ndan verilen burs yaln\u0131zca Tohum Otizm Vakf\u0131 E\u011fitim Kurumlar\u0131\u2019nda kullan\u0131labilmektedir.<\/span><\/p>\t\t\t\t\t<\/div>\n\t\t\t\t<\/div>\n\t\t\t\t\t\t\t\t\t\t\t<div class=\"item elementor-repeater-item-faq0032\">\n\t\t\t\t\t<div class=\"title\">\n\t\t\t\t\t\t<div class=\"arrow\"><\/div>\n\t\t\t\t\t\t<h3>Destek e\u011fitim program\u0131 \u00f6demeleri nas\u0131l yap\u0131l\u0131r?<\/h3>\n\t\t\t\t\t<\/div>\n\n\t\t\t\t\t<div class=\"content\">\n\t\t\t\t\t\t<p><span style=\"font-weight: 400;\">E\u011fitim \u00fccretleri her y\u0131l MEB\u2019in belirledi\u011fi takvime g\u00f6re a\u00e7\u0131klanmaktad\u0131r. Kay\u0131t i\u00e7in ailelerimizin, y\u00f6nlendirilen banka \u00fczerinden kredili mevduat hesab\u0131 a\u00e7t\u0131rmalar\u0131 gerekmektedir. Nakit, EFT, kredi kart\u0131 vb. \u00f6deme y\u00f6ntemleri kabul edilmemektedir.<\/span><\/p>\t\t\t\t\t<\/div>\n\t\t\t\t<\/div>\n\t\t\t\t\t\t\t\t\t\t\t<div class=\"item elementor-repeater-item-faq0033\">\n\t\t\t\t\t<div class=\"title\">\n\t\t\t\t\t\t<div class=\"arrow\"><\/div>\n\t\t\t\t\t\t<h3>\u0130stanbul D\u0131\u015f\u0131 Hizmetler<\/h3>\n\t\t\t\t\t<\/div>\n\n\t\t\t\t\t<div class=\"content\">\n\t\t\t\t\t\t<p><strong>\u0130stanbul d\u0131\u015f\u0131nda ya\u015fayan ailelere sunulan destekler hakk\u0131nda s\u0131k sorulan sorular.<\/strong><\/p>\t\t\t\t\t<\/div>\n\t\t\t\t<\/div>\n\t\t\t\t\t\t\t\t\t\t\t<div class=\"item elementor-repeater-item-faq0034\">\n\t\t\t\t\t<div class=\"title\">\n\t\t\t\t\t\t<div class=\"arrow\"><\/div>\n\t\t\t\t\t\t<h3>\u0130stanbul d\u0131\u015f\u0131ndaki otizmli \u00e7ocuklara nas\u0131l hizmet veriyorsunuz?<\/h3>\n\t\t\t\t\t<\/div>\n\n\t\t\t\t\t<div class=\"content\">\n\t\t\t\t\t\t<p><span style=\"font-weight: 400;\">E\u011fitim kurumumuz \u0130stanbul \u015ei\u015fli\u2019de hizmet vermektedir. Ancak \u0130stanbul d\u0131\u015f\u0131nda ya\u015fayan ailelerimiz i\u00e7in online g\u00f6r\u00fc\u015fmeler yap\u0131lmakta, de\u011ferlendirme sonu\u00e7lar\u0131na g\u00f6re \u00e7ocuklara \u00f6zel e\u011fitim programlar\u0131 haz\u0131rlanarak destek verilmektedir.<\/span><\/p>\t\t\t\t\t<\/div>\n\t\t\t\t<\/div>\n\t\t\t\t\t\t\t\t\t\t\t<div class=\"item elementor-repeater-item-faq0035\">\n\t\t\t\t\t<div class=\"title\">\n\t\t\t\t\t\t<div class=\"arrow\"><\/div>\n\t\t\t\t\t\t<h3>Daha fazla bilgi almak i\u00e7in ne yapabilirim?<\/h3>\n\t\t\t\t\t<\/div>\n\n\t\t\t\t\t<div class=\"content\">\n\t\t\t\t\t\t<p><span style=\"font-weight: 400;\">Daha fazla bilgi almak i\u00e7in rehberlik birimimizle ileti\u015fime ge\u00e7ebilirsiniz.<\/span><\/p>\t\t\t\t\t<\/div>\n\t\t\t\t<\/div>\n\t\t\t\t    <\/div>\n\n\t    \t\t\t\t<\/div>\n\t\t\t\t<\/div>\n\t\t\t\t\t<\/div>\n\t\t\t\t<\/div>\n\t\t\t\t<\/div>","protected":false},"excerpt":{"rendered":"<p>Okulumuz S\u0131k Sorulan Sorular Uygulamal\u0131 Davran\u0131\u015f Analizi (UDA) Hakk\u0131nda Uygulamal\u0131 Davran\u0131\u015f Analizi (UDA) ile ilgili en s\u0131k sorulan sorular. Uygulamal\u0131 davran\u0131\u015f analizi uygulamas\u0131 nedir? Uygulamal\u0131 Davran\u0131\u015f Analizi (ABA), insan davran\u0131\u015flar\u0131n\u0131 inceleyen ve bu davran\u0131\u015flar\u0131 olumlu y\u00f6nde de\u011fi\u015ftirmek i\u00e7in bilimsel y\u00f6ntemler kullanan bir yakla\u015f\u0131md\u0131r. \u00d6\u011frenme ilkelerine dayan\u0131r ve davran\u0131\u015flar\u0131n neden ortaya \u00e7\u0131kt\u0131\u011f\u0131n\u0131, nas\u0131l s\u00fcrd\u00fc\u011f\u00fcn\u00fc ve nas\u0131l<\/p>","protected":false},"author":1,"featured_media":0,"parent":4314,"menu_order":0,"comment_status":"closed","ping_status":"closed","template":"elementor_header_footer","meta":{"footnotes":""},"class_list":["post-8259","page","type-page","status-publish","hentry"],"yoast_head":"<!-- This site is optimized with the Yoast SEO Premium plugin v28.3 (Yoast SEO v28.3) - https:\/\/yoast.com\/product\/yoast-seo-premium-wordpress\/ -->\n<title>S\u0131k\u00e7a Sorulan Sorular - Tohum Otizm Vakf\u0131 | Otizmin Tek \u00c7aresi E\u011fitim<\/title>\n<meta name=\"robots\" content=\"index, follow, max-snippet:-1, max-image-preview:large, max-video-preview:-1\" \/>\n<link rel=\"canonical\" href=\"https:\/\/wp1.sedaozcan.net.tr\/en\/okulumuz\/sikca-sorulan-sorular\/\" \/>\n<meta property=\"og:locale\" content=\"en_US\" \/>\n<meta property=\"og:type\" content=\"article\" \/>\n<meta property=\"og:title\" content=\"S\u0131k\u00e7a Sorulan Sorular\" \/>\n<meta property=\"og:description\" content=\"Okulumuz S\u0131k Sorulan Sorular Uygulamal\u0131 Davran\u0131\u015f Analizi (UDA) Hakk\u0131nda Uygulamal\u0131 Davran\u0131\u015f Analizi (UDA) ile ilgili en s\u0131k sorulan sorular. Uygulamal\u0131 davran\u0131\u015f analizi uygulamas\u0131 nedir? Uygulamal\u0131 Davran\u0131\u015f Analizi (ABA), insan davran\u0131\u015flar\u0131n\u0131 inceleyen ve bu davran\u0131\u015flar\u0131 olumlu y\u00f6nde de\u011fi\u015ftirmek i\u00e7in bilimsel y\u00f6ntemler kullanan bir yakla\u015f\u0131md\u0131r. \u00d6\u011frenme ilkelerine dayan\u0131r ve davran\u0131\u015flar\u0131n neden ortaya \u00e7\u0131kt\u0131\u011f\u0131n\u0131, nas\u0131l s\u00fcrd\u00fc\u011f\u00fcn\u00fc ve nas\u0131l\" \/>\n<meta property=\"og:url\" content=\"https:\/\/wp1.sedaozcan.net.tr\/en\/okulumuz\/sikca-sorulan-sorular\/\" \/>\n<meta property=\"og:site_name\" content=\"Tohum Otizm Vakf\u0131 | Otizmin Tek \u00c7aresi E\u011fitim\" \/>\n<meta property=\"article:modified_time\" content=\"2026-05-18T18:18:43+00:00\" \/>\n<meta name=\"twitter:card\" content=\"summary_large_image\" \/>\n<meta name=\"twitter:label1\" content=\"Est. reading time\" \/>\n\t<meta name=\"twitter:data1\" content=\"8 minutes\" \/>\n<script type=\"application\/ld+json\" class=\"yoast-schema-graph\">{\"@context\":\"https:\\\/\\\/schema.org\",\"@graph\":[{\"@type\":\"WebPage\",\"@id\":\"https:\\\/\\\/wp1.sedaozcan.net.tr\\\/okulumuz\\\/sikca-sorulan-sorular\\\/\",\"url\":\"https:\\\/\\\/wp1.sedaozcan.net.tr\\\/okulumuz\\\/sikca-sorulan-sorular\\\/\",\"name\":\"S\u0131k\u00e7a Sorulan Sorular - Tohum Otizm Vakf\u0131 | Otizmin Tek \u00c7aresi E\u011fitim\",\"isPartOf\":{\"@id\":\"https:\\\/\\\/wp1.sedaozcan.net.tr\\\/#website\"},\"datePublished\":\"2026-04-17T01:42:47+00:00\",\"dateModified\":\"2026-05-18T18:18:43+00:00\",\"breadcrumb\":{\"@id\":\"https:\\\/\\\/wp1.sedaozcan.net.tr\\\/okulumuz\\\/sikca-sorulan-sorular\\\/#breadcrumb\"},\"inLanguage\":\"en-US\",\"potentialAction\":[{\"@type\":\"ReadAction\",\"target\":[\"https:\\\/\\\/wp1.sedaozcan.net.tr\\\/okulumuz\\\/sikca-sorulan-sorular\\\/\"]}]},{\"@type\":\"BreadcrumbList\",\"@id\":\"https:\\\/\\\/wp1.sedaozcan.net.tr\\\/okulumuz\\\/sikca-sorulan-sorular\\\/#breadcrumb\",\"itemListElement\":[{\"@type\":\"ListItem\",\"position\":1,\"name\":\"Home\",\"item\":\"https:\\\/\\\/wp1.sedaozcan.net.tr\\\/\"},{\"@type\":\"ListItem\",\"position\":2,\"name\":\"Okulumuz\",\"item\":\"https:\\\/\\\/wp1.sedaozcan.net.tr\\\/okulumuz\\\/\"},{\"@type\":\"ListItem\",\"position\":3,\"name\":\"S\u0131k\u00e7a Sorulan Sorular\"}]},{\"@type\":\"WebSite\",\"@id\":\"https:\\\/\\\/wp1.sedaozcan.net.tr\\\/#website\",\"url\":\"https:\\\/\\\/wp1.sedaozcan.net.tr\\\/\",\"name\":\"Tohum Otizm Vakf\u0131 | Otizmin Tek \u00c7aresi E\u011fitim\",\"description\":\"\",\"potentialAction\":[{\"@type\":\"SearchAction\",\"target\":{\"@type\":\"EntryPoint\",\"urlTemplate\":\"https:\\\/\\\/wp1.sedaozcan.net.tr\\\/?s={search_term_string}\"},\"query-input\":{\"@type\":\"PropertyValueSpecification\",\"valueRequired\":true,\"valueName\":\"search_term_string\"}}],\"inLanguage\":\"en-US\"},{\"@type\":\"ImageObject\",\"inLanguage\":\"en-US\",\"@id\":\"https:\\\/\\\/wp1.sedaozcan.net.tr\\\/okulumuz\\\/sikca-sorulan-sorular\\\/#local-main-organization-logo\",\"url\":\"\",\"contentUrl\":\"\",\"caption\":\"Tohum Otizm Vakf\u0131 | Otizmin Tek \u00c7aresi E\u011fitim\"}]}<\/script>\n<!-- \/ Yoast SEO Premium plugin. -->","yoast_head_json":{"title":"S\u0131k\u00e7a Sorulan Sorular - Tohum Otizm Vakf\u0131 | Otizmin Tek \u00c7aresi E\u011fitim","robots":{"index":"index","follow":"follow","max-snippet":"max-snippet:-1","max-image-preview":"max-image-preview:large","max-video-preview":"max-video-preview:-1"},"canonical":"https:\/\/wp1.sedaozcan.net.tr\/en\/okulumuz\/sikca-sorulan-sorular\/","og_locale":"en_US","og_type":"article","og_title":"S\u0131k\u00e7a Sorulan Sorular","og_description":"Okulumuz S\u0131k Sorulan Sorular Uygulamal\u0131 Davran\u0131\u015f Analizi (UDA) Hakk\u0131nda Uygulamal\u0131 Davran\u0131\u015f Analizi (UDA) ile ilgili en s\u0131k sorulan sorular. Uygulamal\u0131 davran\u0131\u015f analizi uygulamas\u0131 nedir? Uygulamal\u0131 Davran\u0131\u015f Analizi (ABA), insan davran\u0131\u015flar\u0131n\u0131 inceleyen ve bu davran\u0131\u015flar\u0131 olumlu y\u00f6nde de\u011fi\u015ftirmek i\u00e7in bilimsel y\u00f6ntemler kullanan bir yakla\u015f\u0131md\u0131r. \u00d6\u011frenme ilkelerine dayan\u0131r ve davran\u0131\u015flar\u0131n neden ortaya \u00e7\u0131kt\u0131\u011f\u0131n\u0131, nas\u0131l s\u00fcrd\u00fc\u011f\u00fcn\u00fc ve nas\u0131l","og_url":"https:\/\/wp1.sedaozcan.net.tr\/en\/okulumuz\/sikca-sorulan-sorular\/","og_site_name":"Tohum Otizm Vakf\u0131 | Otizmin Tek \u00c7aresi E\u011fitim","article_modified_time":"2026-05-18T18:18:43+00:00","twitter_card":"summary_large_image","twitter_misc":{"Est. reading time":"8 minutes"},"schema":{"@context":"https:\/\/schema.org","@graph":[{"@type":"WebPage","@id":"https:\/\/wp1.sedaozcan.net.tr\/okulumuz\/sikca-sorulan-sorular\/","url":"https:\/\/wp1.sedaozcan.net.tr\/okulumuz\/sikca-sorulan-sorular\/","name":"S\u0131k\u00e7a Sorulan Sorular - Tohum Otizm Vakf\u0131 | Otizmin Tek \u00c7aresi E\u011fitim","isPartOf":{"@id":"https:\/\/wp1.sedaozcan.net.tr\/#website"},"datePublished":"2026-04-17T01:42:47+00:00","dateModified":"2026-05-18T18:18:43+00:00","breadcrumb":{"@id":"https:\/\/wp1.sedaozcan.net.tr\/okulumuz\/sikca-sorulan-sorular\/#breadcrumb"},"inLanguage":"en-US","potentialAction":[{"@type":"ReadAction","target":["https:\/\/wp1.sedaozcan.net.tr\/okulumuz\/sikca-sorulan-sorular\/"]}]},{"@type":"BreadcrumbList","@id":"https:\/\/wp1.sedaozcan.net.tr\/okulumuz\/sikca-sorulan-sorular\/#breadcrumb","itemListElement":[{"@type":"ListItem","position":1,"name":"Home","item":"https:\/\/wp1.sedaozcan.net.tr\/"},{"@type":"ListItem","position":2,"name":"Okulumuz","item":"https:\/\/wp1.sedaozcan.net.tr\/okulumuz\/"},{"@type":"ListItem","position":3,"name":"S\u0131k\u00e7a Sorulan Sorular"}]},{"@type":"WebSite","@id":"https:\/\/wp1.sedaozcan.net.tr\/#website","url":"https:\/\/wp1.sedaozcan.net.tr\/","name":"Tohum Autism Foundation | The Only Remedy for Autism is Education","description":"","potentialAction":[{"@type":"SearchAction","target":{"@type":"EntryPoint","urlTemplate":"https:\/\/wp1.sedaozcan.net.tr\/?s={search_term_string}"},"query-input":{"@type":"PropertyValueSpecification","valueRequired":true,"valueName":"search_term_string"}}],"inLanguage":"en-US"},{"@type":"ImageObject","inLanguage":"en-US","@id":"https:\/\/wp1.sedaozcan.net.tr\/okulumuz\/sikca-sorulan-sorular\/#local-main-organization-logo","url":"","contentUrl":"","caption":"Tohum Otizm Vakf\u0131 | Otizmin Tek \u00c7aresi E\u011fitim"}]}},"_links":{"self":[{"href":"https:\/\/wp1.sedaozcan.net.tr\/en\/wp-json\/wp\/v2\/pages\/8259","targetHints":{"allow":["GET"]}}],"collection":[{"href":"https:\/\/wp1.sedaozcan.net.tr\/en\/wp-json\/wp\/v2\/pages"}],"about":[{"href":"https:\/\/wp1.sedaozcan.net.tr\/en\/wp-json\/wp\/v2\/types\/page"}],"author":[{"embeddable":true,"href":"https:\/\/wp1.sedaozcan.net.tr\/en\/wp-json\/wp\/v2\/users\/1"}],"replies":[{"embeddable":true,"href":"https:\/\/wp1.sedaozcan.net.tr\/en\/wp-json\/wp\/v2\/comments?post=8259"}],"version-history":[{"count":17,"href":"https:\/\/wp1.sedaozcan.net.tr\/en\/wp-json\/wp\/v2\/pages\/8259\/revisions"}],"predecessor-version":[{"id":8642,"href":"https:\/\/wp1.sedaozcan.net.tr\/en\/wp-json\/wp\/v2\/pages\/8259\/revisions\/8642"}],"up":[{"embeddable":true,"href":"https:\/\/wp1.sedaozcan.net.tr\/en\/wp-json\/wp\/v2\/pages\/4314"}],"wp:attachment":[{"href":"https:\/\/wp1.sedaozcan.net.tr\/en\/wp-json\/wp\/v2\/media?parent=8259"}],"curies":[{"name":"wp","href":"https:\/\/api.w.org\/{rel}","templated":true}]}}