{"id":6592,"date":"2025-10-23T03:38:16","date_gmt":"2025-10-23T01:38:16","guid":{"rendered":"https:\/\/wp1.sedaozcan.net.tr\/?page_id=6592"},"modified":"2026-08-14T16:01:24","modified_gmt":"2026-08-14T14:01:24","slug":"norocesitlilik-nedir","status":"publish","type":"page","link":"https:\/\/wp1.sedaozcan.net.tr\/en\/otizm-nedir\/norocesitlilik-nedir\/","title":{"rendered":"What is Neurodiversity?"},"content":{"rendered":"<div data-elementor-type=\"wp-page\" data-elementor-id=\"6592\" class=\"elementor elementor-6592\" data-elementor-post-type=\"page\">\n\t\t\t\t\t\t<section class=\"elementor-section elementor-top-section elementor-element elementor-element-feb446a elementor-section-height-min-height elementor-section-boxed elementor-section-height-default elementor-section-items-middle\" data-id=\"feb446a\" data-element_type=\"section\" data-e-type=\"section\" data-settings=\"{&quot;background_background&quot;:&quot;classic&quot;}\">\n\t\t\t\t\t\t\t<div class=\"elementor-background-overlay\"><\/div>\n\t\t\t\t\t\t\t<div class=\"elementor-container elementor-column-gap-no\">\n\t\t\t\t\t<div class=\"elementor-column elementor-col-100 elementor-top-column elementor-element elementor-element-1a83b3d\" data-id=\"1a83b3d\" data-element_type=\"column\" data-e-type=\"column\">\n\t\t\t<div class=\"elementor-widget-wrap elementor-element-populated\">\n\t\t\t\t\t\t<div class=\"elementor-element elementor-element-35e5cda elementor-icon-list--layout-inline elementor-tablet-align-center elementor-list-item-link-full_width elementor-widget elementor-widget-icon-list\" data-id=\"35e5cda\" data-element_type=\"widget\" data-e-type=\"widget\" data-widget_type=\"icon-list.default\">\n\t\t\t\t<div class=\"elementor-widget-container\">\n\t\t\t\t\t\t\t<ul class=\"elementor-icon-list-items elementor-inline-items\">\n\t\t\t\t\t\t\t<li class=\"elementor-icon-list-item elementor-inline-item\">\n\t\t\t\t\t\t\t\t\t\t<span class=\"elementor-icon-list-text\">What is Autism?<\/span>\n\t\t\t\t\t\t\t\t\t<\/li>\n\t\t\t\t\t\t<\/ul>\n\t\t\t\t\t\t<\/div>\n\t\t\t\t<\/div>\n\t\t\t\t<div class=\"elementor-element elementor-element-ec0f8f8 elementor-widget elementor-widget-heading\" data-id=\"ec0f8f8\" data-element_type=\"widget\" data-e-type=\"widget\" data-widget_type=\"heading.default\">\n\t\t\t\t<div class=\"elementor-widget-container\">\n\t\t\t\t\t<h1 class=\"elementor-heading-title elementor-size-default\">What is Neurodiversity?<\/h1>\t\t\t\t<\/div>\n\t\t\t\t<\/div>\n\t\t\t\t\t<\/div>\n\t\t<\/div>\n\t\t\t\t\t<\/div>\n\t\t<\/section>\n\t\t<div class=\"elementor-element elementor-element-4bd80f1 e-flex e-con-boxed e-con e-parent\" data-id=\"4bd80f1\" data-element_type=\"container\" data-e-type=\"container\">\n\t\t\t\t\t<div class=\"e-con-inner\">\n\t\t\t\t<div class=\"elementor-element elementor-element-15dae71 elementor-widget elementor-widget-html\" data-id=\"15dae71\" data-element_type=\"widget\" data-e-type=\"widget\" data-widget_type=\"html.default\">\n\t\t\t\t<div class=\"elementor-widget-container\">\n\t\t\t\t\t<!-- TOV | N\u00f6ro\u00e7e\u015fitlilik | Elementor Custom HTML (Kurumsal palet, tutarl\u0131 ba\u015fl\u0131klar) -->\n<link href=\"https:\/\/fonts.googleapis.com\/css2?family=Poppins:wght@700;800&family=Inter:wght@400;500;700&display=swap\" rel=\"stylesheet\" \/>\n\n<div id=\"tov-programs\">\n  <style>\n    \/* ===== Scope: sadece bu blok ve Elementor \u00e7ak\u0131\u015fmalar\u0131n\u0131 bast\u0131r\u0131r ===== *\/\n    #tov-programs * { box-sizing: border-box; }\n\n    \/* === Kurumsal Palet === *\/\n    #tov-programs{\n      --tov-blue:#026D92;       \/* birincil mavi *\/\n      --tov-yellow:#FFD800;     \/* ba\u015fl\u0131k alt \u00e7izgi *\/\n      --tov-orange:#FCB128;     \/* ikincil vurgu (gerekirse) *\/\n      --tov-ink:#222;\n      --tov-muted:#666;\n      --tov-border:#e9e9ee;\n      --tov-bg:#fafafa;\n      --tov-card:#ffffff;\n      --tov-shadow:0 10px 24px rgba(2,109,146,.12); \/* mavi uyumlu g\u00f6lge *\/\n      font-family: Inter, system-ui, -apple-system, Segoe UI, Roboto, Helvetica, Arial, \"Apple Color Emoji\",\"Segoe UI Emoji\";\n      color: var(--tov-ink);\n    }\n\n    \/* Link rengi palete uyum + Elementor override *\/\n    #tov-programs a{ color:var(--tov-blue); text-decoration:none; transition: all 0.2s ease;}\n    #tov-programs a:hover{ text-decoration:underline; text-underline-offset:2px; color: #014f6b;}\n\n    #tov-programs .container{ max-width:1200px; margin:0 auto; padding:0px; }\n\n    \/* Kart *\/\n    #tov-programs .card{\n      border:1px solid var(--tov-border);\n      border-radius:18px;\n      background:var(--tov-card);\n      padding:28px;\n      margin:22px 0;\n      box-shadow:var(--tov-shadow);\n    }\n\n    \/* Genel ba\u015fl\u0131k override \u2014 kelime ba\u015f harfleri b\u00fcy\u00fck *\/\n    #tov-programs h1,#tov-programs h2,#tov-programs h3,#tov-programs h4,#tov-programs h5,#tov-programs h6{\n      font-family:Poppins, sans-serif !important;\n      font-weight:800 !important;\n      line-height:1.15 !important;\n      color:#111 !important;\n      margin:0 0 12px !important;\n      letter-spacing:0 !important;\n      text-transform:capitalize !important;\n    }\n\n    \/* Ana ba\u015fl\u0131k (opsiyonel) *\/\n    #tov-programs .heading{\n      font-size:30px;\n      position:relative;\n      padding-bottom:12px;\n    }\n    #tov-programs .heading::after{\n      content:\"\"; display:block; width:72px; height:5px;\n      background:var(--tov-yellow); border-radius:999px; margin-top:8px;\n    }\n\n    \/* B\u00f6l\u00fcm ba\u015fl\u0131klar\u0131 *\/\n    #tov-programs .section-title{\n      font-size:26px;\n      position:relative;\n      padding-bottom:10px;\n    }\n    #tov-programs .section-title::after{\n      content:\"\"; display:block; width:56px; height:4px; background:var(--tov-yellow);\n      border-radius:999px; margin-top:8px;\n    }\n\n    \/* Alt ba\u015fl\u0131klar *\/\n    #tov-programs .subhead{\n      margin:2px 0 8px;\n      font-weight:800;\n      font-size:18px;\n      line-height:1.3;\n      font-family:Poppins, sans-serif;\n      color:#111;\n      text-transform:capitalize;\n    }\n\n    \/* Metin *\/\n    #tov-programs .lead{\n      font-size: clamp(16px, 1.9vw, 20px);\n      line-height:1.85;\n      color:#111;\n      font-weight:600;\n      letter-spacing:-0.005em;\n      margin:6px 0 14px;\n      text-transform:none !important;\n    }\n    #tov-programs p{ margin:8px 0; line-height:1.8; font-size:16.5px; }\n\n    \/* Listeler *\/\n    #tov-programs ul{ margin:10px 0 0 18px; padding:0; }\n    #tov-programs li{ margin:8px 0; line-height:1.8; font-size:16.5px; }\n    \n    #tov-programs .feature-list{ list-style:none; margin-left:0; }\n    #tov-programs .feature-list > li{ position:relative; padding-left:28px; }\n    #tov-programs .feature-list > li::before{\n      content:\"\"; position:absolute; left:0; top:.7em; width:10px; height:10px;\n      border-radius:3px; background:var(--tov-blue);\n      box-shadow:0 0 0 3px rgba(2,109,146,.12);\n    }\n\n    \/* \u0130\u00e7 i\u00e7e ge\u00e7mi\u015f listeler (Sub-lists) *\/\n    #tov-programs .feature-list ul {\n      list-style-type: disc;\n      margin: 12px 0 16px 28px;\n      color: var(--tov-ink);\n    }\n    #tov-programs .feature-list ul li {\n      padding-left: 0;\n      margin: 6px 0;\n      font-size: 15.5px;\n    }\n    #tov-programs .feature-list ul li::before {\n      display: none; \/* Alt listelerde mavi kare ikonunu gizle *\/\n    }\n\n    \/* Kaynak\u00e7a Stilleri *\/\n    #tov-programs .references-list {\n      list-style-type: square;\n      margin-left: 20px;\n    }\n    #tov-programs .references-list li {\n      font-size: 14.5px;\n      color: var(--tov-muted);\n      margin-bottom: 10px;\n      line-height: 1.6;\n      word-break: break-word;\n    }\n    #tov-programs .references-list a {\n      font-weight: 500;\n    }\n  <\/style>\n\n  <div class=\"container\">\n\n    <!-- Tan\u0131m -->\n    <section class=\"card\" id=\"tanim\">\n      <p class=\"lead\">\n        N\u00f6ro\u00e7e\u015fitlilik (Neurodiversity), insanlar\u0131n beyinlerinin ve sinir sistemlerinin do\u011fal farkl\u0131l\u0131klar\u0131n\u0131 tan\u0131yan ve bu farkl\u0131l\u0131klar\u0131n insan biyolojisinin normal bir par\u00e7as\u0131 oldu\u011funu kabul eden bir kavramd\u0131r.\n      <\/p>\n    <\/section>\n\n    <!-- Nas\u0131l Ortaya \u00c7\u0131kt\u0131? -->\n    <section class=\"card\" id=\"nasil-ortaya-cikti\">\n      <h2 class=\"section-title\">N\u00f6ro\u00e7e\u015fitlilik Nas\u0131l Ortaya \u00c7\u0131kt\u0131?<\/h2>\n      <p>\n        1990\u2019larda ortaya \u00e7\u0131kan \u201cn\u00f6ro\u00e7e\u015fitlilik hareketi\u201d, n\u00f6rolojik farkl\u0131l\u0131klar\u0131n toplum taraf\u0131ndan kabul\u00fcn\u00fc ve kapsanmas\u0131n\u0131 ama\u00e7layan bir sosyal adalet hareketidir. Sosyal engellilik modeli temelinde, otizmin bir bozukluk de\u011fil, toplumun do\u011fal ve de\u011ferli bir par\u00e7as\u0131 oldu\u011fu vurgulan\u0131r. Hareket, otizmli bireylerin bireysel \u00f6zelliklerini ve katk\u0131lar\u0131n\u0131 bir zenginlik olarak g\u00f6rmeyi te\u015fvik eder ve bili\u015fsel \u00e7e\u015fitlili\u011fin biyolojik bir de\u011fer olarak kabul edilmesi gerekti\u011fini savunur.\n      <\/p>\n      <p>\n        N\u00f6ro\u00e7e\u015fitlilik kavram\u0131 ba\u015flang\u0131\u00e7ta a\u011f\u0131rl\u0131kl\u0131 olarak otizmi ifade etmek i\u00e7in kullan\u0131l\u0131rken, zamanla kapsam\u0131 geni\u015fledi. G\u00fcn\u00fcm\u00fczde Dikkat Eksikli\u011fi ve Hiperaktivite Bozuklu\u011fu (DEHB), disleksi, Tourette sendromu, sinestezi gibi \u00f6\u011frenme ve geli\u015fim farkl\u0131l\u0131klar\u0131n\u0131n yan\u0131 s\u0131ra baz\u0131 duygu durum bozukluklar\u0131n\u0131 da kapsayan daha geni\u015f bir \u00e7er\u00e7evede kullan\u0131lmaktad\u0131r.\n      <\/p>\n      <p>\n        N\u00f6ro\u00e7e\u015fitlilik i\u00e7erisinde otizm, d\u00fczeltilmesi veya iyile\u015ftirilmesi gereken bir bozukluktan ziyade toplumun do\u011fal ve de\u011ferli bir par\u00e7as\u0131 olarak vurgulan\u0131r.\n      <\/p>\n    <\/section>\n\n    <!-- N\u00f6ro\u00e7e\u015fitlilik Pop\u00fclasyonu -->\n    <section class=\"card\" id=\"populasyon\">\n      <h2 class=\"section-title\">N\u00f6ro\u00e7e\u015fitlilik Pop\u00fclasyonu Nas\u0131ld\u0131r?<\/h2>\n      <p class=\"lead\">N\u00f6ro\u00e7e\u015fitlilik pop\u00fclasyonunun;<\/p>\n      <ul class=\"feature-list\">\n        <li><strong>%15\u2019ini<\/strong> otizm,<\/li>\n        <li><strong>%37\u2019sini<\/strong> ADHD,<\/li>\n        <li><strong>%39\u2019unu<\/strong> disleksi, diskalkuli, disgrafi gibi \u00f6\u011frenme g\u00fc\u00e7l\u00fckleri,<\/li>\n        <li><strong>%4\u2019\u00fcn\u00fc<\/strong> duygudurum (bipolar) bozukluklar\u0131, \u015fizofreni gibi n\u00f6ropsikiyatrik durumlar,<\/li>\n        <li><strong>%3\u2019\u00fcn\u00fc<\/strong> y\u00fcksek yarat\u0131c\u0131l\u0131k, y\u00fcksek IQ,<\/li>\n        <li><strong>%1\u2019ini<\/strong> Tourette sendromu,<\/li>\n        <li><strong>%1\u2019ini<\/strong> sinestezi olu\u015fturmaktad\u0131r.<\/li>\n      <\/ul>\n    <\/section>\n\n    <!-- \u0130li\u015fkiler ve E\u015f Tan\u0131lar -->\n    <section class=\"card\" id=\"iliski-ve-es-tanilar\">\n      <h2 class=\"section-title\">Otizmin Di\u011fer N\u00f6ro\u00e7e\u015fitlilik Durumlar\u0131yla \u0130li\u015fkisi Nas\u0131ld\u0131r?<\/h2>\n      <ul class=\"feature-list\">\n        <li>DEHB tan\u0131s\u0131 olanlar\u0131n %40\u2019\u0131nda, disleksi tan\u0131s\u0131 olanlar\u0131n da %50\u2019sinde otizm g\u00f6r\u00fclmektedir.<\/li>\n        <li>\u00d6zellikle erken ve yo\u011fun e\u011fitim sayesinde tan\u0131s\u0131 kalkan otizmli bireylere yap\u0131lan takip \u00e7al\u0131\u015fmalar\u0131nda %90\u2019\u0131na yak\u0131n\u0131n\u0131n ilerleyen y\u0131llarda farkl\u0131 bir n\u00f6ro\u00e7e\u015fitlilik tan\u0131s\u0131 ald\u0131\u011f\u0131 g\u00f6r\u00fclm\u00fc\u015ft\u00fcr (\u00f6\u011frenme g\u00fc\u00e7l\u00fc\u011f\u00fc, DEHB en yayg\u0131n).<\/li>\n        <li>Otizmli bireylerin %70\u2019i\u2019ne en az bir ek tan\u0131, %40\u2019\u0131na iki ya da daha fazla tan\u0131 e\u015flik etmektedir:\n          <ul>\n            <li>%28 ile %83 aras\u0131nda DEHB,<\/li>\n            <li>%56\u2019s\u0131na yak\u0131n\u0131nda obsesif-kompulsif bozukluk,<\/li>\n            <li>%50\u2019sine yak\u0131n\u0131nda disleksi gibi \u00f6\u011frenme g\u00fc\u00e7l\u00fckleri,<\/li>\n            <li>%40\u2019\u0131nda kayg\u0131 bozukluklar\u0131,<\/li>\n            <li>%47\u2019sine yak\u0131n\u0131nda major depresyon (\u00f6zellikle yeti\u015fkinlikte),<\/li>\n            <li>%27\u2019ine yak\u0131n\u0131nda duygudurum (bipolar) bozukluklar\u0131,<\/li>\n            <li>%4 ile %26 aras\u0131nda tik bozukluklar\u0131.<\/li>\n            <li>Otizmli bireylerin %40'\u0131 normal ve normal \u00fcst\u00fc zeka puan\u0131na sahiptir.<\/li>\n            <li>%10\u2019u savant sendromu denilen dahi \u00f6zelliklerine sahiptir.<\/li>\n            <li>%60'\u0131n\u0131n zeka puan\u0131 normalin alt\u0131ndad\u0131r, bu bireylere farkl\u0131 d\u00fczeylerde (hafif, orta, a\u011f\u0131r) zihin yetersizli\u011fi tan\u0131s\u0131 e\u015flik eder.<\/li>\n          <\/ul>\n        <\/li>\n      <\/ul>\n    <\/section>\n\n    <!-- Referanslar -->\n    <section class=\"card\" id=\"referanslar\">\n      <h2 class=\"section-title\">Referanslar<\/h2>\n      <ul class=\"references-list\">\n        <li>American Psychiatric Association. (2013). Diagnostic and Statistical Manual of Mental Disorders (5th ed.).<\/li>\n        <li>G\u00fcnayd\u0131n, M. & \u00d6ztop, D. B. (2021). Otizm spektrum bozuklu\u011fu: Psikopatoloji ve komorbid bozukluklar. B. Sucuo\u011flu, H. Bakkalo\u011flu & M. \u00c7. \u00d6kc\u00fcn-Ak\u00e7amu\u015f (Eds.), Tan\u0131dan M\u00fcdahaleye Otizm Spektrum Bozuklu\u011fu El Kitab\u0131 (sf. 77-100). Vize Akademik.<\/li>\n        <li>Motavalli Mukaddes, N., Ercan, E. S. (2023). Ya\u015fam boyu n\u00f6rogeli\u015fimsel bozukluklar. Simurg Arts.<\/li>\n        <li>\u00d6kc\u00fcn Ak\u00e7amu\u015f, M. \u00c7., (2024). Tohum Otizm Vakf\u0131 De\u011ferlendirme ve Geli\u015fim Raporlar\u0131 VII: Otizm Spektrum Bozuklu\u011fu Olan Bireyler i\u00e7in Kapsay\u0131c\u0131 Yakla\u015f\u0131mlar.<\/li>\n        <li>World Health Organization. (2019). International Classification of Diseases for Mortality and Morbidity Statistics (11th Revision).<\/li>\n        <li><a href=\"https:\/\/wp1.sedaozcan.net.tr\/wp-content\/uploads\/2026\/08\/1-tov-gelisim-raporu-21032024.pdf\" target=\"_blank\" rel=\"noopener noreferrer\">Tohum Otizm Vakf\u0131 Geli\u015fim Raporu (21.03.2024)<\/a><\/li>\n        <li><a href=\"https:\/\/www.autism.org.uk\/advice-and-guidance\/topics\/behaviour\/masking\" target=\"_blank\" rel=\"noopener noreferrer\">National Autistic Society - Behaviour: Masking<\/a><\/li>\n        <li><a href=\"https:\/\/www.autism.org.uk\/advice-and-guidance\/professional-practice\/autistic-masking\" target=\"_blank\" rel=\"noopener noreferrer\">National Autistic Society - Professional Practice: Autistic Masking<\/a><\/li>\n        <li><a href=\"https:\/\/www.psychologytoday.com\/us\/basics\/neurodiversity\" target=\"_blank\" rel=\"noopener noreferrer\">Psychology Today - Basics: Neurodiversity<\/a><\/li>\n        <li><a href=\"https:\/\/www.health.harvard.edu\/blog\/what-is-neurodiversity-202111232645\" target=\"_blank\" rel=\"noopener noreferrer\">Harvard Health Blog - What is neurodiversity?<\/a><\/li>\n      <\/ul>\n    <\/section>\n\n  <\/div>\n<\/div>\t\t\t\t<\/div>\n\t\t\t\t<\/div>\n\t\t\t\t\t<\/div>\n\t\t\t\t<\/div>\n\t\t\t\t<\/div>","protected":false},"excerpt":{"rendered":"<p>Otizm Nedir? N\u00f6ro\u00e7e\u015fitlilik Nedir? N\u00f6ro\u00e7e\u015fitlilik (Neurodiversity), insanlar\u0131n beyinlerinin ve sinir sistemlerinin do\u011fal farkl\u0131l\u0131klar\u0131n\u0131 tan\u0131yan ve bu farkl\u0131l\u0131klar\u0131n insan biyolojisinin normal bir par\u00e7as\u0131 oldu\u011funu kabul eden bir kavramd\u0131r. N\u00f6ro\u00e7e\u015fitlilik Nas\u0131l Ortaya \u00c7\u0131kt\u0131? 1990\u2019larda ortaya \u00e7\u0131kan \u201cn\u00f6ro\u00e7e\u015fitlilik hareketi\u201d, n\u00f6rolojik farkl\u0131l\u0131klar\u0131n toplum taraf\u0131ndan kabul\u00fcn\u00fc ve kapsanmas\u0131n\u0131 ama\u00e7layan bir sosyal adalet hareketidir. Sosyal engellilik modeli temelinde, otizmin bir bozukluk<\/p>","protected":false},"author":1,"featured_media":0,"parent":4605,"menu_order":0,"comment_status":"open","ping_status":"closed","template":"elementor_header_footer","meta":{"footnotes":""},"class_list":["post-6592","page","type-page","status-publish","hentry"],"yoast_head":"<!-- This site is optimized with the Yoast SEO Premium plugin v28.3 (Yoast SEO v28.3) - https:\/\/yoast.com\/product\/yoast-seo-premium-wordpress\/ -->\n<title>N\u00f6ro\u00e7e\u015fitlilik Nedir? - Tohum Otizm Vakf\u0131 | Otizmin Tek \u00c7aresi E\u011fitim<\/title>\n<meta name=\"robots\" content=\"index, follow, max-snippet:-1, max-image-preview:large, max-video-preview:-1\" \/>\n<link rel=\"canonical\" href=\"https:\/\/wp1.sedaozcan.net.tr\/en\/otizm-nedir\/norocesitlilik-nedir\/\" \/>\n<meta property=\"og:locale\" content=\"en_US\" \/>\n<meta property=\"og:type\" content=\"article\" \/>\n<meta property=\"og:title\" content=\"N\u00f6ro\u00e7e\u015fitlilik Nedir?\" \/>\n<meta property=\"og:description\" content=\"Otizm Nedir? N\u00f6ro\u00e7e\u015fitlilik Nedir? N\u00f6ro\u00e7e\u015fitlilik (Neurodiversity), insanlar\u0131n beyinlerinin ve sinir sistemlerinin do\u011fal farkl\u0131l\u0131klar\u0131n\u0131 tan\u0131yan ve bu farkl\u0131l\u0131klar\u0131n insan biyolojisinin normal bir par\u00e7as\u0131 oldu\u011funu kabul eden bir kavramd\u0131r. N\u00f6ro\u00e7e\u015fitlilik Nas\u0131l Ortaya \u00c7\u0131kt\u0131? 1990\u2019larda ortaya \u00e7\u0131kan \u201cn\u00f6ro\u00e7e\u015fitlilik hareketi\u201d, n\u00f6rolojik farkl\u0131l\u0131klar\u0131n toplum taraf\u0131ndan kabul\u00fcn\u00fc ve kapsanmas\u0131n\u0131 ama\u00e7layan bir sosyal adalet hareketidir. Sosyal engellilik modeli temelinde, otizmin bir bozukluk\" \/>\n<meta property=\"og:url\" content=\"https:\/\/wp1.sedaozcan.net.tr\/en\/otizm-nedir\/norocesitlilik-nedir\/\" \/>\n<meta property=\"og:site_name\" content=\"Tohum Otizm Vakf\u0131 | Otizmin Tek \u00c7aresi E\u011fitim\" \/>\n<meta property=\"article:modified_time\" content=\"2026-08-14T14:01:24+00:00\" \/>\n<meta name=\"twitter:card\" content=\"summary_large_image\" \/>\n<meta name=\"twitter:label1\" content=\"Est. reading time\" \/>\n\t<meta name=\"twitter:data1\" content=\"3 minutes\" \/>\n<script type=\"application\/ld+json\" class=\"yoast-schema-graph\">{\"@context\":\"https:\\\/\\\/schema.org\",\"@graph\":[{\"@type\":\"WebPage\",\"@id\":\"https:\\\/\\\/wp1.sedaozcan.net.tr\\\/otizm-nedir\\\/norocesitlilik-nedir\\\/\",\"url\":\"https:\\\/\\\/wp1.sedaozcan.net.tr\\\/otizm-nedir\\\/norocesitlilik-nedir\\\/\",\"name\":\"N\u00f6ro\u00e7e\u015fitlilik Nedir? - Tohum Otizm Vakf\u0131 | Otizmin Tek \u00c7aresi E\u011fitim\",\"isPartOf\":{\"@id\":\"https:\\\/\\\/wp1.sedaozcan.net.tr\\\/#website\"},\"datePublished\":\"2025-10-23T01:38:16+00:00\",\"dateModified\":\"2026-08-14T14:01:24+00:00\",\"breadcrumb\":{\"@id\":\"https:\\\/\\\/wp1.sedaozcan.net.tr\\\/otizm-nedir\\\/norocesitlilik-nedir\\\/#breadcrumb\"},\"inLanguage\":\"en-US\",\"potentialAction\":[{\"@type\":\"ReadAction\",\"target\":[\"https:\\\/\\\/wp1.sedaozcan.net.tr\\\/otizm-nedir\\\/norocesitlilik-nedir\\\/\"]}]},{\"@type\":\"BreadcrumbList\",\"@id\":\"https:\\\/\\\/wp1.sedaozcan.net.tr\\\/otizm-nedir\\\/norocesitlilik-nedir\\\/#breadcrumb\",\"itemListElement\":[{\"@type\":\"ListItem\",\"position\":1,\"name\":\"Home\",\"item\":\"https:\\\/\\\/wp1.sedaozcan.net.tr\\\/\"},{\"@type\":\"ListItem\",\"position\":2,\"name\":\"Otizm Nedir?\",\"item\":\"https:\\\/\\\/wp1.sedaozcan.net.tr\\\/otizm-nedir\\\/\"},{\"@type\":\"ListItem\",\"position\":3,\"name\":\"N\u00f6ro\u00e7e\u015fitlilik Nedir?\"}]},{\"@type\":\"WebSite\",\"@id\":\"https:\\\/\\\/wp1.sedaozcan.net.tr\\\/#website\",\"url\":\"https:\\\/\\\/wp1.sedaozcan.net.tr\\\/\",\"name\":\"Tohum Otizm Vakf\u0131 | Otizmin Tek \u00c7aresi E\u011fitim\",\"description\":\"\",\"potentialAction\":[{\"@type\":\"SearchAction\",\"target\":{\"@type\":\"EntryPoint\",\"urlTemplate\":\"https:\\\/\\\/wp1.sedaozcan.net.tr\\\/?s={search_term_string}\"},\"query-input\":{\"@type\":\"PropertyValueSpecification\",\"valueRequired\":true,\"valueName\":\"search_term_string\"}}],\"inLanguage\":\"en-US\"},{\"@type\":\"ImageObject\",\"inLanguage\":\"en-US\",\"@id\":\"https:\\\/\\\/wp1.sedaozcan.net.tr\\\/otizm-nedir\\\/norocesitlilik-nedir\\\/#local-main-organization-logo\",\"url\":\"\",\"contentUrl\":\"\",\"caption\":\"Tohum Otizm Vakf\u0131 | Otizmin Tek \u00c7aresi E\u011fitim\"}]}<\/script>\n<!-- \/ Yoast SEO Premium plugin. -->","yoast_head_json":{"title":"N\u00f6ro\u00e7e\u015fitlilik Nedir? - Tohum Otizm Vakf\u0131 | Otizmin Tek \u00c7aresi E\u011fitim","robots":{"index":"index","follow":"follow","max-snippet":"max-snippet:-1","max-image-preview":"max-image-preview:large","max-video-preview":"max-video-preview:-1"},"canonical":"https:\/\/wp1.sedaozcan.net.tr\/en\/otizm-nedir\/norocesitlilik-nedir\/","og_locale":"en_US","og_type":"article","og_title":"N\u00f6ro\u00e7e\u015fitlilik Nedir?","og_description":"Otizm Nedir? N\u00f6ro\u00e7e\u015fitlilik Nedir? N\u00f6ro\u00e7e\u015fitlilik (Neurodiversity), insanlar\u0131n beyinlerinin ve sinir sistemlerinin do\u011fal farkl\u0131l\u0131klar\u0131n\u0131 tan\u0131yan ve bu farkl\u0131l\u0131klar\u0131n insan biyolojisinin normal bir par\u00e7as\u0131 oldu\u011funu kabul eden bir kavramd\u0131r. N\u00f6ro\u00e7e\u015fitlilik Nas\u0131l Ortaya \u00c7\u0131kt\u0131? 1990\u2019larda ortaya \u00e7\u0131kan \u201cn\u00f6ro\u00e7e\u015fitlilik hareketi\u201d, n\u00f6rolojik farkl\u0131l\u0131klar\u0131n toplum taraf\u0131ndan kabul\u00fcn\u00fc ve kapsanmas\u0131n\u0131 ama\u00e7layan bir sosyal adalet hareketidir. Sosyal engellilik modeli temelinde, otizmin bir bozukluk","og_url":"https:\/\/wp1.sedaozcan.net.tr\/en\/otizm-nedir\/norocesitlilik-nedir\/","og_site_name":"Tohum Otizm Vakf\u0131 | Otizmin Tek \u00c7aresi E\u011fitim","article_modified_time":"2026-08-14T14:01:24+00:00","twitter_card":"summary_large_image","twitter_misc":{"Est. reading time":"3 minutes"},"schema":{"@context":"https:\/\/schema.org","@graph":[{"@type":"WebPage","@id":"https:\/\/wp1.sedaozcan.net.tr\/otizm-nedir\/norocesitlilik-nedir\/","url":"https:\/\/wp1.sedaozcan.net.tr\/otizm-nedir\/norocesitlilik-nedir\/","name":"N\u00f6ro\u00e7e\u015fitlilik Nedir? - Tohum Otizm Vakf\u0131 | Otizmin Tek \u00c7aresi E\u011fitim","isPartOf":{"@id":"https:\/\/wp1.sedaozcan.net.tr\/#website"},"datePublished":"2025-10-23T01:38:16+00:00","dateModified":"2026-08-14T14:01:24+00:00","breadcrumb":{"@id":"https:\/\/wp1.sedaozcan.net.tr\/otizm-nedir\/norocesitlilik-nedir\/#breadcrumb"},"inLanguage":"en-US","potentialAction":[{"@type":"ReadAction","target":["https:\/\/wp1.sedaozcan.net.tr\/otizm-nedir\/norocesitlilik-nedir\/"]}]},{"@type":"BreadcrumbList","@id":"https:\/\/wp1.sedaozcan.net.tr\/otizm-nedir\/norocesitlilik-nedir\/#breadcrumb","itemListElement":[{"@type":"ListItem","position":1,"name":"Home","item":"https:\/\/wp1.sedaozcan.net.tr\/"},{"@type":"ListItem","position":2,"name":"Otizm Nedir?","item":"https:\/\/wp1.sedaozcan.net.tr\/otizm-nedir\/"},{"@type":"ListItem","position":3,"name":"N\u00f6ro\u00e7e\u015fitlilik Nedir?"}]},{"@type":"WebSite","@id":"https:\/\/wp1.sedaozcan.net.tr\/#website","url":"https:\/\/wp1.sedaozcan.net.tr\/","name":"Tohum Autism Foundation | The Only Remedy for Autism is Education","description":"","potentialAction":[{"@type":"SearchAction","target":{"@type":"EntryPoint","urlTemplate":"https:\/\/wp1.sedaozcan.net.tr\/?s={search_term_string}"},"query-input":{"@type":"PropertyValueSpecification","valueRequired":true,"valueName":"search_term_string"}}],"inLanguage":"en-US"},{"@type":"ImageObject","inLanguage":"en-US","@id":"https:\/\/wp1.sedaozcan.net.tr\/otizm-nedir\/norocesitlilik-nedir\/#local-main-organization-logo","url":"","contentUrl":"","caption":"Tohum Otizm Vakf\u0131 | Otizmin Tek \u00c7aresi E\u011fitim"}]}},"_links":{"self":[{"href":"https:\/\/wp1.sedaozcan.net.tr\/en\/wp-json\/wp\/v2\/pages\/6592","targetHints":{"allow":["GET"]}}],"collection":[{"href":"https:\/\/wp1.sedaozcan.net.tr\/en\/wp-json\/wp\/v2\/pages"}],"about":[{"href":"https:\/\/wp1.sedaozcan.net.tr\/en\/wp-json\/wp\/v2\/types\/page"}],"author":[{"embeddable":true,"href":"https:\/\/wp1.sedaozcan.net.tr\/en\/wp-json\/wp\/v2\/users\/1"}],"replies":[{"embeddable":true,"href":"https:\/\/wp1.sedaozcan.net.tr\/en\/wp-json\/wp\/v2\/comments?post=6592"}],"version-history":[{"count":31,"href":"https:\/\/wp1.sedaozcan.net.tr\/en\/wp-json\/wp\/v2\/pages\/6592\/revisions"}],"predecessor-version":[{"id":10590,"href":"https:\/\/wp1.sedaozcan.net.tr\/en\/wp-json\/wp\/v2\/pages\/6592\/revisions\/10590"}],"up":[{"embeddable":true,"href":"https:\/\/wp1.sedaozcan.net.tr\/en\/wp-json\/wp\/v2\/pages\/4605"}],"wp:attachment":[{"href":"https:\/\/wp1.sedaozcan.net.tr\/en\/wp-json\/wp\/v2\/media?parent=6592"}],"curies":[{"name":"wp","href":"https:\/\/api.w.org\/{rel}","templated":true}]}}