{"id":6560,"date":"2025-10-22T23:39:50","date_gmt":"2025-10-22T21:39:50","guid":{"rendered":"https:\/\/wp1.sedaozcan.net.tr\/?page_id=6560"},"modified":"2026-08-15T12:10:18","modified_gmt":"2026-08-15T10:10:18","slug":"kimler-egitim-verebilir","status":"publish","type":"page","link":"https:\/\/wp1.sedaozcan.net.tr\/en\/otizm-nedir\/cocugum-otizmli-simdi-ne-yapacagim\/kimler-egitim-verebilir\/","title":{"rendered":"Kimler E\u011fitim Verebilir?"},"content":{"rendered":"<div data-elementor-type=\"wp-page\" data-elementor-id=\"6560\" class=\"elementor elementor-6560\" data-elementor-post-type=\"page\">\n\t\t\t\t\t\t<section class=\"elementor-section elementor-top-section elementor-element elementor-element-19e0496 elementor-section-height-min-height elementor-section-boxed elementor-section-height-default elementor-section-items-middle\" data-id=\"19e0496\" data-element_type=\"section\" data-e-type=\"section\" data-settings=\"{&quot;background_background&quot;:&quot;classic&quot;}\">\n\t\t\t\t\t\t\t<div class=\"elementor-background-overlay\"><\/div>\n\t\t\t\t\t\t\t<div class=\"elementor-container elementor-column-gap-no\">\n\t\t\t\t\t<div class=\"elementor-column elementor-col-100 elementor-top-column elementor-element elementor-element-d4a0bbc\" data-id=\"d4a0bbc\" data-element_type=\"column\" data-e-type=\"column\">\n\t\t\t<div class=\"elementor-widget-wrap elementor-element-populated\">\n\t\t\t\t\t\t<div class=\"elementor-element elementor-element-b73574f elementor-icon-list--layout-inline elementor-tablet-align-center elementor-list-item-link-full_width elementor-widget elementor-widget-icon-list\" data-id=\"b73574f\" data-element_type=\"widget\" data-e-type=\"widget\" data-widget_type=\"icon-list.default\">\n\t\t\t\t<div class=\"elementor-widget-container\">\n\t\t\t\t\t\t\t<ul class=\"elementor-icon-list-items elementor-inline-items\">\n\t\t\t\t\t\t\t<li class=\"elementor-icon-list-item elementor-inline-item\">\n\t\t\t\t\t\t\t\t\t\t<span class=\"elementor-icon-list-text\">What is Autism?<\/span>\n\t\t\t\t\t\t\t\t\t<\/li>\n\t\t\t\t\t\t\t\t<li class=\"elementor-icon-list-item elementor-inline-item\">\n\t\t\t\t\t\t\t\t\t\t<span class=\"elementor-icon-list-text\">\u00c7ocu\u011fum Otizmli \u015eimdi Ne Yapaca\u011f\u0131m ?<\/span>\n\t\t\t\t\t\t\t\t\t<\/li>\n\t\t\t\t\t\t<\/ul>\n\t\t\t\t\t\t<\/div>\n\t\t\t\t<\/div>\n\t\t\t\t<div class=\"elementor-element elementor-element-8cc58bd elementor-widget elementor-widget-heading\" data-id=\"8cc58bd\" data-element_type=\"widget\" data-e-type=\"widget\" data-widget_type=\"heading.default\">\n\t\t\t\t<div class=\"elementor-widget-container\">\n\t\t\t\t\t<h1 class=\"elementor-heading-title elementor-size-default\">Kimler E\u011fitim Verebilir?<\/h1>\t\t\t\t<\/div>\n\t\t\t\t<\/div>\n\t\t\t\t\t<\/div>\n\t\t<\/div>\n\t\t\t\t\t<\/div>\n\t\t<\/section>\n\t\t<div class=\"elementor-element elementor-element-c10a305 e-flex e-con-boxed e-con e-parent\" data-id=\"c10a305\" data-element_type=\"container\" data-e-type=\"container\">\n\t\t\t\t\t<div class=\"e-con-inner\">\n\t\t\t\t<div class=\"elementor-element elementor-element-4f24330 elementor-widget elementor-widget-html\" data-id=\"4f24330\" data-element_type=\"widget\" data-e-type=\"widget\" data-widget_type=\"html.default\">\n\t\t\t\t<div class=\"elementor-widget-container\">\n\t\t\t\t\t<!-- TOV | Programlar | Elementor Custom HTML (Geli\u015fmi\u015f G\u00f6rsel Hiyerar\u015fi) -->\n<link href=\"https:\/\/fonts.googleapis.com\/css2?family=Poppins:wght@700;800&family=Inter:wght@400;500;700&display=swap\" rel=\"stylesheet\" \/>\n\n<div id=\"tov-programs\">\n  <style>\n    #tov-programs * { box-sizing: border-box; }\n\n    \/* === Kurumsal Palet === *\/\n    #tov-programs {\n      --tov-blue: #026D92;\n      --tov-yellow: #FFD800;\n      --tov-ink: #222;\n      --tov-border: #e9e9ee;\n      --tov-bg: #fafafa;\n      --tov-card: #ffffff;\n      --tov-shadow: 0 10px 24px rgba(2,109,146,.12);\n      --tov-soft: rgba(2,109,146,.06);\n      font-family: Inter, system-ui, -apple-system, sans-serif;\n      color: var(--tov-ink);\n    }\n\n    #tov-programs .container { max-width: 1200px; margin: 0 auto; padding: 0; }\n\n    \/* Ba\u015fl\u0131k Kutusu *\/\n    #tov-programs .heading-box {\n      position: relative;\n      border: 1px solid var(--tov-border);\n      border-radius: 18px;\n      background: linear-gradient(180deg, #fff, var(--tov-bg));\n      box-shadow: var(--tov-shadow);\n      padding: 24px;\n      margin-bottom: 30px;\n      overflow: hidden;\n    }\n    #tov-programs .heading-box::before {\n      content: \"\"; position: absolute; left: 0; top: 0; bottom: 0; width: 8px;\n      background: var(--tov-yellow);\n    }\n    #tov-programs .heading-sub {\n      font-size: 16.5px; line-height: 1.8; color: #0f2d36; font-weight: 700;\n      background: var(--tov-soft); border: 1px solid rgba(2,109,146,.18);\n      border-radius: 10px; padding: 14px; display: inline-block;\n    }\n\n    \/* Kart Yap\u0131s\u0131 *\/\n    #tov-programs .card {\n      border: 1px solid var(--tov-border);\n      border-radius: 18px;\n      background: var(--tov-card);\n      padding: 35px;\n      margin-bottom: 30px;\n      box-shadow: var(--tov-shadow);\n    }\n\n    \/* Ba\u015fl\u0131k Stilleri *\/\n    #tov-programs h2, #tov-programs h3, #tov-programs h4 {\n      font-family: Poppins, sans-serif !important;\n      font-weight: 800 !important;\n      line-height: 1.2 !important;\n      color: #111 !important;\n    }\n\n    #tov-programs .section-title {\n      font-size: 30px;\n      position: relative;\n      padding-bottom: 15px;\n      margin-bottom: 25px !important;\n    }\n    #tov-programs .section-title::after {\n      content: \"\"; display: block; width: 70px; height: 5px; \n      background: var(--tov-yellow); border-radius: 10px; margin-top: 12px;\n    }\n\n    \/* E\u011fitim Ortam\u0131 B\u00f6l\u00fcmleri (Yeni Hiyerar\u015fik Tasar\u0131m) *\/\n    .env-wrapper {\n      margin-top: 30px;\n    }\n\n    .env-item {\n      position: relative;\n      padding-left: 35px;\n      margin-bottom: 50px;\n      border-left: 3px solid var(--tov-border);\n    }\n\n    .env-item::before {\n      content: \"\";\n      position: absolute;\n      left: -9px;\n      top: 0;\n      width: 15px;\n      height: 15px;\n      background: var(--tov-blue);\n      border-radius: 50%;\n      border: 3px solid #fff;\n      box-shadow: 0 0 0 3px var(--tov-soft);\n    }\n\n    .env-item-title {\n      font-size: 22px !important;\n      color: var(--tov-blue) !important;\n      margin-top: -5px !important;\n      margin-bottom: 15px !important;\n      letter-spacing: -0.5px;\n    }\n\n    \/* BEP Kutusu (Kayna\u015ft\u0131rma Alt Ba\u015fl\u0131\u011f\u0131) *\/\n    .bep-box {\n      background: #f8fbff;\n      border: 1px dashed #026d92;\n      border-radius: 14px;\n      padding: 25px;\n      margin: 20px 0;\n    }\n\n    .bep-box-title {\n      font-size: 18px !important;\n      color: #026d92 !important;\n      display: flex;\n      align-items: center;\n      gap: 10px;\n      margin-bottom: 15px !important;\n    }\n\n    \/* Liste Tasar\u0131m\u0131 *\/\n    #tov-programs .feature-list { list-style: none; padding: 0; margin: 15px 0; }\n    #tov-programs .feature-list li {\n      position: relative; padding-left: 28px; margin-bottom: 12px;\n      line-height: 1.8; font-size: 16.5px;\n    }\n    #tov-programs .feature-list li::before {\n      content: \"\"; position: absolute; left: 0; top: 10px; width: 10px; height: 10px;\n      background: var(--tov-blue); border-radius: 3px;\n    }\n\n    #tov-programs p { line-height: 1.8; font-size: 16.5px; margin-bottom: 15px; color: #333; }\n    #tov-programs ol { margin-left: 20px; }\n    #tov-programs ol li { margin-bottom: 10px; line-height: 1.8; font-size: 16.5px; }\n\n    \/* Ba\u015f harf d\u00fczeltmesi i\u00e7in \u00f6zel s\u0131n\u0131f *\/\n    .sentence-case-header {\n      text-transform: none !important;\n      font-size: 19px !important;\n    }\n  <\/style>\n\n  <div class=\"container\">\n\n    <!-- G\u0130R\u0130\u015e -->\n    <section class=\"heading-box\">\n      <p class=\"heading-sub\">\n        Otizm tan\u0131l\u0131 bireylerin etkili ve verimli bir e\u011fitim alabilmesi, yaln\u0131zca iyi niyetli yakla\u015f\u0131mlarla de\u011fil, ayn\u0131 zamanda bilimsel temelli bilgi ve y\u00f6ntemlerle donat\u0131lm\u0131\u015f uzmanlar taraf\u0131ndan verilen e\u011fitimlerle m\u00fcmk\u00fcnd\u00fcr.\n      <\/p>\n    <\/section>\n\n    <!-- Bilgi ve Beceriler -->\n    <section class=\"card\">\n      <h3 class=\"sentence-case-header\">\u00d6zel E\u011fitim \u00d6\u011fretmenlerinde Bulunmas\u0131 Gereken Bilgi ve Beceriler<\/h3>\n      <ul class=\"feature-list\">\n        <li>Otizm tan\u0131l\u0131 \u00f6\u011frencilerin geli\u015fim \u00f6zelliklerini ve e\u011fitim gereksinimlerini tan\u0131ma,<\/li>\n        <li>\u00d6\u011frenci i\u00e7in bireyselle\u015ftirilmi\u015f e\u011fitim program\u0131 (BEP) haz\u0131rlama ve program\u0131 takip etme,<\/li>\n        <li>Sosyal beceri kazand\u0131rmaya dayal\u0131 bilimsel temelli \u00f6\u011fretim uygulamalar\u0131n\u0131 (\u00d6rn. sosyal \u00f6yk\u00fcler, video model ile \u00f6\u011fretim) kullanma,<\/li>\n        <li>\u0130leti\u015fim becerisi kazand\u0131rmaya dayal\u0131 bilimsel temelli \u00f6\u011fretim uygulamalar\u0131n\u0131 (\u00d6rn. alternatif ve destekleyici ileti\u015fim, replikli \u00f6\u011fretim, f\u0131rsat \u00f6\u011fretimi) kullanma,<\/li>\n        <li>Ba\u011f\u0131ms\u0131z ya\u015fam becerilerine y\u00f6nelik bilimsel temelli \u00f6\u011fretim uygulamalar\u0131n\u0131 (\u00d6rn. etkinlik \u00e7izelgeleri, toplum temelli \u00f6\u011fretim) kullanma,<\/li>\n        <li>Duyusal ihtiya\u00e7lara g\u00f6re \u00e7evresel d\u00fczenleme (\u00d6rn. g\u00f6rsel stratejiler kullanma, rutinler olu\u015fturma) yapabilme,<\/li>\n        <li>Davran\u0131\u015f sorunlar\u0131na kar\u015f\u0131 olumlu davran\u0131\u015fsal destek stratejileri uygulama,<\/li>\n        <li>Sundu\u011fu \u00f6\u011fretime ili\u015fkin veri toplama tekniklerini uygulama,<\/li>\n        <li>Aile ile birlikte di\u011fer \u00f6\u011fretmen ve uzmanlar gibi ekip \u00fcyeleriyle etkili i\u015f birli\u011fi kurma,<\/li>\n        <li> Mesleki geli\u015fime a\u00e7\u0131k olma,<\/li>\t\t  \n        <li>\u00d6zel e\u011fitim alan\u0131ndaki etik ilkelere hakim olma ve uygulama.<\/li>\n      <\/ul>\n      <p>\n        Otizm tan\u0131l\u0131 \u00f6\u011frenciler, (zaman zaman d\u00fczey 1 grubundakiler hari\u00e7) bire bir ve yo\u011fun destek gerektiren farkl\u0131 e\u011fitim yakla\u015f\u0131mlar\u0131na ihtiya\u00e7 duyar. Bu durum, \u00f6\u011fretmenlerin \u00f6zel bilgi ve becerilerle donat\u0131lm\u0131\u015f olmas\u0131n\u0131 zorunlu k\u0131lar. T\u00fcrkiye\u2019de s\u0131n\u0131rl\u0131 say\u0131da \u00fcniversite, otizm odakl\u0131 y\u00fcksek lisans ve doktora programlar\u0131 sunmaktad\u0131r. Ancak etkili bir e\u011fitim i\u00e7in genel \u00f6zel e\u011fitim bilgisine ek olarak otizme \u00f6zg\u00fc uzmanl\u0131k da gereklidir.\n      <\/p>\n    <\/section>\n\t  \n\t  \n<section class=\"card\">\n      <h2 class=\"section-title\">Uygulamal\u0131 Davran\u0131\u015f Analistleri ve \u00c7al\u0131\u015fma Alanlar\u0131 <\/h2>\n      <p>\n        Uygulamal\u0131 davran\u0131\u015f analisti, uygulamal\u0131 davran\u0131\u015f analizi (UDA) ilkelerini kullanan ve bu ilkeler do\u011frultusunda bireylerin davran\u0131\u015flar\u0131n\u0131 de\u011ferlendiren, destekleyen ve geli\u015ftiren meslek insanlar\u0131d\u0131rlar. Bir\u00e7ok davran\u0131\u015f analisti; otizm, geli\u015fim yetersizlikleri veya \u00f6\u011frenme g\u00fc\u00e7l\u00fckleri olan bireylerle \u00e7al\u0131\u015farak ileti\u015fim, dil geli\u015fimi, g\u00fcnl\u00fck ya\u015fam becerileri, sosyal beceriler ve zorlay\u0131c\u0131 davran\u0131\u015flar alanlar\u0131nda destek sa\u011flar. Uygulamal\u0131 davran\u0131\u015f analistleri ayn\u0131 zamanda insan kaynaklar\u0131, i\u015f idaresi, kurumsal geli\u015fim, sa\u011fl\u0131kl\u0131 ya\u015fam, \u00e7ocuk geli\u015fimi, psikoloji ve hayvan e\u011fitimi gibi farkl\u0131 uygulama alanlar\u0131nda da \u00e7al\u0131\u015fmaktad\u0131rlar.\n      <\/p>\n\t  <p>\n\u00c7al\u0131\u015f\u0131lan ortam ve hedef grup ne olursa olsun, uygulamal\u0131 davran\u0131\u015f analistlerinin temel amac\u0131, bireylerin ya\u015fam kalitesini art\u0131rmak ve daha ba\u011f\u0131ms\u0131z, i\u015flevsel bir ya\u015fam s\u00fcrmelerine katk\u0131 sa\u011flamakt\u0131r.\n      <\/p>\n\t <p>\nT\u00fcrkiye\u2019de otizmli bireylerin say\u0131s\u0131 artarken, bilimsel temelli ve sistematik m\u00fcdahalelere eri\u015fim h\u00e2len s\u0131n\u0131rl\u0131d\u0131r. ABD\u2019de ve bir\u00e7ok Avrupa \u00fclkesinde, otizmli \u00e7ocuklar\u0131n e\u011fitiminde \u00f6nemli bir role sahip olan davran\u0131\u015f analistleri yeti\u015ftirilmesine alan a\u00e7\u0131lmaktad\u0131r. T\u00fcrkiye\u2019de y\u00fcksek lisans d\u00fczeyinde davran\u0131\u015f analisti yeti\u015ftirmeye y\u00f6nelik hen\u00fcz bir <a target=\"_blank\" href=\"https:\/\/www.anadolu.edu.tr\/akademik\/enstituler\/1227\/uygulamali-davranis-analizi-anabilim-dali\/bolum-genel-bilgi\">program<\/a> bulunmaktad\u0131r. Ancak bu program otizm alan\u0131ndaki mevcut ihtiyac\u0131 kar\u015f\u0131layacak say\u0131da mezun verememektedir. Bunun yan\u0131 s\u0131ra, Davran\u0131\u015f Analistli\u011fi \u00fclkemizde hen\u00fcz yasal olarak tan\u0131nm\u0131\u015f bir meslek de\u011fildir. Bu nedenle, lisans\u00fcst\u00fc sertifika ya da e\u011fitim programlar\u0131n\u0131 tamamlam\u0131\u015f olsalar bile, davran\u0131\u015f analistlerinin bu unvanla istihdam edilmeleri m\u00fcmk\u00fcn olamamaktad\u0131r. Oysa davran\u0131\u015f analistleri otizmli etkisiz uygulamalar\u0131n yayg\u0131nla\u015fmas\u0131n\u0131 \u00f6nlemede, ailelerin do\u011fru ve bilimsel temelli yakla\u015f\u0131mlara y\u00f6nlendirilmesinde ve otizmli bireylere sunulan hizmetlerinin niteli\u011finin art\u0131r\u0131lmas\u0131nda \u00f6nemli bir rol \u00fcstlenmektedir. Bu alandaki insan kayna\u011f\u0131n\u0131n g\u00fc\u00e7lendirilmesi, otizmli bireylerin e\u011fitim ve ya\u015fam desteklerine daha adil ve etkili bi\u00e7imde eri\u015febilmesi a\u00e7\u0131s\u0131ndan \u00f6nemli bir gerekliliktir.\n      <\/p>\n    <\/section>\t  \n\t  \n\t  \n\n    <!-- E\u011e\u0130T\u0130M ORTAMLARI -->\n    <section class=\"card\">\n      <h2 class=\"section-title\">E\u011fitim Ortamlar\u0131<\/h2>\n      <p>\n        \u00c7ocu\u011fun e\u011fitsel de\u011ferlendirilmesi yap\u0131l\u0131r ve ya\u015f durumu da g\u00f6z \u00f6n\u00fcnde bulundurularak kayna\u015ft\u0131rma e\u011fitimi, \u00f6zel e\u011fitim s\u0131n\u0131f\u0131, \u00f6zel e\u011fitim anaokulu\/\u00f6zel e\u011fitim uygulama okulu olmak \u00fczere uygun e\u011fitim ortamlar\u0131na y\u00f6nlendirilir.\n      <\/p>\n\n      <div class=\"env-wrapper\">\n        \n        <!-- 1. Kayna\u015ft\u0131rma Ortamlar\u0131 -->\n        <div class=\"env-item\">\n          <h3 class=\"env-item-title\">Kayna\u015ft\u0131rma Ortamlar\u0131<\/h3>\n          <p>\n            Kayna\u015ft\u0131rma, \u00f6zel gereksinimli \u00e7ocuklar\u0131n e\u011fitimlerini tipik geli\u015fim g\u00f6steren \u00e7ocuklar\u0131n devam etti\u011fi temel e\u011fitim okullar\u0131nda akranlar\u0131 ile ayn\u0131 ortamda s\u00fcrd\u00fcrmeleridir. \u00d6zel gereksinimli \u00e7ocuk okul \u00f6ncesi, ilkokul, ortaokul ve orta\u00f6\u011fretim kurumlar\u0131nda kayna\u015ft\u0131rma e\u011fitimi alabilir. Kayna\u015ft\u0131rmaya devam eden \u00f6zel gereksinimli \u00f6\u011frencilere ve bu \u00f6\u011frencilerin \u00f6\u011fretmenlerine gerekli destek hizmetler devlet taraf\u0131ndan sa\u011flanmal\u0131d\u0131r. Destek hizmetler, \u00f6zel gereksinimli \u00f6\u011frencilerin kayna\u015ft\u0131rma ortamlar\u0131na uyum sa\u011flamalar\u0131na ya da ders programlar\u0131nda gerekli d\u00fczenlemelerin yap\u0131lmas\u0131na y\u00f6nelik hizmetlerdir.\n          <\/p>\n          <p>\n            \u00d6zel gereksinimli \u00e7ocuk okuldaki zaman\u0131n\u0131n t\u00fcm\u00fcn\u00fc tipik geli\u015fim g\u00f6steren akranlar\u0131yla ayn\u0131 s\u0131n\u0131fta ge\u00e7irebilece\u011fi gibi (tam zamanl\u0131 kayna\u015ft\u0131rma), okuldaki zaman\u0131n\u0131n bir b\u00f6l\u00fcm\u00fcn\u00fc \u00f6zel e\u011fitim s\u0131n\u0131f\u0131nda da ge\u00e7irebilir (yar\u0131 zamanl\u0131 kayna\u015ft\u0131rma). \u00c7ocu\u011fun tam zamanl\u0131 m\u0131 yoksa yar\u0131 zamanl\u0131 m\u0131 e\u011fitim almas\u0131n\u0131n daha uygun olaca\u011f\u0131na, \u00e7ocu\u011fun e\u011fitim performans\u0131na ve \u00f6ncelikli ihtiya\u00e7lar\u0131na g\u00f6re ilgili kurullar ve aile taraf\u0131ndan karar verilir.\n          <\/p>\n          <p>\n            Kayna\u015ft\u0131rma yoluyla e\u011fitim uygulamalar\u0131 yap\u0131lan okul ve kurumlarda \u00f6\u011frencinin yetersizli\u011fine uygun fiziksel, sosyal ve psikolojik ortam d\u00fczenlemeleri yap\u0131l\u0131r. Bu okul ve kurumlarda \u00f6\u011frenciye verilen e\u011fitim hizmetlerinin etkin bir bi\u00e7imde y\u00fcr\u00fct\u00fclebilmesi amac\u0131yla \u00f6zel ara\u00e7-gere\u00e7ler, e\u011fitim materyalleri, \u00f6\u011fretim uygulamalar\u0131 ve \u00f6\u011frenci ba\u015far\u0131s\u0131n\u0131 de\u011ferlendirme teknikleri kullan\u0131l\u0131r; ayr\u0131ca, destek e\u011fitim odas\u0131 a\u00e7\u0131l\u0131r. Kayna\u015ft\u0131rma uygulamalar\u0131 yap\u0131lan okul ve kurumlardaki personel, di\u011fer \u00f6\u011frenciler ve onlar\u0131n aileleri; \u00f6zel gereksinimli bireylerin \u00f6zellikleri hakk\u0131nda RAM ve okuldaki BEP geli\u015ftirme birimindeki ilgili ki\u015filer taraf\u0131ndan bilgilendirilir. Okul ve kurumlarda, kayna\u015ft\u0131rma yoluyla e\u011fitim alacak \u00f6\u011frencilerin bir s\u0131n\u0131fa en fazla iki \u00f6\u011frenci olacak \u015fekilde e\u015fit olarak da\u011f\u0131l\u0131m\u0131 sa\u011flan\u0131r.\n          <\/p>\n          <p>\n            Kayna\u015ft\u0131rma yoluyla e\u011fitimlerine devam eden \u00f6\u011frencilerin destek e\u011fitim hizmeti almalar\u0131 i\u00e7in gerekli d\u00fczenlemeler okul taraf\u0131ndan yap\u0131l\u0131r. Bu do\u011frultuda destek e\u011fitim hizmetleri, s\u0131n\u0131f i\u00e7i yard\u0131m \u015feklinde olabilece\u011fi gibi destek e\u011fitim odalar\u0131nda da verilebilir.\n          <\/p>\n\n          <!-- Alt Ba\u015fl\u0131k: BEP Nedir? -->\n          <div class=\"bep-box\">\n            <h4 class=\"bep-box-title\">Bireyselle\u015ftirilmi\u015f E\u011fitim Program\u0131 (BEP) Nedir?<\/h4>\n            <p>\n              \u00c7ocu\u011fun takip etti\u011fi program temel al\u0131narak e\u011fitim performans\u0131 ve ihtiya\u00e7lar\u0131 do\u011frultusunda Bireysel E\u011fitim Program\u0131 (BEP) haz\u0131rlan\u0131r. BEP haz\u0131rlanmas\u0131 amac\u0131yla \u00e7ocu\u011fun devam etti\u011fi okul ya da kurumda BEP geli\u015ftirme birimi olu\u015fturulur. BEP geli\u015ftirme birimi, okul m\u00fcd\u00fcr\u00fc veya m\u00fcd\u00fcr yard\u0131mc\u0131s\u0131n\u0131n ba\u015fkanl\u0131\u011f\u0131nda a\u015fa\u011f\u0131daki \u00fcyelerden olu\u015fur:\n            <\/p>\n            <ol>\n              <li>\u00d6\u011frencinin velisi (anne\/baba\/yasal vasi)<\/li>\n              <li>\u00d6\u011frencinin s\u0131n\u0131f \u00f6\u011fretmeni<\/li>\n              <li>\u00d6\u011frencinin dersini okutan alan \u00f6\u011fretmenleri<\/li>\n              <li>Rehber \u00f6\u011fretmen\/psikolojik dan\u0131\u015fman<\/li>\n              <li>Gerekti\u011finde \u00f6zel e\u011fitim de\u011ferlendirme kurulundan bir \u00fcye<\/li>\n              <li>\u00d6\u011frencinin kendisi*<\/li>\n              <li>Mesleki e\u011fitim veren \u00f6zel e\u011fitim okullar\u0131nda meslek derslerini okutan bir alan \u00f6\u011fretmeni<\/li>\n            <\/ol>\n            <p style=\"font-size:14px; color:#666; margin-top:10px;\">\n              *\u00d6\u011frencinin BEP geli\u015ftirme birimi toplant\u0131s\u0131na kat\u0131l\u0131m\u0131 zorunlu de\u011fildir ancak e\u011fer m\u00fcmk\u00fcnse \u00f6\u011frencinin toplant\u0131lara kat\u0131l\u0131m\u0131 ve g\u00f6r\u00fc\u015flerini payla\u015fmas\u0131 desteklenmelidir.\n            <\/p>\n          <\/div>\n        <\/div>\n\n        <!-- 2. \u00d6zel E\u011fitim S\u0131n\u0131f\u0131 -->\n        <div class=\"env-item\">\n          <h3 class=\"env-item-title\">\u00d6zel E\u011fitim S\u0131n\u0131f\u0131<\/h3>\n          <p>\n            \u00d6zel e\u011fitim s\u0131n\u0131flar\u0131, temel e\u011fitim b\u00fcnyesindeki resm\u00ee ve \u00f6zel okullar\u0131n i\u00e7inde \u00f6zel e\u011fitim gerektiren \u00f6\u011frenciler i\u00e7in a\u00e7\u0131lan s\u0131n\u0131flard\u0131r. Hangi okullarda hangi engel gruplar\u0131na y\u00f6nelik \u00f6zel e\u011fitim s\u0131n\u0131flar\u0131 a\u00e7\u0131laca\u011f\u0131na \u0130l Milli E\u011fitim M\u00fcd\u00fcrl\u00fckleri karar verir. Otizmli \u00e7ocuklar i\u00e7in a\u00e7\u0131lan \u00f6zel e\u011fitim s\u0131n\u0131flar\u0131nda s\u0131n\u0131f mevcudu en fazla 4 \u00f6\u011frenci, en fazla 2 \u00f6\u011fretmendir. \u00d6zel e\u011fitim s\u0131n\u0131f\u0131n\u0131 tamamlayan \u00f6\u011frencilere diploma verilmez, okur-yazarl\u0131k belgesi verilir.\n          <\/p>\n        <\/div>\n\n        <!-- 3. \u00d6zel E\u011fitim Anaokullar\u0131 -->\n        <div class=\"env-item\">\n          <h3 class=\"env-item-title\">\u00d6zel E\u011fitim Anaokullar\u0131<\/h3>\n          <p>\n            \u00d6zel e\u011fitim anaokullar\u0131, 36\u201366 ayl\u0131k olan \u00f6zel gereksinimli \u00e7ocuklara e\u011fitim veren kurumlard\u0131r. Bu okullarda, \u00e7ocuklar\u0131n bireysel ihtiya\u00e7lar\u0131na uygun e\u011fitim programlar\u0131 ve destek hizmetleri sunulur. \u00c7ocu\u011fun \u00f6zel e\u011fitim gereksinimi oldu\u011funu belirten RAM raporu gereklidir. Bu rapor, \u00e7ocu\u011fun e\u011fitsel de\u011ferlendirmesi sonucunda d\u00fczenlenir. Velinin yaz\u0131l\u0131 talebiyle kay\u0131t i\u015flemleri ba\u015flat\u0131l\u0131r.\n          <\/p>\n          <p><strong>Temel ama\u00e7lar:<\/strong><\/p>\n          <ul class=\"feature-list\">\n            <li>G\u00fcnl\u00fck ya\u015fam ve \u00f6z bak\u0131m becerilerini geli\u015ftirmek,<\/li>\n            <li>Dil ve ileti\u015fim becerilerini art\u0131rmak,<\/li>\n            <li>Sosyal becerilerini desteklemek,<\/li>\n            <li>Akademik hayata ve topluma uyumlar\u0131n\u0131 sa\u011flamak.<\/li>\n          <\/ul>\n          <p>\n            \u00d6zel e\u011fitim anaokullar\u0131nda s\u0131n\u0131f mevcudu, \u00f6\u011frencilerin ihtiya\u00e7lar\u0131na g\u00f6re d\u00fczenlenir. \u00d6rne\u011fin, otizmli \u00e7ocuklar i\u00e7in s\u0131n\u0131f mevcudu en fazla 4 \u00f6\u011frenci olacak \u015fekilde planlan\u0131r. \u00d6zel e\u011fitim anaokullar\u0131, \u00e7ocuklar\u0131n bireysel ihtiya\u00e7lar\u0131na g\u00f6re e\u011fitim programlar\u0131 sunarak, onlar\u0131n geli\u015fimlerini desteklemeyi hedefler.\n          <\/p>\n        <\/div>\n\n        <!-- 4. \u00d6zel E\u011fitim Uygulama Okullar\u0131 -->\n        <div class=\"env-item\">\n          <h3 class=\"env-item-title\">\u00d6zel E\u011fitim Uygulama Okullar\u0131<\/h3>\n          <p>\n            Zorunlu \u00f6\u011frenim \u00e7a\u011f\u0131nda olup temel e\u011fitim okullar\u0131ndaki I., II. ve III. kademedeki (ilkokul, ortaokul ve lise) programlara devam edemeyecek otizmli \u00f6\u011frenciler i\u00e7in resm\u00ee ve \u00f6zel \u00f6zel e\u011fitim uygulama okullar\u0131 a\u00e7\u0131l\u0131r. \u00d6zel e\u011fitim uygulama okullar\u0131 g\u00fcnd\u00fczl\u00fc e\u011fitim kurumlar\u0131d\u0131r. Bu kurumlarda e\u011fitim-\u00f6\u011fretim hizmetlerinin y\u00fcr\u00fct\u00fclmesinde a\u015fa\u011f\u0131daki hususlar dikkate al\u0131n\u0131r:\n          <\/p>\n          <ul class=\"feature-list\">\n            <li>Bireylerin \u00f6z bak\u0131m ve g\u00fcnl\u00fck ya\u015fam becerileri ile i\u015flevsel akademik becerilerini geli\u015ftirmek ve topluma uyumlar\u0131n\u0131 sa\u011flamak amac\u0131yla MEB taraf\u0131ndan haz\u0131rlanm\u0131\u015f \u00f6zel e\u011fitim program\u0131 uygulan\u0131r.<\/li>\n            <li>Bu program temel al\u0131narak her \u00e7ocuk i\u00e7in BEP haz\u0131rlan\u0131r; ba\u015far\u0131 de\u011ferlendirmesinde BEP\u2019lerdeki ama\u00e7 ve davran\u0131\u015flar dikkate al\u0131n\u0131r.<\/li>\n            <li>Tuvalet e\u011fitimi kazan\u0131lmam\u0131\u015f, yo\u011fun davran\u0131\u015f problemi g\u00f6steren ve grup e\u011fitimine uyum sa\u011flayamayan \u00f6\u011frenciler i\u00e7in bire bir e\u011fitim uygulanabilir; bu \u00f6\u011frencilerin haftal\u0131k ders saati ve s\u00fcresi \u00d6zel E\u011fitim Hizmetleri Kurulu taraf\u0131ndan belirlenir.<\/li>\n          <\/ul>\n          <p>\n            \u00d6zel e\u011fitim uygulama okullar\u0131na devam eden her \u00f6\u011frenci i\u00e7in y\u0131lda iki defa olmak \u00fczere bireysel geli\u015fim raporu haz\u0131rlan\u0131r. Bu rapor yar\u0131y\u0131l ve \u00f6\u011fretim y\u0131l\u0131 sonunda karneyle birlikte veliye g\u00f6nderilir. Bu okullarda \u00f6\u011frenciler ba\u015far\u0131s\u0131z notla de\u011ferlendirilemez. Uygulama okullar\u0131na devam eden \u00f6\u011frencilerin, kayna\u015ft\u0131rma uygulamalar\u0131 kapsam\u0131nda tipik geli\u015fim g\u00f6steren akranlar\u0131n\u0131n devam etti\u011fi okul ve kurumlarda baz\u0131 derslere ve sosyal etkinliklere kat\u0131lmas\u0131 m\u00fcmk\u00fcnd\u00fcr.\n          <\/p>\n          <p>T\u00fcrkiye\u2019de 1076 adet \u00f6zel e\u011fitim uygulama okulu bulunmaktad\u0131r.<\/p>\n        <\/div>\n\n        <!-- 5. \u00d6zel E\u011fitim Meslek Liseleri -->\n        <div class=\"env-item\" style=\"border-left: 3px solid transparent;\">\n          <h3 class=\"env-item-title\">\u00d6zel E\u011fitim Meslek Liseleri<\/h3>\n          <p>\n            Zorunlu \u00f6\u011frenim \u00e7a\u011f\u0131n\u0131 tamamlayan ve \u00f6zel e\u011fitim uygulama okullar\u0131ndan mezun olan ya da bu seviyeye denk yeterlilik g\u00f6steren otizmli \u00f6\u011frenciler i\u00e7in resm\u00ee ve \u00f6zel \u00f6zel e\u011fitim meslek liseleri a\u00e7\u0131l\u0131r. Bu kurumlar g\u00fcnd\u00fczl\u00fc e\u011fitim kurumlar\u0131d\u0131r.\n          <\/p>\n          <ul class=\"feature-list\">\n            <li>\u00d6\u011frencilerin istihdama kat\u0131lmalar\u0131n\u0131 destekleyen mesleki beceriler ile \u00f6z bak\u0131m, g\u00fcnl\u00fck ya\u015fam ve toplumsal uyum becerileri geli\u015ftirilir.<\/li>\n            <li>MEB taraf\u0131ndan haz\u0131rlanm\u0131\u015f \u00f6zel e\u011fitim meslek programlar\u0131 uygulan\u0131r ve her \u00f6\u011frenci i\u00e7in BEP haz\u0131rlan\u0131r.<\/li>\n            <li>\u00d6\u011frenciler ilgi ve yeteneklerine g\u00f6re (\u00d6rn. el sanatlar\u0131, tar\u0131m, g\u0131da hizmetleri, tekstil, ofis hizmetleri) at\u00f6lyelerde e\u011fitim al\u0131r; programlarda i\u015flevsel akademik ve mesleki beceriler \u00f6n plandad\u0131r.<\/li>\n            <li>Ba\u015far\u0131lar BEP hedeflerine g\u00f6re de\u011ferlendirilir; ba\u015far\u0131s\u0131z not verilmez. Mezunlara \u201cMesleki E\u011fitim Sertifikas\u0131\u201d d\u00fczenlenir.<\/li>\n          <\/ul>\n          <p>\n            \u00d6zel e\u011fitim meslek liseleri, \u00f6\u011frencilerin korumal\u0131 i\u015fyerlerine, i\u015f ko\u00e7u destekli istihdama veya uygun i\u015f alanlar\u0131na ge\u00e7i\u015fini destekleyen bir basamak i\u015flevi g\u00f6r\u00fcr. T\u00fcrkiye\u2019de yakla\u015f\u0131k 500\u2019\u00fcn \u00fczerinde \u00f6zel e\u011fitim meslek lisesi bulunmaktad\u0131r.\n          <\/p>\n        <\/div>\n\n      <\/div> <!-- env-wrapper sonu -->\n    <\/section>\n\n    <!-- HASTANE SINIFI -->\n    <section class=\"card\">\n      <h2 class=\"section-title\">Hastane S\u0131n\u0131f\u0131<\/h2>\n      <p>\n        Zorunlu \u00f6\u011frenim \u00e7a\u011f\u0131nda olup da \u00f6zel e\u011fitime ihtiyac\u0131 olan bireyler i\u00e7in orta\u00f6\u011fretimin zorunlu e\u011fitim kapsam\u0131na al\u0131nmas\u0131 nedeniyle evde ve hastanede e\u011fitim hizmeti bu kademede de verilecek, hastane okulu olarak s\u00fcrd\u00fcr\u00fclen e\u011fitim ve \u00f6\u011fretim hizmetlerini ilkokul, ortaokul ve lise kademelerinde de \u201cHastane S\u0131n\u0131f\u0131\u201d olarak d\u00fczenlenmektedir.\n      <\/p>\n    <\/section>\n\n  <\/div>\n<\/div>\t\t\t\t<\/div>\n\t\t\t\t<\/div>\n\t\t\t\t\t<\/div>\n\t\t\t\t<\/div>\n\t\t\t\t<section class=\"elementor-section elementor-top-section elementor-element elementor-element-3ba9dff elementor-section-boxed elementor-section-height-default elementor-section-height-default\" data-id=\"3ba9dff\" data-element_type=\"section\" data-e-type=\"section\">\n\t\t\t\t\t\t<div class=\"elementor-container elementor-column-gap-no\">\n\t\t\t\t\t<div class=\"elementor-column elementor-col-100 elementor-top-column elementor-element elementor-element-4309404\" data-id=\"4309404\" data-element_type=\"column\" data-e-type=\"column\">\n\t\t\t<div class=\"elementor-widget-wrap elementor-element-populated\">\n\t\t\t\t\t\t<section class=\"elementor-section elementor-inner-section elementor-element elementor-element-1c9232c elementor-section-boxed elementor-section-height-default elementor-section-height-default\" data-id=\"1c9232c\" data-element_type=\"section\" data-e-type=\"section\">\n\t\t\t\t\t\t<div class=\"elementor-container elementor-column-gap-no\">\n\t\t\t\t\t<div class=\"elementor-column elementor-col-50 elementor-inner-column elementor-element elementor-element-a28dfff\" data-id=\"a28dfff\" data-element_type=\"column\" data-e-type=\"column\" data-settings=\"{&quot;background_background&quot;:&quot;classic&quot;}\">\n\t\t\t<div class=\"elementor-widget-wrap elementor-element-populated\">\n\t\t\t\t\t\t<div class=\"elementor-element elementor-element-28bddb2 elementor-widget__width-initial elementor-widget elementor-widget-image\" data-id=\"28bddb2\" data-element_type=\"widget\" data-e-type=\"widget\" data-widget_type=\"image.default\">\n\t\t\t\t<div class=\"elementor-widget-container\">\n\t\t\t\t\t\t\t\t\t\t\t\t\t\t\t<img fetchpriority=\"high\" decoding=\"async\" width=\"2150\" height=\"1440\" src=\"https:\/\/wp1.sedaozcan.net.tr\/wp-content\/uploads\/2025\/10\/REHBERLIK-scaled-e1759846366712.png\" class=\"attachment-full size-full wp-image-5127\" alt=\"\" srcset=\"https:\/\/wp1.sedaozcan.net.tr\/wp-content\/uploads\/2025\/10\/REHBERLIK-scaled-e1759846366712.png 2150w, https:\/\/wp1.sedaozcan.net.tr\/wp-content\/uploads\/2025\/10\/REHBERLIK-scaled-e1759846366712-300x201.png 300w, https:\/\/wp1.sedaozcan.net.tr\/wp-content\/uploads\/2025\/10\/REHBERLIK-scaled-e1759846366712-1024x686.png 1024w, https:\/\/wp1.sedaozcan.net.tr\/wp-content\/uploads\/2025\/10\/REHBERLIK-scaled-e1759846366712-768x514.png 768w, https:\/\/wp1.sedaozcan.net.tr\/wp-content\/uploads\/2025\/10\/REHBERLIK-scaled-e1759846366712-1536x1029.png 1536w, https:\/\/wp1.sedaozcan.net.tr\/wp-content\/uploads\/2025\/10\/REHBERLIK-scaled-e1759846366712-2048x1372.png 2048w, https:\/\/wp1.sedaozcan.net.tr\/wp-content\/uploads\/2025\/10\/REHBERLIK-scaled-e1759846366712-600x402.png 600w\" sizes=\"(max-width: 2150px) 100vw, 2150px\" \/>\t\t\t\t\t\t\t\t\t\t\t\t\t\t\t<\/div>\n\t\t\t\t<\/div>\n\t\t\t\t\t<\/div>\n\t\t<\/div>\n\t\t\t\t<div class=\"elementor-column elementor-col-50 elementor-inner-column elementor-element elementor-element-b3a1007\" data-id=\"b3a1007\" data-element_type=\"column\" data-e-type=\"column\" data-settings=\"{&quot;background_background&quot;:&quot;classic&quot;}\">\n\t\t\t<div class=\"elementor-widget-wrap elementor-element-populated\">\n\t\t\t\t<div class=\"elementor-element elementor-element-f861b0b e-con-full e-flex e-con e-parent\" data-id=\"f861b0b\" data-element_type=\"container\" data-e-type=\"container\">\n\t\t\t\t<div class=\"elementor-element elementor-element-177faf0 elementor-widget__width-initial elementor-widget elementor-widget-image-box\" data-id=\"177faf0\" data-element_type=\"widget\" data-e-type=\"widget\" data-widget_type=\"image-box.default\">\n\t\t\t\t<div class=\"elementor-widget-container\">\n\t\t\t\t\t<div class=\"elementor-image-box-wrapper\"><div class=\"elementor-image-box-content\"><h2 class=\"elementor-image-box-title\">Guidance Department<\/h2><p class=\"elementor-image-box-description\">Book a free educational evaluation appointment.<\/p><\/div><\/div>\t\t\t\t<\/div>\n\t\t\t\t<\/div>\n\t\t\t\t<\/div>\n\t\t<div class=\"elementor-element elementor-element-84ed66d e-con-full e-flex e-con e-parent\" data-id=\"84ed66d\" data-element_type=\"container\" data-e-type=\"container\">\n\t\t\t\t<div class=\"elementor-element elementor-element-08922b3 elementor-view-default elementor-widget elementor-widget-icon\" data-id=\"08922b3\" data-element_type=\"widget\" data-e-type=\"widget\" data-widget_type=\"icon.default\">\n\t\t\t\t<div class=\"elementor-widget-container\">\n\t\t\t\t\t\t\t<div class=\"elementor-icon-wrapper\">\n\t\t\t<a class=\"elementor-icon\" href=\"\">\n\t\t\t<i aria-hidden=\"true\" class=\"ci ci-email1\"><\/i>\t\t\t<\/a>\n\t\t<\/div>\n\t\t\t\t\t\t<\/div>\n\t\t\t\t<\/div>\n\t\t\t\t<div class=\"elementor-element elementor-element-ae729c4 elementor-view-default elementor-widget elementor-widget-icon\" data-id=\"ae729c4\" data-element_type=\"widget\" data-e-type=\"widget\" data-widget_type=\"icon.default\">\n\t\t\t\t<div class=\"elementor-widget-container\">\n\t\t\t\t\t\t\t<div class=\"elementor-icon-wrapper\">\n\t\t\t<a class=\"elementor-icon\" href=\"tel:+902122489430\">\n\t\t\t<i aria-hidden=\"true\" class=\"icon icon-phone-call1\"><\/i>\t\t\t<\/a>\n\t\t<\/div>\n\t\t\t\t\t\t<\/div>\n\t\t\t\t<\/div>\n\t\t\t\t<\/div>\n\t\t\t\t<div class=\"elementor-element elementor-element-a5ca245 elementor-widget elementor-widget-text-editor\" data-id=\"a5ca245\" data-element_type=\"widget\" data-e-type=\"widget\" data-widget_type=\"text-editor.default\">\n\t\t\t\t<div class=\"elementor-widget-container\">\n\t\t\t\t\t\t\t\t\t<p style=\"text-align: center;\"><strong><a href=\"mailto:rehberlik@tohumotizm.org.tr\">rehberlik@tohumotizm.org.tr<\/a><\/strong><br>\n<strong><a href=\"tel:+902122489430\">+90 (212) 248 94 30<\/a><\/strong><\/p>\t\t\t\t\t\t\t\t<\/div>\n\t\t\t\t<\/div>\n\t\t\t\t\t<\/div>\n\t\t<\/div>\n\t\t\t\t\t<\/div>\n\t\t<\/section>\n\t\t\t\t\t<\/div>\n\t\t<\/div>\n\t\t\t\t\t<\/div>\n\t\t<\/section>\n\t\t\t\t<\/div>","protected":false},"excerpt":{"rendered":"<p>Otizm Nedir? \u00c7ocu\u011fum Otizmli \u015eimdi Ne Yapaca\u011f\u0131m ? Kimler E\u011fitim Verebilir? Otizm tan\u0131l\u0131 bireylerin etkili ve verimli bir e\u011fitim alabilmesi, yaln\u0131zca iyi niyetli yakla\u015f\u0131mlarla de\u011fil, ayn\u0131 zamanda bilimsel temelli bilgi ve y\u00f6ntemlerle donat\u0131lm\u0131\u015f uzmanlar taraf\u0131ndan verilen e\u011fitimlerle m\u00fcmk\u00fcnd\u00fcr. \u00d6zel E\u011fitim \u00d6\u011fretmenlerinde Bulunmas\u0131 Gereken Bilgi ve Beceriler Otizm tan\u0131l\u0131 \u00f6\u011frencilerin geli\u015fim \u00f6zelliklerini ve e\u011fitim gereksinimlerini tan\u0131ma,<\/p>","protected":false},"author":1,"featured_media":0,"parent":6513,"menu_order":0,"comment_status":"closed","ping_status":"closed","template":"elementor_header_footer","meta":{"footnotes":""},"class_list":["post-6560","page","type-page","status-publish","hentry"],"yoast_head":"<!-- This site is optimized with the Yoast SEO Premium plugin v28.3 (Yoast SEO v28.3) - https:\/\/yoast.com\/product\/yoast-seo-premium-wordpress\/ -->\n<title>Kimler E\u011fitim Verebilir? - Tohum Otizm Vakf\u0131 | Otizmin Tek \u00c7aresi E\u011fitim<\/title>\n<meta name=\"robots\" content=\"index, follow, max-snippet:-1, max-image-preview:large, max-video-preview:-1\" \/>\n<link rel=\"canonical\" href=\"https:\/\/wp1.sedaozcan.net.tr\/en\/otizm-nedir\/cocugum-otizmli-simdi-ne-yapacagim\/kimler-egitim-verebilir\/\" \/>\n<meta property=\"og:locale\" content=\"en_US\" \/>\n<meta property=\"og:type\" content=\"article\" \/>\n<meta property=\"og:title\" content=\"Kimler E\u011fitim Verebilir?\" \/>\n<meta property=\"og:description\" content=\"Otizm Nedir? \u00c7ocu\u011fum Otizmli \u015eimdi Ne Yapaca\u011f\u0131m ? Kimler E\u011fitim Verebilir? Otizm tan\u0131l\u0131 bireylerin etkili ve verimli bir e\u011fitim alabilmesi, yaln\u0131zca iyi niyetli yakla\u015f\u0131mlarla de\u011fil, ayn\u0131 zamanda bilimsel temelli bilgi ve y\u00f6ntemlerle donat\u0131lm\u0131\u015f uzmanlar taraf\u0131ndan verilen e\u011fitimlerle m\u00fcmk\u00fcnd\u00fcr. \u00d6zel E\u011fitim \u00d6\u011fretmenlerinde Bulunmas\u0131 Gereken Bilgi ve Beceriler Otizm tan\u0131l\u0131 \u00f6\u011frencilerin geli\u015fim \u00f6zelliklerini ve e\u011fitim gereksinimlerini tan\u0131ma,\" \/>\n<meta property=\"og:url\" content=\"https:\/\/wp1.sedaozcan.net.tr\/en\/otizm-nedir\/cocugum-otizmli-simdi-ne-yapacagim\/kimler-egitim-verebilir\/\" \/>\n<meta property=\"og:site_name\" content=\"Tohum Otizm Vakf\u0131 | Otizmin Tek \u00c7aresi E\u011fitim\" \/>\n<meta property=\"article:modified_time\" content=\"2026-08-15T10:10:18+00:00\" \/>\n<meta property=\"og:image\" content=\"https:\/\/wp1.sedaozcan.net.tr\/wp-content\/uploads\/2025\/10\/REHBERLIK-scaled-e1759846366712-1024x686.png\" \/>\n\t<meta property=\"og:image:width\" content=\"1024\" \/>\n\t<meta property=\"og:image:height\" content=\"686\" \/>\n\t<meta property=\"og:image:type\" content=\"image\/png\" \/>\n<meta name=\"twitter:card\" content=\"summary_large_image\" \/>\n<meta name=\"twitter:label1\" content=\"Est. reading time\" \/>\n\t<meta name=\"twitter:data1\" content=\"10 minutes\" \/>\n<script type=\"application\/ld+json\" class=\"yoast-schema-graph\">{\"@context\":\"https:\\\/\\\/schema.org\",\"@graph\":[{\"@type\":\"WebPage\",\"@id\":\"https:\\\/\\\/wp1.sedaozcan.net.tr\\\/otizm-nedir\\\/cocugum-otizmli-simdi-ne-yapacagim\\\/kimler-egitim-verebilir\\\/\",\"url\":\"https:\\\/\\\/wp1.sedaozcan.net.tr\\\/otizm-nedir\\\/cocugum-otizmli-simdi-ne-yapacagim\\\/kimler-egitim-verebilir\\\/\",\"name\":\"Kimler E\u011fitim Verebilir? - Tohum Otizm Vakf\u0131 | Otizmin Tek \u00c7aresi E\u011fitim\",\"isPartOf\":{\"@id\":\"https:\\\/\\\/wp1.sedaozcan.net.tr\\\/#website\"},\"primaryImageOfPage\":{\"@id\":\"https:\\\/\\\/wp1.sedaozcan.net.tr\\\/otizm-nedir\\\/cocugum-otizmli-simdi-ne-yapacagim\\\/kimler-egitim-verebilir\\\/#primaryimage\"},\"image\":{\"@id\":\"https:\\\/\\\/wp1.sedaozcan.net.tr\\\/otizm-nedir\\\/cocugum-otizmli-simdi-ne-yapacagim\\\/kimler-egitim-verebilir\\\/#primaryimage\"},\"thumbnailUrl\":\"https:\\\/\\\/wp1.sedaozcan.net.tr\\\/wp-content\\\/uploads\\\/2025\\\/10\\\/REHBERLIK-scaled-e1759846366712.png\",\"datePublished\":\"2025-10-22T21:39:50+00:00\",\"dateModified\":\"2026-08-15T10:10:18+00:00\",\"breadcrumb\":{\"@id\":\"https:\\\/\\\/wp1.sedaozcan.net.tr\\\/otizm-nedir\\\/cocugum-otizmli-simdi-ne-yapacagim\\\/kimler-egitim-verebilir\\\/#breadcrumb\"},\"inLanguage\":\"en-US\",\"potentialAction\":[{\"@type\":\"ReadAction\",\"target\":[\"https:\\\/\\\/wp1.sedaozcan.net.tr\\\/otizm-nedir\\\/cocugum-otizmli-simdi-ne-yapacagim\\\/kimler-egitim-verebilir\\\/\"]}]},{\"@type\":\"ImageObject\",\"inLanguage\":\"en-US\",\"@id\":\"https:\\\/\\\/wp1.sedaozcan.net.tr\\\/otizm-nedir\\\/cocugum-otizmli-simdi-ne-yapacagim\\\/kimler-egitim-verebilir\\\/#primaryimage\",\"url\":\"https:\\\/\\\/wp1.sedaozcan.net.tr\\\/wp-content\\\/uploads\\\/2025\\\/10\\\/REHBERLIK-scaled-e1759846366712.png\",\"contentUrl\":\"https:\\\/\\\/wp1.sedaozcan.net.tr\\\/wp-content\\\/uploads\\\/2025\\\/10\\\/REHBERLIK-scaled-e1759846366712.png\"},{\"@type\":\"BreadcrumbList\",\"@id\":\"https:\\\/\\\/wp1.sedaozcan.net.tr\\\/otizm-nedir\\\/cocugum-otizmli-simdi-ne-yapacagim\\\/kimler-egitim-verebilir\\\/#breadcrumb\",\"itemListElement\":[{\"@type\":\"ListItem\",\"position\":1,\"name\":\"Home\",\"item\":\"https:\\\/\\\/wp1.sedaozcan.net.tr\\\/\"},{\"@type\":\"ListItem\",\"position\":2,\"name\":\"Otizm Nedir?\",\"item\":\"https:\\\/\\\/wp1.sedaozcan.net.tr\\\/otizm-nedir\\\/\"},{\"@type\":\"ListItem\",\"position\":3,\"name\":\"\u00c7ocu\u011fum Otizmli \u015eimdi Ne Yapaca\u011f\u0131m?\",\"item\":\"https:\\\/\\\/wp1.sedaozcan.net.tr\\\/otizm-nedir\\\/cocugum-otizmli-simdi-ne-yapacagim\\\/\"},{\"@type\":\"ListItem\",\"position\":4,\"name\":\"Kimler E\u011fitim Verebilir?\"}]},{\"@type\":\"WebSite\",\"@id\":\"https:\\\/\\\/wp1.sedaozcan.net.tr\\\/#website\",\"url\":\"https:\\\/\\\/wp1.sedaozcan.net.tr\\\/\",\"name\":\"Tohum Otizm Vakf\u0131 | Otizmin Tek \u00c7aresi E\u011fitim\",\"description\":\"\",\"potentialAction\":[{\"@type\":\"SearchAction\",\"target\":{\"@type\":\"EntryPoint\",\"urlTemplate\":\"https:\\\/\\\/wp1.sedaozcan.net.tr\\\/?s={search_term_string}\"},\"query-input\":{\"@type\":\"PropertyValueSpecification\",\"valueRequired\":true,\"valueName\":\"search_term_string\"}}],\"inLanguage\":\"en-US\"},{\"@type\":\"ImageObject\",\"inLanguage\":\"en-US\",\"@id\":\"https:\\\/\\\/wp1.sedaozcan.net.tr\\\/otizm-nedir\\\/cocugum-otizmli-simdi-ne-yapacagim\\\/kimler-egitim-verebilir\\\/#local-main-organization-logo\",\"url\":\"\",\"contentUrl\":\"\",\"caption\":\"Tohum Otizm Vakf\u0131 | Otizmin Tek \u00c7aresi E\u011fitim\"}]}<\/script>\n<!-- \/ Yoast SEO Premium plugin. -->","yoast_head_json":{"title":"Kimler E\u011fitim Verebilir? - Tohum Otizm Vakf\u0131 | Otizmin Tek \u00c7aresi E\u011fitim","robots":{"index":"index","follow":"follow","max-snippet":"max-snippet:-1","max-image-preview":"max-image-preview:large","max-video-preview":"max-video-preview:-1"},"canonical":"https:\/\/wp1.sedaozcan.net.tr\/en\/otizm-nedir\/cocugum-otizmli-simdi-ne-yapacagim\/kimler-egitim-verebilir\/","og_locale":"en_US","og_type":"article","og_title":"Kimler E\u011fitim Verebilir?","og_description":"Otizm Nedir? \u00c7ocu\u011fum Otizmli \u015eimdi Ne Yapaca\u011f\u0131m ? Kimler E\u011fitim Verebilir? Otizm tan\u0131l\u0131 bireylerin etkili ve verimli bir e\u011fitim alabilmesi, yaln\u0131zca iyi niyetli yakla\u015f\u0131mlarla de\u011fil, ayn\u0131 zamanda bilimsel temelli bilgi ve y\u00f6ntemlerle donat\u0131lm\u0131\u015f uzmanlar taraf\u0131ndan verilen e\u011fitimlerle m\u00fcmk\u00fcnd\u00fcr. \u00d6zel E\u011fitim \u00d6\u011fretmenlerinde Bulunmas\u0131 Gereken Bilgi ve Beceriler Otizm tan\u0131l\u0131 \u00f6\u011frencilerin geli\u015fim \u00f6zelliklerini ve e\u011fitim gereksinimlerini tan\u0131ma,","og_url":"https:\/\/wp1.sedaozcan.net.tr\/en\/otizm-nedir\/cocugum-otizmli-simdi-ne-yapacagim\/kimler-egitim-verebilir\/","og_site_name":"Tohum Otizm Vakf\u0131 | Otizmin Tek \u00c7aresi E\u011fitim","article_modified_time":"2026-08-15T10:10:18+00:00","og_image":[{"width":1024,"height":686,"url":"https:\/\/wp1.sedaozcan.net.tr\/wp-content\/uploads\/2025\/10\/REHBERLIK-scaled-e1759846366712-1024x686.png","type":"image\/png"}],"twitter_card":"summary_large_image","twitter_misc":{"Est. reading time":"10 minutes"},"schema":{"@context":"https:\/\/schema.org","@graph":[{"@type":"WebPage","@id":"https:\/\/wp1.sedaozcan.net.tr\/otizm-nedir\/cocugum-otizmli-simdi-ne-yapacagim\/kimler-egitim-verebilir\/","url":"https:\/\/wp1.sedaozcan.net.tr\/otizm-nedir\/cocugum-otizmli-simdi-ne-yapacagim\/kimler-egitim-verebilir\/","name":"Kimler E\u011fitim Verebilir? - Tohum Otizm Vakf\u0131 | Otizmin Tek \u00c7aresi E\u011fitim","isPartOf":{"@id":"https:\/\/wp1.sedaozcan.net.tr\/#website"},"primaryImageOfPage":{"@id":"https:\/\/wp1.sedaozcan.net.tr\/otizm-nedir\/cocugum-otizmli-simdi-ne-yapacagim\/kimler-egitim-verebilir\/#primaryimage"},"image":{"@id":"https:\/\/wp1.sedaozcan.net.tr\/otizm-nedir\/cocugum-otizmli-simdi-ne-yapacagim\/kimler-egitim-verebilir\/#primaryimage"},"thumbnailUrl":"https:\/\/wp1.sedaozcan.net.tr\/wp-content\/uploads\/2025\/10\/REHBERLIK-scaled-e1759846366712.png","datePublished":"2025-10-22T21:39:50+00:00","dateModified":"2026-08-15T10:10:18+00:00","breadcrumb":{"@id":"https:\/\/wp1.sedaozcan.net.tr\/otizm-nedir\/cocugum-otizmli-simdi-ne-yapacagim\/kimler-egitim-verebilir\/#breadcrumb"},"inLanguage":"en-US","potentialAction":[{"@type":"ReadAction","target":["https:\/\/wp1.sedaozcan.net.tr\/otizm-nedir\/cocugum-otizmli-simdi-ne-yapacagim\/kimler-egitim-verebilir\/"]}]},{"@type":"ImageObject","inLanguage":"en-US","@id":"https:\/\/wp1.sedaozcan.net.tr\/otizm-nedir\/cocugum-otizmli-simdi-ne-yapacagim\/kimler-egitim-verebilir\/#primaryimage","url":"https:\/\/wp1.sedaozcan.net.tr\/wp-content\/uploads\/2025\/10\/REHBERLIK-scaled-e1759846366712.png","contentUrl":"https:\/\/wp1.sedaozcan.net.tr\/wp-content\/uploads\/2025\/10\/REHBERLIK-scaled-e1759846366712.png"},{"@type":"BreadcrumbList","@id":"https:\/\/wp1.sedaozcan.net.tr\/otizm-nedir\/cocugum-otizmli-simdi-ne-yapacagim\/kimler-egitim-verebilir\/#breadcrumb","itemListElement":[{"@type":"ListItem","position":1,"name":"Home","item":"https:\/\/wp1.sedaozcan.net.tr\/"},{"@type":"ListItem","position":2,"name":"Otizm Nedir?","item":"https:\/\/wp1.sedaozcan.net.tr\/otizm-nedir\/"},{"@type":"ListItem","position":3,"name":"\u00c7ocu\u011fum Otizmli \u015eimdi Ne Yapaca\u011f\u0131m?","item":"https:\/\/wp1.sedaozcan.net.tr\/otizm-nedir\/cocugum-otizmli-simdi-ne-yapacagim\/"},{"@type":"ListItem","position":4,"name":"Kimler E\u011fitim Verebilir?"}]},{"@type":"WebSite","@id":"https:\/\/wp1.sedaozcan.net.tr\/#website","url":"https:\/\/wp1.sedaozcan.net.tr\/","name":"Tohum Autism Foundation | The Only Remedy for Autism is Education","description":"","potentialAction":[{"@type":"SearchAction","target":{"@type":"EntryPoint","urlTemplate":"https:\/\/wp1.sedaozcan.net.tr\/?s={search_term_string}"},"query-input":{"@type":"PropertyValueSpecification","valueRequired":true,"valueName":"search_term_string"}}],"inLanguage":"en-US"},{"@type":"ImageObject","inLanguage":"en-US","@id":"https:\/\/wp1.sedaozcan.net.tr\/otizm-nedir\/cocugum-otizmli-simdi-ne-yapacagim\/kimler-egitim-verebilir\/#local-main-organization-logo","url":"","contentUrl":"","caption":"Tohum Otizm Vakf\u0131 | Otizmin Tek \u00c7aresi E\u011fitim"}]}},"_links":{"self":[{"href":"https:\/\/wp1.sedaozcan.net.tr\/en\/wp-json\/wp\/v2\/pages\/6560","targetHints":{"allow":["GET"]}}],"collection":[{"href":"https:\/\/wp1.sedaozcan.net.tr\/en\/wp-json\/wp\/v2\/pages"}],"about":[{"href":"https:\/\/wp1.sedaozcan.net.tr\/en\/wp-json\/wp\/v2\/types\/page"}],"author":[{"embeddable":true,"href":"https:\/\/wp1.sedaozcan.net.tr\/en\/wp-json\/wp\/v2\/users\/1"}],"replies":[{"embeddable":true,"href":"https:\/\/wp1.sedaozcan.net.tr\/en\/wp-json\/wp\/v2\/comments?post=6560"}],"version-history":[{"count":31,"href":"https:\/\/wp1.sedaozcan.net.tr\/en\/wp-json\/wp\/v2\/pages\/6560\/revisions"}],"predecessor-version":[{"id":10687,"href":"https:\/\/wp1.sedaozcan.net.tr\/en\/wp-json\/wp\/v2\/pages\/6560\/revisions\/10687"}],"up":[{"embeddable":true,"href":"https:\/\/wp1.sedaozcan.net.tr\/en\/wp-json\/wp\/v2\/pages\/6513"}],"wp:attachment":[{"href":"https:\/\/wp1.sedaozcan.net.tr\/en\/wp-json\/wp\/v2\/media?parent=6560"}],"curies":[{"name":"wp","href":"https:\/\/api.w.org\/{rel}","templated":true}]}}