{"id":6555,"date":"2025-10-22T23:27:46","date_gmt":"2025-10-22T21:27:46","guid":{"rendered":"https:\/\/wp1.sedaozcan.net.tr\/?page_id=6555"},"modified":"2026-08-13T22:08:16","modified_gmt":"2026-08-13T20:08:16","slug":"itiraz-isleyis","status":"publish","type":"page","link":"https:\/\/wp1.sedaozcan.net.tr\/en\/otizm-nedir\/cocugum-otizmli-simdi-ne-yapacagim\/itiraz-isleyis\/","title":{"rendered":"\u0130tiraz ve \u0130\u015fleyi\u015f"},"content":{"rendered":"<div data-elementor-type=\"wp-page\" data-elementor-id=\"6555\" class=\"elementor elementor-6555\" data-elementor-post-type=\"page\">\n\t\t\t\t\t\t<section class=\"elementor-section elementor-top-section elementor-element elementor-element-19e0496 elementor-section-height-min-height elementor-section-boxed elementor-section-height-default elementor-section-items-middle\" data-id=\"19e0496\" data-element_type=\"section\" data-e-type=\"section\" data-settings=\"{&quot;background_background&quot;:&quot;classic&quot;}\">\n\t\t\t\t\t\t\t<div class=\"elementor-background-overlay\"><\/div>\n\t\t\t\t\t\t\t<div class=\"elementor-container elementor-column-gap-no\">\n\t\t\t\t\t<div class=\"elementor-column elementor-col-100 elementor-top-column elementor-element elementor-element-d4a0bbc\" data-id=\"d4a0bbc\" data-element_type=\"column\" data-e-type=\"column\">\n\t\t\t<div class=\"elementor-widget-wrap elementor-element-populated\">\n\t\t\t\t\t\t<div class=\"elementor-element elementor-element-b73574f elementor-icon-list--layout-inline elementor-tablet-align-center elementor-list-item-link-full_width elementor-widget elementor-widget-icon-list\" data-id=\"b73574f\" data-element_type=\"widget\" data-e-type=\"widget\" data-widget_type=\"icon-list.default\">\n\t\t\t\t<div class=\"elementor-widget-container\">\n\t\t\t\t\t\t\t<ul class=\"elementor-icon-list-items elementor-inline-items\">\n\t\t\t\t\t\t\t<li class=\"elementor-icon-list-item elementor-inline-item\">\n\t\t\t\t\t\t\t\t\t\t<span class=\"elementor-icon-list-text\">What is Autism?<\/span>\n\t\t\t\t\t\t\t\t\t<\/li>\n\t\t\t\t\t\t\t\t<li class=\"elementor-icon-list-item elementor-inline-item\">\n\t\t\t\t\t\t\t\t\t\t<span class=\"elementor-icon-list-text\">\u00c7ocu\u011fum Otizmli \u015eimdi Ne Yapaca\u011f\u0131m ?<\/span>\n\t\t\t\t\t\t\t\t\t<\/li>\n\t\t\t\t\t\t<\/ul>\n\t\t\t\t\t\t<\/div>\n\t\t\t\t<\/div>\n\t\t\t\t<div class=\"elementor-element elementor-element-8cc58bd elementor-widget elementor-widget-heading\" data-id=\"8cc58bd\" data-element_type=\"widget\" data-e-type=\"widget\" data-widget_type=\"heading.default\">\n\t\t\t\t<div class=\"elementor-widget-container\">\n\t\t\t\t\t<h1 class=\"elementor-heading-title elementor-size-default\">\u0130tiraz ve \u0130\u015fleyi\u015f<\/h1>\t\t\t\t<\/div>\n\t\t\t\t<\/div>\n\t\t\t\t\t<\/div>\n\t\t<\/div>\n\t\t\t\t\t<\/div>\n\t\t<\/section>\n\t\t<div class=\"elementor-element elementor-element-a5401fe e-flex e-con-boxed e-con e-parent\" data-id=\"a5401fe\" data-element_type=\"container\" data-e-type=\"container\">\n\t\t\t\t\t<div class=\"e-con-inner\">\n\t\t\t\t<div class=\"elementor-element elementor-element-b919ab3 elementor-widget elementor-widget-html\" data-id=\"b919ab3\" data-element_type=\"widget\" data-e-type=\"widget\" data-widget_type=\"html.default\">\n\t\t\t\t<div class=\"elementor-widget-container\">\n\t\t\t\t\t<!-- TOV | \u0130tiraz ve \u0130\u015fleyi\u015f | Elementor Custom HTML (Ba\u015fl\u0131ks\u0131z, vurgu kutulu giri\u015f + kart, iyile\u015ftirilmi\u015f alt maddeler) -->\n<link href=\"https:\/\/fonts.googleapis.com\/css2?family=Poppins:wght@700;800&family=Inter:wght@400;500;700&display=swap\" rel=\"stylesheet\" \/>\n\n<div id=\"tov-programs\">\n  <style>\n    \/* ===== Scope: sadece bu blok ve Elementor \u00e7ak\u0131\u015fmalar\u0131n\u0131 bast\u0131r\u0131r ===== *\/\n    #tov-programs * { box-sizing: border-box; }\n\n    \/* === Kurumsal Palet === *\/\n    #tov-programs{\n      --tov-blue:#026D92;       \/* birincil mavi *\/\n      --tov-yellow:#FFD800;     \/* ba\u015fl\u0131k alt \u00e7izgi \/ vurgu *\/\n      --tov-orange:#FCB128;     \/* ikincil vurgu (gerekirse) *\/\n      --tov-ink:#222;\n      --tov-muted:#666;\n      --tov-border:#e9e9ee;\n      --tov-bg:#fafafa;\n      --tov-card:#ffffff;\n      --tov-shadow:0 10px 24px rgba(2,109,146,.12);\n      --tov-soft:rgba(2,109,146,.06);\n      color: var(--tov-ink);\n      font-family: Inter, system-ui, -apple-system, Segoe UI, Roboto, Helvetica, Arial, \"Apple Color Emoji\",\"Segoe UI Emoji\";\n    }\n\n    \/* Link rengi palete uyum + Elementor override *\/\n    #tov-programs a{ color:var(--tov-blue); text-decoration:none; }\n    #tov-programs a:hover{ text-decoration:underline; text-underline-offset:2px; }\n\n    #tov-programs .container{ max-width:1200px; margin:0 auto; padding:0 }\n\n    \/* ==== Ba\u015fl\u0131k KUTUSU ==== *\/\n    #tov-programs .heading-box{\n      position:relative;\n      border:1px solid var(--tov-border);\n      border-radius:18px;\n      background:linear-gradient(180deg,#fff, var(--tov-bg));\n      box-shadow:var(--tov-shadow);\n      padding:22px 24px 24px 24px;\n      margin:22px 0;\n      overflow:hidden;\n    }\n    #tov-programs .heading-box::before{\n      content:\"\";\n      position:absolute; left:0; top:0; bottom:0; width:8px;\n      background: linear-gradient(180deg, var(--tov-yellow), #fbe68a);\n    }\n    #tov-programs .heading-sub{\n      margin:2px 0 0; padding-left:6px;\n      font-size:16.5px; line-height:1.8; color:#0f2d36;\n      font-weight:700;\n      background:var(--tov-soft);\n      border:1px solid rgba(2,109,146,.18);\n      border-radius:10px;\n      padding:12px 14px;\n      display:inline-block;\n      max-width:100%;\n    }\n\n    \/* Kart *\/\n    #tov-programs .card{\n      border:1px solid var(--tov-border);\n      border-radius:18px;\n      background:var(--tov-card);\n      padding:28px;\n      margin:22px 0;\n      box-shadow:var(--tov-shadow);\n    }\n\n    \/* Ba\u015fl\u0131klar (gerekti\u011finde) *\/\n    #tov-programs h2,#tov-programs h3,#tov-programs h4,#tov-programs h5,#tov-programs h6{\n      font-family:Poppins, sans-serif !important;\n      font-weight:800 !important;\n      line-height:1.15 !important;\n      color:#111 !important;\n      margin:0 0 12px !important;\n      letter-spacing:0 !important;\n      text-transform:capitalize !important;\n    }\n    #tov-programs .section-title{\n      font-size:26px;\n      position:relative;\n      padding-bottom:10px;\n    }\n    #tov-programs .section-title::after{\n      content:\"\"; display:block; width:56px; height:4px; background:var(--tov-yellow);\n      border-radius:999px; margin-top:8px;\n    }\n\n    \/* Metinler *\/\n    #tov-programs .lead{\n      font-size: clamp(16px, 1.9vw, 20px);\n      line-height:1.85;\n      color:#111;\n      font-weight:600;\n      letter-spacing:-0.005em;\n      margin:6px 0 14px;\n      text-transform:none !important;\n    }\n    #tov-programs p{ margin:8px 0; line-height:1.8; font-size:16.5px; color:#111; }\n\n    \/* Listeler \u2014 ana maddeler *\/\n    #tov-programs ul{ margin:10px 0 0 18px; padding:0; }\n    #tov-programs .feature-list{ list-style:none; margin-left:0; }\n    #tov-programs .feature-list > li{\n      position:relative;\n      padding-left:28px;\n      margin:10px 0;\n      line-height:1.8;\n      font-size:16.5px;\n    }\n    #tov-programs .feature-list > li::before{\n      content:\"\";\n      position:absolute; left:0; top:.72em;\n      width:10px; height:10px; border-radius:3px;\n      background:var(--tov-blue);\n      box-shadow:0 0 0 3px rgba(2,109,146,.12);\n    }\n\n    \/* \u0130\u00e7 i\u00e7e liste \u2014 g\u00f6r\u00fcn\u00fcm iyile\u015ftirmesi *\/\n    #tov-programs .feature-list > li > ul{\n      margin:10px 0 4px 0;           \/* \u00fcst bo\u015fluk, d\u0131\u015far\u0131 ta\u015fma yok *\/\n      padding-left:0;                 \/* kendi padding'i *\/\n      border-left:2px solid rgba(2,109,146,.18); \/* ince k\u0131lavuz \u00e7izgi *\/\n    }\n    #tov-programs .feature-list > li > ul > li{\n      list-style:none;\n      margin:8px 0 6px 12px;         \/* \u00e7ubu\u011fun i\u00e7i *\/\n      padding-left:18px;              \/* ikon bo\u015flu\u011fu *\/\n      position:relative;\n      font-size:16px;\n      line-height:1.75;\n      color:#222;\n    }\n    \/* K\u00fc\u00e7\u00fck, nazik alt i\u015faret\u00e7i (en dash) *\/\n    #tov-programs .feature-list > li > ul > li::before{\n      content:\"\u2013\";\n      position:absolute; left:0; top:0;\n      color:#026D92; font-weight:700;\n    }\n\n    \/* Son alt madde ile \u00fcst madde aras\u0131nda fazla bo\u015fluk kalmas\u0131n *\/\n    #tov-programs .feature-list > li:last-child{ margin-bottom:6px; }\n  <\/style>\n\n  <div class=\"container\">\n    <!-- Ba\u015fl\u0131ks\u0131z, vurgu kutulu G\u0130R\u0130\u015e -->\n    <section class=\"heading-box\">\n      <p>\n        Otizmli bireylerin e\u011fitimiyle ilgili al\u0131nan e\u011fitsel de\u011ferlendirme ve yerle\u015ftirme kararlar\u0131na aile itiraz edebilir.\n      <\/p>\n    <\/section>\n\n    <!-- \u0130\u00e7erik (ba\u015fl\u0131k olmadan, tek kart) -->\n    <section class=\"card\">\n      <p>\n        A\u015fa\u011f\u0131da, bu s\u00fcre\u00e7te dikkat edilmesi gereken haklar ve ba\u015fvuru ad\u0131mlar\u0131n\u0131 bulabilirsiniz:\n      <\/p>\n\n      <ul class=\"feature-list\">\n        <li>\n          Aile, e\u011fitsel de\u011ferlendirme ve yerle\u015ftirme kararlar\u0131n\u0131n her birine, karar\u0131n kendilerine bildirildi\u011fi tarihten itibaren 60 g\u00fcn i\u00e7inde bir defaya mahsus olmak \u00fczere itiraz etme hakk\u0131na sahiptir.\n        <\/li>\n\n        <li>\n          \u0130tirazlar, ba\u011fl\u0131 olunan \u0130l\/\u0130l\u00e7e Milli E\u011fitim M\u00fcd\u00fcrl\u00fckleri b\u00fcnyesindeki \u00d6zel E\u011fitim Hizmetleri Kurulu\u2019na yap\u0131l\u0131r. Kurul, itiraz\u0131 en ge\u00e7 30 g\u00fcn i\u00e7inde de\u011ferlendirerek yaz\u0131l\u0131 yan\u0131t verir. Yan\u0131t, veliye, okula\/kuruma ve Rehberlik ve Ara\u015ft\u0131rma Merkezine (RAM) iletilir.\n        <\/li>\n\n        <li>\n          30 g\u00fcn i\u00e7inde cevap al\u0131namamas\u0131 durumunda, veliler veya ilgili ki\u015filer idare mahkemelerine ba\u015fvurabilir.\n        <\/li>\n\n        <li>\n          Okul ve kurumlardaki Rehberlik ve Psikolojik Dan\u0131\u015fma Hizmetleri Y\u00fcr\u00fctme Komisyonu, \u00f6\u011frencinin kay\u0131t tarihinden itibaren en az 70 i\u015f g\u00fcn\u00fc boyunca izleme yapar. Bu s\u00fcrecin sonunda e\u011fitsel de\u011ferlendirme, tan\u0131lama veya yerle\u015ftirme karar\u0131n\u0131n uygun bulunmamas\u0131 durumunda, yeniden de\u011ferlendirme talebiyle itiraz s\u00fcreci ba\u015flat\u0131labilir.\n        <\/li>\n\n        <li>\n          \u00d6zel E\u011fitim Hizmetleri Kurulu, itirazlar\u0131 de\u011ferlendirirken \u00fcniversitelerin ilgili b\u00f6l\u00fcmleri ve konu ile ilgili uzman g\u00f6r\u00fc\u015flerinden yararlanabilir.\n        <\/li>\n\n        <li>\n          \u00d6zel e\u011fitim gereksinimi olan bireylerin okul ve kurumlara kayd\u0131nda, \u00f6zel e\u011fitim hizmetleri kurulu taraf\u0131ndan yerle\u015ftirme karar\u0131 al\u0131nm\u0131\u015f olmas\u0131 \u015fart\u0131 aranmaz. Ancak, bu \u00f6\u011frenciler i\u00e7in yerle\u015ftirme karar\u0131 al\u0131nmas\u0131 konusunda okul\/kurum y\u00f6netimi gerekli resmi i\u015flemleri ba\u015flat\u0131r. \u00d6\u011frencinin kay\u0131tl\u0131 oldu\u011fu okul veya kurum, yerle\u015ftirme karar\u0131na uygun ise \u00f6\u011frenci bulundu\u011fu okul ya da kurumda \u00f6\u011frenimine devam eder. Farkl\u0131 bir yerle\u015ftirme karar\u0131 olmas\u0131 halinde ise \u00f6\u011frencinin yerle\u015ftirme karar\u0131na uygun okula nakli konusunda gerekli i\u015flemler yap\u0131l\u0131r.\n        <\/li>\n\n        <li>\n          Zorunlu \u00f6\u011frenim \u00e7a\u011f\u0131ndaki \u00e7ocuklar\u0131n g\u00fcnd\u00fczl\u00fc \u00f6zel e\u011fitim kurumlar\u0131na kayd\u0131 i\u00e7in, tuvalet e\u011fitimi kazanm\u0131\u015f olma \u015fart\u0131 zorunlu de\u011fildir.\n        <\/li>\n\n        <li>\n          \u00d6zel e\u011fitim uygulama okullar\u0131na devam eden \u00f6\u011frenciler i\u00e7in; okul y\u00f6netimi taraf\u0131ndan yap\u0131lan en az iki yaz\u0131l\u0131 uyar\u0131ya ra\u011fmen, mazeretsiz \u015fekilde 70 i\u015f g\u00fcn\u00fc devams\u0131zl\u0131k yap\u0131lmas\u0131 durumunda s\u0131n\u0131f tekrar\u0131 uygulan\u0131r.\n          <ul>\n            <li>\u0130ki y\u0131l \u00fcst \u00fcste devams\u0131zl\u0131k nedeniyle s\u0131n\u0131fta kalan \u00f6\u011frencilerin okul kayd\u0131 silinebilir.<\/li>\n          <\/ul>\n        <\/li>\n      <\/ul>\n    <\/section>\n  <\/div>\n<\/div>\n\t\t\t\t<\/div>\n\t\t\t\t<\/div>\n\t\t\t\t\t<\/div>\n\t\t\t\t<\/div>\n\t\t\t\t<section class=\"elementor-section elementor-top-section elementor-element elementor-element-23e98ae elementor-section-boxed elementor-section-height-default elementor-section-height-default\" data-id=\"23e98ae\" data-element_type=\"section\" data-e-type=\"section\">\n\t\t\t\t\t\t<div class=\"elementor-container elementor-column-gap-no\">\n\t\t\t\t\t<div class=\"elementor-column elementor-col-100 elementor-top-column elementor-element elementor-element-8632137\" data-id=\"8632137\" data-element_type=\"column\" data-e-type=\"column\">\n\t\t\t<div class=\"elementor-widget-wrap elementor-element-populated\">\n\t\t\t\t\t\t<section class=\"elementor-section elementor-inner-section elementor-element elementor-element-5c36d9f elementor-section-boxed elementor-section-height-default elementor-section-height-default\" data-id=\"5c36d9f\" data-element_type=\"section\" data-e-type=\"section\">\n\t\t\t\t\t\t<div class=\"elementor-container elementor-column-gap-no\">\n\t\t\t\t\t<div class=\"elementor-column elementor-col-50 elementor-inner-column elementor-element elementor-element-c41f623\" data-id=\"c41f623\" data-element_type=\"column\" data-e-type=\"column\" data-settings=\"{&quot;background_background&quot;:&quot;classic&quot;}\">\n\t\t\t<div class=\"elementor-widget-wrap elementor-element-populated\">\n\t\t\t\t\t\t<div class=\"elementor-element elementor-element-d9d8d29 elementor-widget__width-initial elementor-widget elementor-widget-image\" data-id=\"d9d8d29\" data-element_type=\"widget\" data-e-type=\"widget\" data-widget_type=\"image.default\">\n\t\t\t\t<div class=\"elementor-widget-container\">\n\t\t\t\t\t\t\t\t\t\t\t\t\t\t\t<img fetchpriority=\"high\" decoding=\"async\" width=\"2150\" height=\"1440\" src=\"https:\/\/wp1.sedaozcan.net.tr\/wp-content\/uploads\/2025\/10\/REHBERLIK-scaled-e1759846366712.png\" class=\"attachment-full size-full wp-image-5127\" alt=\"\" srcset=\"https:\/\/wp1.sedaozcan.net.tr\/wp-content\/uploads\/2025\/10\/REHBERLIK-scaled-e1759846366712.png 2150w, https:\/\/wp1.sedaozcan.net.tr\/wp-content\/uploads\/2025\/10\/REHBERLIK-scaled-e1759846366712-300x201.png 300w, https:\/\/wp1.sedaozcan.net.tr\/wp-content\/uploads\/2025\/10\/REHBERLIK-scaled-e1759846366712-1024x686.png 1024w, https:\/\/wp1.sedaozcan.net.tr\/wp-content\/uploads\/2025\/10\/REHBERLIK-scaled-e1759846366712-768x514.png 768w, https:\/\/wp1.sedaozcan.net.tr\/wp-content\/uploads\/2025\/10\/REHBERLIK-scaled-e1759846366712-1536x1029.png 1536w, https:\/\/wp1.sedaozcan.net.tr\/wp-content\/uploads\/2025\/10\/REHBERLIK-scaled-e1759846366712-2048x1372.png 2048w, https:\/\/wp1.sedaozcan.net.tr\/wp-content\/uploads\/2025\/10\/REHBERLIK-scaled-e1759846366712-600x402.png 600w\" sizes=\"(max-width: 2150px) 100vw, 2150px\" \/>\t\t\t\t\t\t\t\t\t\t\t\t\t\t\t<\/div>\n\t\t\t\t<\/div>\n\t\t\t\t\t<\/div>\n\t\t<\/div>\n\t\t\t\t<div class=\"elementor-column elementor-col-50 elementor-inner-column elementor-element elementor-element-9cefa8c\" data-id=\"9cefa8c\" data-element_type=\"column\" data-e-type=\"column\" data-settings=\"{&quot;background_background&quot;:&quot;classic&quot;}\">\n\t\t\t<div class=\"elementor-widget-wrap elementor-element-populated\">\n\t\t\t\t<div class=\"elementor-element elementor-element-afce1fd e-con-full e-flex e-con e-parent\" data-id=\"afce1fd\" data-element_type=\"container\" data-e-type=\"container\">\n\t\t\t\t<div class=\"elementor-element elementor-element-08732c7 elementor-widget__width-initial elementor-widget elementor-widget-image-box\" data-id=\"08732c7\" data-element_type=\"widget\" data-e-type=\"widget\" data-widget_type=\"image-box.default\">\n\t\t\t\t<div class=\"elementor-widget-container\">\n\t\t\t\t\t<div class=\"elementor-image-box-wrapper\"><div class=\"elementor-image-box-content\"><h2 class=\"elementor-image-box-title\">Guidance Department<\/h2><p class=\"elementor-image-box-description\">Book a free educational evaluation appointment.<\/p><\/div><\/div>\t\t\t\t<\/div>\n\t\t\t\t<\/div>\n\t\t\t\t<\/div>\n\t\t<div class=\"elementor-element elementor-element-54e1dfe e-con-full e-flex e-con e-parent\" data-id=\"54e1dfe\" data-element_type=\"container\" data-e-type=\"container\">\n\t\t\t\t<div class=\"elementor-element elementor-element-6dd1a86 elementor-view-default elementor-widget elementor-widget-icon\" data-id=\"6dd1a86\" data-element_type=\"widget\" data-e-type=\"widget\" data-widget_type=\"icon.default\">\n\t\t\t\t<div class=\"elementor-widget-container\">\n\t\t\t\t\t\t\t<div class=\"elementor-icon-wrapper\">\n\t\t\t<a class=\"elementor-icon\" href=\"\">\n\t\t\t<i aria-hidden=\"true\" class=\"ci ci-email1\"><\/i>\t\t\t<\/a>\n\t\t<\/div>\n\t\t\t\t\t\t<\/div>\n\t\t\t\t<\/div>\n\t\t\t\t<div class=\"elementor-element elementor-element-c8af95e elementor-view-default elementor-widget elementor-widget-icon\" data-id=\"c8af95e\" data-element_type=\"widget\" data-e-type=\"widget\" data-widget_type=\"icon.default\">\n\t\t\t\t<div class=\"elementor-widget-container\">\n\t\t\t\t\t\t\t<div class=\"elementor-icon-wrapper\">\n\t\t\t<a class=\"elementor-icon\" href=\"tel:+902122489430\">\n\t\t\t<i aria-hidden=\"true\" class=\"icon icon-phone-call1\"><\/i>\t\t\t<\/a>\n\t\t<\/div>\n\t\t\t\t\t\t<\/div>\n\t\t\t\t<\/div>\n\t\t\t\t<\/div>\n\t\t\t\t<div class=\"elementor-element elementor-element-04f763b elementor-widget elementor-widget-text-editor\" data-id=\"04f763b\" data-element_type=\"widget\" data-e-type=\"widget\" data-widget_type=\"text-editor.default\">\n\t\t\t\t<div class=\"elementor-widget-container\">\n\t\t\t\t\t\t\t\t\t<p style=\"text-align: center;\"><strong><a href=\"mailto:rehberlik@tohumotizm.org.tr\">rehberlik@tohumotizm.org.tr<\/a><\/strong><br>\n<strong><a href=\"tel:+902122489430\">+90 (212) 248 94 30<\/a><\/strong><\/p>\t\t\t\t\t\t\t\t<\/div>\n\t\t\t\t<\/div>\n\t\t\t\t\t<\/div>\n\t\t<\/div>\n\t\t\t\t\t<\/div>\n\t\t<\/section>\n\t\t\t\t\t<\/div>\n\t\t<\/div>\n\t\t\t\t\t<\/div>\n\t\t<\/section>\n\t\t\t\t<\/div>","protected":false},"excerpt":{"rendered":"<p>Otizm Nedir? \u00c7ocu\u011fum Otizmli \u015eimdi Ne Yapaca\u011f\u0131m ? \u0130tiraz ve \u0130\u015fleyi\u015f Otizmli bireylerin e\u011fitimiyle ilgili al\u0131nan e\u011fitsel de\u011ferlendirme ve yerle\u015ftirme kararlar\u0131na aile itiraz edebilir. A\u015fa\u011f\u0131da, bu s\u00fcre\u00e7te dikkat edilmesi gereken haklar ve ba\u015fvuru ad\u0131mlar\u0131n\u0131 bulabilirsiniz: Aile, e\u011fitsel de\u011ferlendirme ve yerle\u015ftirme kararlar\u0131n\u0131n her birine, karar\u0131n kendilerine bildirildi\u011fi tarihten itibaren 60 g\u00fcn i\u00e7inde bir defaya mahsus olmak<\/p>","protected":false},"author":1,"featured_media":0,"parent":6513,"menu_order":0,"comment_status":"closed","ping_status":"closed","template":"elementor_header_footer","meta":{"footnotes":""},"class_list":["post-6555","page","type-page","status-publish","hentry"],"yoast_head":"<!-- This site is optimized with the Yoast SEO Premium plugin v28.3 (Yoast SEO v28.3) - https:\/\/yoast.com\/product\/yoast-seo-premium-wordpress\/ -->\n<title>\u0130tiraz ve \u0130\u015fleyi\u015f - Tohum Otizm Vakf\u0131 | Otizmin Tek \u00c7aresi E\u011fitim<\/title>\n<meta name=\"robots\" content=\"index, follow, max-snippet:-1, max-image-preview:large, max-video-preview:-1\" \/>\n<link rel=\"canonical\" href=\"https:\/\/wp1.sedaozcan.net.tr\/en\/otizm-nedir\/cocugum-otizmli-simdi-ne-yapacagim\/itiraz-isleyis\/\" \/>\n<meta property=\"og:locale\" content=\"en_US\" \/>\n<meta property=\"og:type\" content=\"article\" \/>\n<meta property=\"og:title\" content=\"\u0130tiraz ve \u0130\u015fleyi\u015f\" \/>\n<meta property=\"og:description\" content=\"Otizm Nedir? \u00c7ocu\u011fum Otizmli \u015eimdi Ne Yapaca\u011f\u0131m ? \u0130tiraz ve \u0130\u015fleyi\u015f Otizmli bireylerin e\u011fitimiyle ilgili al\u0131nan e\u011fitsel de\u011ferlendirme ve yerle\u015ftirme kararlar\u0131na aile itiraz edebilir. A\u015fa\u011f\u0131da, bu s\u00fcre\u00e7te dikkat edilmesi gereken haklar ve ba\u015fvuru ad\u0131mlar\u0131n\u0131 bulabilirsiniz: Aile, e\u011fitsel de\u011ferlendirme ve yerle\u015ftirme kararlar\u0131n\u0131n her birine, karar\u0131n kendilerine bildirildi\u011fi tarihten itibaren 60 g\u00fcn i\u00e7inde bir defaya mahsus olmak\" \/>\n<meta property=\"og:url\" content=\"https:\/\/wp1.sedaozcan.net.tr\/en\/otizm-nedir\/cocugum-otizmli-simdi-ne-yapacagim\/itiraz-isleyis\/\" \/>\n<meta property=\"og:site_name\" content=\"Tohum Otizm Vakf\u0131 | Otizmin Tek \u00c7aresi E\u011fitim\" \/>\n<meta property=\"article:modified_time\" content=\"2026-08-13T20:08:16+00:00\" \/>\n<meta property=\"og:image\" content=\"https:\/\/wp1.sedaozcan.net.tr\/wp-content\/uploads\/2025\/10\/REHBERLIK-scaled-e1759846366712-1024x686.png\" \/>\n\t<meta property=\"og:image:width\" content=\"1024\" \/>\n\t<meta property=\"og:image:height\" content=\"686\" \/>\n\t<meta property=\"og:image:type\" content=\"image\/png\" \/>\n<meta name=\"twitter:card\" content=\"summary_large_image\" \/>\n<meta name=\"twitter:label1\" content=\"Est. reading time\" \/>\n\t<meta name=\"twitter:data1\" content=\"2 minutes\" \/>\n<script type=\"application\/ld+json\" class=\"yoast-schema-graph\">{\"@context\":\"https:\\\/\\\/schema.org\",\"@graph\":[{\"@type\":\"WebPage\",\"@id\":\"https:\\\/\\\/wp1.sedaozcan.net.tr\\\/otizm-nedir\\\/cocugum-otizmli-simdi-ne-yapacagim\\\/itiraz-isleyis\\\/\",\"url\":\"https:\\\/\\\/wp1.sedaozcan.net.tr\\\/otizm-nedir\\\/cocugum-otizmli-simdi-ne-yapacagim\\\/itiraz-isleyis\\\/\",\"name\":\"\u0130tiraz ve \u0130\u015fleyi\u015f - Tohum Otizm Vakf\u0131 | Otizmin Tek \u00c7aresi E\u011fitim\",\"isPartOf\":{\"@id\":\"https:\\\/\\\/wp1.sedaozcan.net.tr\\\/#website\"},\"primaryImageOfPage\":{\"@id\":\"https:\\\/\\\/wp1.sedaozcan.net.tr\\\/otizm-nedir\\\/cocugum-otizmli-simdi-ne-yapacagim\\\/itiraz-isleyis\\\/#primaryimage\"},\"image\":{\"@id\":\"https:\\\/\\\/wp1.sedaozcan.net.tr\\\/otizm-nedir\\\/cocugum-otizmli-simdi-ne-yapacagim\\\/itiraz-isleyis\\\/#primaryimage\"},\"thumbnailUrl\":\"https:\\\/\\\/wp1.sedaozcan.net.tr\\\/wp-content\\\/uploads\\\/2025\\\/10\\\/REHBERLIK-scaled-e1759846366712.png\",\"datePublished\":\"2025-10-22T21:27:46+00:00\",\"dateModified\":\"2026-08-13T20:08:16+00:00\",\"breadcrumb\":{\"@id\":\"https:\\\/\\\/wp1.sedaozcan.net.tr\\\/otizm-nedir\\\/cocugum-otizmli-simdi-ne-yapacagim\\\/itiraz-isleyis\\\/#breadcrumb\"},\"inLanguage\":\"en-US\",\"potentialAction\":[{\"@type\":\"ReadAction\",\"target\":[\"https:\\\/\\\/wp1.sedaozcan.net.tr\\\/otizm-nedir\\\/cocugum-otizmli-simdi-ne-yapacagim\\\/itiraz-isleyis\\\/\"]}]},{\"@type\":\"ImageObject\",\"inLanguage\":\"en-US\",\"@id\":\"https:\\\/\\\/wp1.sedaozcan.net.tr\\\/otizm-nedir\\\/cocugum-otizmli-simdi-ne-yapacagim\\\/itiraz-isleyis\\\/#primaryimage\",\"url\":\"https:\\\/\\\/wp1.sedaozcan.net.tr\\\/wp-content\\\/uploads\\\/2025\\\/10\\\/REHBERLIK-scaled-e1759846366712.png\",\"contentUrl\":\"https:\\\/\\\/wp1.sedaozcan.net.tr\\\/wp-content\\\/uploads\\\/2025\\\/10\\\/REHBERLIK-scaled-e1759846366712.png\"},{\"@type\":\"BreadcrumbList\",\"@id\":\"https:\\\/\\\/wp1.sedaozcan.net.tr\\\/otizm-nedir\\\/cocugum-otizmli-simdi-ne-yapacagim\\\/itiraz-isleyis\\\/#breadcrumb\",\"itemListElement\":[{\"@type\":\"ListItem\",\"position\":1,\"name\":\"Home\",\"item\":\"https:\\\/\\\/wp1.sedaozcan.net.tr\\\/\"},{\"@type\":\"ListItem\",\"position\":2,\"name\":\"Otizm Nedir?\",\"item\":\"https:\\\/\\\/wp1.sedaozcan.net.tr\\\/otizm-nedir\\\/\"},{\"@type\":\"ListItem\",\"position\":3,\"name\":\"\u00c7ocu\u011fum Otizmli \u015eimdi Ne Yapaca\u011f\u0131m?\",\"item\":\"https:\\\/\\\/wp1.sedaozcan.net.tr\\\/otizm-nedir\\\/cocugum-otizmli-simdi-ne-yapacagim\\\/\"},{\"@type\":\"ListItem\",\"position\":4,\"name\":\"\u0130tiraz ve \u0130\u015fleyi\u015f\"}]},{\"@type\":\"WebSite\",\"@id\":\"https:\\\/\\\/wp1.sedaozcan.net.tr\\\/#website\",\"url\":\"https:\\\/\\\/wp1.sedaozcan.net.tr\\\/\",\"name\":\"Tohum Otizm Vakf\u0131 | Otizmin Tek \u00c7aresi E\u011fitim\",\"description\":\"\",\"potentialAction\":[{\"@type\":\"SearchAction\",\"target\":{\"@type\":\"EntryPoint\",\"urlTemplate\":\"https:\\\/\\\/wp1.sedaozcan.net.tr\\\/?s={search_term_string}\"},\"query-input\":{\"@type\":\"PropertyValueSpecification\",\"valueRequired\":true,\"valueName\":\"search_term_string\"}}],\"inLanguage\":\"en-US\"},{\"@type\":\"ImageObject\",\"inLanguage\":\"en-US\",\"@id\":\"https:\\\/\\\/wp1.sedaozcan.net.tr\\\/otizm-nedir\\\/cocugum-otizmli-simdi-ne-yapacagim\\\/itiraz-isleyis\\\/#local-main-organization-logo\",\"url\":\"\",\"contentUrl\":\"\",\"caption\":\"Tohum Otizm Vakf\u0131 | Otizmin Tek \u00c7aresi E\u011fitim\"}]}<\/script>\n<!-- \/ Yoast SEO Premium plugin. -->","yoast_head_json":{"title":"\u0130tiraz ve \u0130\u015fleyi\u015f - Tohum Otizm Vakf\u0131 | Otizmin Tek \u00c7aresi E\u011fitim","robots":{"index":"index","follow":"follow","max-snippet":"max-snippet:-1","max-image-preview":"max-image-preview:large","max-video-preview":"max-video-preview:-1"},"canonical":"https:\/\/wp1.sedaozcan.net.tr\/en\/otizm-nedir\/cocugum-otizmli-simdi-ne-yapacagim\/itiraz-isleyis\/","og_locale":"en_US","og_type":"article","og_title":"\u0130tiraz ve \u0130\u015fleyi\u015f","og_description":"Otizm Nedir? \u00c7ocu\u011fum Otizmli \u015eimdi Ne Yapaca\u011f\u0131m ? \u0130tiraz ve \u0130\u015fleyi\u015f Otizmli bireylerin e\u011fitimiyle ilgili al\u0131nan e\u011fitsel de\u011ferlendirme ve yerle\u015ftirme kararlar\u0131na aile itiraz edebilir. A\u015fa\u011f\u0131da, bu s\u00fcre\u00e7te dikkat edilmesi gereken haklar ve ba\u015fvuru ad\u0131mlar\u0131n\u0131 bulabilirsiniz: Aile, e\u011fitsel de\u011ferlendirme ve yerle\u015ftirme kararlar\u0131n\u0131n her birine, karar\u0131n kendilerine bildirildi\u011fi tarihten itibaren 60 g\u00fcn i\u00e7inde bir defaya mahsus olmak","og_url":"https:\/\/wp1.sedaozcan.net.tr\/en\/otizm-nedir\/cocugum-otizmli-simdi-ne-yapacagim\/itiraz-isleyis\/","og_site_name":"Tohum Otizm Vakf\u0131 | Otizmin Tek \u00c7aresi E\u011fitim","article_modified_time":"2026-08-13T20:08:16+00:00","og_image":[{"width":1024,"height":686,"url":"https:\/\/wp1.sedaozcan.net.tr\/wp-content\/uploads\/2025\/10\/REHBERLIK-scaled-e1759846366712-1024x686.png","type":"image\/png"}],"twitter_card":"summary_large_image","twitter_misc":{"Est. reading time":"2 minutes"},"schema":{"@context":"https:\/\/schema.org","@graph":[{"@type":"WebPage","@id":"https:\/\/wp1.sedaozcan.net.tr\/otizm-nedir\/cocugum-otizmli-simdi-ne-yapacagim\/itiraz-isleyis\/","url":"https:\/\/wp1.sedaozcan.net.tr\/otizm-nedir\/cocugum-otizmli-simdi-ne-yapacagim\/itiraz-isleyis\/","name":"\u0130tiraz ve \u0130\u015fleyi\u015f - Tohum Otizm Vakf\u0131 | Otizmin Tek \u00c7aresi E\u011fitim","isPartOf":{"@id":"https:\/\/wp1.sedaozcan.net.tr\/#website"},"primaryImageOfPage":{"@id":"https:\/\/wp1.sedaozcan.net.tr\/otizm-nedir\/cocugum-otizmli-simdi-ne-yapacagim\/itiraz-isleyis\/#primaryimage"},"image":{"@id":"https:\/\/wp1.sedaozcan.net.tr\/otizm-nedir\/cocugum-otizmli-simdi-ne-yapacagim\/itiraz-isleyis\/#primaryimage"},"thumbnailUrl":"https:\/\/wp1.sedaozcan.net.tr\/wp-content\/uploads\/2025\/10\/REHBERLIK-scaled-e1759846366712.png","datePublished":"2025-10-22T21:27:46+00:00","dateModified":"2026-08-13T20:08:16+00:00","breadcrumb":{"@id":"https:\/\/wp1.sedaozcan.net.tr\/otizm-nedir\/cocugum-otizmli-simdi-ne-yapacagim\/itiraz-isleyis\/#breadcrumb"},"inLanguage":"en-US","potentialAction":[{"@type":"ReadAction","target":["https:\/\/wp1.sedaozcan.net.tr\/otizm-nedir\/cocugum-otizmli-simdi-ne-yapacagim\/itiraz-isleyis\/"]}]},{"@type":"ImageObject","inLanguage":"en-US","@id":"https:\/\/wp1.sedaozcan.net.tr\/otizm-nedir\/cocugum-otizmli-simdi-ne-yapacagim\/itiraz-isleyis\/#primaryimage","url":"https:\/\/wp1.sedaozcan.net.tr\/wp-content\/uploads\/2025\/10\/REHBERLIK-scaled-e1759846366712.png","contentUrl":"https:\/\/wp1.sedaozcan.net.tr\/wp-content\/uploads\/2025\/10\/REHBERLIK-scaled-e1759846366712.png"},{"@type":"BreadcrumbList","@id":"https:\/\/wp1.sedaozcan.net.tr\/otizm-nedir\/cocugum-otizmli-simdi-ne-yapacagim\/itiraz-isleyis\/#breadcrumb","itemListElement":[{"@type":"ListItem","position":1,"name":"Home","item":"https:\/\/wp1.sedaozcan.net.tr\/"},{"@type":"ListItem","position":2,"name":"Otizm Nedir?","item":"https:\/\/wp1.sedaozcan.net.tr\/otizm-nedir\/"},{"@type":"ListItem","position":3,"name":"\u00c7ocu\u011fum Otizmli \u015eimdi Ne Yapaca\u011f\u0131m?","item":"https:\/\/wp1.sedaozcan.net.tr\/otizm-nedir\/cocugum-otizmli-simdi-ne-yapacagim\/"},{"@type":"ListItem","position":4,"name":"\u0130tiraz ve \u0130\u015fleyi\u015f"}]},{"@type":"WebSite","@id":"https:\/\/wp1.sedaozcan.net.tr\/#website","url":"https:\/\/wp1.sedaozcan.net.tr\/","name":"Tohum Autism Foundation | The Only Remedy for Autism is Education","description":"","potentialAction":[{"@type":"SearchAction","target":{"@type":"EntryPoint","urlTemplate":"https:\/\/wp1.sedaozcan.net.tr\/?s={search_term_string}"},"query-input":{"@type":"PropertyValueSpecification","valueRequired":true,"valueName":"search_term_string"}}],"inLanguage":"en-US"},{"@type":"ImageObject","inLanguage":"en-US","@id":"https:\/\/wp1.sedaozcan.net.tr\/otizm-nedir\/cocugum-otizmli-simdi-ne-yapacagim\/itiraz-isleyis\/#local-main-organization-logo","url":"","contentUrl":"","caption":"Tohum Otizm Vakf\u0131 | Otizmin Tek \u00c7aresi E\u011fitim"}]}},"_links":{"self":[{"href":"https:\/\/wp1.sedaozcan.net.tr\/en\/wp-json\/wp\/v2\/pages\/6555","targetHints":{"allow":["GET"]}}],"collection":[{"href":"https:\/\/wp1.sedaozcan.net.tr\/en\/wp-json\/wp\/v2\/pages"}],"about":[{"href":"https:\/\/wp1.sedaozcan.net.tr\/en\/wp-json\/wp\/v2\/types\/page"}],"author":[{"embeddable":true,"href":"https:\/\/wp1.sedaozcan.net.tr\/en\/wp-json\/wp\/v2\/users\/1"}],"replies":[{"embeddable":true,"href":"https:\/\/wp1.sedaozcan.net.tr\/en\/wp-json\/wp\/v2\/comments?post=6555"}],"version-history":[{"count":22,"href":"https:\/\/wp1.sedaozcan.net.tr\/en\/wp-json\/wp\/v2\/pages\/6555\/revisions"}],"predecessor-version":[{"id":10214,"href":"https:\/\/wp1.sedaozcan.net.tr\/en\/wp-json\/wp\/v2\/pages\/6555\/revisions\/10214"}],"up":[{"embeddable":true,"href":"https:\/\/wp1.sedaozcan.net.tr\/en\/wp-json\/wp\/v2\/pages\/6513"}],"wp:attachment":[{"href":"https:\/\/wp1.sedaozcan.net.tr\/en\/wp-json\/wp\/v2\/media?parent=6555"}],"curies":[{"name":"wp","href":"https:\/\/api.w.org\/{rel}","templated":true}]}}