{"id":6519,"date":"2025-10-22T15:03:33","date_gmt":"2025-10-22T13:03:33","guid":{"rendered":"https:\/\/wp1.sedaozcan.net.tr\/?page_id=6519"},"modified":"2026-08-13T22:04:16","modified_gmt":"2026-08-13T20:04:16","slug":"egitsel-degerlendirme","status":"publish","type":"page","link":"https:\/\/wp1.sedaozcan.net.tr\/en\/otizm-nedir\/cocugum-otizmli-simdi-ne-yapacagim\/egitsel-degerlendirme\/","title":{"rendered":"E\u011fitsel De\u011ferlendirme"},"content":{"rendered":"<div data-elementor-type=\"wp-page\" data-elementor-id=\"6519\" class=\"elementor elementor-6519\" data-elementor-post-type=\"page\">\n\t\t\t\t\t\t<section class=\"elementor-section elementor-top-section elementor-element elementor-element-19e0496 elementor-section-height-min-height elementor-section-boxed elementor-section-height-default elementor-section-items-middle\" data-id=\"19e0496\" data-element_type=\"section\" data-e-type=\"section\" data-settings=\"{&quot;background_background&quot;:&quot;classic&quot;}\">\n\t\t\t\t\t\t<div class=\"elementor-container elementor-column-gap-no\">\n\t\t\t\t\t<div class=\"elementor-column elementor-col-100 elementor-top-column elementor-element elementor-element-d4a0bbc\" data-id=\"d4a0bbc\" data-element_type=\"column\" data-e-type=\"column\">\n\t\t\t<div class=\"elementor-widget-wrap elementor-element-populated\">\n\t\t\t\t\t\t<div class=\"elementor-element elementor-element-b73574f elementor-icon-list--layout-inline elementor-tablet-align-center elementor-list-item-link-full_width elementor-widget elementor-widget-icon-list\" data-id=\"b73574f\" data-element_type=\"widget\" data-e-type=\"widget\" data-widget_type=\"icon-list.default\">\n\t\t\t\t<div class=\"elementor-widget-container\">\n\t\t\t\t\t\t\t<ul class=\"elementor-icon-list-items elementor-inline-items\">\n\t\t\t\t\t\t\t<li class=\"elementor-icon-list-item elementor-inline-item\">\n\t\t\t\t\t\t\t\t\t\t<span class=\"elementor-icon-list-text\">What is Autism?<\/span>\n\t\t\t\t\t\t\t\t\t<\/li>\n\t\t\t\t\t\t\t\t<li class=\"elementor-icon-list-item elementor-inline-item\">\n\t\t\t\t\t\t\t\t\t\t<span class=\"elementor-icon-list-text\">\u00c7ocu\u011fum Otizmli \u015eimdi Ne Yapaca\u011f\u0131m ?<\/span>\n\t\t\t\t\t\t\t\t\t<\/li>\n\t\t\t\t\t\t<\/ul>\n\t\t\t\t\t\t<\/div>\n\t\t\t\t<\/div>\n\t\t\t\t<div class=\"elementor-element elementor-element-8cc58bd elementor-widget elementor-widget-heading\" data-id=\"8cc58bd\" data-element_type=\"widget\" data-e-type=\"widget\" data-widget_type=\"heading.default\">\n\t\t\t\t<div class=\"elementor-widget-container\">\n\t\t\t\t\t<h1 class=\"elementor-heading-title elementor-size-default\">E\u011fitsel De\u011ferlendirme Nedir?<\/h1>\t\t\t\t<\/div>\n\t\t\t\t<\/div>\n\t\t\t\t\t<\/div>\n\t\t<\/div>\n\t\t\t\t\t<\/div>\n\t\t<\/section>\n\t\t<div class=\"elementor-element elementor-element-4661a98 e-flex e-con-boxed e-con e-parent\" data-id=\"4661a98\" data-element_type=\"container\" data-e-type=\"container\">\n\t\t\t\t\t<div class=\"e-con-inner\">\n\t\t\t\t<div class=\"elementor-element elementor-element-2f92d39 elementor-widget elementor-widget-html\" data-id=\"2f92d39\" data-element_type=\"widget\" data-e-type=\"widget\" data-widget_type=\"html.default\">\n\t\t\t\t<div class=\"elementor-widget-container\">\n\t\t\t\t\t<!-- TOV | E\u011fitsel De\u011ferlendirme | Elementor Custom HTML -->\n<link href=\"https:\/\/fonts.googleapis.com\/css2?family=Poppins:wght@700;800&family=Inter:wght@400;500;700&display=swap\" rel=\"stylesheet\" \/>\n\n<div id=\"tov-programs\">\n  <style>\n    \/* ===== Scope: sadece bu blok ve Elementor \u00e7ak\u0131\u015fmalar\u0131n\u0131 bast\u0131r\u0131r ===== *\/\n    #tov-programs * { box-sizing: border-box; }\n\n    \/* === Kurumsal Palet === *\/\n    #tov-programs{\n      --tov-blue:#026D92;       \/* birincil mavi *\/\n      --tov-yellow:#FFD800;     \/* ba\u015fl\u0131k alt \u00e7izgi \/ vurgu *\/\n      --tov-orange:#FCB128;     \/* ikincil vurgu (gerekirse) *\/\n      --tov-ink:#222;\n      --tov-muted:#666;\n      --tov-border:#e9e9ee;\n      --tov-bg:#fafafa;\n      --tov-card:#ffffff;\n      --tov-shadow:0 10px 24px rgba(2,109,146,.12);\n      --tov-soft:rgba(2,109,146,.06);\n      font-family: Inter, system-ui, -apple-system, Segoe UI, Roboto, Helvetica, Arial, \"Apple Color Emoji\",\"Segoe UI Emoji\";\n      color: var(--tov-ink);\n    }\n\n    \/* Link rengi *\/\n    #tov-programs a{ color:var(--tov-blue); text-decoration:none; }\n    #tov-programs a:hover{ text-decoration:underline; text-underline-offset:2px; }\n\n    #tov-programs .container{ max-width:1200px; margin:0 auto; padding:0 }\n\n    \/* ==== Ba\u015fl\u0131k KUTUSU ==== *\/\n    #tov-programs .heading-box{\n      position:relative;\n      border:1px solid var(--tov-border);\n      border-radius:18px;\n      background:linear-gradient(180deg,#fff, var(--tov-bg));\n      box-shadow:var(--tov-shadow);\n      padding:22px 24px 24px 24px;\n      margin:22px 0;\n      overflow:hidden;\n    }\n    #tov-programs .heading-box::before{\n      content:\"\";\n      position:absolute; left:0; top:0; bottom:0; width:8px;\n      background: linear-gradient(180deg, var(--tov-yellow), #fbe68a);\n    }\n    #tov-programs .heading-sub{\n      margin:2px 0 0; padding-left:6px;\n      font-size:16.5px; line-height:1.8; color:#0f2d36;\n      font-weight:700;\n      background:var(--tov-soft);\n      border:1px solid rgba(2,109,146,.18);\n      border-radius:10px;\n      padding:12px 14px;\n      display:inline-block;\n      max-width:100%;\n    }\n\n    \/* Kart *\/\n    #tov-programs .card{\n      border:1px solid var(--tov-border);\n      border-radius:18px;\n      background:var(--tov-card);\n      padding:28px;\n      margin:22px 0;\n      box-shadow:var(--tov-shadow);\n    }\n\n    \/* Ba\u015fl\u0131klar *\/\n    #tov-programs h1,#tov-programs h2,#tov-programs h3,#tov-programs h4,#tov-programs h5,#tov-programs h6{\n      font-family:Poppins, sans-serif !important;\n      font-weight:800 !important;\n      line-height:1.15 !important;\n      color:#111 !important;\n      margin:0 0 12px !important;\n      letter-spacing:0 !important;\n      text-transform:capitalize !important;\n    }\n\n    \/* B\u00f6l\u00fcm ba\u015fl\u0131klar\u0131 *\/\n    #tov-programs .section-title{\n      font-size:26px;\n      position:relative;\n      padding-bottom:10px;\n      display: flex;\n      align-items: center;\n      gap: 10px;\n    }\n    #tov-programs .section-title::after{\n      content:\"\"; display:block; width:56px; height:4px; background:var(--tov-yellow);\n      border-radius:999px; position: absolute; bottom: 0; left: 0;\n    }\n\n    \/* Listeler *\/\n    #tov-programs ul{ margin:10px 0 0 18px; padding:0; }\n    #tov-programs li{ margin:8px 0; line-height:1.8; font-size:16.5px; }\n    \n    \/* \u0130\u00e7 liste (Sub-items) *\/\n    #tov-programs ul.sub-list {\n      margin-left: 30px;\n      list-style-type: circle;\n      color: #444;\n    }\n\n    #tov-programs .feature-list{ list-style:none; margin-left:0; }\n    #tov-programs .feature-list li{ position:relative; padding-left:28px; }\n    #tov-programs .feature-list li::before{\n      content:\"\"; position:absolute; left:0; top:.7em; width:10px; height:10px;\n      border-radius:3px; background:var(--tov-blue);\n      box-shadow:0 0 0 3px rgba(2,109,146,.12);\n    }\n\n    \/* Not kutular\u0131 *\/\n    #tov-programs .note{\n      border-left:5px solid var(--tov-blue);\n      background:#f3fbfe;\n      padding:12px 14px;\n      border-radius:10px;\n      margin:12px 0;\n      font-size:16px;\n      line-height:1.7;\n    }\n  <\/style>\n\n  <div class=\"container\">\n\n    <p class=\"heading-sub\">\n      \u00c7ocu\u011funuz otizm tan\u0131s\u0131 ald\u0131ysa, devletin sundu\u011fu \u00f6zel e\u011fitim desteklerinden yararlanabilmesi i\u00e7in Rehberlik ve Ara\u015ft\u0131rma Merkezine (RAM) ba\u015fvurman\u0131z gerekir. Bu ba\u015fvuru ile \u00e7ocu\u011funuzun e\u011fitsel de\u011ferlendirme ve tan\u0131lama s\u00fcreci ba\u015flar.\n    <\/p>\n\n    <!-- E\u011fitsel De\u011ferlendirme Nedir -->\n    <section class=\"card\">\n      <h2 class=\"section-title\">E\u011fitsel De\u011ferlendirme Nedir?<\/h2>\n      <p>E\u011fitsel de\u011ferlendirme, \u00e7ocu\u011funuzun;<\/p>\n      <ul>\n        <li>T\u00fcm geli\u015fim alanlar\u0131ndaki \u00f6zelliklerini,<\/li>\n        <li>Akademik disiplin alanlar\u0131ndaki yeterliliklerini,<\/li>\n        <li>E\u011fitim ihtiya\u00e7lar\u0131n\u0131 belirlemeyi ama\u00e7layan bir s\u00fcre\u00e7tir.<\/li>\n      <\/ul>\n      <p>Bu de\u011ferlendirme, RAM b\u00fcnyesindeki \u00d6zel E\u011fitim De\u011ferlendirme Kurulu taraf\u0131ndan yap\u0131l\u0131r. Kurul, \u00e7ocu\u011funuza uygun test ve \u00f6l\u00e7me ara\u00e7lar\u0131 kullanarak bir de\u011ferlendirme yapar.<\/p>\n    <\/section>\n\n    <!-- \u00c7\u00d6ZGER -->\n    <section class=\"card\">\n      <h2 class=\"section-title\">Engelli Sa\u011fl\u0131k Kurulu Raporlar\u0131 (\u00c7\u00d6ZGER)<\/h2>\n      <p>\u00c7ocu\u011funuzun destek e\u011fitim hizmetlerinden yararlanabilmesi i\u00e7in, yetkili hastanelerden al\u0131nm\u0131\u015f ge\u00e7erli bir Engelli Sa\u011fl\u0131k Kurulu Raporuna sahip olmas\u0131 gerekir. Bu rapor 18 ya\u015f\u0131n alt\u0131ndaki bireyler i\u00e7in <strong>\u00c7ocuklar \u0130\u00e7in \u00d6zel Gereksinim Raporu (\u00c7\u00d6ZGER)<\/strong> olarak adland\u0131r\u0131lmaktad\u0131r.<\/p>\n      <p>Bu raporda;<\/p>\n      <ul>\n        <li>Rapor tarihi ve numaras\u0131,<\/li>\n        <li>Tan\u0131 bilgileri ve y\u00fczdelik oranlar\u0131,<\/li>\n        <li>Ge\u00e7erlilik s\u00fcresi,<\/li>\n        <li>Engel oran\u0131 gibi bilgilerin yer almas\u0131 ve raporda silinti ya da tahrifat bulunmamas\u0131 gerekir.<\/li>\n      <\/ul>\n      <p>\u00d6zel E\u011fitim De\u011ferlendirme Kurulu, raporda engel oran\u0131 <strong>%20 ve \u00fczeri<\/strong> olan bireyler i\u00e7in uygun g\u00f6rmesi durumunda destek e\u011fitim \u00f6nerebilir.<\/p>\n      <div class=\"note\">\ud83d\udcdd E\u011fer \u00e7ocu\u011funuzun birden fazla ge\u00e7erli raporu varsa, sizin son sundu\u011funuz rapor dikkate al\u0131n\u0131r.<\/div>\n    <\/section>\n\n    <!-- Kurul Bile\u015fimi -->\n    <section class=\"card\">\n      <h2 class=\"section-title\">\u00d6zel E\u011fitim De\u011ferlendirme Kurulu Kimlerden Olu\u015fur?<\/h2>\n      <p>Bu kurul, RAM b\u00fcnyesinde olu\u015fturulur ve \u015fu ki\u015filerden olu\u015fur:<\/p>\n      <ul>\n        <li>M\u00fcd\u00fcr yard\u0131mc\u0131s\u0131 (ba\u015fkan),<\/li>\n        <li>\u00d6zel e\u011fitim hizmetleri b\u00f6l\u00fcm ba\u015fkan\u0131,<\/li>\n        <li>En az bir rehber \u00f6\u011fretmen,<\/li>\n        <li>En az bir \u00f6zel e\u011fitim \u00f6\u011fretmeni.<\/li>\n      <\/ul>\n      <p><strong>Veli olarak<\/strong> siz de bu kurula \u00fcye olarak kat\u0131labilirsiniz.<\/p>\n      <p>Gerekti\u011finde kurula \u015fu uzmanlar da dahil edilebilir:<\/p>\n      <ul>\n        <li>Psikolog, dil ve konu\u015fma terapisti, fizyoterapist, sosyal \u00e7al\u0131\u015fmac\u0131, e\u011fitim programc\u0131s\u0131,<\/li>\n        <li>\u00c7ocu\u011fun \u00f6\u011fretmenleri, okulu temsilen y\u00f6neticiler,<\/li>\n        <li>Sivil toplum temsilcileri ya da akademisyenler.<\/li>\n      <\/ul>\n      <p>Bu uzmanlar kurula bilgi sunabilir ancak oy kullanamaz.<\/p>\n    <\/section>\n\n    <!-- RAM Ba\u015fvuru Belgeleri -->\n    <section class=\"card\">\n      <h2 class=\"section-title\">RAM\u2019a Ba\u015fvuru \u0130\u00e7in Gerekli Belgeler<\/h2>\n      <p>\u00c7ocu\u011funuzun e\u011fitsel de\u011ferlendirmesi i\u00e7in RAM\u2019a bir dilek\u00e7e ile ba\u015fvurman\u0131z gerekir. Dilek\u00e7eniz ile birlikte a\u015fa\u011f\u0131daki belgeleri eklemelisiniz:<\/p>\n      <ul>\n        <li>Birey veya veli olarak sizin ya da okulun yaz\u0131l\u0131 ba\u015fvurusu,<\/li>\n        <li>Okula\/kuruma kay\u0131tl\u0131 \u00f6\u011frenciler i\u00e7in ilk incelemede: <em>\u201cE\u011fitsel De\u011ferlendirme \u0130ste\u011fi Formu\u201d<\/em>,<\/li>\n        <li>Yeniden incelemelerde: <em>\u201cBireysel Geli\u015fim Raporu\u201d<\/em>,<\/li>\n        \n        <li><strong>Destek e\u011fitim ile ilgili m\u00fcracaatlarda;<\/strong>\n          <ul class=\"sub-list\">\n            <li>Engelli Sa\u011fl\u0131k Kurulu Raporu (18 ya\u015f \u00fcst\u00fcndekiler i\u00e7in) ya da \u00c7ocuklar \u0130\u00e7in \u00d6zel Gereksinim Raporu (18 ya\u015f alt\u0131ndakiler i\u00e7in),<\/li>\n            <li>\u00c7ocu\u011funuzun ve sizin kimlik fotokopiniz (\u0130lk ba\u015fvuru ve kimlikte de\u011fi\u015fiklik olmas\u0131 durumunda),<\/li>\n            <li>Vasi tayini edilmi\u015f ise: mahkeme karar\u0131, vasi belgesi veya n\u00fcfus kay\u0131t \u00f6rne\u011fi.<\/li>\n          <\/ul>\n        <\/li>\n\n        <li><strong>E\u011fer \u00e7ocu\u011funuz bir \u00f6zel e\u011fitim ve rehabilitasyon merkezine devam ediyorsa:<\/strong>\n          <ul class=\"sub-list\">\n            <li>D\u00f6nem sonu bireysel performans de\u011ferlendirme formu,<\/li>\n            <li>Ayl\u0131k performans kay\u0131t tablolar\u0131.<\/li>\n          <\/ul>\n        <\/li>\n      <\/ul>\n\n      <div class=\"note\">\ud83d\udcc5 Ba\u015fvurunuzdan sonra kurul, de\u011ferlendirmeyi en ge\u00e7 60 g\u00fcn i\u00e7inde tamamlar. Kurul bu s\u00fcre\u00e7te \u00e7ocu\u011funuzun hangi e\u011fitim ortam\u0131nda e\u011fitim almas\u0131n\u0131n uygun olaca\u011f\u0131na ili\u015fkin \u00f6neride de bulunur.<br>\ud83d\udc6a Bu a\u015famada ailenin g\u00f6r\u00fc\u015f\u00fc \u00e7ok \u00f6nemlidir. Kurul toplant\u0131s\u0131na kat\u0131larak \u00e7ocu\u011funuz hakk\u0131nda bilgi verebilir, onun i\u00e7in en uygun e\u011fitim ortam\u0131n\u0131 \u00f6nerebilirsiniz.<\/div>\n    <\/section>\n\n    <!-- Yerle\u015ftirme -->\n    <section class=\"card\">\n      <h2 class=\"section-title\">\u00c7ocu\u011funuzun E\u011fitim Ortam\u0131na Yerle\u015ftirilmesi<\/h2>\n      <p>E\u011fitsel de\u011ferlendirme tamamland\u0131\u011f\u0131nda, \u00e7ocu\u011funuzun geli\u015fimsel \u00f6zellikleri ve e\u011fitim ihtiya\u00e7lar\u0131 dikkate al\u0131narak <strong>en az s\u0131n\u0131rland\u0131r\u0131lm\u0131\u015f e\u011fitim ortam\u0131na<\/strong> y\u00f6nlendirme yap\u0131l\u0131r.<\/p>\n      <p>Bu yerle\u015ftirme, Milli E\u011fitim M\u00fcd\u00fcrl\u00fc\u011f\u00fc b\u00fcnyesindeki <strong>\u00d6zel E\u011fitim Hizmetleri Kurulu<\/strong> taraf\u0131ndan ger\u00e7ekle\u015ftirilir. Kurul \u015fu ki\u015filerden olu\u015fur:<\/p>\n      <ul>\n        <li>\u00d6zel e\u011fitim ve rehberlik hizmetleri \u015fube m\u00fcd\u00fcr\u00fc (ba\u015fkan),<\/li>\n        <li>En az bir \u00f6zel e\u011fitim de\u011ferlendirme kurulu ba\u015fkan\u0131,<\/li>\n        <li>En az bir \u00f6zel e\u011fitim kurum m\u00fcd\u00fcr\u00fc ya da kayna\u015ft\u0131rma\/b\u00fct\u00fcnle\u015ftirme yoluyla e\u011fitim yap\u0131lan kurumlardan bir okul m\u00fcd\u00fcr\u00fc,<\/li>\n        <li>En az bir rehber \u00f6\u011fretmen ve \u00f6zel e\u011fitim \u00f6\u011fretmeni.<\/li>\n      <\/ul>\n      <p>Kurul toplant\u0131lar\u0131na siz de kat\u0131labilirsiniz. \u00c7ocu\u011funuzun e\u011fitim ortam\u0131n\u0131n do\u011fru belirlenmesinde sizin katk\u0131n\u0131z olduk\u00e7a de\u011ferlidir.<\/p>\n    <\/section>\n\n    <!-- \u00d6nemli Hat\u0131rlatma -->\n    <section class=\"card\">\n      <h2 class=\"section-title\">\ud83d\udce2 \u00d6nemli Hat\u0131rlatma!<\/h2>\n      <ul class=\"feature-list\">\n        <li>RAM\u2019a ba\u015fvurarak \u00e7ocu\u011funuzun e\u011fitsel de\u011ferlendirmesini ba\u015flatabilirsiniz.<\/li>\n        <li>Bu s\u00fcre\u00e7te gerekli belgeleri eksiksiz haz\u0131rlaman\u0131z \u00f6nemlidir.<\/li>\n        <li>De\u011ferlendirme ve yerle\u015ftirme s\u00fcrecinde g\u00f6r\u00fc\u015flerinizi payla\u015fmaktan \u00e7ekinmeyin.<\/li>\n      <\/ul>\n    <\/section>\n\n  <\/div>\n<\/div>\t\t\t\t<\/div>\n\t\t\t\t<\/div>\n\t\t\t\t\t<\/div>\n\t\t\t\t<\/div>\n\t\t\t\t<section class=\"elementor-section elementor-top-section elementor-element elementor-element-332ac1a elementor-section-boxed elementor-section-height-default elementor-section-height-default\" data-id=\"332ac1a\" data-element_type=\"section\" data-e-type=\"section\">\n\t\t\t\t\t\t<div class=\"elementor-container elementor-column-gap-no\">\n\t\t\t\t\t<div class=\"elementor-column elementor-col-100 elementor-top-column elementor-element elementor-element-85007e7\" data-id=\"85007e7\" data-element_type=\"column\" data-e-type=\"column\">\n\t\t\t<div class=\"elementor-widget-wrap elementor-element-populated\">\n\t\t\t\t\t\t<section class=\"elementor-section elementor-inner-section elementor-element elementor-element-a0bafe2 elementor-section-boxed elementor-section-height-default elementor-section-height-default\" data-id=\"a0bafe2\" data-element_type=\"section\" data-e-type=\"section\">\n\t\t\t\t\t\t<div class=\"elementor-container elementor-column-gap-no\">\n\t\t\t\t\t<div class=\"elementor-column elementor-col-50 elementor-inner-column elementor-element elementor-element-493884e\" data-id=\"493884e\" data-element_type=\"column\" data-e-type=\"column\" data-settings=\"{&quot;background_background&quot;:&quot;classic&quot;}\">\n\t\t\t<div class=\"elementor-widget-wrap elementor-element-populated\">\n\t\t\t\t\t\t<div class=\"elementor-element elementor-element-fad0884 elementor-widget__width-initial elementor-widget elementor-widget-image\" data-id=\"fad0884\" data-element_type=\"widget\" data-e-type=\"widget\" data-widget_type=\"image.default\">\n\t\t\t\t<div class=\"elementor-widget-container\">\n\t\t\t\t\t\t\t\t\t\t\t\t\t\t\t<img fetchpriority=\"high\" decoding=\"async\" width=\"2150\" height=\"1440\" src=\"https:\/\/wp1.sedaozcan.net.tr\/wp-content\/uploads\/2025\/10\/REHBERLIK-scaled-e1759846366712.png\" class=\"attachment-full size-full wp-image-5127\" alt=\"\" srcset=\"https:\/\/wp1.sedaozcan.net.tr\/wp-content\/uploads\/2025\/10\/REHBERLIK-scaled-e1759846366712.png 2150w, https:\/\/wp1.sedaozcan.net.tr\/wp-content\/uploads\/2025\/10\/REHBERLIK-scaled-e1759846366712-300x201.png 300w, https:\/\/wp1.sedaozcan.net.tr\/wp-content\/uploads\/2025\/10\/REHBERLIK-scaled-e1759846366712-1024x686.png 1024w, https:\/\/wp1.sedaozcan.net.tr\/wp-content\/uploads\/2025\/10\/REHBERLIK-scaled-e1759846366712-768x514.png 768w, https:\/\/wp1.sedaozcan.net.tr\/wp-content\/uploads\/2025\/10\/REHBERLIK-scaled-e1759846366712-1536x1029.png 1536w, https:\/\/wp1.sedaozcan.net.tr\/wp-content\/uploads\/2025\/10\/REHBERLIK-scaled-e1759846366712-2048x1372.png 2048w, https:\/\/wp1.sedaozcan.net.tr\/wp-content\/uploads\/2025\/10\/REHBERLIK-scaled-e1759846366712-600x402.png 600w\" sizes=\"(max-width: 2150px) 100vw, 2150px\" \/>\t\t\t\t\t\t\t\t\t\t\t\t\t\t\t<\/div>\n\t\t\t\t<\/div>\n\t\t\t\t\t<\/div>\n\t\t<\/div>\n\t\t\t\t<div class=\"elementor-column elementor-col-50 elementor-inner-column elementor-element elementor-element-2b39c13\" data-id=\"2b39c13\" data-element_type=\"column\" data-e-type=\"column\" data-settings=\"{&quot;background_background&quot;:&quot;classic&quot;}\">\n\t\t\t<div class=\"elementor-widget-wrap elementor-element-populated\">\n\t\t\t\t<div class=\"elementor-element elementor-element-4c11073 e-con-full e-flex e-con e-parent\" data-id=\"4c11073\" data-element_type=\"container\" data-e-type=\"container\">\n\t\t\t\t<div class=\"elementor-element elementor-element-065384c elementor-widget__width-initial elementor-widget elementor-widget-image-box\" data-id=\"065384c\" data-element_type=\"widget\" data-e-type=\"widget\" data-widget_type=\"image-box.default\">\n\t\t\t\t<div class=\"elementor-widget-container\">\n\t\t\t\t\t<div class=\"elementor-image-box-wrapper\"><div class=\"elementor-image-box-content\"><h2 class=\"elementor-image-box-title\">Guidance Department<\/h2><p class=\"elementor-image-box-description\">Book a free educational evaluation appointment.<\/p><\/div><\/div>\t\t\t\t<\/div>\n\t\t\t\t<\/div>\n\t\t\t\t<\/div>\n\t\t<div class=\"elementor-element elementor-element-ab21f7c e-con-full e-flex e-con e-parent\" data-id=\"ab21f7c\" data-element_type=\"container\" data-e-type=\"container\">\n\t\t\t\t<div class=\"elementor-element elementor-element-4f9bdfc elementor-view-default elementor-widget elementor-widget-icon\" data-id=\"4f9bdfc\" data-element_type=\"widget\" data-e-type=\"widget\" data-widget_type=\"icon.default\">\n\t\t\t\t<div class=\"elementor-widget-container\">\n\t\t\t\t\t\t\t<div class=\"elementor-icon-wrapper\">\n\t\t\t<a class=\"elementor-icon\" href=\"\">\n\t\t\t<i aria-hidden=\"true\" class=\"ci ci-email1\"><\/i>\t\t\t<\/a>\n\t\t<\/div>\n\t\t\t\t\t\t<\/div>\n\t\t\t\t<\/div>\n\t\t\t\t<div class=\"elementor-element elementor-element-a147d88 elementor-view-default elementor-widget elementor-widget-icon\" data-id=\"a147d88\" data-element_type=\"widget\" data-e-type=\"widget\" data-widget_type=\"icon.default\">\n\t\t\t\t<div class=\"elementor-widget-container\">\n\t\t\t\t\t\t\t<div class=\"elementor-icon-wrapper\">\n\t\t\t<a class=\"elementor-icon\" href=\"tel:+902122489430\">\n\t\t\t<i aria-hidden=\"true\" class=\"icon icon-phone-call1\"><\/i>\t\t\t<\/a>\n\t\t<\/div>\n\t\t\t\t\t\t<\/div>\n\t\t\t\t<\/div>\n\t\t\t\t<\/div>\n\t\t\t\t<div class=\"elementor-element elementor-element-507d338 elementor-widget elementor-widget-text-editor\" data-id=\"507d338\" data-element_type=\"widget\" data-e-type=\"widget\" data-widget_type=\"text-editor.default\">\n\t\t\t\t<div class=\"elementor-widget-container\">\n\t\t\t\t\t\t\t\t\t<p style=\"text-align: center;\"><strong><a href=\"mailto:rehberlik@tohumotizm.org.tr\">rehberlik@tohumotizm.org.tr<\/a><\/strong><br>\n<strong><a href=\"tel:+902122489430\">+90 (212) 248 94 30<\/a><\/strong><\/p>\t\t\t\t\t\t\t\t<\/div>\n\t\t\t\t<\/div>\n\t\t\t\t\t<\/div>\n\t\t<\/div>\n\t\t\t\t\t<\/div>\n\t\t<\/section>\n\t\t\t\t\t<\/div>\n\t\t<\/div>\n\t\t\t\t\t<\/div>\n\t\t<\/section>\n\t\t\t\t<\/div>","protected":false},"excerpt":{"rendered":"<p>Otizm Nedir? \u00c7ocu\u011fum Otizmli \u015eimdi Ne Yapaca\u011f\u0131m ? E\u011fitsel De\u011ferlendirme Nedir? \u00c7ocu\u011funuz otizm tan\u0131s\u0131 ald\u0131ysa, devletin sundu\u011fu \u00f6zel e\u011fitim desteklerinden yararlanabilmesi i\u00e7in Rehberlik ve Ara\u015ft\u0131rma Merkezine (RAM) ba\u015fvurman\u0131z gerekir. Bu ba\u015fvuru ile \u00e7ocu\u011funuzun e\u011fitsel de\u011ferlendirme ve tan\u0131lama s\u00fcreci ba\u015flar. E\u011fitsel De\u011ferlendirme Nedir? E\u011fitsel de\u011ferlendirme, \u00e7ocu\u011funuzun; T\u00fcm geli\u015fim alanlar\u0131ndaki \u00f6zelliklerini, Akademik disiplin alanlar\u0131ndaki yeterliliklerini, E\u011fitim ihtiya\u00e7lar\u0131n\u0131<\/p>","protected":false},"author":1,"featured_media":0,"parent":6513,"menu_order":0,"comment_status":"closed","ping_status":"closed","template":"elementor_header_footer","meta":{"footnotes":""},"class_list":["post-6519","page","type-page","status-publish","hentry"],"yoast_head":"<!-- This site is optimized with the Yoast SEO Premium plugin v28.3 (Yoast SEO v28.3) - https:\/\/yoast.com\/product\/yoast-seo-premium-wordpress\/ -->\n<title>E\u011fitsel De\u011ferlendirme - Tohum Otizm Vakf\u0131 | Otizmin Tek \u00c7aresi E\u011fitim<\/title>\n<meta name=\"robots\" content=\"index, follow, max-snippet:-1, max-image-preview:large, max-video-preview:-1\" \/>\n<link rel=\"canonical\" href=\"https:\/\/wp1.sedaozcan.net.tr\/en\/otizm-nedir\/cocugum-otizmli-simdi-ne-yapacagim\/egitsel-degerlendirme\/\" \/>\n<meta property=\"og:locale\" content=\"en_US\" \/>\n<meta property=\"og:type\" content=\"article\" \/>\n<meta property=\"og:title\" content=\"E\u011fitsel De\u011ferlendirme\" \/>\n<meta property=\"og:description\" content=\"Otizm Nedir? \u00c7ocu\u011fum Otizmli \u015eimdi Ne Yapaca\u011f\u0131m ? E\u011fitsel De\u011ferlendirme Nedir? \u00c7ocu\u011funuz otizm tan\u0131s\u0131 ald\u0131ysa, devletin sundu\u011fu \u00f6zel e\u011fitim desteklerinden yararlanabilmesi i\u00e7in Rehberlik ve Ara\u015ft\u0131rma Merkezine (RAM) ba\u015fvurman\u0131z gerekir. Bu ba\u015fvuru ile \u00e7ocu\u011funuzun e\u011fitsel de\u011ferlendirme ve tan\u0131lama s\u00fcreci ba\u015flar. E\u011fitsel De\u011ferlendirme Nedir? E\u011fitsel de\u011ferlendirme, \u00e7ocu\u011funuzun; T\u00fcm geli\u015fim alanlar\u0131ndaki \u00f6zelliklerini, Akademik disiplin alanlar\u0131ndaki yeterliliklerini, E\u011fitim ihtiya\u00e7lar\u0131n\u0131\" \/>\n<meta property=\"og:url\" content=\"https:\/\/wp1.sedaozcan.net.tr\/en\/otizm-nedir\/cocugum-otizmli-simdi-ne-yapacagim\/egitsel-degerlendirme\/\" \/>\n<meta property=\"og:site_name\" content=\"Tohum Otizm Vakf\u0131 | Otizmin Tek \u00c7aresi E\u011fitim\" \/>\n<meta property=\"article:modified_time\" content=\"2026-08-13T20:04:16+00:00\" \/>\n<meta property=\"og:image\" content=\"https:\/\/wp1.sedaozcan.net.tr\/wp-content\/uploads\/2025\/10\/REHBERLIK-scaled-e1759846366712-1024x686.png\" \/>\n\t<meta property=\"og:image:width\" content=\"1024\" \/>\n\t<meta property=\"og:image:height\" content=\"686\" \/>\n\t<meta property=\"og:image:type\" content=\"image\/png\" \/>\n<meta name=\"twitter:card\" content=\"summary_large_image\" \/>\n<meta name=\"twitter:label1\" content=\"Est. reading time\" \/>\n\t<meta name=\"twitter:data1\" content=\"4 minutes\" \/>\n<script type=\"application\/ld+json\" class=\"yoast-schema-graph\">{\"@context\":\"https:\\\/\\\/schema.org\",\"@graph\":[{\"@type\":\"WebPage\",\"@id\":\"https:\\\/\\\/wp1.sedaozcan.net.tr\\\/otizm-nedir\\\/cocugum-otizmli-simdi-ne-yapacagim\\\/egitsel-degerlendirme\\\/\",\"url\":\"https:\\\/\\\/wp1.sedaozcan.net.tr\\\/otizm-nedir\\\/cocugum-otizmli-simdi-ne-yapacagim\\\/egitsel-degerlendirme\\\/\",\"name\":\"E\u011fitsel De\u011ferlendirme - Tohum Otizm Vakf\u0131 | Otizmin Tek \u00c7aresi E\u011fitim\",\"isPartOf\":{\"@id\":\"https:\\\/\\\/wp1.sedaozcan.net.tr\\\/#website\"},\"primaryImageOfPage\":{\"@id\":\"https:\\\/\\\/wp1.sedaozcan.net.tr\\\/otizm-nedir\\\/cocugum-otizmli-simdi-ne-yapacagim\\\/egitsel-degerlendirme\\\/#primaryimage\"},\"image\":{\"@id\":\"https:\\\/\\\/wp1.sedaozcan.net.tr\\\/otizm-nedir\\\/cocugum-otizmli-simdi-ne-yapacagim\\\/egitsel-degerlendirme\\\/#primaryimage\"},\"thumbnailUrl\":\"https:\\\/\\\/wp1.sedaozcan.net.tr\\\/wp-content\\\/uploads\\\/2025\\\/10\\\/REHBERLIK-scaled-e1759846366712.png\",\"datePublished\":\"2025-10-22T13:03:33+00:00\",\"dateModified\":\"2026-08-13T20:04:16+00:00\",\"breadcrumb\":{\"@id\":\"https:\\\/\\\/wp1.sedaozcan.net.tr\\\/otizm-nedir\\\/cocugum-otizmli-simdi-ne-yapacagim\\\/egitsel-degerlendirme\\\/#breadcrumb\"},\"inLanguage\":\"en-US\",\"potentialAction\":[{\"@type\":\"ReadAction\",\"target\":[\"https:\\\/\\\/wp1.sedaozcan.net.tr\\\/otizm-nedir\\\/cocugum-otizmli-simdi-ne-yapacagim\\\/egitsel-degerlendirme\\\/\"]}]},{\"@type\":\"ImageObject\",\"inLanguage\":\"en-US\",\"@id\":\"https:\\\/\\\/wp1.sedaozcan.net.tr\\\/otizm-nedir\\\/cocugum-otizmli-simdi-ne-yapacagim\\\/egitsel-degerlendirme\\\/#primaryimage\",\"url\":\"https:\\\/\\\/wp1.sedaozcan.net.tr\\\/wp-content\\\/uploads\\\/2025\\\/10\\\/REHBERLIK-scaled-e1759846366712.png\",\"contentUrl\":\"https:\\\/\\\/wp1.sedaozcan.net.tr\\\/wp-content\\\/uploads\\\/2025\\\/10\\\/REHBERLIK-scaled-e1759846366712.png\"},{\"@type\":\"BreadcrumbList\",\"@id\":\"https:\\\/\\\/wp1.sedaozcan.net.tr\\\/otizm-nedir\\\/cocugum-otizmli-simdi-ne-yapacagim\\\/egitsel-degerlendirme\\\/#breadcrumb\",\"itemListElement\":[{\"@type\":\"ListItem\",\"position\":1,\"name\":\"Home\",\"item\":\"https:\\\/\\\/wp1.sedaozcan.net.tr\\\/\"},{\"@type\":\"ListItem\",\"position\":2,\"name\":\"Otizm Nedir?\",\"item\":\"https:\\\/\\\/wp1.sedaozcan.net.tr\\\/otizm-nedir\\\/\"},{\"@type\":\"ListItem\",\"position\":3,\"name\":\"\u00c7ocu\u011fum Otizmli \u015eimdi Ne Yapaca\u011f\u0131m?\",\"item\":\"https:\\\/\\\/wp1.sedaozcan.net.tr\\\/otizm-nedir\\\/cocugum-otizmli-simdi-ne-yapacagim\\\/\"},{\"@type\":\"ListItem\",\"position\":4,\"name\":\"E\u011fitsel De\u011ferlendirme\"}]},{\"@type\":\"WebSite\",\"@id\":\"https:\\\/\\\/wp1.sedaozcan.net.tr\\\/#website\",\"url\":\"https:\\\/\\\/wp1.sedaozcan.net.tr\\\/\",\"name\":\"Tohum Otizm Vakf\u0131 | Otizmin Tek \u00c7aresi E\u011fitim\",\"description\":\"\",\"potentialAction\":[{\"@type\":\"SearchAction\",\"target\":{\"@type\":\"EntryPoint\",\"urlTemplate\":\"https:\\\/\\\/wp1.sedaozcan.net.tr\\\/?s={search_term_string}\"},\"query-input\":{\"@type\":\"PropertyValueSpecification\",\"valueRequired\":true,\"valueName\":\"search_term_string\"}}],\"inLanguage\":\"en-US\"},{\"@type\":\"ImageObject\",\"inLanguage\":\"en-US\",\"@id\":\"https:\\\/\\\/wp1.sedaozcan.net.tr\\\/otizm-nedir\\\/cocugum-otizmli-simdi-ne-yapacagim\\\/egitsel-degerlendirme\\\/#local-main-organization-logo\",\"url\":\"\",\"contentUrl\":\"\",\"caption\":\"Tohum Otizm Vakf\u0131 | Otizmin Tek \u00c7aresi E\u011fitim\"}]}<\/script>\n<!-- \/ Yoast SEO Premium plugin. -->","yoast_head_json":{"title":"E\u011fitsel De\u011ferlendirme - Tohum Otizm Vakf\u0131 | Otizmin Tek \u00c7aresi E\u011fitim","robots":{"index":"index","follow":"follow","max-snippet":"max-snippet:-1","max-image-preview":"max-image-preview:large","max-video-preview":"max-video-preview:-1"},"canonical":"https:\/\/wp1.sedaozcan.net.tr\/en\/otizm-nedir\/cocugum-otizmli-simdi-ne-yapacagim\/egitsel-degerlendirme\/","og_locale":"en_US","og_type":"article","og_title":"E\u011fitsel De\u011ferlendirme","og_description":"Otizm Nedir? \u00c7ocu\u011fum Otizmli \u015eimdi Ne Yapaca\u011f\u0131m ? E\u011fitsel De\u011ferlendirme Nedir? \u00c7ocu\u011funuz otizm tan\u0131s\u0131 ald\u0131ysa, devletin sundu\u011fu \u00f6zel e\u011fitim desteklerinden yararlanabilmesi i\u00e7in Rehberlik ve Ara\u015ft\u0131rma Merkezine (RAM) ba\u015fvurman\u0131z gerekir. Bu ba\u015fvuru ile \u00e7ocu\u011funuzun e\u011fitsel de\u011ferlendirme ve tan\u0131lama s\u00fcreci ba\u015flar. E\u011fitsel De\u011ferlendirme Nedir? E\u011fitsel de\u011ferlendirme, \u00e7ocu\u011funuzun; T\u00fcm geli\u015fim alanlar\u0131ndaki \u00f6zelliklerini, Akademik disiplin alanlar\u0131ndaki yeterliliklerini, E\u011fitim ihtiya\u00e7lar\u0131n\u0131","og_url":"https:\/\/wp1.sedaozcan.net.tr\/en\/otizm-nedir\/cocugum-otizmli-simdi-ne-yapacagim\/egitsel-degerlendirme\/","og_site_name":"Tohum Otizm Vakf\u0131 | Otizmin Tek \u00c7aresi E\u011fitim","article_modified_time":"2026-08-13T20:04:16+00:00","og_image":[{"width":1024,"height":686,"url":"https:\/\/wp1.sedaozcan.net.tr\/wp-content\/uploads\/2025\/10\/REHBERLIK-scaled-e1759846366712-1024x686.png","type":"image\/png"}],"twitter_card":"summary_large_image","twitter_misc":{"Est. reading time":"4 minutes"},"schema":{"@context":"https:\/\/schema.org","@graph":[{"@type":"WebPage","@id":"https:\/\/wp1.sedaozcan.net.tr\/otizm-nedir\/cocugum-otizmli-simdi-ne-yapacagim\/egitsel-degerlendirme\/","url":"https:\/\/wp1.sedaozcan.net.tr\/otizm-nedir\/cocugum-otizmli-simdi-ne-yapacagim\/egitsel-degerlendirme\/","name":"E\u011fitsel De\u011ferlendirme - Tohum Otizm Vakf\u0131 | Otizmin Tek \u00c7aresi E\u011fitim","isPartOf":{"@id":"https:\/\/wp1.sedaozcan.net.tr\/#website"},"primaryImageOfPage":{"@id":"https:\/\/wp1.sedaozcan.net.tr\/otizm-nedir\/cocugum-otizmli-simdi-ne-yapacagim\/egitsel-degerlendirme\/#primaryimage"},"image":{"@id":"https:\/\/wp1.sedaozcan.net.tr\/otizm-nedir\/cocugum-otizmli-simdi-ne-yapacagim\/egitsel-degerlendirme\/#primaryimage"},"thumbnailUrl":"https:\/\/wp1.sedaozcan.net.tr\/wp-content\/uploads\/2025\/10\/REHBERLIK-scaled-e1759846366712.png","datePublished":"2025-10-22T13:03:33+00:00","dateModified":"2026-08-13T20:04:16+00:00","breadcrumb":{"@id":"https:\/\/wp1.sedaozcan.net.tr\/otizm-nedir\/cocugum-otizmli-simdi-ne-yapacagim\/egitsel-degerlendirme\/#breadcrumb"},"inLanguage":"en-US","potentialAction":[{"@type":"ReadAction","target":["https:\/\/wp1.sedaozcan.net.tr\/otizm-nedir\/cocugum-otizmli-simdi-ne-yapacagim\/egitsel-degerlendirme\/"]}]},{"@type":"ImageObject","inLanguage":"en-US","@id":"https:\/\/wp1.sedaozcan.net.tr\/otizm-nedir\/cocugum-otizmli-simdi-ne-yapacagim\/egitsel-degerlendirme\/#primaryimage","url":"https:\/\/wp1.sedaozcan.net.tr\/wp-content\/uploads\/2025\/10\/REHBERLIK-scaled-e1759846366712.png","contentUrl":"https:\/\/wp1.sedaozcan.net.tr\/wp-content\/uploads\/2025\/10\/REHBERLIK-scaled-e1759846366712.png"},{"@type":"BreadcrumbList","@id":"https:\/\/wp1.sedaozcan.net.tr\/otizm-nedir\/cocugum-otizmli-simdi-ne-yapacagim\/egitsel-degerlendirme\/#breadcrumb","itemListElement":[{"@type":"ListItem","position":1,"name":"Home","item":"https:\/\/wp1.sedaozcan.net.tr\/"},{"@type":"ListItem","position":2,"name":"Otizm Nedir?","item":"https:\/\/wp1.sedaozcan.net.tr\/otizm-nedir\/"},{"@type":"ListItem","position":3,"name":"\u00c7ocu\u011fum Otizmli \u015eimdi Ne Yapaca\u011f\u0131m?","item":"https:\/\/wp1.sedaozcan.net.tr\/otizm-nedir\/cocugum-otizmli-simdi-ne-yapacagim\/"},{"@type":"ListItem","position":4,"name":"E\u011fitsel De\u011ferlendirme"}]},{"@type":"WebSite","@id":"https:\/\/wp1.sedaozcan.net.tr\/#website","url":"https:\/\/wp1.sedaozcan.net.tr\/","name":"Tohum Autism Foundation | The Only Remedy for Autism is Education","description":"","potentialAction":[{"@type":"SearchAction","target":{"@type":"EntryPoint","urlTemplate":"https:\/\/wp1.sedaozcan.net.tr\/?s={search_term_string}"},"query-input":{"@type":"PropertyValueSpecification","valueRequired":true,"valueName":"search_term_string"}}],"inLanguage":"en-US"},{"@type":"ImageObject","inLanguage":"en-US","@id":"https:\/\/wp1.sedaozcan.net.tr\/otizm-nedir\/cocugum-otizmli-simdi-ne-yapacagim\/egitsel-degerlendirme\/#local-main-organization-logo","url":"","contentUrl":"","caption":"Tohum Otizm Vakf\u0131 | Otizmin Tek \u00c7aresi E\u011fitim"}]}},"_links":{"self":[{"href":"https:\/\/wp1.sedaozcan.net.tr\/en\/wp-json\/wp\/v2\/pages\/6519","targetHints":{"allow":["GET"]}}],"collection":[{"href":"https:\/\/wp1.sedaozcan.net.tr\/en\/wp-json\/wp\/v2\/pages"}],"about":[{"href":"https:\/\/wp1.sedaozcan.net.tr\/en\/wp-json\/wp\/v2\/types\/page"}],"author":[{"embeddable":true,"href":"https:\/\/wp1.sedaozcan.net.tr\/en\/wp-json\/wp\/v2\/users\/1"}],"replies":[{"embeddable":true,"href":"https:\/\/wp1.sedaozcan.net.tr\/en\/wp-json\/wp\/v2\/comments?post=6519"}],"version-history":[{"count":31,"href":"https:\/\/wp1.sedaozcan.net.tr\/en\/wp-json\/wp\/v2\/pages\/6519\/revisions"}],"predecessor-version":[{"id":10211,"href":"https:\/\/wp1.sedaozcan.net.tr\/en\/wp-json\/wp\/v2\/pages\/6519\/revisions\/10211"}],"up":[{"embeddable":true,"href":"https:\/\/wp1.sedaozcan.net.tr\/en\/wp-json\/wp\/v2\/pages\/6513"}],"wp:attachment":[{"href":"https:\/\/wp1.sedaozcan.net.tr\/en\/wp-json\/wp\/v2\/media?parent=6519"}],"curies":[{"name":"wp","href":"https:\/\/api.w.org\/{rel}","templated":true}]}}