{"id":6029,"date":"2025-10-07T17:37:00","date_gmt":"2025-10-07T15:37:00","guid":{"rendered":"https:\/\/wp1.sedaozcan.net.tr\/?page_id=6029"},"modified":"2026-08-14T21:28:01","modified_gmt":"2026-08-14T19:28:01","slug":"otizmin-nedenleri","status":"publish","type":"page","link":"https:\/\/wp1.sedaozcan.net.tr\/en\/otizm-nedir\/otizm-spektrum-bozuklugu\/otizmin-nedenleri\/","title":{"rendered":"Otizmin Nedenleri"},"content":{"rendered":"<div data-elementor-type=\"wp-page\" data-elementor-id=\"6029\" class=\"elementor elementor-6029\" data-elementor-post-type=\"page\">\n\t\t\t\t\t\t<section class=\"elementor-section elementor-top-section elementor-element elementor-element-19e0496 elementor-section-height-min-height elementor-section-boxed elementor-section-height-default elementor-section-items-middle\" data-id=\"19e0496\" data-element_type=\"section\" data-e-type=\"section\" data-settings=\"{&quot;background_background&quot;:&quot;classic&quot;}\">\n\t\t\t\t\t\t\t<div class=\"elementor-background-overlay\"><\/div>\n\t\t\t\t\t\t\t<div class=\"elementor-container elementor-column-gap-no\">\n\t\t\t\t\t<div class=\"elementor-column elementor-col-100 elementor-top-column elementor-element elementor-element-d4a0bbc\" data-id=\"d4a0bbc\" data-element_type=\"column\" data-e-type=\"column\">\n\t\t\t<div class=\"elementor-widget-wrap elementor-element-populated\">\n\t\t\t\t\t\t<div class=\"elementor-element elementor-element-b73574f elementor-icon-list--layout-inline elementor-tablet-align-center elementor-list-item-link-full_width elementor-widget elementor-widget-icon-list\" data-id=\"b73574f\" data-element_type=\"widget\" data-e-type=\"widget\" data-widget_type=\"icon-list.default\">\n\t\t\t\t<div class=\"elementor-widget-container\">\n\t\t\t\t\t\t\t<ul class=\"elementor-icon-list-items elementor-inline-items\">\n\t\t\t\t\t\t\t<li class=\"elementor-icon-list-item elementor-inline-item\">\n\t\t\t\t\t\t\t\t\t\t<span class=\"elementor-icon-list-text\">What is Autism?<\/span>\n\t\t\t\t\t\t\t\t\t<\/li>\n\t\t\t\t\t\t\t\t<li class=\"elementor-icon-list-item elementor-inline-item\">\n\t\t\t\t\t\t\t\t\t\t<span class=\"elementor-icon-list-text\">Autism Spectrum Disorder<\/span>\n\t\t\t\t\t\t\t\t\t<\/li>\n\t\t\t\t\t\t<\/ul>\n\t\t\t\t\t\t<\/div>\n\t\t\t\t<\/div>\n\t\t\t\t<div class=\"elementor-element elementor-element-8cc58bd elementor-widget elementor-widget-heading\" data-id=\"8cc58bd\" data-element_type=\"widget\" data-e-type=\"widget\" data-widget_type=\"heading.default\">\n\t\t\t\t<div class=\"elementor-widget-container\">\n\t\t\t\t\t<h1 class=\"elementor-heading-title elementor-size-default\">Otizmin Nedenleri<\/h1>\t\t\t\t<\/div>\n\t\t\t\t<\/div>\n\t\t\t\t\t<\/div>\n\t\t<\/div>\n\t\t\t\t\t<\/div>\n\t\t<\/section>\n\t\t<div class=\"elementor-element elementor-element-eba9e7e e-flex e-con-boxed e-con e-parent\" data-id=\"eba9e7e\" data-element_type=\"container\" data-e-type=\"container\">\n\t\t\t\t\t<div class=\"e-con-inner\">\n\t\t\t\t<div class=\"elementor-element elementor-element-179150a elementor-widget elementor-widget-html\" data-id=\"179150a\" data-element_type=\"widget\" data-e-type=\"widget\" data-widget_type=\"html.default\">\n\t\t\t\t<div class=\"elementor-widget-container\">\n\t\t\t\t\t<!-- TOV | Otizmin Nedenleri | Elementor Custom HTML (Video + Paragraf Yap\u0131s\u0131) -->\n<link href=\"https:\/\/fonts.googleapis.com\/css2?family=Poppins:wght@700;800&family=Inter:wght@400;500;700&display=swap\" rel=\"stylesheet\" \/>\n\n<div id=\"tov-programs\">\n  <style>\n    \/* ===== Scope ===== *\/\n    #tov-programs * { box-sizing: border-box; }\n\n    \/* === Kurumsal Palet === *\/\n    #tov-programs{\n      --tov-blue:#026D92;\n      --tov-yellow:#FFD800;\n      --tov-ink:#222;\n      --tov-muted:#666;\n      --tov-border:#e9e9ee;\n      --tov-bg:#fafafa;\n      --tov-card:#ffffff;\n      --tov-shadow:0 10px 24px rgba(2,109,146,.12);\n      font-family: Inter, system-ui, -apple-system, Segoe UI, Roboto, Helvetica, Arial, \"Apple Color Emoji\",\"Segoe UI Emoji\";\n      color: var(--tov-ink);\n    }\n\n    #tov-programs .container{ max-width:1200px; margin:0 auto; padding:0; }\n\n    \/* Kart *\/\n    #tov-programs .card{\n      border:1px solid var(--tov-border);\n      border-radius:18px;\n      background:var(--tov-card);\n      padding:24px;\n      margin:18px 0;\n      box-shadow:var(--tov-shadow);\n    }\n\n    \/* Ba\u015fl\u0131klar *\/\n    #tov-programs h1, #tov-programs h2, #tov-programs h3{\n      font-family:Poppins, sans-serif !important;\n      font-weight:800 !important;\n      line-height:1.2 !important;\n      color:#111 !important;\n      margin:0 0 10px !important;\n    }\n\n    \/* Ba\u015fl\u0131k kutusu *\/\n    #tov-programs .heading-box{\n      position:relative;\n      border:1px solid var(--tov-border);\n      border-radius:16px;\n      background:linear-gradient(180deg,#fff, var(--tov-bg));\n      box-shadow:var(--tov-shadow);\n      padding:18px 20px;\n      margin:18px 0;\n      overflow:hidden;\n    }\n    #tov-programs .heading-box::before{\n      content:\"\"; position:absolute; left:0; top:0; bottom:0; width:6px;\n      background:linear-gradient(180deg, var(--tov-yellow), #fbe68a);\n    }\n\n    \/* Metin *\/\n    #tov-programs .lead{\n      font-size:clamp(16px,1.6vw,19px);\n      line-height:1.85;\n      color:#111;\n      font-weight:600;\n      margin:6px 0 14px;\n    }\n    #tov-programs p{ margin:14px 0; line-height:1.8; font-size:16.5px; color:var(--tov-ink); }\n\n    \/* Video Alan\u0131 - Tam Ekran Blok *\/\n    #tov-programs .video-wrapper {\n      position: relative;\n      padding-bottom: 56.25%; \/* 16:9 Aspect Ratio *\/\n      height: 0;\n      overflow: hidden;\n      border-radius: 18px;\n      margin: 24px 0;\n      box-shadow: var(--tov-shadow);\n      background: #000;\n    }\n    #tov-programs .video-wrapper iframe {\n      position: absolute;\n      top: 0;\n      left: 0;\n      width: 100%;\n      height: 100%;\n      border: 0;\n    }\n\n    \/* Bilgi kutusu *\/\n    #tov-programs .note{\n      background: var(--tov-bg);\n      border:1px solid var(--tov-border);\n      border-left:4px solid var(--tov-blue);\n      border-radius:12px;\n      padding:18px;\n      margin-top:20px;\n      box-shadow:0 4px 14px rgba(2,109,146,.06);\n      font-size: 16.5px;\n      line-height: 1.8;\n    }\n  <\/style>\n\n  <div class=\"container\">\n    <!-- \u00dcst Ba\u015fl\u0131k ve Giri\u015f -->\n    <section class=\"heading-box\">\n      <p class=\"lead\">\n        Otizmin nedeni g\u00fcn\u00fcm\u00fczde hala tam olarak bilinmemektedir. Ancak yap\u0131lan bilimsel ara\u015ft\u0131rmalar, otizmin ortaya \u00e7\u0131kmas\u0131nda birden fazla risk fakt\u00f6r\u00fcn\u00fcn ve bu fakt\u00f6rlerin etkile\u015fiminin rol oynayabilece\u011fini g\u00f6stermektedir.\n      <\/p>\n    <\/section>\n\n\n    <!-- \u0130\u00e7erik kart\u0131 (Paragraf Yap\u0131s\u0131) -->\n    <section class=\"card\">\n\t\t\n<div style=\"display: grid; grid-template-columns: 1fr 1fr; gap: 24px; align-items: start; align-items: center;\" class=\"two-col\">\t\t\n\t\t\n      <p>\n        Otizmin beynin yap\u0131s\u0131n\u0131 ya da i\u015fleyi\u015fini etkileyen geli\u015fim sorunlar\u0131ndan kaynakland\u0131\u011f\u0131 d\u00fc\u015f\u00fcn\u00fclmektedir. Nedeni kesin olarak bilinmemekle birlikte, mevcut veriler genetik fakt\u00f6rlerin etkisinin \u00f6n planda oldu\u011funa i\u015faret etmektedir. Buna kar\u015f\u0131n, otizmin tek bir gendeki bozulma ile ili\u015fkili olmad\u0131\u011f\u0131, \u00e7ok say\u0131da genin etkile\u015fimi ile ortaya \u00e7\u0131k\u0131yor olmas\u0131 ilgili genlerin belirlenmesini zorla\u015ft\u0131rmaktad\u0131r.\n\t\t  \n\t\t  <br>\n        \u00c7evresel fakt\u00f6rlerin ise, genetik yatk\u0131nl\u0131\u011f\u0131 olan bireylerde otizm riskini art\u0131rabilece\u011fi d\u00fc\u015f\u00fcn\u00fclmektedir. Bu nedenle genetik yap\u0131 ile \u00e7evresel etkiler aras\u0131ndaki ili\u015fkiyi anlamaya y\u00f6nelik \u00e7al\u0131\u015fmalar yo\u011fun bir \u015fekilde devam etmektedir.\n\n\t\t  \n      <\/p>\n \n\t\n    <div class=\"video-wrapper\">\n      <iframe src=\"https:\/\/www.youtube.com\/embed\/uyTNVEUnsOs\" title=\"YouTube video player\" allow=\"accelerometer; autoplay; clipboard-write; encrypted-media; gyroscope; picture-in-picture; web-share\" allowfullscreen><\/iframe>\n    <\/div>\t\n\t\n\t\n<\/div>\t\n\n\n      <!-- \u00d6nemli Vurgu -->\n      <div class=\"note\">\n        \u00d6nemle vurgulamak gerekir ki otizm \u00e7ocuk yeti\u015ftirme bi\u00e7imiyle ya da ailenin sosyoekonomik d\u00fczeyiyle ilgili de\u011fildir. Otizm; farkl\u0131 k\u00fclt\u00fcrlerde, co\u011frafyalarda, \u0131rklarda ve aile yap\u0131lar\u0131nda g\u00f6r\u00fclebilen, evrensel bir n\u00f6rogeli\u015fimsel farkl\u0131l\u0131kt\u0131r.\n      <\/div>\n    <\/section>\n  <\/div>\n<\/div>\t\t\t\t<\/div>\n\t\t\t\t<\/div>\n\t\t\t\t\t<\/div>\n\t\t\t\t<\/div>\n\t\t\t\t<section class=\"elementor-section elementor-top-section elementor-element elementor-element-c6121bf elementor-section-boxed elementor-section-height-default elementor-section-height-default\" data-id=\"c6121bf\" data-element_type=\"section\" data-e-type=\"section\">\n\t\t\t\t\t\t<div class=\"elementor-container elementor-column-gap-no\">\n\t\t\t\t\t<div class=\"elementor-column elementor-col-100 elementor-top-column elementor-element elementor-element-8a1bac4\" data-id=\"8a1bac4\" data-element_type=\"column\" data-e-type=\"column\">\n\t\t\t<div class=\"elementor-widget-wrap elementor-element-populated\">\n\t\t\t\t\t\t<section class=\"elementor-section elementor-inner-section elementor-element elementor-element-40a8521 elementor-section-boxed elementor-section-height-default elementor-section-height-default\" data-id=\"40a8521\" data-element_type=\"section\" data-e-type=\"section\">\n\t\t\t\t\t\t<div class=\"elementor-container elementor-column-gap-no\">\n\t\t\t\t\t<div class=\"elementor-column elementor-col-50 elementor-inner-column elementor-element elementor-element-1e43b9a\" data-id=\"1e43b9a\" data-element_type=\"column\" data-e-type=\"column\" data-settings=\"{&quot;background_background&quot;:&quot;classic&quot;}\">\n\t\t\t<div class=\"elementor-widget-wrap elementor-element-populated\">\n\t\t\t\t\t\t<div class=\"elementor-element elementor-element-669be27 elementor-widget__width-initial elementor-widget elementor-widget-image\" data-id=\"669be27\" data-element_type=\"widget\" data-e-type=\"widget\" data-widget_type=\"image.default\">\n\t\t\t\t<div class=\"elementor-widget-container\">\n\t\t\t\t\t\t\t\t\t\t\t\t\t\t\t<img fetchpriority=\"high\" decoding=\"async\" width=\"2150\" height=\"1440\" src=\"https:\/\/wp1.sedaozcan.net.tr\/wp-content\/uploads\/2025\/10\/REHBERLIK-scaled-e1759846366712.png\" class=\"attachment-full size-full wp-image-5127\" alt=\"\" srcset=\"https:\/\/wp1.sedaozcan.net.tr\/wp-content\/uploads\/2025\/10\/REHBERLIK-scaled-e1759846366712.png 2150w, https:\/\/wp1.sedaozcan.net.tr\/wp-content\/uploads\/2025\/10\/REHBERLIK-scaled-e1759846366712-300x201.png 300w, https:\/\/wp1.sedaozcan.net.tr\/wp-content\/uploads\/2025\/10\/REHBERLIK-scaled-e1759846366712-1024x686.png 1024w, https:\/\/wp1.sedaozcan.net.tr\/wp-content\/uploads\/2025\/10\/REHBERLIK-scaled-e1759846366712-768x514.png 768w, https:\/\/wp1.sedaozcan.net.tr\/wp-content\/uploads\/2025\/10\/REHBERLIK-scaled-e1759846366712-1536x1029.png 1536w, https:\/\/wp1.sedaozcan.net.tr\/wp-content\/uploads\/2025\/10\/REHBERLIK-scaled-e1759846366712-2048x1372.png 2048w, https:\/\/wp1.sedaozcan.net.tr\/wp-content\/uploads\/2025\/10\/REHBERLIK-scaled-e1759846366712-600x402.png 600w\" sizes=\"(max-width: 2150px) 100vw, 2150px\" \/>\t\t\t\t\t\t\t\t\t\t\t\t\t\t\t<\/div>\n\t\t\t\t<\/div>\n\t\t\t\t\t<\/div>\n\t\t<\/div>\n\t\t\t\t<div class=\"elementor-column elementor-col-50 elementor-inner-column elementor-element elementor-element-190c74c\" data-id=\"190c74c\" data-element_type=\"column\" data-e-type=\"column\" data-settings=\"{&quot;background_background&quot;:&quot;classic&quot;}\">\n\t\t\t<div class=\"elementor-widget-wrap elementor-element-populated\">\n\t\t\t\t<div class=\"elementor-element elementor-element-a1d8b71 e-con-full e-flex e-con e-parent\" data-id=\"a1d8b71\" data-element_type=\"container\" data-e-type=\"container\">\n\t\t\t\t<div class=\"elementor-element elementor-element-2086651 elementor-widget__width-initial elementor-widget elementor-widget-image-box\" data-id=\"2086651\" data-element_type=\"widget\" data-e-type=\"widget\" data-widget_type=\"image-box.default\">\n\t\t\t\t<div class=\"elementor-widget-container\">\n\t\t\t\t\t<div class=\"elementor-image-box-wrapper\"><div class=\"elementor-image-box-content\"><h2 class=\"elementor-image-box-title\">Guidance Department<\/h2><p class=\"elementor-image-box-description\">Book a free educational evaluation appointment.<\/p><\/div><\/div>\t\t\t\t<\/div>\n\t\t\t\t<\/div>\n\t\t\t\t<\/div>\n\t\t<div class=\"elementor-element elementor-element-e06ecec e-con-full e-flex e-con e-parent\" data-id=\"e06ecec\" data-element_type=\"container\" data-e-type=\"container\">\n\t\t\t\t<div class=\"elementor-element elementor-element-f701ee6 elementor-view-default elementor-widget elementor-widget-icon\" data-id=\"f701ee6\" data-element_type=\"widget\" data-e-type=\"widget\" data-widget_type=\"icon.default\">\n\t\t\t\t<div class=\"elementor-widget-container\">\n\t\t\t\t\t\t\t<div class=\"elementor-icon-wrapper\">\n\t\t\t<a class=\"elementor-icon\" href=\"\">\n\t\t\t<i aria-hidden=\"true\" class=\"ci ci-email1\"><\/i>\t\t\t<\/a>\n\t\t<\/div>\n\t\t\t\t\t\t<\/div>\n\t\t\t\t<\/div>\n\t\t\t\t<div class=\"elementor-element elementor-element-5187268 elementor-view-default elementor-widget elementor-widget-icon\" data-id=\"5187268\" data-element_type=\"widget\" data-e-type=\"widget\" data-widget_type=\"icon.default\">\n\t\t\t\t<div class=\"elementor-widget-container\">\n\t\t\t\t\t\t\t<div class=\"elementor-icon-wrapper\">\n\t\t\t<a class=\"elementor-icon\" href=\"tel:+902122489430\">\n\t\t\t<i aria-hidden=\"true\" class=\"icon icon-phone-call1\"><\/i>\t\t\t<\/a>\n\t\t<\/div>\n\t\t\t\t\t\t<\/div>\n\t\t\t\t<\/div>\n\t\t\t\t<\/div>\n\t\t\t\t<div class=\"elementor-element elementor-element-a7e729f elementor-widget elementor-widget-text-editor\" data-id=\"a7e729f\" data-element_type=\"widget\" data-e-type=\"widget\" data-widget_type=\"text-editor.default\">\n\t\t\t\t<div class=\"elementor-widget-container\">\n\t\t\t\t\t\t\t\t\t<p style=\"text-align: center;\"><strong><a href=\"mailto:rehberlik@tohumotizm.org.tr\">rehberlik@tohumotizm.org.tr<\/a><\/strong><br>\n<strong><a href=\"tel:+902122489430\">+90 (212) 248 94 30<\/a><\/strong><\/p>\t\t\t\t\t\t\t\t<\/div>\n\t\t\t\t<\/div>\n\t\t\t\t\t<\/div>\n\t\t<\/div>\n\t\t\t\t\t<\/div>\n\t\t<\/section>\n\t\t\t\t\t<\/div>\n\t\t<\/div>\n\t\t\t\t\t<\/div>\n\t\t<\/section>\n\t\t\t\t<\/div>","protected":false},"excerpt":{"rendered":"<p>Otizm Nedir? Otizm Spektrum Bozuklu\u011fu Otizmin Nedenleri Otizmin nedeni g\u00fcn\u00fcm\u00fczde hala tam olarak bilinmemektedir. Ancak yap\u0131lan bilimsel ara\u015ft\u0131rmalar, otizmin ortaya \u00e7\u0131kmas\u0131nda birden fazla risk fakt\u00f6r\u00fcn\u00fcn ve bu fakt\u00f6rlerin etkile\u015fiminin rol oynayabilece\u011fini g\u00f6stermektedir. Otizmin beynin yap\u0131s\u0131n\u0131 ya da i\u015fleyi\u015fini etkileyen geli\u015fim sorunlar\u0131ndan kaynakland\u0131\u011f\u0131 d\u00fc\u015f\u00fcn\u00fclmektedir. Nedeni kesin olarak bilinmemekle birlikte, mevcut veriler genetik fakt\u00f6rlerin etkisinin \u00f6n planda<\/p>","protected":false},"author":1,"featured_media":0,"parent":4610,"menu_order":0,"comment_status":"closed","ping_status":"closed","template":"elementor_header_footer","meta":{"footnotes":""},"class_list":["post-6029","page","type-page","status-publish","hentry"],"yoast_head":"<!-- This site is optimized with the Yoast SEO Premium plugin v28.3 (Yoast SEO v28.3) - https:\/\/yoast.com\/product\/yoast-seo-premium-wordpress\/ -->\n<title>Otizmin Nedenleri - Tohum Otizm Vakf\u0131 | Otizmin Tek \u00c7aresi E\u011fitim<\/title>\n<meta name=\"robots\" content=\"index, follow, max-snippet:-1, max-image-preview:large, max-video-preview:-1\" \/>\n<link rel=\"canonical\" href=\"https:\/\/wp1.sedaozcan.net.tr\/en\/otizm-nedir\/otizm-spektrum-bozuklugu\/otizmin-nedenleri\/\" \/>\n<meta property=\"og:locale\" content=\"en_US\" \/>\n<meta property=\"og:type\" content=\"article\" \/>\n<meta property=\"og:title\" content=\"Otizmin Nedenleri\" \/>\n<meta property=\"og:description\" content=\"Otizm Nedir? Otizm Spektrum Bozuklu\u011fu Otizmin Nedenleri Otizmin nedeni g\u00fcn\u00fcm\u00fczde hala tam olarak bilinmemektedir. Ancak yap\u0131lan bilimsel ara\u015ft\u0131rmalar, otizmin ortaya \u00e7\u0131kmas\u0131nda birden fazla risk fakt\u00f6r\u00fcn\u00fcn ve bu fakt\u00f6rlerin etkile\u015fiminin rol oynayabilece\u011fini g\u00f6stermektedir. Otizmin beynin yap\u0131s\u0131n\u0131 ya da i\u015fleyi\u015fini etkileyen geli\u015fim sorunlar\u0131ndan kaynakland\u0131\u011f\u0131 d\u00fc\u015f\u00fcn\u00fclmektedir. Nedeni kesin olarak bilinmemekle birlikte, mevcut veriler genetik fakt\u00f6rlerin etkisinin \u00f6n planda\" \/>\n<meta property=\"og:url\" content=\"https:\/\/wp1.sedaozcan.net.tr\/en\/otizm-nedir\/otizm-spektrum-bozuklugu\/otizmin-nedenleri\/\" \/>\n<meta property=\"og:site_name\" content=\"Tohum Otizm Vakf\u0131 | Otizmin Tek \u00c7aresi E\u011fitim\" \/>\n<meta property=\"article:modified_time\" content=\"2026-08-14T19:28:01+00:00\" \/>\n<meta property=\"og:image\" content=\"https:\/\/wp1.sedaozcan.net.tr\/wp-content\/uploads\/2025\/10\/REHBERLIK-scaled-e1759846366712-1024x686.png\" \/>\n\t<meta property=\"og:image:width\" content=\"1024\" \/>\n\t<meta property=\"og:image:height\" content=\"686\" \/>\n\t<meta property=\"og:image:type\" content=\"image\/png\" \/>\n<meta name=\"twitter:card\" content=\"summary_large_image\" \/>\n<meta name=\"twitter:label1\" content=\"Est. reading time\" \/>\n\t<meta name=\"twitter:data1\" content=\"1 minute\" \/>\n<script type=\"application\/ld+json\" class=\"yoast-schema-graph\">{\"@context\":\"https:\\\/\\\/schema.org\",\"@graph\":[{\"@type\":\"WebPage\",\"@id\":\"https:\\\/\\\/wp1.sedaozcan.net.tr\\\/otizm-nedir\\\/otizm-spektrum-bozuklugu\\\/otizmin-nedenleri\\\/\",\"url\":\"https:\\\/\\\/wp1.sedaozcan.net.tr\\\/otizm-nedir\\\/otizm-spektrum-bozuklugu\\\/otizmin-nedenleri\\\/\",\"name\":\"Otizmin Nedenleri - Tohum Otizm Vakf\u0131 | Otizmin Tek \u00c7aresi E\u011fitim\",\"isPartOf\":{\"@id\":\"https:\\\/\\\/wp1.sedaozcan.net.tr\\\/#website\"},\"primaryImageOfPage\":{\"@id\":\"https:\\\/\\\/wp1.sedaozcan.net.tr\\\/otizm-nedir\\\/otizm-spektrum-bozuklugu\\\/otizmin-nedenleri\\\/#primaryimage\"},\"image\":{\"@id\":\"https:\\\/\\\/wp1.sedaozcan.net.tr\\\/otizm-nedir\\\/otizm-spektrum-bozuklugu\\\/otizmin-nedenleri\\\/#primaryimage\"},\"thumbnailUrl\":\"https:\\\/\\\/wp1.sedaozcan.net.tr\\\/wp-content\\\/uploads\\\/2025\\\/10\\\/REHBERLIK-scaled-e1759846366712.png\",\"datePublished\":\"2025-10-07T15:37:00+00:00\",\"dateModified\":\"2026-08-14T19:28:01+00:00\",\"breadcrumb\":{\"@id\":\"https:\\\/\\\/wp1.sedaozcan.net.tr\\\/otizm-nedir\\\/otizm-spektrum-bozuklugu\\\/otizmin-nedenleri\\\/#breadcrumb\"},\"inLanguage\":\"en-US\",\"potentialAction\":[{\"@type\":\"ReadAction\",\"target\":[\"https:\\\/\\\/wp1.sedaozcan.net.tr\\\/otizm-nedir\\\/otizm-spektrum-bozuklugu\\\/otizmin-nedenleri\\\/\"]}]},{\"@type\":\"ImageObject\",\"inLanguage\":\"en-US\",\"@id\":\"https:\\\/\\\/wp1.sedaozcan.net.tr\\\/otizm-nedir\\\/otizm-spektrum-bozuklugu\\\/otizmin-nedenleri\\\/#primaryimage\",\"url\":\"https:\\\/\\\/wp1.sedaozcan.net.tr\\\/wp-content\\\/uploads\\\/2025\\\/10\\\/REHBERLIK-scaled-e1759846366712.png\",\"contentUrl\":\"https:\\\/\\\/wp1.sedaozcan.net.tr\\\/wp-content\\\/uploads\\\/2025\\\/10\\\/REHBERLIK-scaled-e1759846366712.png\"},{\"@type\":\"BreadcrumbList\",\"@id\":\"https:\\\/\\\/wp1.sedaozcan.net.tr\\\/otizm-nedir\\\/otizm-spektrum-bozuklugu\\\/otizmin-nedenleri\\\/#breadcrumb\",\"itemListElement\":[{\"@type\":\"ListItem\",\"position\":1,\"name\":\"Home\",\"item\":\"https:\\\/\\\/wp1.sedaozcan.net.tr\\\/\"},{\"@type\":\"ListItem\",\"position\":2,\"name\":\"Otizm Nedir?\",\"item\":\"https:\\\/\\\/wp1.sedaozcan.net.tr\\\/otizm-nedir\\\/\"},{\"@type\":\"ListItem\",\"position\":3,\"name\":\"Otizm Spektrum Bozuklu\u011fu\",\"item\":\"https:\\\/\\\/wp1.sedaozcan.net.tr\\\/otizm-nedir\\\/otizm-spektrum-bozuklugu\\\/\"},{\"@type\":\"ListItem\",\"position\":4,\"name\":\"Otizmin Nedenleri\"}]},{\"@type\":\"WebSite\",\"@id\":\"https:\\\/\\\/wp1.sedaozcan.net.tr\\\/#website\",\"url\":\"https:\\\/\\\/wp1.sedaozcan.net.tr\\\/\",\"name\":\"Tohum Otizm Vakf\u0131 | Otizmin Tek \u00c7aresi E\u011fitim\",\"description\":\"\",\"potentialAction\":[{\"@type\":\"SearchAction\",\"target\":{\"@type\":\"EntryPoint\",\"urlTemplate\":\"https:\\\/\\\/wp1.sedaozcan.net.tr\\\/?s={search_term_string}\"},\"query-input\":{\"@type\":\"PropertyValueSpecification\",\"valueRequired\":true,\"valueName\":\"search_term_string\"}}],\"inLanguage\":\"en-US\"},{\"@type\":\"ImageObject\",\"inLanguage\":\"en-US\",\"@id\":\"https:\\\/\\\/wp1.sedaozcan.net.tr\\\/otizm-nedir\\\/otizm-spektrum-bozuklugu\\\/otizmin-nedenleri\\\/#local-main-organization-logo\",\"url\":\"\",\"contentUrl\":\"\",\"caption\":\"Tohum Otizm Vakf\u0131 | Otizmin Tek \u00c7aresi E\u011fitim\"}]}<\/script>\n<!-- \/ Yoast SEO Premium plugin. -->","yoast_head_json":{"title":"Otizmin Nedenleri - Tohum Otizm Vakf\u0131 | Otizmin Tek \u00c7aresi E\u011fitim","robots":{"index":"index","follow":"follow","max-snippet":"max-snippet:-1","max-image-preview":"max-image-preview:large","max-video-preview":"max-video-preview:-1"},"canonical":"https:\/\/wp1.sedaozcan.net.tr\/en\/otizm-nedir\/otizm-spektrum-bozuklugu\/otizmin-nedenleri\/","og_locale":"en_US","og_type":"article","og_title":"Otizmin Nedenleri","og_description":"Otizm Nedir? Otizm Spektrum Bozuklu\u011fu Otizmin Nedenleri Otizmin nedeni g\u00fcn\u00fcm\u00fczde hala tam olarak bilinmemektedir. Ancak yap\u0131lan bilimsel ara\u015ft\u0131rmalar, otizmin ortaya \u00e7\u0131kmas\u0131nda birden fazla risk fakt\u00f6r\u00fcn\u00fcn ve bu fakt\u00f6rlerin etkile\u015fiminin rol oynayabilece\u011fini g\u00f6stermektedir. Otizmin beynin yap\u0131s\u0131n\u0131 ya da i\u015fleyi\u015fini etkileyen geli\u015fim sorunlar\u0131ndan kaynakland\u0131\u011f\u0131 d\u00fc\u015f\u00fcn\u00fclmektedir. Nedeni kesin olarak bilinmemekle birlikte, mevcut veriler genetik fakt\u00f6rlerin etkisinin \u00f6n planda","og_url":"https:\/\/wp1.sedaozcan.net.tr\/en\/otizm-nedir\/otizm-spektrum-bozuklugu\/otizmin-nedenleri\/","og_site_name":"Tohum Otizm Vakf\u0131 | Otizmin Tek \u00c7aresi E\u011fitim","article_modified_time":"2026-08-14T19:28:01+00:00","og_image":[{"width":1024,"height":686,"url":"https:\/\/wp1.sedaozcan.net.tr\/wp-content\/uploads\/2025\/10\/REHBERLIK-scaled-e1759846366712-1024x686.png","type":"image\/png"}],"twitter_card":"summary_large_image","twitter_misc":{"Est. reading time":"1 minute"},"schema":{"@context":"https:\/\/schema.org","@graph":[{"@type":"WebPage","@id":"https:\/\/wp1.sedaozcan.net.tr\/otizm-nedir\/otizm-spektrum-bozuklugu\/otizmin-nedenleri\/","url":"https:\/\/wp1.sedaozcan.net.tr\/otizm-nedir\/otizm-spektrum-bozuklugu\/otizmin-nedenleri\/","name":"Otizmin Nedenleri - Tohum Otizm Vakf\u0131 | Otizmin Tek \u00c7aresi E\u011fitim","isPartOf":{"@id":"https:\/\/wp1.sedaozcan.net.tr\/#website"},"primaryImageOfPage":{"@id":"https:\/\/wp1.sedaozcan.net.tr\/otizm-nedir\/otizm-spektrum-bozuklugu\/otizmin-nedenleri\/#primaryimage"},"image":{"@id":"https:\/\/wp1.sedaozcan.net.tr\/otizm-nedir\/otizm-spektrum-bozuklugu\/otizmin-nedenleri\/#primaryimage"},"thumbnailUrl":"https:\/\/wp1.sedaozcan.net.tr\/wp-content\/uploads\/2025\/10\/REHBERLIK-scaled-e1759846366712.png","datePublished":"2025-10-07T15:37:00+00:00","dateModified":"2026-08-14T19:28:01+00:00","breadcrumb":{"@id":"https:\/\/wp1.sedaozcan.net.tr\/otizm-nedir\/otizm-spektrum-bozuklugu\/otizmin-nedenleri\/#breadcrumb"},"inLanguage":"en-US","potentialAction":[{"@type":"ReadAction","target":["https:\/\/wp1.sedaozcan.net.tr\/otizm-nedir\/otizm-spektrum-bozuklugu\/otizmin-nedenleri\/"]}]},{"@type":"ImageObject","inLanguage":"en-US","@id":"https:\/\/wp1.sedaozcan.net.tr\/otizm-nedir\/otizm-spektrum-bozuklugu\/otizmin-nedenleri\/#primaryimage","url":"https:\/\/wp1.sedaozcan.net.tr\/wp-content\/uploads\/2025\/10\/REHBERLIK-scaled-e1759846366712.png","contentUrl":"https:\/\/wp1.sedaozcan.net.tr\/wp-content\/uploads\/2025\/10\/REHBERLIK-scaled-e1759846366712.png"},{"@type":"BreadcrumbList","@id":"https:\/\/wp1.sedaozcan.net.tr\/otizm-nedir\/otizm-spektrum-bozuklugu\/otizmin-nedenleri\/#breadcrumb","itemListElement":[{"@type":"ListItem","position":1,"name":"Home","item":"https:\/\/wp1.sedaozcan.net.tr\/"},{"@type":"ListItem","position":2,"name":"Otizm Nedir?","item":"https:\/\/wp1.sedaozcan.net.tr\/otizm-nedir\/"},{"@type":"ListItem","position":3,"name":"Otizm Spektrum Bozuklu\u011fu","item":"https:\/\/wp1.sedaozcan.net.tr\/otizm-nedir\/otizm-spektrum-bozuklugu\/"},{"@type":"ListItem","position":4,"name":"Otizmin Nedenleri"}]},{"@type":"WebSite","@id":"https:\/\/wp1.sedaozcan.net.tr\/#website","url":"https:\/\/wp1.sedaozcan.net.tr\/","name":"Tohum Autism Foundation | The Only Remedy for Autism is Education","description":"","potentialAction":[{"@type":"SearchAction","target":{"@type":"EntryPoint","urlTemplate":"https:\/\/wp1.sedaozcan.net.tr\/?s={search_term_string}"},"query-input":{"@type":"PropertyValueSpecification","valueRequired":true,"valueName":"search_term_string"}}],"inLanguage":"en-US"},{"@type":"ImageObject","inLanguage":"en-US","@id":"https:\/\/wp1.sedaozcan.net.tr\/otizm-nedir\/otizm-spektrum-bozuklugu\/otizmin-nedenleri\/#local-main-organization-logo","url":"","contentUrl":"","caption":"Tohum Otizm Vakf\u0131 | Otizmin Tek \u00c7aresi E\u011fitim"}]}},"_links":{"self":[{"href":"https:\/\/wp1.sedaozcan.net.tr\/en\/wp-json\/wp\/v2\/pages\/6029","targetHints":{"allow":["GET"]}}],"collection":[{"href":"https:\/\/wp1.sedaozcan.net.tr\/en\/wp-json\/wp\/v2\/pages"}],"about":[{"href":"https:\/\/wp1.sedaozcan.net.tr\/en\/wp-json\/wp\/v2\/types\/page"}],"author":[{"embeddable":true,"href":"https:\/\/wp1.sedaozcan.net.tr\/en\/wp-json\/wp\/v2\/users\/1"}],"replies":[{"embeddable":true,"href":"https:\/\/wp1.sedaozcan.net.tr\/en\/wp-json\/wp\/v2\/comments?post=6029"}],"version-history":[{"count":37,"href":"https:\/\/wp1.sedaozcan.net.tr\/en\/wp-json\/wp\/v2\/pages\/6029\/revisions"}],"predecessor-version":[{"id":10667,"href":"https:\/\/wp1.sedaozcan.net.tr\/en\/wp-json\/wp\/v2\/pages\/6029\/revisions\/10667"}],"up":[{"embeddable":true,"href":"https:\/\/wp1.sedaozcan.net.tr\/en\/wp-json\/wp\/v2\/pages\/4610"}],"wp:attachment":[{"href":"https:\/\/wp1.sedaozcan.net.tr\/en\/wp-json\/wp\/v2\/media?parent=6029"}],"curies":[{"name":"wp","href":"https:\/\/api.w.org\/{rel}","templated":true}]}}