{"id":6025,"date":"2025-10-07T17:37:01","date_gmt":"2025-10-07T15:37:01","guid":{"rendered":"https:\/\/wp1.sedaozcan.net.tr\/?page_id=6025"},"modified":"2026-08-13T21:46:21","modified_gmt":"2026-08-13T19:46:21","slug":"yetiskinlik-doneminde-otizm","status":"publish","type":"page","link":"https:\/\/wp1.sedaozcan.net.tr\/en\/otizm-nedir\/otizm-spektrum-bozuklugu\/yetiskinlik-doneminde-otizm\/","title":{"rendered":"Yeti\u015fkinlik D\u00f6neminde Otizm"},"content":{"rendered":"<div data-elementor-type=\"wp-page\" data-elementor-id=\"6025\" class=\"elementor elementor-6025\" data-elementor-post-type=\"page\">\n\t\t\t\t\t\t<section class=\"elementor-section elementor-top-section elementor-element elementor-element-19e0496 elementor-section-height-min-height elementor-section-boxed elementor-section-height-default elementor-section-items-middle\" data-id=\"19e0496\" data-element_type=\"section\" data-e-type=\"section\" data-settings=\"{&quot;background_background&quot;:&quot;classic&quot;}\">\n\t\t\t\t\t\t\t<div class=\"elementor-background-overlay\"><\/div>\n\t\t\t\t\t\t\t<div class=\"elementor-container elementor-column-gap-no\">\n\t\t\t\t\t<div class=\"elementor-column elementor-col-100 elementor-top-column elementor-element elementor-element-d4a0bbc\" data-id=\"d4a0bbc\" data-element_type=\"column\" data-e-type=\"column\">\n\t\t\t<div class=\"elementor-widget-wrap elementor-element-populated\">\n\t\t\t\t\t\t<div class=\"elementor-element elementor-element-b73574f elementor-icon-list--layout-inline elementor-tablet-align-center elementor-list-item-link-full_width elementor-widget elementor-widget-icon-list\" data-id=\"b73574f\" data-element_type=\"widget\" data-e-type=\"widget\" data-widget_type=\"icon-list.default\">\n\t\t\t\t<div class=\"elementor-widget-container\">\n\t\t\t\t\t\t\t<ul class=\"elementor-icon-list-items elementor-inline-items\">\n\t\t\t\t\t\t\t<li class=\"elementor-icon-list-item elementor-inline-item\">\n\t\t\t\t\t\t\t\t\t\t<span class=\"elementor-icon-list-text\">What is Autism?<\/span>\n\t\t\t\t\t\t\t\t\t<\/li>\n\t\t\t\t\t\t\t\t<li class=\"elementor-icon-list-item elementor-inline-item\">\n\t\t\t\t\t\t\t\t\t\t<span class=\"elementor-icon-list-text\">Autism Spectrum Disorder<\/span>\n\t\t\t\t\t\t\t\t\t<\/li>\n\t\t\t\t\t\t<\/ul>\n\t\t\t\t\t\t<\/div>\n\t\t\t\t<\/div>\n\t\t\t\t<div class=\"elementor-element elementor-element-8cc58bd elementor-widget elementor-widget-heading\" data-id=\"8cc58bd\" data-element_type=\"widget\" data-e-type=\"widget\" data-widget_type=\"heading.default\">\n\t\t\t\t<div class=\"elementor-widget-container\">\n\t\t\t\t\t<h1 class=\"elementor-heading-title elementor-size-default\">Yeti\u015fkinlik D\u00f6neminde Otizm<\/h1>\t\t\t\t<\/div>\n\t\t\t\t<\/div>\n\t\t\t\t\t<\/div>\n\t\t<\/div>\n\t\t\t\t\t<\/div>\n\t\t<\/section>\n\t\t<div class=\"elementor-element elementor-element-960013e e-flex e-con-boxed e-con e-parent\" data-id=\"960013e\" data-element_type=\"container\" data-e-type=\"container\">\n\t\t\t\t\t<div class=\"e-con-inner\">\n\t\t\t\t<div class=\"elementor-element elementor-element-4613352 elementor-widget elementor-widget-html\" data-id=\"4613352\" data-element_type=\"widget\" data-e-type=\"widget\" data-widget_type=\"html.default\">\n\t\t\t\t<div class=\"elementor-widget-container\">\n\t\t\t\t\t<link href=\"https:\/\/fonts.googleapis.com\/css2?family=Poppins:wght@700;800&family=Inter:wght@400;500;700&display=swap\" rel=\"stylesheet\" \/>\n\n<div id=\"tov-programs\">\n  <style>\n    \/* ===== Scope: sadece bu blok ve Elementor \u00e7ak\u0131\u015fmalar\u0131n\u0131 bast\u0131r\u0131r ===== *\/\n    #tov-programs * { box-sizing: border-box; }\n\n    \/* === Kurumsal Palet === *\/\n    #tov-programs{\n      --tov-blue:#026D92;\n      --tov-yellow:#FFD800;\n      --tov-ink:#222;\n      --tov-border:#e9e9ee;\n      --tov-card:#ffffff;\n      --tov-shadow:0 10px 24px rgba(2,109,146,.12);\n      font-family: Inter, system-ui, -apple-system, Segoe UI, Roboto, Helvetica, Arial, \"Apple Color Emoji\",\"Segoe UI Emoji\";\n      color: var(--tov-ink);\n    }\n\n    #tov-programs .container{ max-width:1200px; margin:0 auto; padding:0px; }\n\n    \/* Kart *\/\n    #tov-programs .card{\n      border:1px solid var(--tov-border);\n      border-radius:18px;\n      background:var(--tov-card);\n      padding:28px;\n      margin:22px 0;\n      box-shadow:var(--tov-shadow);\n    }\n\n    \/* Ba\u015fl\u0131klar *\/\n    #tov-programs h1,#tov-programs h2,#tov-programs h3,#tov-programs h4,#tov-programs h5,#tov-programs h6{\n      font-family:Poppins, sans-serif !important;\n      font-weight:800 !important;\n      line-height:1.15 !important;\n      color:#111 !important;\n      margin:0 0 12px !important;\n      letter-spacing:0 !important;\n    }\n\n    \/* B\u00f6l\u00fcm ba\u015fl\u0131klar\u0131 *\/\n    #tov-programs .section-title{\n      font-size:26px;\n      position:relative;\n      padding-bottom:10px;\n      text-transform: none !important;\n    }\n    #tov-programs .section-title::after{\n      content:\"\"; display:block; width:56px; height:4px; background:var(--tov-yellow);\n      border-radius:999px; margin-top:8px;\n    }\n\n    \/* Alt ba\u015fl\u0131klar *\/\n    #tov-programs .subhead{\n      margin:18px 0 8px;\n      font-weight:800;\n      font-size:19px;\n      line-height:1.3;\n      font-family:Poppins, sans-serif;\n      color:#111;\n    }\n\n    \/* Metin *\/\n    #tov-programs p{ margin:12px 0; line-height:1.8; font-size:16.5px; color:#111; }\n    \n    #tov-programs .lead{\n      font-size: clamp(16px, 1.9vw, 20px);\n      line-height:1.85;\n      color:#111;\n      font-weight:600;\n      letter-spacing:-0.005em;\n      margin:6px 0 14px;\n    }\n\n    \/* >>> \u0130lk paragraf vurgu blo\u011fu <<< *\/\n    #tov-programs .hero-lead{\n      position:relative;\n      background: linear-gradient(180deg, rgba(2,109,146,.06), rgba(2,109,146,.12));\n      border:1px solid var(--tov-border);\n      border-left:6px solid var(--tov-blue);\n      border-radius:14px;\n      padding:16px 16px 16px 18px;\n      margin-bottom:16px;\n      box-shadow: inset 0 1px 0 rgba(255,255,255,.6), 0 6px 18px rgba(2,109,146,.08);\n    }\n\n    \/* Listeler ve Madde \u0130\u015faretleri (T\u00fcm\u00fc Mavi) *\/\n    #tov-programs ul{ margin:10px 0 10px 0; padding:0; list-style:none; }\n    #tov-programs li{ margin:10px 0; line-height:1.7; font-size:16px; position:relative; padding-left:28px; color:#111; }\n    \n    #tov-programs li::before{\n      content:\"\"; position:absolute; left:0; top:0.6em; width:10px; height:10px;\n      border-radius:3px; background:var(--tov-blue);\n      box-shadow:0 0 0 3px rgba(2,109,146,.12);\n    }\n\n    \/* Linkler *\/\n    #tov-programs a {\n      color: var(--tov-blue);\n      text-decoration: none;\n      font-weight: 600;\n      transition: all 0.2s ease;\n    }\n    #tov-programs a:hover {\n      text-decoration: underline;\n    }\n\n    @media (max-width:768px){\n      #tov-programs .card{ padding:22px }\n    }\n  <\/style>\n\n  <div class=\"container\">\n\n    <section class=\"card\">\n      <div class=\"hero-lead\">\n        <p class=\"lead\" style=\"margin:0;\">\n          Otizm sadece \u00e7ocukluk \u00e7a\u011f\u0131nda de\u011fil, yeti\u015fkinlik d\u00f6neminde de kendine \u00f6zg\u00fc belirtilerle devam edebilir. Bir\u00e7ok otizmli birey \u00e7ocukluk d\u00f6neminde tan\u0131 almam\u0131\u015f olabilir veya belirtilerini \u201cmaskeleme\u201d ad\u0131 verilen bir stratejiyle gizlemi\u015f olabilir.\n        <\/p>\n      <\/div>\n      <p>\n        Yeti\u015fkinlerde otizm ve ilgili n\u00f6ro\u00e7e\u015fitlilik \u00f6zellikleri hakk\u0131nda artan fark\u0131ndal\u0131k sayesinde g\u00fcn\u00fcm\u00fczde otizm tan\u0131s\u0131 alan yeti\u015fkin bireylerde art\u0131\u015f oldu\u011fu g\u00f6r\u00fclmektedir.\n      <\/p>\n    <\/section>\n\n    <section class=\"card\">\n      <h2 class=\"section-title\">Maskeleme Nedir?<\/h2>\n      <p>\n        Maskeleme, otizmli bireylerin sosyal ortamlara uyum sa\u011flamak ad\u0131na do\u011fal davran\u0131\u015flar\u0131n\u0131 bilin\u00e7li ya da bilin\u00e7siz olarak bast\u0131rmas\u0131d\u0131r. Bu durum \u00e7evre taraf\u0131ndan otizmin fark edilmesini zorla\u015ft\u0131rabilir. Maskeleme, okul veya i\u015f gibi resmi durumlarda, aileyle evde veya arkada\u015flarla sosyalle\u015fme zamanlar\u0131nda ger\u00e7ekle\u015febilir.\n      <\/p>\n      <h3 class=\"subhead\">Otizmli bireyin maskeleme yapmas\u0131;<\/h3>\n      <ul>\n        <li>\u0130nsanlar\u0131n bireyin otizmli oldu\u011funa inanmamas\u0131na,<\/li>\n        <li>Otizmin yanl\u0131\u015f, ge\u00e7 ya da eksik tan\u0131lanmas\u0131na ve ki\u015finin gereksinim duydu\u011fu deste\u011fi alamamas\u0131na,<\/li>\n        <li>Doktor, \u00f6\u011fretmen ve uzmanlar\u0131n maskelemeyi anlamamas\u0131na, bireyin zorluk \u00e7ekmedi\u011fini varsaymas\u0131na, yanl\u0131\u015f anla\u015f\u0131lmalara neden olabilir.<\/li>\n      <\/ul>\n    <\/section>\n\n    <section class=\"card\">\n      <h2 class=\"section-title\">Yeti\u015fkinlikte Otizm Belirtileri<\/h2>\n      <p>Yeti\u015fkinlik d\u00f6neminde g\u00f6r\u00fclen otizm belirtileri a\u015fa\u011f\u0131da s\u0131n\u0131fland\u0131r\u0131lm\u0131\u015ft\u0131r. Hi\u00e7bir otizmli bireyin bu belirtilerin t\u00fcm\u00fcne sahip olmad\u0131\u011f\u0131 ak\u0131lda tutulmal\u0131d\u0131r.<\/p>\n\n      <h3 class=\"subhead\">Sosyal Etkile\u015fim Sorunlar\u0131<\/h3>\n      <ul>\n        <li>Sosyal \u00e7evrelerden d\u0131\u015flanm\u0131\u015f hissetme veya \u00e7evreye uyum sa\u011flayamama,<\/li>\n        <li>Ba\u015fkalar\u0131n\u0131n ne d\u00fc\u015f\u00fcnd\u00fc\u011f\u00fcn\u00fc ve hissetti\u011fini anlamada zorlanma,<\/li>\n        <li>G\u00f6z devirme, omuz silkme, y\u00fcz buru\u015fturma gibi s\u00f6zel olmayan ifadeleri anlamama veya yanl\u0131\u015f anlama,<\/li>\n        <li>Ba\u015fka bir ki\u015finin bak\u0131\u015f a\u00e7\u0131s\u0131n\u0131 g\u00f6rememe\/analiz edememe,<\/li>\n        <li>Ki\u015fisel mesafeyi ayarlayamama; fiziksel olarak \u00e7ok yak\u0131n olma ya da temastan a\u015f\u0131r\u0131 rahats\u0131z olma,<\/li>\n        <li>G\u00f6z temas\u0131 kurmaktan ka\u00e7\u0131nma veya ho\u015flanmama,<\/li>\n        <li>Sosyal ortamlarda y\u00fcksek d\u00fczeyde kayg\u0131,<\/li>\n        <li>Sosyal kurallar\u0131 ya da i\u015faretleri takip etmede zorlanma,<\/li>\n        <li>Arkada\u015fl\u0131k kurmada ve s\u00fcrd\u00fcrmede zorlanma.<\/li>\n      <\/ul>\n\n      <h3 class=\"subhead\">\u0130leti\u015fim Farkl\u0131l\u0131klar\u0131<\/h3>\n      <ul>\n        <li>Kar\u015f\u0131l\u0131kl\u0131 konu\u015fmalar\u0131 takip etmekte zorlanma,<\/li>\n        <li>Sohbet konusunu yakalamakta veya sohbete dahil olmakta zorlanma,<\/li>\n        <li>Favori konularda uzun s\u00fcre monolog yapma,<\/li>\n        <li>Duygular\u0131 ifade etmekte zorlanma,<\/li>\n        <li>Deyim, mecaz ve atas\u00f6zlerini anlamakta zorlanma,<\/li>\n        <li>Sessiz olunmas\u0131 gereken ortamlarda g\u00fcr\u00fclt\u00fcl\u00fc olma,<\/li>\n        <li>Ev, i\u015f ve sosyal \u00e7evre fark etmeksizin ayn\u0131 tonda konu\u015fma.<\/li>\n      <\/ul>\n\n      <h3 class=\"subhead\">Tekrarl\u0131\/Tak\u0131nt\u0131l\u0131 Davran\u0131\u015flar<\/h3>\n      <ul>\n        <li>\u0130li\u015fkisiz durumlarda sallanma\/volta atma gibi hareketler ya da belirli sesler\/s\u00f6zc\u00fckler \u00e7\u0131karma,<\/li>\n        <li>E\u015fyalar\u0131 sabit bir d\u00fczende tutma iste\u011fi; d\u00fczen bozuldu\u011funda a\u015f\u0131r\u0131 rahats\u0131z olma,<\/li>\n        <li>Duygu ve tepkileri d\u00fczenlemede zorlanma,<\/li>\n        <li>G\u00fcnl\u00fck rutinlere s\u0131k\u0131 ba\u011fl\u0131l\u0131k, esneyememe,<\/li>\n        <li>Rutinlerde\/expectationlarda ani de\u011fi\u015fiklikte \u00f6fke patlamas\u0131,<\/li>\n        <li>Yo\u011fun ve tak\u0131nt\u0131 d\u00fczeyinde ilgi alanlar\u0131na sahip olma (\u00f6r. makineler, tarihi d\u00f6nemler, koleksiyonlar),<\/li>\n        <li>Bir konuda a\u015f\u0131r\u0131 ayr\u0131nt\u0131l\u0131 bilgi sahibi olma,<\/li>\n        <li>Beklenmedik durum kar\u015f\u0131s\u0131nda \u00f6fke patlamas\u0131 ya\u015fama.<\/li>\n      <\/ul>\n      <p><em>Not:<\/em> Yo\u011fun ilgi alanlar\u0131n\u0131n ya\u015fam kalitesi \u00fczerinde olumlu etkileri de olabilir; kimi durumlarda istihdam f\u0131rsat\u0131na dahi d\u00f6n\u00fc\u015febilir.<\/p>\n\n      <h3 class=\"subhead\">Di\u011fer Belirtiler<\/h3>\n      <ul>\n        <li>Birka\u00e7 zorlu akademik alanda \u00e7ok ba\u015far\u0131l\u0131 olma (baz\u0131 alanlarda \u00e7ok iyi iken di\u011ferlerinde zorlanma),<\/li>\n        <li>Dinleyerek ya da g\u00f6rsel olarak \u00f6\u011frenme,<\/li>\n        <li>Karma\u015f\u0131k ve detayl\u0131 bir konuyu h\u0131zl\u0131 \u00f6\u011frenme ve uzun s\u00fcre ak\u0131lda tutma,<\/li>\n        <li>Ba\u015fkalar\u0131nca \u201cakademik\u201d ya da \u201ceksantrik\u201d olarak tan\u0131mlanma,<\/li>\n        <li>Kendi ba\u015f\u0131na tak\u0131lmay\u0131 tercih etme,<\/li>\n        <li>Sakar gibi hissetme ya da koordinasyon zorlu\u011fu,<\/li>\n        <li>Di\u011fer insanlar\u0131n fark etmedi\u011fi k\u00fc\u00e7\u00fck detay\/\u00f6r\u00fcnt\u00fclere hakim olma,<\/li>\n        <li>A\u011fr\u0131, ses, temas ve koku gibi duyusal uyaranlara kar\u015f\u0131 a\u015f\u0131r\u0131 hassasiyet ya da duyars\u0131zl\u0131k.<\/li>\n      <\/ul>\n    <\/section>\n\n    <section class=\"card\">\n      <h2 class=\"section-title\">Yeti\u015fkin Otizmli Bireyler Hangi Konularda Deste\u011fe Gereksinim Duyarlar?<\/h2>\n      <ul>\n        <li>Sosyal izolasyon ve ili\u015fki kurma zorluklar\u0131,<\/li>\n        <li>Kayg\u0131 ve duygusal reg\u00fclasyon sorunlar\u0131,<\/li>\n        <li>\u0130\u015fyeri adaptasyonu,<\/li>\n        <li>G\u00fcnl\u00fck ya\u015famda rutin olu\u015fturma ve s\u00fcrd\u00fcrme,<\/li>\n        <li>Davran\u0131\u015fsal terapi veya ila\u00e7 tedavisi,<\/li>\n        <li>Savunuculuk ve destek gruplar\u0131na kat\u0131l\u0131m.<\/li>\n      <\/ul>\n    <\/section>\n\n    <section class=\"card\">\n      <h2 class=\"section-title\">Yeti\u015fkin Otizmli Bireyler \u0130\u00e7in UDA kullan\u0131labilir mi?<\/h2>\n      <p>\n        \u00c7ocukluk d\u00f6neminde oldu\u011fu gibi yeti\u015fkinlik d\u00f6neminde de uygulamal\u0131 davran\u0131\u015f analizine (UDA) dayal\u0131 pek \u00e7ok ilke ve stratejiden yararlan\u0131labilir. UDA, davran\u0131\u015flar\u0131n \u00f6ncesinde ve sonras\u0131nda yer alan \u00e7evresel \u00f6zelliklerin sistematik \u015fekilde d\u00fczenlenmesiyle yeni davran\u0131\u015flar\u0131n \u00f6\u011fretilmesi, uygun olmayan davran\u0131\u015flar\u0131n da uygun davran\u0131\u015flarla de\u011fi\u015ftirilmesi ya da ortadan kald\u0131r\u0131lmas\u0131 s\u00fcrecidir. Yeti\u015fkin otizmli bireyler UDA ilkelerini a\u015fa\u011f\u0131da s\u0131ralanan ad\u0131mlarla uygulayabilirler:\n      <\/p>\n      <ul>\n        <li><strong>Bireyin sahip olmak istedi\u011fi hedefleri listelemesi:<\/strong> Hedefler g\u00f6zlenebilir ve \u00f6l\u00e7\u00fclebilir bi\u00e7imde yaz\u0131lmal\u0131d\u0131r. \u00d6rne\u011fin \u201ckabul edilebilir sosyal becerilere sahip olmak\u201d \u00e7ok geni\u015f bir ifadeyken, \u201csohbet s\u0131ras\u0131nda arkada\u015f\u0131m s\u00f6z\u00fcn\u00fc bitirene kadar konu\u015fmadan beklemek\u201d daha g\u00f6zlenebilir bir ifadedir.<\/li>\n        <li><strong>Hedefleri \u00f6nceliklendirmesi:<\/strong> T\u00fcm hedeflere ayn\u0131 anda ula\u015fmak ger\u00e7ek\u00e7i olmayabilir. Bu nedenle g\u00fcnl\u00fck ya\u015famda en s\u0131k kullan\u0131lacak hedefle ba\u015flamak ya da en zorlan\u0131lan davran\u0131\u015f\u0131 de\u011fi\u015ftirmek daha i\u015flevsel olacakt\u0131r.<\/li>\n        <li><strong>Hedef davran\u0131\u015fa ula\u015fmak i\u00e7in bir strateji belirlemesi:<\/strong> Bunun i\u00e7in UDA\u2019ya dayal\u0131 stratejilerden yararlanmak gerekir. Hedefleri hat\u0131rlatacak davran\u0131\u015f kontrol listeleri, g\u00f6rsel hat\u0131rlat\u0131c\u0131lar, beceri analizi listeleri, kendini izleme ara\u00e7lar\u0131 vb. kullan\u0131labilir. Ayr\u0131ca, rol oynama ve prova yapma stratejileri de kullan\u0131labilir ve hedefler ger\u00e7ekle\u015ftik\u00e7e birey kendini \u00f6d\u00fcllendirebilir.<\/li>\n        <li><strong>G\u00fcnl\u00fck ya\u015famda pratik yapmas\u0131:<\/strong> Hedeflenen davran\u0131\u015f farkl\u0131 ortamlarda ve farkl\u0131 ki\u015filerin varl\u0131\u011f\u0131nda da kullan\u0131larak pratik edilmelidir.<\/li>\n        <li><strong>Her zaman bir B plan\u0131n olmas\u0131:<\/strong> G\u00fcnl\u00fck ya\u015fam s\u00fcrprizlerle doludur. Her \u015fey planland\u0131\u011f\u0131 gibi gitmeyebilir. \u00d6rne\u011fin bireyin \u00e7ok severek gitti\u011fi ve hep ayn\u0131 masas\u0131nda yemek yedi\u011fi restoranda o g\u00fcn o masa dolu olabilir. Birey bu t\u00fcr beklenmedik durumlara haz\u0131rl\u0131kl\u0131 olmal\u0131d\u0131r.<\/li>\n        <li><strong>Kendini izlemesi, de\u011ferlendirmesi ve kazan\u0131mlar\u0131 oldu\u011funda kendini \u00f6d\u00fcllendirmesi:<\/strong> Hedeflere ula\u015f\u0131l\u0131p ula\u015f\u0131lmad\u0131\u011f\u0131n\u0131 de\u011ferlendirme ve ula\u015f\u0131lan hedef i\u00e7in bireyin kendisini \u00f6d\u00fcllendirmesi \u00f6nemlidir. Ula\u015f\u0131lan hedeflerin yerine yenileri belirlenebilir, ula\u015f\u0131lamayan hedefler i\u00e7in de ara basamaklar konulabilir ya da hedef ula\u015f\u0131labilecek bir forma getirilebilir.<\/li>\n      <\/ul>\n    <\/section>\n\n    <section class=\"card\">\n      <h2 class=\"section-title\">Yeti\u015fkin Otizmli Bireyler \u0130\u00e7in Faydal\u0131 Linkler<\/h2>\n      <ul>\n        <li><a href=\"https:\/\/www.autismspeaks.org\/\" target=\"_blank\">Autism Speaks<\/a><\/li>\n        <li><a href=\"https:\/\/autisticadvocacy.org\/\" target=\"_blank\">Autistic Self Advocacy Network (ASAN)<\/a><\/li>\n        <li><a href=\"https:\/\/www.autism.org.uk\/\" target=\"_blank\">The National Autistic Society (NAS)<\/a><\/li>\n        <li><a href=\"https:\/\/aane.org\/autism-info-faqs\/faq\/\" target=\"_blank\">Association for Autism and Neurodiversity (AANE)<\/a><\/li>\n      <\/ul>\n    <\/section>\n\n  <\/div>\n<\/div>\t\t\t\t<\/div>\n\t\t\t\t<\/div>\n\t\t\t\t\t<\/div>\n\t\t\t\t<\/div>\n\t\t\t\t<section class=\"elementor-section elementor-top-section elementor-element elementor-element-55e35a9 elementor-section-boxed elementor-section-height-default elementor-section-height-default\" data-id=\"55e35a9\" data-element_type=\"section\" data-e-type=\"section\">\n\t\t\t\t\t\t<div class=\"elementor-container elementor-column-gap-no\">\n\t\t\t\t\t<div class=\"elementor-column elementor-col-100 elementor-top-column elementor-element elementor-element-f1af71c\" data-id=\"f1af71c\" data-element_type=\"column\" data-e-type=\"column\">\n\t\t\t<div class=\"elementor-widget-wrap elementor-element-populated\">\n\t\t\t\t\t\t<section class=\"elementor-section elementor-inner-section elementor-element elementor-element-561c37a elementor-section-boxed elementor-section-height-default elementor-section-height-default\" data-id=\"561c37a\" data-element_type=\"section\" data-e-type=\"section\">\n\t\t\t\t\t\t<div class=\"elementor-container elementor-column-gap-no\">\n\t\t\t\t\t<div class=\"elementor-column elementor-col-50 elementor-inner-column elementor-element elementor-element-07741a4\" data-id=\"07741a4\" data-element_type=\"column\" data-e-type=\"column\" data-settings=\"{&quot;background_background&quot;:&quot;classic&quot;}\">\n\t\t\t<div class=\"elementor-widget-wrap elementor-element-populated\">\n\t\t\t\t\t\t<div class=\"elementor-element elementor-element-6807137 elementor-widget__width-initial elementor-widget elementor-widget-image\" data-id=\"6807137\" data-element_type=\"widget\" data-e-type=\"widget\" data-widget_type=\"image.default\">\n\t\t\t\t<div class=\"elementor-widget-container\">\n\t\t\t\t\t\t\t\t\t\t\t\t\t\t\t<img fetchpriority=\"high\" decoding=\"async\" width=\"2150\" height=\"1440\" src=\"https:\/\/wp1.sedaozcan.net.tr\/wp-content\/uploads\/2025\/10\/REHBERLIK-scaled-e1759846366712.png\" class=\"attachment-full size-full wp-image-5127\" alt=\"\" srcset=\"https:\/\/wp1.sedaozcan.net.tr\/wp-content\/uploads\/2025\/10\/REHBERLIK-scaled-e1759846366712.png 2150w, https:\/\/wp1.sedaozcan.net.tr\/wp-content\/uploads\/2025\/10\/REHBERLIK-scaled-e1759846366712-300x201.png 300w, https:\/\/wp1.sedaozcan.net.tr\/wp-content\/uploads\/2025\/10\/REHBERLIK-scaled-e1759846366712-1024x686.png 1024w, https:\/\/wp1.sedaozcan.net.tr\/wp-content\/uploads\/2025\/10\/REHBERLIK-scaled-e1759846366712-768x514.png 768w, https:\/\/wp1.sedaozcan.net.tr\/wp-content\/uploads\/2025\/10\/REHBERLIK-scaled-e1759846366712-1536x1029.png 1536w, https:\/\/wp1.sedaozcan.net.tr\/wp-content\/uploads\/2025\/10\/REHBERLIK-scaled-e1759846366712-2048x1372.png 2048w, https:\/\/wp1.sedaozcan.net.tr\/wp-content\/uploads\/2025\/10\/REHBERLIK-scaled-e1759846366712-600x402.png 600w\" sizes=\"(max-width: 2150px) 100vw, 2150px\" \/>\t\t\t\t\t\t\t\t\t\t\t\t\t\t\t<\/div>\n\t\t\t\t<\/div>\n\t\t\t\t\t<\/div>\n\t\t<\/div>\n\t\t\t\t<div class=\"elementor-column elementor-col-50 elementor-inner-column elementor-element elementor-element-953ff41\" data-id=\"953ff41\" data-element_type=\"column\" data-e-type=\"column\" data-settings=\"{&quot;background_background&quot;:&quot;classic&quot;}\">\n\t\t\t<div class=\"elementor-widget-wrap elementor-element-populated\">\n\t\t\t\t<div class=\"elementor-element elementor-element-ec26c6b e-con-full e-flex e-con e-parent\" data-id=\"ec26c6b\" data-element_type=\"container\" data-e-type=\"container\">\n\t\t\t\t<div class=\"elementor-element elementor-element-79f6ea9 elementor-widget__width-initial elementor-widget elementor-widget-image-box\" data-id=\"79f6ea9\" data-element_type=\"widget\" data-e-type=\"widget\" data-widget_type=\"image-box.default\">\n\t\t\t\t<div class=\"elementor-widget-container\">\n\t\t\t\t\t<div class=\"elementor-image-box-wrapper\"><div class=\"elementor-image-box-content\"><h2 class=\"elementor-image-box-title\">Guidance Department<\/h2><p class=\"elementor-image-box-description\">Book a free educational evaluation appointment.<\/p><\/div><\/div>\t\t\t\t<\/div>\n\t\t\t\t<\/div>\n\t\t\t\t<\/div>\n\t\t<div class=\"elementor-element elementor-element-b81affd e-con-full e-flex e-con e-parent\" data-id=\"b81affd\" data-element_type=\"container\" data-e-type=\"container\">\n\t\t\t\t<div class=\"elementor-element elementor-element-fa77ad7 elementor-view-default elementor-widget elementor-widget-icon\" data-id=\"fa77ad7\" data-element_type=\"widget\" data-e-type=\"widget\" data-widget_type=\"icon.default\">\n\t\t\t\t<div class=\"elementor-widget-container\">\n\t\t\t\t\t\t\t<div class=\"elementor-icon-wrapper\">\n\t\t\t<a class=\"elementor-icon\" href=\"\">\n\t\t\t<i aria-hidden=\"true\" class=\"ci ci-email1\"><\/i>\t\t\t<\/a>\n\t\t<\/div>\n\t\t\t\t\t\t<\/div>\n\t\t\t\t<\/div>\n\t\t\t\t<div class=\"elementor-element elementor-element-57002ef elementor-view-default elementor-widget elementor-widget-icon\" data-id=\"57002ef\" data-element_type=\"widget\" data-e-type=\"widget\" data-widget_type=\"icon.default\">\n\t\t\t\t<div class=\"elementor-widget-container\">\n\t\t\t\t\t\t\t<div class=\"elementor-icon-wrapper\">\n\t\t\t<a class=\"elementor-icon\" href=\"tel:+902122489430\">\n\t\t\t<i aria-hidden=\"true\" class=\"icon icon-phone-call1\"><\/i>\t\t\t<\/a>\n\t\t<\/div>\n\t\t\t\t\t\t<\/div>\n\t\t\t\t<\/div>\n\t\t\t\t<\/div>\n\t\t\t\t<div class=\"elementor-element elementor-element-ad125bc elementor-widget elementor-widget-text-editor\" data-id=\"ad125bc\" data-element_type=\"widget\" data-e-type=\"widget\" data-widget_type=\"text-editor.default\">\n\t\t\t\t<div class=\"elementor-widget-container\">\n\t\t\t\t\t\t\t\t\t<p style=\"text-align: center;\"><strong><a href=\"mailto:rehberlik@tohumotizm.org.tr\">rehberlik@tohumotizm.org.tr<\/a><\/strong><br>\n<strong><a href=\"tel:+902122489430\">+90 (212) 248 94 30<\/a><\/strong><\/p>\t\t\t\t\t\t\t\t<\/div>\n\t\t\t\t<\/div>\n\t\t\t\t\t<\/div>\n\t\t<\/div>\n\t\t\t\t\t<\/div>\n\t\t<\/section>\n\t\t\t\t\t<\/div>\n\t\t<\/div>\n\t\t\t\t\t<\/div>\n\t\t<\/section>\n\t\t\t\t<\/div>","protected":false},"excerpt":{"rendered":"<p>Otizm Nedir? Otizm Spektrum Bozuklu\u011fu Yeti\u015fkinlik D\u00f6neminde Otizm Otizm sadece \u00e7ocukluk \u00e7a\u011f\u0131nda de\u011fil, yeti\u015fkinlik d\u00f6neminde de kendine \u00f6zg\u00fc belirtilerle devam edebilir. Bir\u00e7ok otizmli birey \u00e7ocukluk d\u00f6neminde tan\u0131 almam\u0131\u015f olabilir veya belirtilerini \u201cmaskeleme\u201d ad\u0131 verilen bir stratejiyle gizlemi\u015f olabilir. Yeti\u015fkinlerde otizm ve ilgili n\u00f6ro\u00e7e\u015fitlilik \u00f6zellikleri hakk\u0131nda artan fark\u0131ndal\u0131k sayesinde g\u00fcn\u00fcm\u00fczde otizm tan\u0131s\u0131 alan yeti\u015fkin bireylerde art\u0131\u015f<\/p>","protected":false},"author":1,"featured_media":0,"parent":4610,"menu_order":0,"comment_status":"closed","ping_status":"closed","template":"elementor_header_footer","meta":{"footnotes":""},"class_list":["post-6025","page","type-page","status-publish","hentry"],"yoast_head":"<!-- This site is optimized with the Yoast SEO Premium plugin v28.3 (Yoast SEO v28.3) - https:\/\/yoast.com\/product\/yoast-seo-premium-wordpress\/ -->\n<title>Yeti\u015fkinlik D\u00f6neminde Otizm - Tohum Otizm Vakf\u0131 | Otizmin Tek \u00c7aresi E\u011fitim<\/title>\n<meta name=\"robots\" content=\"index, follow, max-snippet:-1, max-image-preview:large, max-video-preview:-1\" \/>\n<link rel=\"canonical\" href=\"https:\/\/wp1.sedaozcan.net.tr\/en\/otizm-nedir\/otizm-spektrum-bozuklugu\/yetiskinlik-doneminde-otizm\/\" \/>\n<meta property=\"og:locale\" content=\"en_US\" \/>\n<meta property=\"og:type\" content=\"article\" \/>\n<meta property=\"og:title\" content=\"Yeti\u015fkinlik D\u00f6neminde Otizm\" \/>\n<meta property=\"og:description\" content=\"Otizm Nedir? Otizm Spektrum Bozuklu\u011fu Yeti\u015fkinlik D\u00f6neminde Otizm Otizm sadece \u00e7ocukluk \u00e7a\u011f\u0131nda de\u011fil, yeti\u015fkinlik d\u00f6neminde de kendine \u00f6zg\u00fc belirtilerle devam edebilir. Bir\u00e7ok otizmli birey \u00e7ocukluk d\u00f6neminde tan\u0131 almam\u0131\u015f olabilir veya belirtilerini \u201cmaskeleme\u201d ad\u0131 verilen bir stratejiyle gizlemi\u015f olabilir. Yeti\u015fkinlerde otizm ve ilgili n\u00f6ro\u00e7e\u015fitlilik \u00f6zellikleri hakk\u0131nda artan fark\u0131ndal\u0131k sayesinde g\u00fcn\u00fcm\u00fczde otizm tan\u0131s\u0131 alan yeti\u015fkin bireylerde art\u0131\u015f\" \/>\n<meta property=\"og:url\" content=\"https:\/\/wp1.sedaozcan.net.tr\/en\/otizm-nedir\/otizm-spektrum-bozuklugu\/yetiskinlik-doneminde-otizm\/\" \/>\n<meta property=\"og:site_name\" content=\"Tohum Otizm Vakf\u0131 | Otizmin Tek \u00c7aresi E\u011fitim\" \/>\n<meta property=\"article:modified_time\" content=\"2026-08-13T19:46:21+00:00\" \/>\n<meta property=\"og:image\" content=\"https:\/\/wp1.sedaozcan.net.tr\/wp-content\/uploads\/2025\/10\/REHBERLIK-scaled-e1759846366712-1024x686.png\" \/>\n\t<meta property=\"og:image:width\" content=\"1024\" \/>\n\t<meta property=\"og:image:height\" content=\"686\" \/>\n\t<meta property=\"og:image:type\" content=\"image\/png\" \/>\n<meta name=\"twitter:card\" content=\"summary_large_image\" \/>\n<meta name=\"twitter:label1\" content=\"Est. reading time\" \/>\n\t<meta name=\"twitter:data1\" content=\"5 minutes\" \/>\n<script type=\"application\/ld+json\" class=\"yoast-schema-graph\">{\"@context\":\"https:\\\/\\\/schema.org\",\"@graph\":[{\"@type\":\"WebPage\",\"@id\":\"https:\\\/\\\/wp1.sedaozcan.net.tr\\\/otizm-nedir\\\/otizm-spektrum-bozuklugu\\\/yetiskinlik-doneminde-otizm\\\/\",\"url\":\"https:\\\/\\\/wp1.sedaozcan.net.tr\\\/otizm-nedir\\\/otizm-spektrum-bozuklugu\\\/yetiskinlik-doneminde-otizm\\\/\",\"name\":\"Yeti\u015fkinlik D\u00f6neminde Otizm - Tohum Otizm Vakf\u0131 | Otizmin Tek \u00c7aresi E\u011fitim\",\"isPartOf\":{\"@id\":\"https:\\\/\\\/wp1.sedaozcan.net.tr\\\/#website\"},\"primaryImageOfPage\":{\"@id\":\"https:\\\/\\\/wp1.sedaozcan.net.tr\\\/otizm-nedir\\\/otizm-spektrum-bozuklugu\\\/yetiskinlik-doneminde-otizm\\\/#primaryimage\"},\"image\":{\"@id\":\"https:\\\/\\\/wp1.sedaozcan.net.tr\\\/otizm-nedir\\\/otizm-spektrum-bozuklugu\\\/yetiskinlik-doneminde-otizm\\\/#primaryimage\"},\"thumbnailUrl\":\"https:\\\/\\\/wp1.sedaozcan.net.tr\\\/wp-content\\\/uploads\\\/2025\\\/10\\\/REHBERLIK-scaled-e1759846366712.png\",\"datePublished\":\"2025-10-07T15:37:01+00:00\",\"dateModified\":\"2026-08-13T19:46:21+00:00\",\"breadcrumb\":{\"@id\":\"https:\\\/\\\/wp1.sedaozcan.net.tr\\\/otizm-nedir\\\/otizm-spektrum-bozuklugu\\\/yetiskinlik-doneminde-otizm\\\/#breadcrumb\"},\"inLanguage\":\"en-US\",\"potentialAction\":[{\"@type\":\"ReadAction\",\"target\":[\"https:\\\/\\\/wp1.sedaozcan.net.tr\\\/otizm-nedir\\\/otizm-spektrum-bozuklugu\\\/yetiskinlik-doneminde-otizm\\\/\"]}]},{\"@type\":\"ImageObject\",\"inLanguage\":\"en-US\",\"@id\":\"https:\\\/\\\/wp1.sedaozcan.net.tr\\\/otizm-nedir\\\/otizm-spektrum-bozuklugu\\\/yetiskinlik-doneminde-otizm\\\/#primaryimage\",\"url\":\"https:\\\/\\\/wp1.sedaozcan.net.tr\\\/wp-content\\\/uploads\\\/2025\\\/10\\\/REHBERLIK-scaled-e1759846366712.png\",\"contentUrl\":\"https:\\\/\\\/wp1.sedaozcan.net.tr\\\/wp-content\\\/uploads\\\/2025\\\/10\\\/REHBERLIK-scaled-e1759846366712.png\"},{\"@type\":\"BreadcrumbList\",\"@id\":\"https:\\\/\\\/wp1.sedaozcan.net.tr\\\/otizm-nedir\\\/otizm-spektrum-bozuklugu\\\/yetiskinlik-doneminde-otizm\\\/#breadcrumb\",\"itemListElement\":[{\"@type\":\"ListItem\",\"position\":1,\"name\":\"Home\",\"item\":\"https:\\\/\\\/wp1.sedaozcan.net.tr\\\/\"},{\"@type\":\"ListItem\",\"position\":2,\"name\":\"Otizm Nedir?\",\"item\":\"https:\\\/\\\/wp1.sedaozcan.net.tr\\\/otizm-nedir\\\/\"},{\"@type\":\"ListItem\",\"position\":3,\"name\":\"Otizm Spektrum Bozuklu\u011fu\",\"item\":\"https:\\\/\\\/wp1.sedaozcan.net.tr\\\/otizm-nedir\\\/otizm-spektrum-bozuklugu\\\/\"},{\"@type\":\"ListItem\",\"position\":4,\"name\":\"Yeti\u015fkinlik D\u00f6neminde Otizm\"}]},{\"@type\":\"WebSite\",\"@id\":\"https:\\\/\\\/wp1.sedaozcan.net.tr\\\/#website\",\"url\":\"https:\\\/\\\/wp1.sedaozcan.net.tr\\\/\",\"name\":\"Tohum Otizm Vakf\u0131 | Otizmin Tek \u00c7aresi E\u011fitim\",\"description\":\"\",\"potentialAction\":[{\"@type\":\"SearchAction\",\"target\":{\"@type\":\"EntryPoint\",\"urlTemplate\":\"https:\\\/\\\/wp1.sedaozcan.net.tr\\\/?s={search_term_string}\"},\"query-input\":{\"@type\":\"PropertyValueSpecification\",\"valueRequired\":true,\"valueName\":\"search_term_string\"}}],\"inLanguage\":\"en-US\"},{\"@type\":\"ImageObject\",\"inLanguage\":\"en-US\",\"@id\":\"https:\\\/\\\/wp1.sedaozcan.net.tr\\\/otizm-nedir\\\/otizm-spektrum-bozuklugu\\\/yetiskinlik-doneminde-otizm\\\/#local-main-organization-logo\",\"url\":\"\",\"contentUrl\":\"\",\"caption\":\"Tohum Otizm Vakf\u0131 | Otizmin Tek \u00c7aresi E\u011fitim\"}]}<\/script>\n<!-- \/ Yoast SEO Premium plugin. -->","yoast_head_json":{"title":"Yeti\u015fkinlik D\u00f6neminde Otizm - Tohum Otizm Vakf\u0131 | Otizmin Tek \u00c7aresi E\u011fitim","robots":{"index":"index","follow":"follow","max-snippet":"max-snippet:-1","max-image-preview":"max-image-preview:large","max-video-preview":"max-video-preview:-1"},"canonical":"https:\/\/wp1.sedaozcan.net.tr\/en\/otizm-nedir\/otizm-spektrum-bozuklugu\/yetiskinlik-doneminde-otizm\/","og_locale":"en_US","og_type":"article","og_title":"Yeti\u015fkinlik D\u00f6neminde Otizm","og_description":"Otizm Nedir? Otizm Spektrum Bozuklu\u011fu Yeti\u015fkinlik D\u00f6neminde Otizm Otizm sadece \u00e7ocukluk \u00e7a\u011f\u0131nda de\u011fil, yeti\u015fkinlik d\u00f6neminde de kendine \u00f6zg\u00fc belirtilerle devam edebilir. Bir\u00e7ok otizmli birey \u00e7ocukluk d\u00f6neminde tan\u0131 almam\u0131\u015f olabilir veya belirtilerini \u201cmaskeleme\u201d ad\u0131 verilen bir stratejiyle gizlemi\u015f olabilir. Yeti\u015fkinlerde otizm ve ilgili n\u00f6ro\u00e7e\u015fitlilik \u00f6zellikleri hakk\u0131nda artan fark\u0131ndal\u0131k sayesinde g\u00fcn\u00fcm\u00fczde otizm tan\u0131s\u0131 alan yeti\u015fkin bireylerde art\u0131\u015f","og_url":"https:\/\/wp1.sedaozcan.net.tr\/en\/otizm-nedir\/otizm-spektrum-bozuklugu\/yetiskinlik-doneminde-otizm\/","og_site_name":"Tohum Otizm Vakf\u0131 | Otizmin Tek \u00c7aresi E\u011fitim","article_modified_time":"2026-08-13T19:46:21+00:00","og_image":[{"width":1024,"height":686,"url":"https:\/\/wp1.sedaozcan.net.tr\/wp-content\/uploads\/2025\/10\/REHBERLIK-scaled-e1759846366712-1024x686.png","type":"image\/png"}],"twitter_card":"summary_large_image","twitter_misc":{"Est. reading time":"5 minutes"},"schema":{"@context":"https:\/\/schema.org","@graph":[{"@type":"WebPage","@id":"https:\/\/wp1.sedaozcan.net.tr\/otizm-nedir\/otizm-spektrum-bozuklugu\/yetiskinlik-doneminde-otizm\/","url":"https:\/\/wp1.sedaozcan.net.tr\/otizm-nedir\/otizm-spektrum-bozuklugu\/yetiskinlik-doneminde-otizm\/","name":"Yeti\u015fkinlik D\u00f6neminde Otizm - Tohum Otizm Vakf\u0131 | Otizmin Tek \u00c7aresi E\u011fitim","isPartOf":{"@id":"https:\/\/wp1.sedaozcan.net.tr\/#website"},"primaryImageOfPage":{"@id":"https:\/\/wp1.sedaozcan.net.tr\/otizm-nedir\/otizm-spektrum-bozuklugu\/yetiskinlik-doneminde-otizm\/#primaryimage"},"image":{"@id":"https:\/\/wp1.sedaozcan.net.tr\/otizm-nedir\/otizm-spektrum-bozuklugu\/yetiskinlik-doneminde-otizm\/#primaryimage"},"thumbnailUrl":"https:\/\/wp1.sedaozcan.net.tr\/wp-content\/uploads\/2025\/10\/REHBERLIK-scaled-e1759846366712.png","datePublished":"2025-10-07T15:37:01+00:00","dateModified":"2026-08-13T19:46:21+00:00","breadcrumb":{"@id":"https:\/\/wp1.sedaozcan.net.tr\/otizm-nedir\/otizm-spektrum-bozuklugu\/yetiskinlik-doneminde-otizm\/#breadcrumb"},"inLanguage":"en-US","potentialAction":[{"@type":"ReadAction","target":["https:\/\/wp1.sedaozcan.net.tr\/otizm-nedir\/otizm-spektrum-bozuklugu\/yetiskinlik-doneminde-otizm\/"]}]},{"@type":"ImageObject","inLanguage":"en-US","@id":"https:\/\/wp1.sedaozcan.net.tr\/otizm-nedir\/otizm-spektrum-bozuklugu\/yetiskinlik-doneminde-otizm\/#primaryimage","url":"https:\/\/wp1.sedaozcan.net.tr\/wp-content\/uploads\/2025\/10\/REHBERLIK-scaled-e1759846366712.png","contentUrl":"https:\/\/wp1.sedaozcan.net.tr\/wp-content\/uploads\/2025\/10\/REHBERLIK-scaled-e1759846366712.png"},{"@type":"BreadcrumbList","@id":"https:\/\/wp1.sedaozcan.net.tr\/otizm-nedir\/otizm-spektrum-bozuklugu\/yetiskinlik-doneminde-otizm\/#breadcrumb","itemListElement":[{"@type":"ListItem","position":1,"name":"Home","item":"https:\/\/wp1.sedaozcan.net.tr\/"},{"@type":"ListItem","position":2,"name":"Otizm Nedir?","item":"https:\/\/wp1.sedaozcan.net.tr\/otizm-nedir\/"},{"@type":"ListItem","position":3,"name":"Otizm Spektrum Bozuklu\u011fu","item":"https:\/\/wp1.sedaozcan.net.tr\/otizm-nedir\/otizm-spektrum-bozuklugu\/"},{"@type":"ListItem","position":4,"name":"Yeti\u015fkinlik D\u00f6neminde Otizm"}]},{"@type":"WebSite","@id":"https:\/\/wp1.sedaozcan.net.tr\/#website","url":"https:\/\/wp1.sedaozcan.net.tr\/","name":"Tohum Autism Foundation | The Only Remedy for Autism is Education","description":"","potentialAction":[{"@type":"SearchAction","target":{"@type":"EntryPoint","urlTemplate":"https:\/\/wp1.sedaozcan.net.tr\/?s={search_term_string}"},"query-input":{"@type":"PropertyValueSpecification","valueRequired":true,"valueName":"search_term_string"}}],"inLanguage":"en-US"},{"@type":"ImageObject","inLanguage":"en-US","@id":"https:\/\/wp1.sedaozcan.net.tr\/otizm-nedir\/otizm-spektrum-bozuklugu\/yetiskinlik-doneminde-otizm\/#local-main-organization-logo","url":"","contentUrl":"","caption":"Tohum Otizm Vakf\u0131 | Otizmin Tek \u00c7aresi E\u011fitim"}]}},"_links":{"self":[{"href":"https:\/\/wp1.sedaozcan.net.tr\/en\/wp-json\/wp\/v2\/pages\/6025","targetHints":{"allow":["GET"]}}],"collection":[{"href":"https:\/\/wp1.sedaozcan.net.tr\/en\/wp-json\/wp\/v2\/pages"}],"about":[{"href":"https:\/\/wp1.sedaozcan.net.tr\/en\/wp-json\/wp\/v2\/types\/page"}],"author":[{"embeddable":true,"href":"https:\/\/wp1.sedaozcan.net.tr\/en\/wp-json\/wp\/v2\/users\/1"}],"replies":[{"embeddable":true,"href":"https:\/\/wp1.sedaozcan.net.tr\/en\/wp-json\/wp\/v2\/comments?post=6025"}],"version-history":[{"count":34,"href":"https:\/\/wp1.sedaozcan.net.tr\/en\/wp-json\/wp\/v2\/pages\/6025\/revisions"}],"predecessor-version":[{"id":10199,"href":"https:\/\/wp1.sedaozcan.net.tr\/en\/wp-json\/wp\/v2\/pages\/6025\/revisions\/10199"}],"up":[{"embeddable":true,"href":"https:\/\/wp1.sedaozcan.net.tr\/en\/wp-json\/wp\/v2\/pages\/4610"}],"wp:attachment":[{"href":"https:\/\/wp1.sedaozcan.net.tr\/en\/wp-json\/wp\/v2\/media?parent=6025"}],"curies":[{"name":"wp","href":"https:\/\/api.w.org\/{rel}","templated":true}]}}