{"id":6024,"date":"2025-10-07T17:37:00","date_gmt":"2025-10-07T15:37:00","guid":{"rendered":"https:\/\/wp1.sedaozcan.net.tr\/?page_id=6024"},"modified":"2026-08-13T21:35:09","modified_gmt":"2026-08-13T19:35:09","slug":"otizm-hakkinda-merak-edilenler","status":"publish","type":"page","link":"https:\/\/wp1.sedaozcan.net.tr\/en\/otizm-nedir\/otizm-spektrum-bozuklugu\/otizm-hakkinda-merak-edilenler\/","title":{"rendered":"Otizm Hakk\u0131nda Merak Edilenler"},"content":{"rendered":"<div data-elementor-type=\"wp-page\" data-elementor-id=\"6024\" class=\"elementor elementor-6024\" data-elementor-post-type=\"page\">\n\t\t\t\t\t\t<section class=\"elementor-section elementor-top-section elementor-element elementor-element-19e0496 elementor-section-height-min-height elementor-section-boxed elementor-section-height-default elementor-section-items-middle\" data-id=\"19e0496\" data-element_type=\"section\" data-e-type=\"section\" data-settings=\"{&quot;background_background&quot;:&quot;classic&quot;}\">\n\t\t\t\t\t\t\t<div class=\"elementor-background-overlay\"><\/div>\n\t\t\t\t\t\t\t<div class=\"elementor-container elementor-column-gap-no\">\n\t\t\t\t\t<div class=\"elementor-column elementor-col-100 elementor-top-column elementor-element elementor-element-d4a0bbc\" data-id=\"d4a0bbc\" data-element_type=\"column\" data-e-type=\"column\">\n\t\t\t<div class=\"elementor-widget-wrap elementor-element-populated\">\n\t\t\t\t\t\t<div class=\"elementor-element elementor-element-b73574f elementor-icon-list--layout-inline elementor-tablet-align-center elementor-list-item-link-full_width elementor-widget elementor-widget-icon-list\" data-id=\"b73574f\" data-element_type=\"widget\" data-e-type=\"widget\" data-widget_type=\"icon-list.default\">\n\t\t\t\t<div class=\"elementor-widget-container\">\n\t\t\t\t\t\t\t<ul class=\"elementor-icon-list-items elementor-inline-items\">\n\t\t\t\t\t\t\t<li class=\"elementor-icon-list-item elementor-inline-item\">\n\t\t\t\t\t\t\t\t\t\t<span class=\"elementor-icon-list-text\">What is Autism?<\/span>\n\t\t\t\t\t\t\t\t\t<\/li>\n\t\t\t\t\t\t\t\t<li class=\"elementor-icon-list-item elementor-inline-item\">\n\t\t\t\t\t\t\t\t\t\t<span class=\"elementor-icon-list-text\">Autism Spectrum Disorder<\/span>\n\t\t\t\t\t\t\t\t\t<\/li>\n\t\t\t\t\t\t<\/ul>\n\t\t\t\t\t\t<\/div>\n\t\t\t\t<\/div>\n\t\t\t\t<div class=\"elementor-element elementor-element-8cc58bd elementor-widget elementor-widget-heading\" data-id=\"8cc58bd\" data-element_type=\"widget\" data-e-type=\"widget\" data-widget_type=\"heading.default\">\n\t\t\t\t<div class=\"elementor-widget-container\">\n\t\t\t\t\t<h1 class=\"elementor-heading-title elementor-size-default\">Otizm Hakk\u0131nda Merak Edilenler<\/h1>\t\t\t\t<\/div>\n\t\t\t\t<\/div>\n\t\t\t\t\t<\/div>\n\t\t<\/div>\n\t\t\t\t\t<\/div>\n\t\t<\/section>\n\t\t<div class=\"elementor-element elementor-element-82bb45d e-flex e-con-boxed e-con e-parent\" data-id=\"82bb45d\" data-element_type=\"container\" data-e-type=\"container\">\n\t\t\t\t\t<div class=\"e-con-inner\">\n\t\t\t\t<div class=\"elementor-element elementor-element-00e00b5 elementor-widget elementor-widget-html\" data-id=\"00e00b5\" data-element_type=\"widget\" data-e-type=\"widget\" data-widget_type=\"html.default\">\n\t\t\t\t<div class=\"elementor-widget-container\">\n\t\t\t\t\t<!-- TOV | Otizm Hakk\u0131nda Merak Edilenler | Elementor Custom HTML -->\n<link href=\"https:\/\/fonts.googleapis.com\/css2?family=Poppins:wght@700;800&family=Inter:wght@400;500;700&display=swap\" rel=\"stylesheet\" \/>\n\n<div id=\"tov-programs\">\n  <style>\n    \/* ===== Scope: sadece bu blok ve Elementor \u00e7ak\u0131\u015fmalar\u0131n\u0131 bast\u0131r\u0131r ===== *\/\n    #tov-programs * { box-sizing: border-box; }\n\n    \/* === Kurumsal Palet === *\/\n    #tov-programs{\n      --tov-blue:#026D92;       \/* birincil mavi *\/\n      --tov-yellow:#FFD800;     \/* ba\u015fl\u0131k alt \u00e7izgi *\/\n      --tov-orange:#FCB128;     \/* ikincil vurgu *\/\n      --tov-ink:#222;\n      --tov-muted:#666;\n      --tov-border:#e9e9ee;\n      --tov-bg:#fafafa;\n      --tov-card:#ffffff;\n      --tov-shadow:0 10px 24px rgba(2,109,146,.12); \n      font-family: Inter, system-ui, -apple-system, Segoe UI, Roboto, Helvetica, Arial, \"Apple Color Emoji\",\"Segoe UI Emoji\";\n      color: var(--tov-ink);\n    }\n\n    #tov-programs a{ color:var(--tov-blue); text-decoration:none; }\n    #tov-programs a:hover{ text-decoration:underline; text-underline-offset:2px; }\n\n    #tov-programs .container{ max-width:1200px; margin:0 auto; padding:0px 0; }\n\n    \/* Kart *\/\n    #tov-programs .card{\n      border:1px solid var(--tov-border);\n      border-radius:18px;\n      background:var(--tov-card);\n      padding:28px;\n      margin:22px 0;\n      box-shadow:var(--tov-shadow);\n    }\n\n    \/* Genel ba\u015fl\u0131k override *\/\n    #tov-programs h1,#tov-programs h2,#tov-programs h3,#tov-programs h4,#tov-programs h5,#tov-programs h6{\n      font-family:Poppins, sans-serif !important;\n      font-weight:800 !important;\n      line-height:1.15 !important;\n      color:#111 !important;\n      margin:0 0 12px !important;\n      letter-spacing:0 !important;\n    }\n\n    \/* B\u00f6l\u00fcm ba\u015fl\u0131klar\u0131 *\/\n    #tov-programs .section-title{\n      font-size:26px;\n      position:relative;\n      padding-bottom:10px;\n      text-transform: capitalize !important; \/* Kelime ba\u015f harfleri b\u00fcy\u00fck *\/\n    }\n    \n    \/* \u00d6zel Durum: K\u00fc\u00e7\u00fck harf istenen ba\u015fl\u0131k *\/\n    #tov-programs .section-title.lowercase-title {\n      text-transform: none !important; \/* CSS zorlamas\u0131n\u0131 kald\u0131r *\/\n    }\n\n    #tov-programs .section-title::after{\n      content:\"\"; display:block; width:56px; height:4px; background:var(--tov-yellow);\n      border-radius:999px; margin-top:8px;\n    }\n\n    \/* Metin *\/\n    #tov-programs .lead{\n      font-size: clamp(16px, 1.9vw, 20px);\n      line-height:1.85;\n      color:#111;\n      font-weight:600;\n      letter-spacing:-0.005em;\n      margin:6px 0 14px;\n    }\n    #tov-programs p{ margin:8px 0; line-height:1.8; font-size:16.5px; color:#111; }\n\n    \/* Hero Lead Vurgusu *\/\n    #tov-programs .hero-lead{\n      position:relative;\n      background: linear-gradient(180deg, rgba(2,109,146,.06), rgba(2,109,146,.12));\n      border:1px solid var(--tov-border);\n      border-left:6px solid var(--tov-blue);\n      border-radius:14px;\n      padding:16px 16px 16px 18px;\n      box-shadow: inset 0 1px 0 rgba(255,255,255,.6), 0 6px 18px rgba(2,109,146,.08);\n      font-weight:700;\n    }\n\n    \/* Listeler *\/\n    #tov-programs ul{ margin:10px 0 0 18px; padding:0; }\n    #tov-programs li{ margin:8px 0; line-height:1.8; font-size:16.5px; color:#111; }\n    #tov-programs .feature-list{ list-style:none; margin-left:0; }\n    #tov-programs .feature-list li{ position:relative; padding-left:28px; }\n    #tov-programs .feature-list li::before{\n      content:\"\"; position:absolute; left:0; top:.7em; width:10px; height:10px;\n      border-radius:3px; background:var(--tov-blue);\n      box-shadow:0 0 0 3px rgba(2,109,146,.12);\n    }\n  <\/style>\n\n  <div class=\"container\">\n\n    <section class=\"card\">\n      <p class=\"lead hero-lead\">\n        Otizm, g\u00fcn\u00fcm\u00fczde en s\u0131k kar\u015f\u0131la\u015f\u0131lan n\u00f6rogeli\u015fimsel farkl\u0131l\u0131klardan biridir. Amerikan Hastal\u0131klar\u0131 Kontrol ve \u00d6nleme Merkezi (CDC) verilerine g\u00f6re 2006 y\u0131l\u0131nda her 150 \u00e7ocuktan 1\u2019i otizm tan\u0131s\u0131 al\u0131rken, 2025 y\u0131l\u0131 itibar\u0131yla bu oran her 31 \u00e7ocuktan 1\u2019i olarak g\u00fcncellenmi\u015ftir.\n      <\/p>\n      <p>\n        Otizm, farkl\u0131 k\u00fclt\u00fcrler, etnik k\u00f6ken ya da sosyoekonomik d\u00fczeyde olan bireylerde g\u00f6r\u00fclebilir. Bilimsel veriler, ailelerin gelir d\u00fczeyi, ya\u015fam bi\u00e7imi ya da e\u011fitim durumu ile otizm aras\u0131nda herhangi bir nedensel ili\u015fki bulunmad\u0131\u011f\u0131n\u0131 g\u00f6stermektedir. K\u0131sacas\u0131 otizm sizin hatan\u0131z de\u011fildir.\n      <\/p>\n      <p>\n        G\u00fcn\u00fcm\u00fczde \u201cotizm\u201d terimi, yerini Otizm Spektrum Bozuklu\u011fu (Autism Spectrum Disorders \u2013 ASD) ifadesine b\u0131rakm\u0131\u015ft\u0131r. Bu ifade, otizmin bireylerde farkl\u0131 \u015fiddet ve belirtilerle g\u00f6r\u00fclebildi\u011fi bir yelpazeyi ifade eder.\n      <\/p>\n    <\/section>\n\n    <!-- Bunlar\u0131 Biliyor Musunuz? -->\n    <section class=\"card\">\n      <h2 class=\"section-title\">Bunlar\u0131 Biliyor Musunuz?<\/h2>\n      <ul class=\"feature-list\">\n        <li>Otizmin nedeninin beyin yap\u0131s\u0131 ve i\u015fleyi\u015findeki farkl\u0131l\u0131klardan kaynakland\u0131\u011f\u0131 d\u00fc\u015f\u00fcn\u00fclmektedir.<\/li>\n        <li>Otizmin genetik k\u00f6kenli olabilece\u011fini g\u00f6steren bulgular vard\u0131r. Ancak bu duruma neden olan kesin gen ya da genler hen\u00fcz tam olarak belirlenmemi\u015ftir.<\/li>\n        <li>Otizm, bir ruh hastal\u0131\u011f\u0131 de\u011fildir, do\u011fu\u015ftan gelen n\u00f6rogeli\u015fimsel bir farkl\u0131l\u0131kt\u0131r.<\/li>\n        <li>Otizmin nedeni, anne-baban\u0131n \u00e7ocuk yeti\u015ftirme bi\u00e7imi, e\u011fitim seviyesi ya da ya\u015fam ko\u015fullar\u0131yla ilgili de\u011fildir.<\/li>\n        <li>Otizm tan\u0131s\u0131 alan bireylerin yakla\u015f\u0131k %35\u2019inde epilepsi, istemsiz hareketler veya bilin\u00e7 kayb\u0131 gibi n\u00f6rolojik belirtiler g\u00f6r\u00fclebilir.<\/li>\n        <li>%90\u2019\u0131nda duyusal farkl\u0131l\u0131klar ve sorunlar vard\u0131r. \u00d6rne\u011fin baz\u0131lar\u0131 y\u00fcksek sese a\u015f\u0131r\u0131 tepki verebilir, baz\u0131lar\u0131 ise \u0131\u015f\u0131\u011fa, kokuya ya da dokunmaya kar\u015f\u0131 a\u015f\u0131r\u0131 hassasiyet g\u00f6sterebilir.<\/li>\n        <li>Yakla\u015f\u0131k \u00fc\u00e7te biri konu\u015famaz ve ba\u015fkalar\u0131n\u0131n konu\u015fmas\u0131na tepki veremez (resim ya da jest kullan\u0131m\u0131 gibi alternatif ileti\u015fim sistemleri kullan\u0131labilir).<\/li>\n        <li>Yakla\u015f\u0131k yar\u0131s\u0131 mide-ba\u011f\u0131rsak, kab\u0131zl\u0131k ve ishal gibi sorunlar ya\u015far.<\/li>\n        <li>Yakla\u015f\u0131k yar\u0131s\u0131 beslenme sorunu (yeme se\u00e7icili\u011fi, yiyecek reddetme, a\u015f\u0131r\u0131 yeme) ya\u015far.<\/li>\n        <li>Yakla\u015f\u0131k %66\u2019s\u0131 kronik bi\u00e7imde uyku sorunlar\u0131 (uykuya dalamama, gecenin bir yar\u0131s\u0131 uyanma, s\u0131k s\u0131k uyanma gibi) ya\u015far.<\/li>\n        <li>Yetersizlik gruplar\u0131 i\u00e7inde y\u00fcksek d\u00fczeyde ve \u00e7e\u015fitlilikte davran\u0131\u015f sorunlar\u0131 sergileyen bir gruptur.<\/li>\n      <\/ul>\n    <\/section>\n\n    <!-- Kimlerde ve Ne S\u0131kl\u0131kta G\u00f6r\u00fcl\u00fcr? -->\n    <section class=\"card\">\n      <h2 class=\"section-title lowercase-title\">Kimlerde ve Ne S\u0131kl\u0131kta G\u00f6r\u00fcl\u00fcr?<\/h2>\n      <p>\n        Otizm, erkek \u00e7ocuklarda daha s\u0131k g\u00f6r\u00fcl\u00fcr. \u00d6nceki y\u0131llarda erkeklerin k\u0131zlara g\u00f6re 4 kat daha fazla tan\u0131 ald\u0131\u011f\u0131 belirtilirken, yeni ara\u015ft\u0131rmalar bu oran\u0131n yakla\u015f\u0131k 3 kata d\u00fc\u015ft\u00fc\u011f\u00fcn\u00fc belirtmektedir. Hatta son y\u0131llarda yap\u0131lan \u00e7al\u0131\u015fmalar ya\u015f ilerledik\u00e7e tan\u0131daki cinsiyet fark\u0131n\u0131n kapand\u0131\u011f\u0131n\u0131, 20 ya\u015f civar\u0131nda otizmin g\u00f6r\u00fclme oran\u0131n\u0131n erkek\/kad\u0131nlarda neredeyse 1,2:1\u2019e indi\u011fini g\u00f6stermektedir.\n      <\/p>\n      <p>Otizm tan\u0131s\u0131 alan \u00e7ocuklar\u0131n bir\u00e7o\u011funda farkl\u0131 d\u00fczeylerde a\u015fa\u011f\u0131daki durumlar e\u015flik edebilir:<\/p>\n      <ul>\n        <li>\u00d6\u011frenme g\u00fc\u00e7l\u00fc\u011f\u00fc,<\/li>\n        <li>Dikkat eksikli\u011fi ve hiperaktivite bozuklu\u011fu,<\/li>\n        <li>Kayg\u0131 bozukluklar\u0131,<\/li>\n        <li>Obsesif-kompulsif bozukluk,<\/li>\n        <li>Zihin yetersizli\u011fi.<\/li>\n      <\/ul>\n      <p>\n        Zeka testlerinde baz\u0131 alanlarda y\u00fcksek performans g\u00f6steren \u00e7ocuklar, di\u011fer alanlarda daha d\u00fc\u015f\u00fck puanlar alabilir.\n      <\/p>\n      <p>\n        \u00dcst\u00fcn yetenekli otizmli bireyler az\u0131nl\u0131ktad\u0131r. Otizmli bireylerin yaln\u0131zca yakla\u015f\u0131k %10\u2019unda \u00fcst\u00fcn haf\u0131za, m\u00fczik yetene\u011fi gibi \u00f6zel beceriler g\u00f6r\u00fcl\u00fcr. Bu \u00f6zellikler toplumda genellenebilecek bir durum de\u011fildir.\n      <\/p>\n    <\/section>\n\n  <\/div>\n<\/div>\t\t\t\t<\/div>\n\t\t\t\t<\/div>\n\t\t\t\t\t<\/div>\n\t\t\t\t<\/div>\n\t\t\t\t<section class=\"elementor-section elementor-top-section elementor-element elementor-element-7e44e27 elementor-section-boxed elementor-section-height-default elementor-section-height-default\" data-id=\"7e44e27\" data-element_type=\"section\" data-e-type=\"section\">\n\t\t\t\t\t\t<div class=\"elementor-container elementor-column-gap-no\">\n\t\t\t\t\t<div class=\"elementor-column elementor-col-100 elementor-top-column elementor-element elementor-element-96c0946\" data-id=\"96c0946\" data-element_type=\"column\" data-e-type=\"column\">\n\t\t\t<div class=\"elementor-widget-wrap elementor-element-populated\">\n\t\t\t\t\t\t<section class=\"elementor-section elementor-inner-section elementor-element elementor-element-f857fc2 elementor-section-boxed elementor-section-height-default elementor-section-height-default\" data-id=\"f857fc2\" data-element_type=\"section\" data-e-type=\"section\">\n\t\t\t\t\t\t<div class=\"elementor-container elementor-column-gap-no\">\n\t\t\t\t\t<div class=\"elementor-column elementor-col-50 elementor-inner-column elementor-element elementor-element-6eda280\" data-id=\"6eda280\" data-element_type=\"column\" data-e-type=\"column\" data-settings=\"{&quot;background_background&quot;:&quot;classic&quot;}\">\n\t\t\t<div class=\"elementor-widget-wrap elementor-element-populated\">\n\t\t\t\t\t\t<div class=\"elementor-element elementor-element-91cf4c0 elementor-widget__width-initial elementor-widget elementor-widget-image\" data-id=\"91cf4c0\" data-element_type=\"widget\" data-e-type=\"widget\" data-widget_type=\"image.default\">\n\t\t\t\t<div class=\"elementor-widget-container\">\n\t\t\t\t\t\t\t\t\t\t\t\t\t\t\t<img fetchpriority=\"high\" decoding=\"async\" width=\"2150\" height=\"1440\" src=\"https:\/\/wp1.sedaozcan.net.tr\/wp-content\/uploads\/2025\/10\/REHBERLIK-scaled-e1759846366712.png\" class=\"attachment-full size-full wp-image-5127\" alt=\"\" srcset=\"https:\/\/wp1.sedaozcan.net.tr\/wp-content\/uploads\/2025\/10\/REHBERLIK-scaled-e1759846366712.png 2150w, https:\/\/wp1.sedaozcan.net.tr\/wp-content\/uploads\/2025\/10\/REHBERLIK-scaled-e1759846366712-300x201.png 300w, https:\/\/wp1.sedaozcan.net.tr\/wp-content\/uploads\/2025\/10\/REHBERLIK-scaled-e1759846366712-1024x686.png 1024w, https:\/\/wp1.sedaozcan.net.tr\/wp-content\/uploads\/2025\/10\/REHBERLIK-scaled-e1759846366712-768x514.png 768w, https:\/\/wp1.sedaozcan.net.tr\/wp-content\/uploads\/2025\/10\/REHBERLIK-scaled-e1759846366712-1536x1029.png 1536w, https:\/\/wp1.sedaozcan.net.tr\/wp-content\/uploads\/2025\/10\/REHBERLIK-scaled-e1759846366712-2048x1372.png 2048w, https:\/\/wp1.sedaozcan.net.tr\/wp-content\/uploads\/2025\/10\/REHBERLIK-scaled-e1759846366712-600x402.png 600w\" sizes=\"(max-width: 2150px) 100vw, 2150px\" \/>\t\t\t\t\t\t\t\t\t\t\t\t\t\t\t<\/div>\n\t\t\t\t<\/div>\n\t\t\t\t\t<\/div>\n\t\t<\/div>\n\t\t\t\t<div class=\"elementor-column elementor-col-50 elementor-inner-column elementor-element elementor-element-d0fcfe5\" data-id=\"d0fcfe5\" data-element_type=\"column\" data-e-type=\"column\" data-settings=\"{&quot;background_background&quot;:&quot;classic&quot;}\">\n\t\t\t<div class=\"elementor-widget-wrap elementor-element-populated\">\n\t\t\t\t<div class=\"elementor-element elementor-element-0862849 e-con-full e-flex e-con e-parent\" data-id=\"0862849\" data-element_type=\"container\" data-e-type=\"container\">\n\t\t\t\t<div class=\"elementor-element elementor-element-155d959 elementor-widget__width-initial elementor-widget elementor-widget-image-box\" data-id=\"155d959\" data-element_type=\"widget\" data-e-type=\"widget\" data-widget_type=\"image-box.default\">\n\t\t\t\t<div class=\"elementor-widget-container\">\n\t\t\t\t\t<div class=\"elementor-image-box-wrapper\"><div class=\"elementor-image-box-content\"><h2 class=\"elementor-image-box-title\">Guidance Department<\/h2><p class=\"elementor-image-box-description\">Book a free educational evaluation appointment.<\/p><\/div><\/div>\t\t\t\t<\/div>\n\t\t\t\t<\/div>\n\t\t\t\t<\/div>\n\t\t<div class=\"elementor-element elementor-element-483adca e-con-full e-flex e-con e-parent\" data-id=\"483adca\" data-element_type=\"container\" data-e-type=\"container\">\n\t\t\t\t<div class=\"elementor-element elementor-element-48e9582 elementor-view-default elementor-widget elementor-widget-icon\" data-id=\"48e9582\" data-element_type=\"widget\" data-e-type=\"widget\" data-widget_type=\"icon.default\">\n\t\t\t\t<div class=\"elementor-widget-container\">\n\t\t\t\t\t\t\t<div class=\"elementor-icon-wrapper\">\n\t\t\t<a class=\"elementor-icon\" href=\"\">\n\t\t\t<i aria-hidden=\"true\" class=\"ci ci-email1\"><\/i>\t\t\t<\/a>\n\t\t<\/div>\n\t\t\t\t\t\t<\/div>\n\t\t\t\t<\/div>\n\t\t\t\t<div class=\"elementor-element elementor-element-e3822dc elementor-view-default elementor-widget elementor-widget-icon\" data-id=\"e3822dc\" data-element_type=\"widget\" data-e-type=\"widget\" data-widget_type=\"icon.default\">\n\t\t\t\t<div class=\"elementor-widget-container\">\n\t\t\t\t\t\t\t<div class=\"elementor-icon-wrapper\">\n\t\t\t<a class=\"elementor-icon\" href=\"tel:+902122489430\">\n\t\t\t<i aria-hidden=\"true\" class=\"icon icon-phone-call1\"><\/i>\t\t\t<\/a>\n\t\t<\/div>\n\t\t\t\t\t\t<\/div>\n\t\t\t\t<\/div>\n\t\t\t\t<\/div>\n\t\t\t\t<div class=\"elementor-element elementor-element-c81bb0c elementor-widget elementor-widget-text-editor\" data-id=\"c81bb0c\" data-element_type=\"widget\" data-e-type=\"widget\" data-widget_type=\"text-editor.default\">\n\t\t\t\t<div class=\"elementor-widget-container\">\n\t\t\t\t\t\t\t\t\t<p style=\"text-align: center;\"><strong><a href=\"mailto:rehberlik@tohumotizm.org.tr\">rehberlik@tohumotizm.org.tr<\/a><\/strong><br>\n<strong><a href=\"tel:+902122489430\">+90 (212) 248 94 30<\/a><\/strong><\/p>\t\t\t\t\t\t\t\t<\/div>\n\t\t\t\t<\/div>\n\t\t\t\t\t<\/div>\n\t\t<\/div>\n\t\t\t\t\t<\/div>\n\t\t<\/section>\n\t\t\t\t\t<\/div>\n\t\t<\/div>\n\t\t\t\t\t<\/div>\n\t\t<\/section>\n\t\t\t\t<\/div>","protected":false},"excerpt":{"rendered":"<p>Otizm Nedir? Otizm Spektrum Bozuklu\u011fu Otizm Hakk\u0131nda Merak Edilenler Otizm, g\u00fcn\u00fcm\u00fczde en s\u0131k kar\u015f\u0131la\u015f\u0131lan n\u00f6rogeli\u015fimsel farkl\u0131l\u0131klardan biridir. Amerikan Hastal\u0131klar\u0131 Kontrol ve \u00d6nleme Merkezi (CDC) verilerine g\u00f6re 2006 y\u0131l\u0131nda her 150 \u00e7ocuktan 1\u2019i otizm tan\u0131s\u0131 al\u0131rken, 2025 y\u0131l\u0131 itibar\u0131yla bu oran her 31 \u00e7ocuktan 1\u2019i olarak g\u00fcncellenmi\u015ftir. Otizm, farkl\u0131 k\u00fclt\u00fcrler, etnik k\u00f6ken ya da sosyoekonomik d\u00fczeyde<\/p>","protected":false},"author":1,"featured_media":0,"parent":4610,"menu_order":0,"comment_status":"closed","ping_status":"closed","template":"elementor_header_footer","meta":{"footnotes":""},"class_list":["post-6024","page","type-page","status-publish","hentry"],"yoast_head":"<!-- This site is optimized with the Yoast SEO Premium plugin v28.3 (Yoast SEO v28.3) - https:\/\/yoast.com\/product\/yoast-seo-premium-wordpress\/ -->\n<title>Otizm Hakk\u0131nda Merak Edilenler - Tohum Otizm Vakf\u0131 | Otizmin Tek \u00c7aresi E\u011fitim<\/title>\n<meta name=\"robots\" content=\"index, follow, max-snippet:-1, max-image-preview:large, max-video-preview:-1\" \/>\n<link rel=\"canonical\" href=\"https:\/\/wp1.sedaozcan.net.tr\/en\/otizm-nedir\/otizm-spektrum-bozuklugu\/otizm-hakkinda-merak-edilenler\/\" \/>\n<meta property=\"og:locale\" content=\"en_US\" \/>\n<meta property=\"og:type\" content=\"article\" \/>\n<meta property=\"og:title\" content=\"Otizm Hakk\u0131nda Merak Edilenler\" \/>\n<meta property=\"og:description\" content=\"Otizm Nedir? Otizm Spektrum Bozuklu\u011fu Otizm Hakk\u0131nda Merak Edilenler Otizm, g\u00fcn\u00fcm\u00fczde en s\u0131k kar\u015f\u0131la\u015f\u0131lan n\u00f6rogeli\u015fimsel farkl\u0131l\u0131klardan biridir. Amerikan Hastal\u0131klar\u0131 Kontrol ve \u00d6nleme Merkezi (CDC) verilerine g\u00f6re 2006 y\u0131l\u0131nda her 150 \u00e7ocuktan 1\u2019i otizm tan\u0131s\u0131 al\u0131rken, 2025 y\u0131l\u0131 itibar\u0131yla bu oran her 31 \u00e7ocuktan 1\u2019i olarak g\u00fcncellenmi\u015ftir. Otizm, farkl\u0131 k\u00fclt\u00fcrler, etnik k\u00f6ken ya da sosyoekonomik d\u00fczeyde\" \/>\n<meta property=\"og:url\" content=\"https:\/\/wp1.sedaozcan.net.tr\/en\/otizm-nedir\/otizm-spektrum-bozuklugu\/otizm-hakkinda-merak-edilenler\/\" \/>\n<meta property=\"og:site_name\" content=\"Tohum Otizm Vakf\u0131 | Otizmin Tek \u00c7aresi E\u011fitim\" \/>\n<meta property=\"article:modified_time\" content=\"2026-08-13T19:35:09+00:00\" \/>\n<meta property=\"og:image\" content=\"https:\/\/wp1.sedaozcan.net.tr\/wp-content\/uploads\/2025\/10\/REHBERLIK-scaled-e1759846366712-1024x686.png\" \/>\n\t<meta property=\"og:image:width\" content=\"1024\" \/>\n\t<meta property=\"og:image:height\" content=\"686\" \/>\n\t<meta property=\"og:image:type\" content=\"image\/png\" \/>\n<meta name=\"twitter:card\" content=\"summary_large_image\" \/>\n<meta name=\"twitter:label1\" content=\"Est. reading time\" \/>\n\t<meta name=\"twitter:data1\" content=\"3 minutes\" \/>\n<script type=\"application\/ld+json\" class=\"yoast-schema-graph\">{\"@context\":\"https:\\\/\\\/schema.org\",\"@graph\":[{\"@type\":\"WebPage\",\"@id\":\"https:\\\/\\\/wp1.sedaozcan.net.tr\\\/otizm-nedir\\\/otizm-spektrum-bozuklugu\\\/otizm-hakkinda-merak-edilenler\\\/\",\"url\":\"https:\\\/\\\/wp1.sedaozcan.net.tr\\\/otizm-nedir\\\/otizm-spektrum-bozuklugu\\\/otizm-hakkinda-merak-edilenler\\\/\",\"name\":\"Otizm Hakk\u0131nda Merak Edilenler - Tohum Otizm Vakf\u0131 | Otizmin Tek \u00c7aresi E\u011fitim\",\"isPartOf\":{\"@id\":\"https:\\\/\\\/wp1.sedaozcan.net.tr\\\/#website\"},\"primaryImageOfPage\":{\"@id\":\"https:\\\/\\\/wp1.sedaozcan.net.tr\\\/otizm-nedir\\\/otizm-spektrum-bozuklugu\\\/otizm-hakkinda-merak-edilenler\\\/#primaryimage\"},\"image\":{\"@id\":\"https:\\\/\\\/wp1.sedaozcan.net.tr\\\/otizm-nedir\\\/otizm-spektrum-bozuklugu\\\/otizm-hakkinda-merak-edilenler\\\/#primaryimage\"},\"thumbnailUrl\":\"https:\\\/\\\/wp1.sedaozcan.net.tr\\\/wp-content\\\/uploads\\\/2025\\\/10\\\/REHBERLIK-scaled-e1759846366712.png\",\"datePublished\":\"2025-10-07T15:37:00+00:00\",\"dateModified\":\"2026-08-13T19:35:09+00:00\",\"breadcrumb\":{\"@id\":\"https:\\\/\\\/wp1.sedaozcan.net.tr\\\/otizm-nedir\\\/otizm-spektrum-bozuklugu\\\/otizm-hakkinda-merak-edilenler\\\/#breadcrumb\"},\"inLanguage\":\"en-US\",\"potentialAction\":[{\"@type\":\"ReadAction\",\"target\":[\"https:\\\/\\\/wp1.sedaozcan.net.tr\\\/otizm-nedir\\\/otizm-spektrum-bozuklugu\\\/otizm-hakkinda-merak-edilenler\\\/\"]}]},{\"@type\":\"ImageObject\",\"inLanguage\":\"en-US\",\"@id\":\"https:\\\/\\\/wp1.sedaozcan.net.tr\\\/otizm-nedir\\\/otizm-spektrum-bozuklugu\\\/otizm-hakkinda-merak-edilenler\\\/#primaryimage\",\"url\":\"https:\\\/\\\/wp1.sedaozcan.net.tr\\\/wp-content\\\/uploads\\\/2025\\\/10\\\/REHBERLIK-scaled-e1759846366712.png\",\"contentUrl\":\"https:\\\/\\\/wp1.sedaozcan.net.tr\\\/wp-content\\\/uploads\\\/2025\\\/10\\\/REHBERLIK-scaled-e1759846366712.png\"},{\"@type\":\"BreadcrumbList\",\"@id\":\"https:\\\/\\\/wp1.sedaozcan.net.tr\\\/otizm-nedir\\\/otizm-spektrum-bozuklugu\\\/otizm-hakkinda-merak-edilenler\\\/#breadcrumb\",\"itemListElement\":[{\"@type\":\"ListItem\",\"position\":1,\"name\":\"Home\",\"item\":\"https:\\\/\\\/wp1.sedaozcan.net.tr\\\/\"},{\"@type\":\"ListItem\",\"position\":2,\"name\":\"Otizm Nedir?\",\"item\":\"https:\\\/\\\/wp1.sedaozcan.net.tr\\\/otizm-nedir\\\/\"},{\"@type\":\"ListItem\",\"position\":3,\"name\":\"Otizm Spektrum Bozuklu\u011fu\",\"item\":\"https:\\\/\\\/wp1.sedaozcan.net.tr\\\/otizm-nedir\\\/otizm-spektrum-bozuklugu\\\/\"},{\"@type\":\"ListItem\",\"position\":4,\"name\":\"Otizm Hakk\u0131nda Merak Edilenler\"}]},{\"@type\":\"WebSite\",\"@id\":\"https:\\\/\\\/wp1.sedaozcan.net.tr\\\/#website\",\"url\":\"https:\\\/\\\/wp1.sedaozcan.net.tr\\\/\",\"name\":\"Tohum Otizm Vakf\u0131 | Otizmin Tek \u00c7aresi E\u011fitim\",\"description\":\"\",\"potentialAction\":[{\"@type\":\"SearchAction\",\"target\":{\"@type\":\"EntryPoint\",\"urlTemplate\":\"https:\\\/\\\/wp1.sedaozcan.net.tr\\\/?s={search_term_string}\"},\"query-input\":{\"@type\":\"PropertyValueSpecification\",\"valueRequired\":true,\"valueName\":\"search_term_string\"}}],\"inLanguage\":\"en-US\"},{\"@type\":\"ImageObject\",\"inLanguage\":\"en-US\",\"@id\":\"https:\\\/\\\/wp1.sedaozcan.net.tr\\\/otizm-nedir\\\/otizm-spektrum-bozuklugu\\\/otizm-hakkinda-merak-edilenler\\\/#local-main-organization-logo\",\"url\":\"\",\"contentUrl\":\"\",\"caption\":\"Tohum Otizm Vakf\u0131 | Otizmin Tek \u00c7aresi E\u011fitim\"}]}<\/script>\n<!-- \/ Yoast SEO Premium plugin. -->","yoast_head_json":{"title":"Otizm Hakk\u0131nda Merak Edilenler - Tohum Otizm Vakf\u0131 | Otizmin Tek \u00c7aresi E\u011fitim","robots":{"index":"index","follow":"follow","max-snippet":"max-snippet:-1","max-image-preview":"max-image-preview:large","max-video-preview":"max-video-preview:-1"},"canonical":"https:\/\/wp1.sedaozcan.net.tr\/en\/otizm-nedir\/otizm-spektrum-bozuklugu\/otizm-hakkinda-merak-edilenler\/","og_locale":"en_US","og_type":"article","og_title":"Otizm Hakk\u0131nda Merak Edilenler","og_description":"Otizm Nedir? Otizm Spektrum Bozuklu\u011fu Otizm Hakk\u0131nda Merak Edilenler Otizm, g\u00fcn\u00fcm\u00fczde en s\u0131k kar\u015f\u0131la\u015f\u0131lan n\u00f6rogeli\u015fimsel farkl\u0131l\u0131klardan biridir. Amerikan Hastal\u0131klar\u0131 Kontrol ve \u00d6nleme Merkezi (CDC) verilerine g\u00f6re 2006 y\u0131l\u0131nda her 150 \u00e7ocuktan 1\u2019i otizm tan\u0131s\u0131 al\u0131rken, 2025 y\u0131l\u0131 itibar\u0131yla bu oran her 31 \u00e7ocuktan 1\u2019i olarak g\u00fcncellenmi\u015ftir. Otizm, farkl\u0131 k\u00fclt\u00fcrler, etnik k\u00f6ken ya da sosyoekonomik d\u00fczeyde","og_url":"https:\/\/wp1.sedaozcan.net.tr\/en\/otizm-nedir\/otizm-spektrum-bozuklugu\/otizm-hakkinda-merak-edilenler\/","og_site_name":"Tohum Otizm Vakf\u0131 | Otizmin Tek \u00c7aresi E\u011fitim","article_modified_time":"2026-08-13T19:35:09+00:00","og_image":[{"width":1024,"height":686,"url":"https:\/\/wp1.sedaozcan.net.tr\/wp-content\/uploads\/2025\/10\/REHBERLIK-scaled-e1759846366712-1024x686.png","type":"image\/png"}],"twitter_card":"summary_large_image","twitter_misc":{"Est. reading time":"3 minutes"},"schema":{"@context":"https:\/\/schema.org","@graph":[{"@type":"WebPage","@id":"https:\/\/wp1.sedaozcan.net.tr\/otizm-nedir\/otizm-spektrum-bozuklugu\/otizm-hakkinda-merak-edilenler\/","url":"https:\/\/wp1.sedaozcan.net.tr\/otizm-nedir\/otizm-spektrum-bozuklugu\/otizm-hakkinda-merak-edilenler\/","name":"Otizm Hakk\u0131nda Merak Edilenler - Tohum Otizm Vakf\u0131 | Otizmin Tek \u00c7aresi E\u011fitim","isPartOf":{"@id":"https:\/\/wp1.sedaozcan.net.tr\/#website"},"primaryImageOfPage":{"@id":"https:\/\/wp1.sedaozcan.net.tr\/otizm-nedir\/otizm-spektrum-bozuklugu\/otizm-hakkinda-merak-edilenler\/#primaryimage"},"image":{"@id":"https:\/\/wp1.sedaozcan.net.tr\/otizm-nedir\/otizm-spektrum-bozuklugu\/otizm-hakkinda-merak-edilenler\/#primaryimage"},"thumbnailUrl":"https:\/\/wp1.sedaozcan.net.tr\/wp-content\/uploads\/2025\/10\/REHBERLIK-scaled-e1759846366712.png","datePublished":"2025-10-07T15:37:00+00:00","dateModified":"2026-08-13T19:35:09+00:00","breadcrumb":{"@id":"https:\/\/wp1.sedaozcan.net.tr\/otizm-nedir\/otizm-spektrum-bozuklugu\/otizm-hakkinda-merak-edilenler\/#breadcrumb"},"inLanguage":"en-US","potentialAction":[{"@type":"ReadAction","target":["https:\/\/wp1.sedaozcan.net.tr\/otizm-nedir\/otizm-spektrum-bozuklugu\/otizm-hakkinda-merak-edilenler\/"]}]},{"@type":"ImageObject","inLanguage":"en-US","@id":"https:\/\/wp1.sedaozcan.net.tr\/otizm-nedir\/otizm-spektrum-bozuklugu\/otizm-hakkinda-merak-edilenler\/#primaryimage","url":"https:\/\/wp1.sedaozcan.net.tr\/wp-content\/uploads\/2025\/10\/REHBERLIK-scaled-e1759846366712.png","contentUrl":"https:\/\/wp1.sedaozcan.net.tr\/wp-content\/uploads\/2025\/10\/REHBERLIK-scaled-e1759846366712.png"},{"@type":"BreadcrumbList","@id":"https:\/\/wp1.sedaozcan.net.tr\/otizm-nedir\/otizm-spektrum-bozuklugu\/otizm-hakkinda-merak-edilenler\/#breadcrumb","itemListElement":[{"@type":"ListItem","position":1,"name":"Home","item":"https:\/\/wp1.sedaozcan.net.tr\/"},{"@type":"ListItem","position":2,"name":"Otizm Nedir?","item":"https:\/\/wp1.sedaozcan.net.tr\/otizm-nedir\/"},{"@type":"ListItem","position":3,"name":"Otizm Spektrum Bozuklu\u011fu","item":"https:\/\/wp1.sedaozcan.net.tr\/otizm-nedir\/otizm-spektrum-bozuklugu\/"},{"@type":"ListItem","position":4,"name":"Otizm Hakk\u0131nda Merak Edilenler"}]},{"@type":"WebSite","@id":"https:\/\/wp1.sedaozcan.net.tr\/#website","url":"https:\/\/wp1.sedaozcan.net.tr\/","name":"Tohum Autism Foundation | The Only Remedy for Autism is Education","description":"","potentialAction":[{"@type":"SearchAction","target":{"@type":"EntryPoint","urlTemplate":"https:\/\/wp1.sedaozcan.net.tr\/?s={search_term_string}"},"query-input":{"@type":"PropertyValueSpecification","valueRequired":true,"valueName":"search_term_string"}}],"inLanguage":"en-US"},{"@type":"ImageObject","inLanguage":"en-US","@id":"https:\/\/wp1.sedaozcan.net.tr\/otizm-nedir\/otizm-spektrum-bozuklugu\/otizm-hakkinda-merak-edilenler\/#local-main-organization-logo","url":"","contentUrl":"","caption":"Tohum Otizm Vakf\u0131 | Otizmin Tek \u00c7aresi E\u011fitim"}]}},"_links":{"self":[{"href":"https:\/\/wp1.sedaozcan.net.tr\/en\/wp-json\/wp\/v2\/pages\/6024","targetHints":{"allow":["GET"]}}],"collection":[{"href":"https:\/\/wp1.sedaozcan.net.tr\/en\/wp-json\/wp\/v2\/pages"}],"about":[{"href":"https:\/\/wp1.sedaozcan.net.tr\/en\/wp-json\/wp\/v2\/types\/page"}],"author":[{"embeddable":true,"href":"https:\/\/wp1.sedaozcan.net.tr\/en\/wp-json\/wp\/v2\/users\/1"}],"replies":[{"embeddable":true,"href":"https:\/\/wp1.sedaozcan.net.tr\/en\/wp-json\/wp\/v2\/comments?post=6024"}],"version-history":[{"count":34,"href":"https:\/\/wp1.sedaozcan.net.tr\/en\/wp-json\/wp\/v2\/pages\/6024\/revisions"}],"predecessor-version":[{"id":10196,"href":"https:\/\/wp1.sedaozcan.net.tr\/en\/wp-json\/wp\/v2\/pages\/6024\/revisions\/10196"}],"up":[{"embeddable":true,"href":"https:\/\/wp1.sedaozcan.net.tr\/en\/wp-json\/wp\/v2\/pages\/4610"}],"wp:attachment":[{"href":"https:\/\/wp1.sedaozcan.net.tr\/en\/wp-json\/wp\/v2\/media?parent=6024"}],"curies":[{"name":"wp","href":"https:\/\/api.w.org\/{rel}","templated":true}]}}