{"id":5998,"date":"2025-10-07T17:14:34","date_gmt":"2025-10-07T15:14:34","guid":{"rendered":"https:\/\/wp1.sedaozcan.net.tr\/?page_id=5998"},"modified":"2026-08-13T21:29:01","modified_gmt":"2026-08-13T19:29:01","slug":"otizm-tani-sureci","status":"publish","type":"page","link":"https:\/\/wp1.sedaozcan.net.tr\/en\/otizm-nedir\/otizm-spektrum-bozuklugu\/otizm-tani-sureci\/","title":{"rendered":"Otizm Tan\u0131 S\u00fcreci"},"content":{"rendered":"<div data-elementor-type=\"wp-page\" data-elementor-id=\"5998\" class=\"elementor elementor-5998\" data-elementor-post-type=\"page\">\n\t\t\t\t\t\t<section class=\"elementor-section elementor-top-section elementor-element elementor-element-19e0496 elementor-section-height-min-height elementor-section-boxed elementor-section-height-default elementor-section-items-middle\" data-id=\"19e0496\" data-element_type=\"section\" data-e-type=\"section\" data-settings=\"{&quot;background_background&quot;:&quot;classic&quot;}\">\n\t\t\t\t\t\t\t<div class=\"elementor-background-overlay\"><\/div>\n\t\t\t\t\t\t\t<div class=\"elementor-container elementor-column-gap-no\">\n\t\t\t\t\t<div class=\"elementor-column elementor-col-100 elementor-top-column elementor-element elementor-element-d4a0bbc\" data-id=\"d4a0bbc\" data-element_type=\"column\" data-e-type=\"column\">\n\t\t\t<div class=\"elementor-widget-wrap elementor-element-populated\">\n\t\t\t\t\t\t<div class=\"elementor-element elementor-element-b73574f elementor-icon-list--layout-inline elementor-tablet-align-center elementor-list-item-link-full_width elementor-widget elementor-widget-icon-list\" data-id=\"b73574f\" data-element_type=\"widget\" data-e-type=\"widget\" data-widget_type=\"icon-list.default\">\n\t\t\t\t<div class=\"elementor-widget-container\">\n\t\t\t\t\t\t\t<ul class=\"elementor-icon-list-items elementor-inline-items\">\n\t\t\t\t\t\t\t<li class=\"elementor-icon-list-item elementor-inline-item\">\n\t\t\t\t\t\t\t\t\t\t<span class=\"elementor-icon-list-text\">What is Autism?<\/span>\n\t\t\t\t\t\t\t\t\t<\/li>\n\t\t\t\t\t\t\t\t<li class=\"elementor-icon-list-item elementor-inline-item\">\n\t\t\t\t\t\t\t\t\t\t<span class=\"elementor-icon-list-text\">Autism Spectrum Disorder<\/span>\n\t\t\t\t\t\t\t\t\t<\/li>\n\t\t\t\t\t\t<\/ul>\n\t\t\t\t\t\t<\/div>\n\t\t\t\t<\/div>\n\t\t\t\t<div class=\"elementor-element elementor-element-8cc58bd elementor-widget elementor-widget-heading\" data-id=\"8cc58bd\" data-element_type=\"widget\" data-e-type=\"widget\" data-widget_type=\"heading.default\">\n\t\t\t\t<div class=\"elementor-widget-container\">\n\t\t\t\t\t<h1 class=\"elementor-heading-title elementor-size-default\">Otizm Tan\u0131 S\u00fcreci<\/h1>\t\t\t\t<\/div>\n\t\t\t\t<\/div>\n\t\t\t\t\t<\/div>\n\t\t<\/div>\n\t\t\t\t\t<\/div>\n\t\t<\/section>\n\t\t<div class=\"elementor-element elementor-element-244025c e-flex e-con-boxed e-con e-parent\" data-id=\"244025c\" data-element_type=\"container\" data-e-type=\"container\">\n\t\t\t\t\t<div class=\"e-con-inner\">\n\t\t\t\t<div class=\"elementor-element elementor-element-d3bad80 elementor-widget elementor-widget-html\" data-id=\"d3bad80\" data-element_type=\"widget\" data-e-type=\"widget\" data-widget_type=\"html.default\">\n\t\t\t\t<div class=\"elementor-widget-container\">\n\t\t\t\t\t<!-- TOV | Otizm Tan\u0131 S\u00fcreci | Elementor Custom HTML -->\n<link href=\"https:\/\/fonts.googleapis.com\/css2?family=Poppins:wght@700;800&family=Inter:wght@400;500;700&display=swap\" rel=\"stylesheet\" \/>\n\n<div id=\"tov-programs\">\n  <style>\n    \/* ===== Scope: sadece bu blok ===== *\/\n    #tov-programs * { box-sizing: border-box; }\n\n    \/* === Kurumsal Palet === *\/\n    #tov-programs{\n      --tov-blue:#026D92;\n      --tov-yellow:#FFD800;\n      --tov-orange:#FCB128;\n      --tov-ink:#222;\n      --tov-muted:#666;\n      --tov-border:#e9e9ee;\n      --tov-bg:#fafafa;\n      --tov-card:#ffffff;\n      --tov-shadow:0 10px 24px rgba(2,109,146,.12);\n      font-family: Inter, system-ui, -apple-system, sans-serif;\n      color: var(--tov-ink);\n    }\n\n    #tov-programs a{ color:var(--tov-blue); text-decoration:none; font-weight: 600; }\n    #tov-programs a:hover{ text-decoration:underline; }\n\n    #tov-programs .container{ max-width:1200px; margin:0 auto; padding:0px; }\n\n    \/* Kart Yap\u0131s\u0131 *\/\n    #tov-programs .card{\n      border:1px solid var(--tov-border);\n      border-radius:18px;\n      background:var(--tov-card);\n      padding:28px;\n      margin:22px 0;\n      box-shadow:var(--tov-shadow);\n    }\n\n    \/* Ba\u015fl\u0131klar *\/\n    #tov-programs h2, #tov-programs h3{\n      font-family:Poppins, sans-serif !important;\n      font-weight:800 !important;\n      line-height:1.2 !important;\n      color:#111 !important;\n      margin:0 0 15px !important;\n    }\n\n    #tov-programs .section-title{\n      font-size:26px;\n      position:relative;\n      padding-bottom:10px;\n    }\n    #tov-programs .section-title::after{\n      content:\"\"; display:block; width:56px; height:4px; background:var(--tov-yellow);\n      border-radius:999px; margin-top:8px;\n    }\n\n    \/* Metin D\u00fczeni *\/\n    #tov-programs p{ margin:12px 0; line-height:1.8; font-size:16.5px; }\n    #tov-programs .lead{ font-weight:600; color:#111; font-size: 18px; }\n\n    \/* Listeler *\/\n    #tov-programs ul{ margin:15px 0; padding:0; list-style:none; }\n    #tov-programs li{ margin:10px 0; line-height:1.6; font-size:16px; position:relative; padding-left:25px; }\n    #tov-programs li::before{\n      content:\"\"; position:absolute; left:0; top:10px; width:8px; height:8px;\n      border-radius:2px; background:var(--tov-blue);\n    }\n\n    \/* G\u00f6rsel ve Yaz\u0131 Yan Yana (Tan\u0131y\u0131 Kimler Koyabilir i\u00e7in) *\/\n    #tov-programs .split-content {\n      display: flex;\n      align-items: center;\n      gap: 30px;\n      margin-top: 20px;\n    }\n    #tov-programs .split-images {\n      flex: 0 0 40%;\n      display: flex;\n      flex-direction: column;\n      gap: 15px;\n    }\n    #tov-programs .split-images img {\n      width: 100%;\n      border-radius: 12px;\n      box-shadow: var(--tov-shadow);\n      border: 1px solid var(--tov-border);\n    }\n    #tov-programs .split-text { flex: 1; }\n\n    \/* Estetik Link Kutusu *\/\n    #tov-programs .info-box {\n      background: #f0f7f9;\n      border-left: 5px solid var(--tov-blue);\n      padding: 25px;\n      border-radius: 12px;\n      margin: 25px 0;\n    }\n    #tov-programs .info-box h3 { font-size: 19px; color: var(--tov-blue) !important; margin-bottom: 10px !important; }\n    #tov-programs .link-grid { display: grid; grid-template-columns: 1fr 1fr; gap: 10px; margin-top: 15px; }\n    #tov-programs .link-item { background: #fff; padding: 12px; border-radius: 8px; border: 1px solid #dceef4; font-size: 14px; }\n\n    \/* Responsive *\/\n    @media (max-width: 900px) {\n      #tov-programs .split-content { flex-direction: column; }\n      #tov-programs .split-images { flex: 1; width: 100%; flex-direction: row; }\n      #tov-programs .link-grid { grid-template-columns: 1fr; }\n    }\n  <\/style>\n\n  <div class=\"container\">\n\n    <!-- Giri\u015f B\u00f6l\u00fcm\u00fc -->\n    <section class=\"card\">\n      <p class=\"lead\">\n        Otizm, \u00e7ocu\u011fun geli\u015fim \u00f6zelliklerinin dikkatle izlenmesi ve de\u011ferlendirilmesi ile tan\u0131 konulabilen n\u00f6rogeli\u015fimsel bir farkl\u0131l\u0131kt\u0131r. Otizmli \u00e7ocuklar\u0131n d\u0131\u015f g\u00f6r\u00fcn\u00fc\u015fleri di\u011fer \u00e7ocuklardan farkl\u0131 de\u011fildir; ancak davran\u0131\u015flar\u0131nda belirgin farkl\u0131l\u0131klar vard\u0131r. Tan\u0131 s\u00fcreci, yaln\u0131zca bu alanda uzmanla\u015fm\u0131\u015f t\u0131p doktorlar\u0131 taraf\u0131ndan y\u00fcr\u00fct\u00fclmelidir.\n      <\/p>\n    <\/section>\n\n    <!-- Tan\u0131 Nas\u0131l Konur -->\n    <section class=\"card\">\n      <h2 class=\"section-title\">Otizm Tan\u0131s\u0131 Nas\u0131l Konur?<\/h2>\n      <p>Otizm tan\u0131s\u0131, \u00e7ocu\u011fun davran\u0131\u015flar\u0131n\u0131n uzman doktorlar taraf\u0131ndan g\u00f6zlemlenmesi, \u00e7e\u015fitli geli\u015fim testlerinin uygulanmas\u0131 ve ebeveynlerle yap\u0131lan g\u00f6r\u00fc\u015fmeler sonucunda konur. Otizmin belirtileri baz\u0131 bebeklerde 6. aydan itibaren fark edilebilir, ancak tan\u0131 genellikle 12. aydan itibaren konulabilir.<\/p>\n      <p>Erken ya\u015fta tan\u0131 konulmas\u0131, e\u011fitim s\u00fcrecine erken ba\u015flanmas\u0131 a\u00e7\u0131s\u0131ndan hayati \u00f6nem ta\u015f\u0131r.<\/p>\n    <\/section>\n\n    <!-- Tan\u0131y\u0131 Kimler Koyabilir - G\u00f6rseller Solda Metin Sa\u011fda -->\n    <section class=\"card\">\n      <h2 class=\"section-title\">Tan\u0131y\u0131 Kimler Koyabilir?<\/h2>\n      <div class=\"split-content\">\n        <div class=\"split-images\">\n          <img decoding=\"async\" src=\"https:\/\/wp1.sedaozcan.net.tr\/wp-content\/uploads\/2025\/10\/DIGER-2.png\" alt=\"Uzman De\u011ferlendirmesi\">\n        <\/div>\n        <div class=\"split-text\">\n          <ul>\n            <li>\u00dclkemizde otizm tan\u0131s\u0131 koyma yetkisine sahip uzmanlar <strong>\u00e7ocuk ve ergen psikiyatristleridir.<\/strong><\/li>\n            <li>Bu uzmanlar \u00e7ocu\u011fu g\u00f6zlemler, aileyle g\u00f6r\u00fc\u015fme yapar ve tan\u0131 \u00f6l\u00e7\u00fctlerine g\u00f6re de\u011ferlendirme yapar.<\/li>\n            <li>Gerekli g\u00f6r\u00fcrse t\u0131bbi tetkik ve ila\u00e7 tedavisi \u00f6nerebilir.<\/li>\n          <\/ul>\n          <p>Otizmin ila\u00e7la tedavisi m\u00fcmk\u00fcn de\u011fildir. Ancak ila\u00e7lar, e\u015flik eden durumlar\u0131 kontrol alt\u0131na almak i\u00e7in kullan\u0131labilir.<\/p>\n          <p class=\"lead\" style=\"color: var(--tov-blue);\">\u00c7ocu\u011fun geli\u015fimini izleyebilmek i\u00e7in, y\u0131lda en az bir kez \u00e7ocuk ve ergen psikiyatristine ba\u015fvurulmas\u0131 \u00f6nerilir.<\/p>\n        <\/div>\n      <\/div>\n    <\/section>\n\n    <!-- Nereye Ba\u015fvurabilirsiniz ve Tarama Testleri -->\n    <section class=\"card\">\n      <h2 class=\"section-title\">Nereye Ba\u015fvurabilirsiniz?<\/h2>\n      <ul>\n        <li>\u00c7ocuk ve Ergen Ruh Sa\u011fl\u0131\u011f\u0131 ve Hastal\u0131klar\u0131 Anabilim Dal\u0131 bulunan \u00fcniversite hastaneleri,<\/li>\n        <li>\u00c7ocuk ve ergen psikiyatristi bulunan Sa\u011fl\u0131k Bakanl\u0131\u011f\u0131\u2019na ba\u011fl\u0131 hastaneler.<\/li>\n      <\/ul>\n\n      <!-- Yeni Estetik Kutu: Tarama Testleri -->\n      <div class=\"info-box\">\n        <h3>\u00d6n De\u011ferlendirme ve Tarama Testleri<\/h3>\n        <p>\u00c7ocu\u011funuzda veya kendinizde otizmden \u015f\u00fcpheleniyorsan\u0131z a\u015fa\u011f\u0131daki i\u00e7erikleri inceleyebilirsiniz. <strong>Unutmay\u0131n\u0131z:<\/strong> Bu testler kesin tan\u0131 koymaz, tan\u0131 i\u00e7in mutlaka bir \u00e7ocuk ve ergen psikiyatristi muayenesi gereklidir.<\/p>\n        \n        <div class=\"link-grid\">\n          <div class=\"link-item\"><strong>\u00c7ocuklar:<\/strong> <a href=\"https:\/\/www.autismejongekind.nl\/tr\/soru-listesi\/\" target=\"_blank\">Soru Listesi (T\u00fcrk\u00e7e)<\/a><\/div>\n          <div class=\"link-item\"><strong>\u00c7ocuklar:<\/strong> <a href=\"https:\/\/www.autismspeaks.org\/screen-your-child\" target=\"_blank\">Autism Speaks Screen<\/a><\/div>\n          <div class=\"link-item\"><strong>\u00c7ocuklar:<\/strong> <a href=\"https:\/\/help4psychology.co.uk\/free-screening-child\/screening-form-child\/\" target=\"_blank\">Help4Psychology Form<\/a><\/div>\n          <div class=\"link-item\"><strong>Yeti\u015fkinler:<\/strong> <a href=\"https:\/\/www.clinical-partners.co.uk\/short-tests\/online-test-for-autism\/\" target=\"_blank\">Clinical Partners Test<\/a><\/div>\n          <div class=\"link-item\"><strong>Yeti\u015fkinler:<\/strong> <a href=\"https:\/\/help4psychology.co.uk\/free-screening-adult\/screening-form-adult\/\" target=\"_blank\">Adult Screening Form<\/a><\/div>\n        <\/div>\n      <\/div>\n    <\/section>\n\n    <!-- \u00c7\u00d6ZGER G\u00fcncel B\u00f6l\u00fcm -->\n    <section class=\"card\">\n      <h2 class=\"section-title\">\u00c7\u00d6ZGER Raporu Nas\u0131l Al\u0131n\u0131r?<\/h2>\n      <p>\u00c7\u00f6zger 18 ya\u015f alt\u0131 \u00e7ocuklar\u0131n sa\u011fl\u0131k, e\u011fitim, rehabilitasyon ve sosyal hizmetlere eri\u015fimini sa\u011flamak amac\u0131yla d\u00fczenlenir. Daha \u00f6nce \u201cEngelli Sa\u011fl\u0131k Kurulu Raporu\u201d olarak adland\u0131r\u0131lan raporun yerine ge\u00e7mi\u015ftir. Rapor sayesinde \u00e7ocuklar devlet destekli \u00f6zel e\u011fitimden yararlanabilir. Bu rapor i\u00e7in Sa\u011fl\u0131k Bakanl\u0131\u011f\u0131 taraf\u0131ndan yetkilendirilmi\u015f ve sa\u011fl\u0131k kurulu bulunan bir hastaneye ba\u015fvurmal\u0131s\u0131n\u0131z. <strong>\u00c7\u00d6ZGER vermeye yetkili hastanelere <a href=\"https:\/\/shgm.saglik.gov.tr\/TR-53215\/engelli-saglik-kurulu-raporu-vermeye-yetkili-saglik-kuruluslari-listesi.html\" target=\"_blank\">\u015fu linkten<\/a> ula\u015fabilirsiniz.<\/strong><\/p>\n      \n      <p><strong>\u00c7\u00d6ZGER raporu almak i\u00e7in a\u015fa\u011f\u0131daki ad\u0131mlar\u0131 takip edebilirsiniz:<\/strong><\/p>\n      <ul>\n        <li><strong>Yetkili hastaneyi se\u00e7in:<\/strong> \u00c7\u00d6ZGER raporu yaln\u0131zca Sa\u011fl\u0131k Bakanl\u0131\u011f\u0131 taraf\u0131ndan yetkilendirilmi\u015f devlet ve \u00fcniversite hastanelerinde d\u00fczenlenir.<\/li>\n        <li><strong>Hastanenin sa\u011fl\u0131k kuruluna ba\u015fvuru yap\u0131n:<\/strong> Ba\u015fvuruyu \u00e7ocu\u011fun velisi veya vasisi yapabilir. Kay\u0131t s\u0131ras\u0131nda; T.C. kimlik kart\u0131, varsa \u00f6nceki t\u0131bbi raporlar ve foto\u011fraf istenir.<\/li>\n        <li><strong>Bran\u015f muayeneleri:<\/strong> \u00c7ocuk; \u00e7ocuk ve ergen psikiyatrisi, \u00e7ocuk n\u00f6rolojisi, \u00e7ocuk sa\u011fl\u0131\u011f\u0131, KBB ve fizik tedavi gibi farkl\u0131 bran\u015flar taraf\u0131ndan de\u011ferlendirilir.<\/li>\n        <li><strong>Kapsaml\u0131 De\u011ferlendirme:<\/strong> Kurul hem otizmi hem de varsa ek gereksinimleri (i\u015fitme, g\u00f6rme, motor beceriler vb.) de\u011ferlendirir.<\/li>\n        <li><strong>Kurul Karar\u0131:<\/strong> T\u00fcm muayeneler tamamland\u0131\u011f\u0131nda kurul toplanarak \u00e7ocu\u011fun \u00f6zel gereksinim d\u00fczeyini ve destek ihtiyac\u0131n\u0131 belirten ortak raporu olu\u015fturur.<\/li>\n        <li><strong>e-Devlet Onay\u0131:<\/strong> Rapor onaylan\u0131nca e-Nab\u0131z ve e-Devlet sistemine y\u00fcklenir. Size hem \u00e7\u0131kt\u0131 hem dijital belge verilir.<\/li>\n      <\/ul>\n      \n      <p style=\"margin-top:20px; font-style: italic; border-top: 1px solid var(--tov-border); padding-top: 15px;\">\n        \u00c7\u00d6ZGER hakk\u0131nda daha fazla bilgi almak i\u00e7in <strong><a href=\"https:\/\/wp1.sedaozcan.net.tr\/en\/otizm-nedir\/otizmli-bireylerin-haklari\/\">\"Otizmli Bireylerin Haklar\u0131\"<\/a><\/strong> b\u00f6l\u00fcm\u00fcn\u00fc inceleyiniz.\n      <\/p>\n    <\/section>\n\n  <\/div>\n<\/div>\t\t\t\t<\/div>\n\t\t\t\t<\/div>\n\t\t\t\t\t<\/div>\n\t\t\t\t<\/div>\n\t\t\t\t<section class=\"elementor-section elementor-top-section elementor-element elementor-element-5d60fac elementor-section-boxed elementor-section-height-default elementor-section-height-default\" data-id=\"5d60fac\" data-element_type=\"section\" data-e-type=\"section\">\n\t\t\t\t\t\t<div class=\"elementor-container elementor-column-gap-no\">\n\t\t\t\t\t<div class=\"elementor-column elementor-col-100 elementor-top-column elementor-element elementor-element-9cdd12a\" data-id=\"9cdd12a\" data-element_type=\"column\" data-e-type=\"column\">\n\t\t\t<div class=\"elementor-widget-wrap elementor-element-populated\">\n\t\t\t\t\t\t<section class=\"elementor-section elementor-inner-section elementor-element elementor-element-c9cc921 elementor-section-boxed elementor-section-height-default elementor-section-height-default\" data-id=\"c9cc921\" data-element_type=\"section\" data-e-type=\"section\">\n\t\t\t\t\t\t<div class=\"elementor-container elementor-column-gap-no\">\n\t\t\t\t\t<div class=\"elementor-column elementor-col-50 elementor-inner-column elementor-element elementor-element-c83c8f3\" data-id=\"c83c8f3\" data-element_type=\"column\" data-e-type=\"column\" data-settings=\"{&quot;background_background&quot;:&quot;classic&quot;}\">\n\t\t\t<div class=\"elementor-widget-wrap elementor-element-populated\">\n\t\t\t\t\t\t<div class=\"elementor-element elementor-element-cd140b9 elementor-widget__width-initial elementor-widget elementor-widget-image\" data-id=\"cd140b9\" data-element_type=\"widget\" data-e-type=\"widget\" data-widget_type=\"image.default\">\n\t\t\t\t<div class=\"elementor-widget-container\">\n\t\t\t\t\t\t\t\t\t\t\t\t\t\t\t<img fetchpriority=\"high\" decoding=\"async\" width=\"2150\" height=\"1440\" src=\"https:\/\/wp1.sedaozcan.net.tr\/wp-content\/uploads\/2025\/10\/REHBERLIK-scaled-e1759846366712.png\" class=\"attachment-full size-full wp-image-5127\" alt=\"\" srcset=\"https:\/\/wp1.sedaozcan.net.tr\/wp-content\/uploads\/2025\/10\/REHBERLIK-scaled-e1759846366712.png 2150w, https:\/\/wp1.sedaozcan.net.tr\/wp-content\/uploads\/2025\/10\/REHBERLIK-scaled-e1759846366712-300x201.png 300w, https:\/\/wp1.sedaozcan.net.tr\/wp-content\/uploads\/2025\/10\/REHBERLIK-scaled-e1759846366712-1024x686.png 1024w, https:\/\/wp1.sedaozcan.net.tr\/wp-content\/uploads\/2025\/10\/REHBERLIK-scaled-e1759846366712-768x514.png 768w, https:\/\/wp1.sedaozcan.net.tr\/wp-content\/uploads\/2025\/10\/REHBERLIK-scaled-e1759846366712-1536x1029.png 1536w, https:\/\/wp1.sedaozcan.net.tr\/wp-content\/uploads\/2025\/10\/REHBERLIK-scaled-e1759846366712-2048x1372.png 2048w, https:\/\/wp1.sedaozcan.net.tr\/wp-content\/uploads\/2025\/10\/REHBERLIK-scaled-e1759846366712-600x402.png 600w\" sizes=\"(max-width: 2150px) 100vw, 2150px\" \/>\t\t\t\t\t\t\t\t\t\t\t\t\t\t\t<\/div>\n\t\t\t\t<\/div>\n\t\t\t\t\t<\/div>\n\t\t<\/div>\n\t\t\t\t<div class=\"elementor-column elementor-col-50 elementor-inner-column elementor-element elementor-element-8e89b51\" data-id=\"8e89b51\" data-element_type=\"column\" data-e-type=\"column\" data-settings=\"{&quot;background_background&quot;:&quot;classic&quot;}\">\n\t\t\t<div class=\"elementor-widget-wrap elementor-element-populated\">\n\t\t\t\t<div class=\"elementor-element elementor-element-6abb545 e-con-full e-flex e-con e-parent\" data-id=\"6abb545\" data-element_type=\"container\" data-e-type=\"container\">\n\t\t\t\t<div class=\"elementor-element elementor-element-ce4cd05 elementor-widget__width-initial elementor-widget elementor-widget-image-box\" data-id=\"ce4cd05\" data-element_type=\"widget\" data-e-type=\"widget\" data-widget_type=\"image-box.default\">\n\t\t\t\t<div class=\"elementor-widget-container\">\n\t\t\t\t\t<div class=\"elementor-image-box-wrapper\"><div class=\"elementor-image-box-content\"><h2 class=\"elementor-image-box-title\">Guidance Department<\/h2><p class=\"elementor-image-box-description\">Book a free educational evaluation appointment.<\/p><\/div><\/div>\t\t\t\t<\/div>\n\t\t\t\t<\/div>\n\t\t\t\t<\/div>\n\t\t<div class=\"elementor-element elementor-element-4e23d7d e-con-full e-flex e-con e-parent\" data-id=\"4e23d7d\" data-element_type=\"container\" data-e-type=\"container\">\n\t\t\t\t<div class=\"elementor-element elementor-element-c4c4d68 elementor-view-default elementor-widget elementor-widget-icon\" data-id=\"c4c4d68\" data-element_type=\"widget\" data-e-type=\"widget\" data-widget_type=\"icon.default\">\n\t\t\t\t<div class=\"elementor-widget-container\">\n\t\t\t\t\t\t\t<div class=\"elementor-icon-wrapper\">\n\t\t\t<a class=\"elementor-icon\" href=\"\">\n\t\t\t<i aria-hidden=\"true\" class=\"ci ci-email1\"><\/i>\t\t\t<\/a>\n\t\t<\/div>\n\t\t\t\t\t\t<\/div>\n\t\t\t\t<\/div>\n\t\t\t\t<div class=\"elementor-element elementor-element-7b6389e elementor-view-default elementor-widget elementor-widget-icon\" data-id=\"7b6389e\" data-element_type=\"widget\" data-e-type=\"widget\" data-widget_type=\"icon.default\">\n\t\t\t\t<div class=\"elementor-widget-container\">\n\t\t\t\t\t\t\t<div class=\"elementor-icon-wrapper\">\n\t\t\t<a class=\"elementor-icon\" href=\"tel:+902122489430\">\n\t\t\t<i aria-hidden=\"true\" class=\"icon icon-phone-call1\"><\/i>\t\t\t<\/a>\n\t\t<\/div>\n\t\t\t\t\t\t<\/div>\n\t\t\t\t<\/div>\n\t\t\t\t<\/div>\n\t\t<div class=\"elementor-element elementor-element-a3fc4db e-con-full e-flex e-con e-parent\" data-id=\"a3fc4db\" data-element_type=\"container\" data-e-type=\"container\">\n\t\t\t\t<div class=\"elementor-element elementor-element-a916de1 elementor-widget elementor-widget-text-editor\" data-id=\"a916de1\" data-element_type=\"widget\" data-e-type=\"widget\" data-widget_type=\"text-editor.default\">\n\t\t\t\t<div class=\"elementor-widget-container\">\n\t\t\t\t\t\t\t\t\t<p style=\"text-align: center;\"><strong><a href=\"mailto:rehberlik@tohumotizm.org.tr\">rehberlik@tohumotizm.org.tr<\/a><\/strong><br>\n<strong><a href=\"tel:+902122489430\">+90 (212) 248 94 30<\/a><\/strong><\/p>\t\t\t\t\t\t\t\t<\/div>\n\t\t\t\t<\/div>\n\t\t\t\t<\/div>\n\t\t\t\t\t<\/div>\n\t\t<\/div>\n\t\t\t\t\t<\/div>\n\t\t<\/section>\n\t\t\t\t\t<\/div>\n\t\t<\/div>\n\t\t\t\t\t<\/div>\n\t\t<\/section>\n\t\t\t\t<\/div>","protected":false},"excerpt":{"rendered":"<p>Otizm Nedir? Otizm Spektrum Bozuklu\u011fu Otizm Tan\u0131 S\u00fcreci Otizm, \u00e7ocu\u011fun geli\u015fim \u00f6zelliklerinin dikkatle izlenmesi ve de\u011ferlendirilmesi ile tan\u0131 konulabilen n\u00f6rogeli\u015fimsel bir farkl\u0131l\u0131kt\u0131r. Otizmli \u00e7ocuklar\u0131n d\u0131\u015f g\u00f6r\u00fcn\u00fc\u015fleri di\u011fer \u00e7ocuklardan farkl\u0131 de\u011fildir; ancak davran\u0131\u015flar\u0131nda belirgin farkl\u0131l\u0131klar vard\u0131r. Tan\u0131 s\u00fcreci, yaln\u0131zca bu alanda uzmanla\u015fm\u0131\u015f t\u0131p doktorlar\u0131 taraf\u0131ndan y\u00fcr\u00fct\u00fclmelidir. Otizm Tan\u0131s\u0131 Nas\u0131l Konur? Otizm tan\u0131s\u0131, \u00e7ocu\u011fun davran\u0131\u015flar\u0131n\u0131n uzman doktorlar<\/p>","protected":false},"author":1,"featured_media":0,"parent":4610,"menu_order":0,"comment_status":"closed","ping_status":"closed","template":"elementor_header_footer","meta":{"footnotes":""},"class_list":["post-5998","page","type-page","status-publish","hentry"],"yoast_head":"<!-- This site is optimized with the Yoast SEO Premium plugin v28.3 (Yoast SEO v28.3) - https:\/\/yoast.com\/product\/yoast-seo-premium-wordpress\/ -->\n<title>Otizm Tan\u0131 S\u00fcreci - Tohum Otizm Vakf\u0131 | Otizmin Tek \u00c7aresi E\u011fitim<\/title>\n<meta name=\"robots\" content=\"index, follow, max-snippet:-1, max-image-preview:large, max-video-preview:-1\" \/>\n<link rel=\"canonical\" href=\"https:\/\/wp1.sedaozcan.net.tr\/en\/otizm-nedir\/otizm-spektrum-bozuklugu\/otizm-tani-sureci\/\" \/>\n<meta property=\"og:locale\" content=\"en_US\" \/>\n<meta property=\"og:type\" content=\"article\" \/>\n<meta property=\"og:title\" content=\"Otizm Tan\u0131 S\u00fcreci\" \/>\n<meta property=\"og:description\" content=\"Otizm Nedir? Otizm Spektrum Bozuklu\u011fu Otizm Tan\u0131 S\u00fcreci Otizm, \u00e7ocu\u011fun geli\u015fim \u00f6zelliklerinin dikkatle izlenmesi ve de\u011ferlendirilmesi ile tan\u0131 konulabilen n\u00f6rogeli\u015fimsel bir farkl\u0131l\u0131kt\u0131r. Otizmli \u00e7ocuklar\u0131n d\u0131\u015f g\u00f6r\u00fcn\u00fc\u015fleri di\u011fer \u00e7ocuklardan farkl\u0131 de\u011fildir; ancak davran\u0131\u015flar\u0131nda belirgin farkl\u0131l\u0131klar vard\u0131r. Tan\u0131 s\u00fcreci, yaln\u0131zca bu alanda uzmanla\u015fm\u0131\u015f t\u0131p doktorlar\u0131 taraf\u0131ndan y\u00fcr\u00fct\u00fclmelidir. Otizm Tan\u0131s\u0131 Nas\u0131l Konur? Otizm tan\u0131s\u0131, \u00e7ocu\u011fun davran\u0131\u015flar\u0131n\u0131n uzman doktorlar\" \/>\n<meta property=\"og:url\" content=\"https:\/\/wp1.sedaozcan.net.tr\/en\/otizm-nedir\/otizm-spektrum-bozuklugu\/otizm-tani-sureci\/\" \/>\n<meta property=\"og:site_name\" content=\"Tohum Otizm Vakf\u0131 | Otizmin Tek \u00c7aresi E\u011fitim\" \/>\n<meta property=\"article:modified_time\" content=\"2026-08-13T19:29:01+00:00\" \/>\n<meta property=\"og:image\" content=\"https:\/\/wp1.sedaozcan.net.tr\/wp-content\/uploads\/2025\/10\/DIGER-2.png\" \/>\n<meta name=\"twitter:card\" content=\"summary_large_image\" \/>\n<meta name=\"twitter:label1\" content=\"Est. reading time\" \/>\n\t<meta name=\"twitter:data1\" content=\"3 minutes\" \/>\n<script type=\"application\/ld+json\" class=\"yoast-schema-graph\">{\"@context\":\"https:\\\/\\\/schema.org\",\"@graph\":[{\"@type\":\"WebPage\",\"@id\":\"https:\\\/\\\/wp1.sedaozcan.net.tr\\\/otizm-nedir\\\/otizm-spektrum-bozuklugu\\\/otizm-tani-sureci\\\/\",\"url\":\"https:\\\/\\\/wp1.sedaozcan.net.tr\\\/otizm-nedir\\\/otizm-spektrum-bozuklugu\\\/otizm-tani-sureci\\\/\",\"name\":\"Otizm Tan\u0131 S\u00fcreci - Tohum Otizm Vakf\u0131 | Otizmin Tek \u00c7aresi E\u011fitim\",\"isPartOf\":{\"@id\":\"https:\\\/\\\/wp1.sedaozcan.net.tr\\\/#website\"},\"primaryImageOfPage\":{\"@id\":\"https:\\\/\\\/wp1.sedaozcan.net.tr\\\/otizm-nedir\\\/otizm-spektrum-bozuklugu\\\/otizm-tani-sureci\\\/#primaryimage\"},\"image\":{\"@id\":\"https:\\\/\\\/wp1.sedaozcan.net.tr\\\/otizm-nedir\\\/otizm-spektrum-bozuklugu\\\/otizm-tani-sureci\\\/#primaryimage\"},\"thumbnailUrl\":\"https:\\\/\\\/wp1.sedaozcan.net.tr\\\/wp-content\\\/uploads\\\/2025\\\/10\\\/DIGER-2.png\",\"datePublished\":\"2025-10-07T15:14:34+00:00\",\"dateModified\":\"2026-08-13T19:29:01+00:00\",\"breadcrumb\":{\"@id\":\"https:\\\/\\\/wp1.sedaozcan.net.tr\\\/otizm-nedir\\\/otizm-spektrum-bozuklugu\\\/otizm-tani-sureci\\\/#breadcrumb\"},\"inLanguage\":\"en-US\",\"potentialAction\":[{\"@type\":\"ReadAction\",\"target\":[\"https:\\\/\\\/wp1.sedaozcan.net.tr\\\/otizm-nedir\\\/otizm-spektrum-bozuklugu\\\/otizm-tani-sureci\\\/\"]}]},{\"@type\":\"ImageObject\",\"inLanguage\":\"en-US\",\"@id\":\"https:\\\/\\\/wp1.sedaozcan.net.tr\\\/otizm-nedir\\\/otizm-spektrum-bozuklugu\\\/otizm-tani-sureci\\\/#primaryimage\",\"url\":\"https:\\\/\\\/wp1.sedaozcan.net.tr\\\/wp-content\\\/uploads\\\/2025\\\/10\\\/DIGER-2.png\",\"contentUrl\":\"https:\\\/\\\/wp1.sedaozcan.net.tr\\\/wp-content\\\/uploads\\\/2025\\\/10\\\/DIGER-2.png\"},{\"@type\":\"BreadcrumbList\",\"@id\":\"https:\\\/\\\/wp1.sedaozcan.net.tr\\\/otizm-nedir\\\/otizm-spektrum-bozuklugu\\\/otizm-tani-sureci\\\/#breadcrumb\",\"itemListElement\":[{\"@type\":\"ListItem\",\"position\":1,\"name\":\"Home\",\"item\":\"https:\\\/\\\/wp1.sedaozcan.net.tr\\\/\"},{\"@type\":\"ListItem\",\"position\":2,\"name\":\"Otizm Nedir?\",\"item\":\"https:\\\/\\\/wp1.sedaozcan.net.tr\\\/otizm-nedir\\\/\"},{\"@type\":\"ListItem\",\"position\":3,\"name\":\"Otizm Spektrum Bozuklu\u011fu\",\"item\":\"https:\\\/\\\/wp1.sedaozcan.net.tr\\\/otizm-nedir\\\/otizm-spektrum-bozuklugu\\\/\"},{\"@type\":\"ListItem\",\"position\":4,\"name\":\"Otizm Tan\u0131 S\u00fcreci\"}]},{\"@type\":\"WebSite\",\"@id\":\"https:\\\/\\\/wp1.sedaozcan.net.tr\\\/#website\",\"url\":\"https:\\\/\\\/wp1.sedaozcan.net.tr\\\/\",\"name\":\"Tohum Otizm Vakf\u0131 | Otizmin Tek \u00c7aresi E\u011fitim\",\"description\":\"\",\"potentialAction\":[{\"@type\":\"SearchAction\",\"target\":{\"@type\":\"EntryPoint\",\"urlTemplate\":\"https:\\\/\\\/wp1.sedaozcan.net.tr\\\/?s={search_term_string}\"},\"query-input\":{\"@type\":\"PropertyValueSpecification\",\"valueRequired\":true,\"valueName\":\"search_term_string\"}}],\"inLanguage\":\"en-US\"},{\"@type\":\"ImageObject\",\"inLanguage\":\"en-US\",\"@id\":\"https:\\\/\\\/wp1.sedaozcan.net.tr\\\/otizm-nedir\\\/otizm-spektrum-bozuklugu\\\/otizm-tani-sureci\\\/#local-main-organization-logo\",\"url\":\"\",\"contentUrl\":\"\",\"caption\":\"Tohum Otizm Vakf\u0131 | Otizmin Tek \u00c7aresi E\u011fitim\"}]}<\/script>\n<!-- \/ Yoast SEO Premium plugin. -->","yoast_head_json":{"title":"Otizm Tan\u0131 S\u00fcreci - Tohum Otizm Vakf\u0131 | Otizmin Tek \u00c7aresi E\u011fitim","robots":{"index":"index","follow":"follow","max-snippet":"max-snippet:-1","max-image-preview":"max-image-preview:large","max-video-preview":"max-video-preview:-1"},"canonical":"https:\/\/wp1.sedaozcan.net.tr\/en\/otizm-nedir\/otizm-spektrum-bozuklugu\/otizm-tani-sureci\/","og_locale":"en_US","og_type":"article","og_title":"Otizm Tan\u0131 S\u00fcreci","og_description":"Otizm Nedir? Otizm Spektrum Bozuklu\u011fu Otizm Tan\u0131 S\u00fcreci Otizm, \u00e7ocu\u011fun geli\u015fim \u00f6zelliklerinin dikkatle izlenmesi ve de\u011ferlendirilmesi ile tan\u0131 konulabilen n\u00f6rogeli\u015fimsel bir farkl\u0131l\u0131kt\u0131r. Otizmli \u00e7ocuklar\u0131n d\u0131\u015f g\u00f6r\u00fcn\u00fc\u015fleri di\u011fer \u00e7ocuklardan farkl\u0131 de\u011fildir; ancak davran\u0131\u015flar\u0131nda belirgin farkl\u0131l\u0131klar vard\u0131r. Tan\u0131 s\u00fcreci, yaln\u0131zca bu alanda uzmanla\u015fm\u0131\u015f t\u0131p doktorlar\u0131 taraf\u0131ndan y\u00fcr\u00fct\u00fclmelidir. Otizm Tan\u0131s\u0131 Nas\u0131l Konur? Otizm tan\u0131s\u0131, \u00e7ocu\u011fun davran\u0131\u015flar\u0131n\u0131n uzman doktorlar","og_url":"https:\/\/wp1.sedaozcan.net.tr\/en\/otizm-nedir\/otizm-spektrum-bozuklugu\/otizm-tani-sureci\/","og_site_name":"Tohum Otizm Vakf\u0131 | Otizmin Tek \u00c7aresi E\u011fitim","article_modified_time":"2026-08-13T19:29:01+00:00","og_image":[{"url":"https:\/\/wp1.sedaozcan.net.tr\/wp-content\/uploads\/2025\/10\/DIGER-2.png","type":"","width":"","height":""}],"twitter_card":"summary_large_image","twitter_misc":{"Est. reading time":"3 minutes"},"schema":{"@context":"https:\/\/schema.org","@graph":[{"@type":"WebPage","@id":"https:\/\/wp1.sedaozcan.net.tr\/otizm-nedir\/otizm-spektrum-bozuklugu\/otizm-tani-sureci\/","url":"https:\/\/wp1.sedaozcan.net.tr\/otizm-nedir\/otizm-spektrum-bozuklugu\/otizm-tani-sureci\/","name":"Otizm Tan\u0131 S\u00fcreci - Tohum Otizm Vakf\u0131 | Otizmin Tek \u00c7aresi E\u011fitim","isPartOf":{"@id":"https:\/\/wp1.sedaozcan.net.tr\/#website"},"primaryImageOfPage":{"@id":"https:\/\/wp1.sedaozcan.net.tr\/otizm-nedir\/otizm-spektrum-bozuklugu\/otizm-tani-sureci\/#primaryimage"},"image":{"@id":"https:\/\/wp1.sedaozcan.net.tr\/otizm-nedir\/otizm-spektrum-bozuklugu\/otizm-tani-sureci\/#primaryimage"},"thumbnailUrl":"https:\/\/wp1.sedaozcan.net.tr\/wp-content\/uploads\/2025\/10\/DIGER-2.png","datePublished":"2025-10-07T15:14:34+00:00","dateModified":"2026-08-13T19:29:01+00:00","breadcrumb":{"@id":"https:\/\/wp1.sedaozcan.net.tr\/otizm-nedir\/otizm-spektrum-bozuklugu\/otizm-tani-sureci\/#breadcrumb"},"inLanguage":"en-US","potentialAction":[{"@type":"ReadAction","target":["https:\/\/wp1.sedaozcan.net.tr\/otizm-nedir\/otizm-spektrum-bozuklugu\/otizm-tani-sureci\/"]}]},{"@type":"ImageObject","inLanguage":"en-US","@id":"https:\/\/wp1.sedaozcan.net.tr\/otizm-nedir\/otizm-spektrum-bozuklugu\/otizm-tani-sureci\/#primaryimage","url":"https:\/\/wp1.sedaozcan.net.tr\/wp-content\/uploads\/2025\/10\/DIGER-2.png","contentUrl":"https:\/\/wp1.sedaozcan.net.tr\/wp-content\/uploads\/2025\/10\/DIGER-2.png"},{"@type":"BreadcrumbList","@id":"https:\/\/wp1.sedaozcan.net.tr\/otizm-nedir\/otizm-spektrum-bozuklugu\/otizm-tani-sureci\/#breadcrumb","itemListElement":[{"@type":"ListItem","position":1,"name":"Home","item":"https:\/\/wp1.sedaozcan.net.tr\/"},{"@type":"ListItem","position":2,"name":"Otizm Nedir?","item":"https:\/\/wp1.sedaozcan.net.tr\/otizm-nedir\/"},{"@type":"ListItem","position":3,"name":"Otizm Spektrum Bozuklu\u011fu","item":"https:\/\/wp1.sedaozcan.net.tr\/otizm-nedir\/otizm-spektrum-bozuklugu\/"},{"@type":"ListItem","position":4,"name":"Otizm Tan\u0131 S\u00fcreci"}]},{"@type":"WebSite","@id":"https:\/\/wp1.sedaozcan.net.tr\/#website","url":"https:\/\/wp1.sedaozcan.net.tr\/","name":"Tohum Autism Foundation | The Only Remedy for Autism is Education","description":"","potentialAction":[{"@type":"SearchAction","target":{"@type":"EntryPoint","urlTemplate":"https:\/\/wp1.sedaozcan.net.tr\/?s={search_term_string}"},"query-input":{"@type":"PropertyValueSpecification","valueRequired":true,"valueName":"search_term_string"}}],"inLanguage":"en-US"},{"@type":"ImageObject","inLanguage":"en-US","@id":"https:\/\/wp1.sedaozcan.net.tr\/otizm-nedir\/otizm-spektrum-bozuklugu\/otizm-tani-sureci\/#local-main-organization-logo","url":"","contentUrl":"","caption":"Tohum Otizm Vakf\u0131 | Otizmin Tek \u00c7aresi E\u011fitim"}]}},"_links":{"self":[{"href":"https:\/\/wp1.sedaozcan.net.tr\/en\/wp-json\/wp\/v2\/pages\/5998","targetHints":{"allow":["GET"]}}],"collection":[{"href":"https:\/\/wp1.sedaozcan.net.tr\/en\/wp-json\/wp\/v2\/pages"}],"about":[{"href":"https:\/\/wp1.sedaozcan.net.tr\/en\/wp-json\/wp\/v2\/types\/page"}],"author":[{"embeddable":true,"href":"https:\/\/wp1.sedaozcan.net.tr\/en\/wp-json\/wp\/v2\/users\/1"}],"replies":[{"embeddable":true,"href":"https:\/\/wp1.sedaozcan.net.tr\/en\/wp-json\/wp\/v2\/comments?post=5998"}],"version-history":[{"count":58,"href":"https:\/\/wp1.sedaozcan.net.tr\/en\/wp-json\/wp\/v2\/pages\/5998\/revisions"}],"predecessor-version":[{"id":10190,"href":"https:\/\/wp1.sedaozcan.net.tr\/en\/wp-json\/wp\/v2\/pages\/5998\/revisions\/10190"}],"up":[{"embeddable":true,"href":"https:\/\/wp1.sedaozcan.net.tr\/en\/wp-json\/wp\/v2\/pages\/4610"}],"wp:attachment":[{"href":"https:\/\/wp1.sedaozcan.net.tr\/en\/wp-json\/wp\/v2\/media?parent=5998"}],"curies":[{"name":"wp","href":"https:\/\/api.w.org\/{rel}","templated":true}]}}