{"id":4624,"date":"2025-10-01T20:43:52","date_gmt":"2025-10-01T18:43:52","guid":{"rendered":"https:\/\/wp1.sedaozcan.net.tr\/?page_id=4624"},"modified":"2026-08-14T21:04:40","modified_gmt":"2026-08-14T19:04:40","slug":"farkindalik","status":"publish","type":"page","link":"https:\/\/wp1.sedaozcan.net.tr\/en\/neler-yapiyoruz\/farkindalik\/","title":{"rendered":"Mindfulness"},"content":{"rendered":"<div data-elementor-type=\"wp-page\" data-elementor-id=\"4624\" class=\"elementor elementor-4624\" data-elementor-post-type=\"page\">\n\t\t\t\t\t\t<section class=\"elementor-section elementor-top-section elementor-element elementor-element-a18ab87 elementor-section-height-min-height elementor-section-boxed elementor-section-height-default elementor-section-items-middle\" data-id=\"a18ab87\" data-element_type=\"section\" data-e-type=\"section\" data-settings=\"{&quot;background_background&quot;:&quot;classic&quot;}\">\n\t\t\t\t\t\t\t<div class=\"elementor-background-overlay\"><\/div>\n\t\t\t\t\t\t\t<div class=\"elementor-container elementor-column-gap-no\">\n\t\t\t\t\t<div class=\"elementor-column elementor-col-100 elementor-top-column elementor-element elementor-element-0887e46\" data-id=\"0887e46\" data-element_type=\"column\" data-e-type=\"column\">\n\t\t\t<div class=\"elementor-widget-wrap elementor-element-populated\">\n\t\t\t\t\t\t<div class=\"elementor-element elementor-element-3604af3 elementor-icon-list--layout-inline elementor-tablet-align-center elementor-list-item-link-full_width elementor-widget elementor-widget-icon-list\" data-id=\"3604af3\" data-element_type=\"widget\" data-e-type=\"widget\" data-widget_type=\"icon-list.default\">\n\t\t\t\t<div class=\"elementor-widget-container\">\n\t\t\t\t\t\t\t<ul class=\"elementor-icon-list-items elementor-inline-items\">\n\t\t\t\t\t\t\t<li class=\"elementor-icon-list-item elementor-inline-item\">\n\t\t\t\t\t\t\t\t\t\t<span class=\"elementor-icon-list-text\">What Do We Do?<\/span>\n\t\t\t\t\t\t\t\t\t<\/li>\n\t\t\t\t\t\t\t\t<li class=\"elementor-icon-list-item elementor-inline-item\">\n\t\t\t\t\t\t\t\t\t\t<span class=\"elementor-icon-list-text\">Awareness and Advocacy Campaigns<\/span>\n\t\t\t\t\t\t\t\t\t<\/li>\n\t\t\t\t\t\t<\/ul>\n\t\t\t\t\t\t<\/div>\n\t\t\t\t<\/div>\n\t\t\t\t<div class=\"elementor-element elementor-element-1a18ac4 elementor-widget elementor-widget-heading\" data-id=\"1a18ac4\" data-element_type=\"widget\" data-e-type=\"widget\" data-widget_type=\"heading.default\">\n\t\t\t\t<div class=\"elementor-widget-container\">\n\t\t\t\t\t<h1 class=\"elementor-heading-title elementor-size-default\">Mindfulness<\/h1>\t\t\t\t<\/div>\n\t\t\t\t<\/div>\n\t\t\t\t\t<\/div>\n\t\t<\/div>\n\t\t\t\t\t<\/div>\n\t\t<\/section>\n\t\t<div class=\"elementor-element elementor-element-a5a5dd5 e-flex e-con-boxed e-con e-parent\" data-id=\"a5a5dd5\" data-element_type=\"container\" data-e-type=\"container\">\n\t\t\t\t\t<div class=\"e-con-inner\">\n\t\t\t\t<div class=\"elementor-element elementor-element-27f2907 elementor-widget elementor-widget-html\" data-id=\"27f2907\" data-element_type=\"widget\" data-e-type=\"widget\" data-widget_type=\"html.default\">\n\t\t\t\t<div class=\"elementor-widget-container\">\n\t\t\t\t\t<link href=\"https:\/\/fonts.googleapis.com\/css2?family=Poppins:wght@700;800&family=Inter:wght@400;500;600;700&display=swap\" rel=\"stylesheet\">\n\n<div id=\"tov-campaigns-final\">\n  <style>\n    :root {\n      --tov-blue: #026D92;\n      --tov-yellow: #FFD800;\n      --tov-dark: #1a1a1a;\n      --tov-muted: #64748b;\n      --tov-bg: #fcfdfe;\n      --border: #e9eff5;\n    }\n#tov-services * { box-sizing: border-box; }\n\n    \/* === Kurumsal Palet === *\/\n    #tov-services{\n      --tov-blue:#026D92;\n      --tov-yellow:#FFD800;\n      --tov-orange:#FCB128;\n      --tov-ink:#222;\n      --tov-muted:#666;\n      --tov-border:#e9e9ee;\n      --tov-bg:#fafafa;\n      --tov-card:#ffffff;\n      --tov-shadow:0 10px 24px rgba(2,109,146,.12);\n      font-family: Inter, system-ui, -apple-system, Segoe UI, Roboto, Helvetica, Arial, \"Apple Color Emoji\",\"Segoe UI Emoji\";\n      color: var(--tov-ink);\n    }\n\n    #tov-services a{\n      color:var(--tov-blue);\n      text-decoration:none;\n    }\n\n    #tov-services a:hover{\n      text-decoration:underline;\n      text-underline-offset:2px;\n    }\n\n    #tov-services .container{\n      max-width:1200px;\n      margin:0 auto;\n      padding:0px;\n    }\n\n    \/* Kart *\/\n    #tov-services .card{\n      border:1px solid var(--tov-border);\n      border-radius:18px;\n      background:var(--tov-card);\n      padding:28px;\n      margin:22px 0;\n      box-shadow:var(--tov-shadow);\n    }\n\n    \/* Ba\u015fl\u0131k hiyerar\u015fisi *\/\n    #tov-services h1,\n    #tov-services h2,\n    #tov-services h3,\n    #tov-services h4,\n    #tov-services h5,\n    #tov-services h6{\n      font-family:Poppins, sans-serif !important;\n      font-weight:800 !important;\n      line-height:1.15 !important;\n      color:#111 !important;\n      margin:0 0 12px !important;\n      letter-spacing:0 !important;\n      text-transform:none !important;\n    }\n\n    #tov-services .section-title{\n      font-size:26px;\n      position:relative;\n      padding-bottom:10px;\n    }\n\n    #tov-services .section-title::after{\n      content:\"\";\n      display:block;\n      width:56px;\n      height:4px;\n      background:var(--tov-yellow);\n      border-radius:999px;\n      margin-top:8px;\n    }\n\n    #tov-services .subhead{\n      margin:8px 0 10px;\n      font-weight:800;\n      font-size:18px;\n      line-height:1.3;\n      font-family:Poppins, sans-serif;\n      color:#111;\n      text-transform:none !important;\n    }\n\n    #tov-services .lead{\n      font-size: clamp(18px, 1.9vw, 22px);\n      line-height:1.85;\n      color:#111;\n      font-weight:600;\n      letter-spacing:-0.005em;\n      margin:4px 0 0;\n      text-transform:none !important;\n    }\n\n    #tov-services p{\n      margin:8px 0;\n      line-height:1.8;\n      font-size:16.5px;\n      color:#222;\n      text-transform:none !important;\n    }\n\n    #tov-services .muted{\n      color:var(--tov-muted);\n    }\n\n    \/* Listeler *\/\n    #tov-services ul{\n      margin:10px 0 0 18px;\n      padding:0;\n    }\n\n    #tov-services li{\n      margin:8px 0;\n      line-height:1.8;\n      font-size:16.5px;\n      text-transform:none !important;\n    }\n\n    #tov-services .feature-list{\n      list-style:none;\n      margin-left:0;\n    }\n\n    #tov-services .feature-list li{\n      position:relative;\n      padding-left:28px;\n    }\n\n    #tov-services .feature-list li::before{\n      content:\"\";\n      position:absolute;\n      left:0;\n      top:.7em;\n      width:10px;\n      height:10px;\n      border-radius:3px;\n      background:var(--tov-blue);\n      box-shadow:0 0 0 3px rgba(2,109,146,.12);\n    }\n\n    \/* Gridler *\/\n    #tov-services .two-col{\n      display:grid;\n      grid-template-columns:1fr 1fr;\n      gap:24px;\n      align-items:start;\n    }\n\n    #tov-services .three-col{\n      display:grid;\n      grid-template-columns:1fr 1fr 1fr;\n      gap:18px;\n    }\n\n    #tov-services .intro-grid{\n      display:grid;\n      grid-template-columns:minmax(0, 1.25fr) minmax(280px, .75fr);\n      gap:28px;\n      align-items:center;\n    }\n\n    #tov-services .intro-image-wrap{\n      position:relative;\n      border-radius:20px;\n      overflow:hidden;\n      min-height:260px;\n      box-shadow:0 16px 34px rgba(2,109,146,.18);\n      background:#f4f8fa;\n    }\n\n    #tov-services .intro-image-wrap::before{\n      content:\"\";\n      position:absolute;\n      inset:0;\n      border:1px solid rgba(255,255,255,.65);\n      border-radius:20px;\n      z-index:2;\n      pointer-events:none;\n    }\n\n    #tov-services .intro-image{\n      display:block;\n      width:100%;\n      height:100%;\n      min-height:260px;\n      object-fit:cover;\n      transform:scale(1.01);\n    }\n\n    @media (max-width:1000px){\n      #tov-services .three-col{\n        grid-template-columns:1fr 1fr;\n      }\n    }\n\n    @media (max-width:760px){\n      #tov-services .two-col,\n      #tov-services .three-col,\n      #tov-services .intro-grid{\n        grid-template-columns:1fr;\n      }\n\n      #tov-services .card{\n        padding:22px;\n      }\n\n      #tov-services .intro-image-wrap,\n      #tov-services .intro-image{\n        min-height:220px;\n      }\n    }\n\n    \/* Yan bilgi kutusu *\/\n    #tov-services .aside{\n      border:1px dashed var(--tov-border);\n      border-radius:16px;\n      padding:16px;\n      background:#fcfcfe;\n      box-shadow:0 6px 18px rgba(2,109,146,.08);\n    }\n\n    \/* Buton\/etiket tarz\u0131 link listesi *\/\n    #tov-services .pill-list{\n      display:flex;\n      flex-wrap:wrap;\n      gap:10px;\n      margin-top:10px;\n    }\n\n    #tov-services .pill{\n      display:inline-flex;\n      align-items:center;\n      justify-content:center;\n      border:1px solid var(--tov-border);\n      border-radius:999px;\n      padding:10px 14px;\n      background:#fff;\n      font-weight:700;\n      font-size:14px;\n      line-height:1.3;\n      box-shadow:0 4px 12px rgba(2,109,146,.08);\n      transition:all .2s ease;\n    }\n\n    #tov-campaigns-final {\n      font-family: 'Inter', sans-serif;\n      background-color: var(--tov-bg);\n      color: var(--tov-dark);\n      line-height: 1.8;\n      padding: 40px 0;\n    }\n\n    #tov-campaigns-final * { box-sizing: border-box; }\n\n    .container { max-width: 1200px; margin: 0 auto; padding: 0 20px; }\n\n    \/* --- G\u00d6RSELDEK\u0130 HEADER TASARIMI --- *\/\n    .header-card {\n      background: #ffffff;\n      border: 1px solid var(--border);\n      border-radius: 24px;\n      padding: 50px 60px;\n      margin-bottom: 50px;\n      box-shadow: 0 4px 20px rgba(0,0,0,0.02);\n    }\n\n    .header-card h1 {\n      font-family: 'Poppins', sans-serif;\n      font-size: 42px;\n      font-weight: 800;\n      color: #0b1220;\n      margin: 0 0 15px 0;\n      letter-spacing: -1px;\n      display: inline-block;\n    }\n\n    .header-card .yellow-line {\n      width: 70px;\n      height: 6px;\n      background: var(--tov-yellow);\n      margin-bottom: 30px;\n      border-radius: 3px;\n    }\n\n    .header-card p {\n      font-size: 16.5px;\n      color: #576574;\n      line-height: 1.7;\n      margin: 0;\n      max-width: 100%;\n    }\n\n    \/* --- KAMPANYA BLOKLARI --- *\/\n    .campaign-block {\n      background: #ffffff;\n      border: 1px solid var(--border);\n      border-radius: 24px;\n      padding: 40px;\n      margin-bottom: 40px;\n      position: relative;\n    }\n\n    .campaign-year-tag {\n      position: absolute;\n      top: 25px;\n      right: 35px;\n      font-weight: 700;\n      font-size: 13px;\n      color: var(--tov-blue);\n      background: #f0f7f9;\n      padding: 5px 15px;\n      border-radius: 50px;\n    }\n\n    .campaign-title {\n      font-family: 'Poppins', sans-serif;\n      font-size: 24px; \/* Ba\u015fl\u0131k boyutu dengelendi *\/\n      font-weight: 700;\n      margin-bottom: 20px;\n      color: #0b1220;\n      padding-left: 15px;\n      border-left: 5px solid var(--tov-yellow);\n      line-height: 1.3;\n      max-width: 85%;\n    }\n\n    \/* --- V\u0130DEO VE MEDYA --- *\/\n    .video-wrapper { \n      margin: 30px 0; \n      border-radius: 20px; \n      overflow: hidden; \n      box-shadow: 0 10px 30px rgba(0,0,0,0.1); \n      aspect-ratio: 16\/9; \n      background: #000; \n    }\n    .video-wrapper iframe { width: 100%; height: 100%; border: 0; }\n\n    \/* --- L\u0130STELER VE VER\u0130LER --- *\/\n    .name-grid { \n      display: grid; \n      grid-template-columns: repeat(auto-fill, minmax(180px, 1fr)); \n      gap: 10px; \n      margin: 20px 0; \n    }\n    .name-card { \n      background: #f8fafc; \n      border: 1px solid #edf2f7; \n      padding: 10px 15px; \n      border-radius: 10px; \n      font-size: 13.5px; \n      color: #475569; \n    }\n\n    .stats-row { \n      display: flex; \n      flex-wrap: wrap; \n      gap: 20px; \n      margin: 30px 0; \n    }\n    .stat-item { \n      flex: 1; \n      min-width: 160px; \n      background: #fff; \n      border: 1px solid var(--tov-blue); \n      padding: 20px; \n      border-radius: 20px; \n      text-align: center; \n    }\n    .stat-item span { display: block; font-size: 30px; font-weight: 800; color: var(--tov-blue); }\n    .stat-item label { font-size: 12px; font-weight: 700; color: var(--tov-muted); text-transform: uppercase; }\n\n    .quote-block { \n      background: #fdfdfd; \n      border-radius: 20px; \n      padding: 25px 30px; \n      margin: 25px 0; \n      font-style: italic; \n      font-size: 16px; \n      border-left: 5px solid var(--tov-blue); \n      box-shadow: inset 0 0 10px rgba(0,0,0,0.01);\n    }\n    .quote-block strong { color: var(--tov-blue); display: block; margin-top: 12px; font-style: normal; font-size: 14px; }\n\n    .scroll-area { \n      height: 220px; \n      overflow-y: auto; \n      background: #fcfcfc; \n      border: 1px solid #edf2f7; \n      padding: 20px; \n      border-radius: 15px; \n      font-size: 13px; \n      columns: 2; \n      line-height: 2.2;\n    }\n\n    .section-divider { height: 1px; background: #f1f5f9; margin: 35px 0; border: 0; }\n    h4.sub-title { font-family: 'Poppins', sans-serif; font-size: 17px; color: var(--tov-blue); margin: 30px 0 15px; font-weight: 700; }\n\n    @media (max-width: 768px) {\n      .header-card { padding: 30px; }\n      .header-card h1 { font-size: 32px; }\n      .campaign-block { padding: 30px 20px; }\n      .scroll-area { columns: 1; }\n      .campaign-year-tag { position: relative; top: 0; right: 0; display: inline-block; margin-bottom: 15px; }\n    }\n  <\/style>\n\n  <div class=\"container\">\n    \n    <header class=\"header-card\">\n      <h1>Fark\u0131ndal\u0131k Kampanyalar\u0131<\/h1>\n      <div class=\"yellow-line\"><\/div>\n      <p>Tohum Otizm Vakf\u0131 olarak, toplumda otizm konusundaki bilin\u00e7 ve duyarl\u0131l\u0131\u011f\u0131 art\u0131rmak i\u00e7in fark\u0131ndal\u0131k kampanyalar\u0131 y\u00fcr\u00fct\u00fcyoruz. Bas\u0131n ve sosyal medya arac\u0131l\u0131\u011f\u0131yla bilgilendirici i\u00e7erikler payla\u015f\u0131yor, e\u011fitim programlar\u0131, seminerler ve yay\u0131nlarla kamuoyunu bilin\u00e7lendiriyoruz.<\/p>\n    <\/header>\n\n    <section class=\"campaign-block\">\n      <div class=\"campaign-year-tag\">2025<\/div>\n      <h2 class=\"campaign-title\">\u201c\u00d6nce Erken Tan\u0131, Sonra F\u0131rsat Tan\u0131\u201d<\/h2>\n      <p>\u201c\u00d6nce Erken Tan\u0131, Sonra F\u0131rsat Tan\u0131\u201d adl\u0131 ileti\u015fim kampanyam\u0131z kapsam\u0131nda, otizmli \u00e7ocuklar\u0131n erken tan\u0131 ve yo\u011fun \u00f6zel e\u011fitimle nas\u0131l desteklenebilece\u011fini vurgulayan bir kamu spotu filmi haz\u0131rland\u0131. Otizmli \u00e7ocuklar\u0131n e\u011fitimi i\u00e7in yap\u0131lacak ba\u011f\u0131\u015flarla onlara bir \u201cf\u0131rsat tan\u0131y\u0131n\u201d \u00e7a\u011fr\u0131s\u0131 i\u00e7eren film, RT\u00dcK taraf\u0131ndan kamu spotu olarak onayland\u0131.<\/p>\n  <div style=\"display: grid; grid-template-columns: 1fr 1fr; gap: 24px; align-items: start; align-items: center;\" class=\"two-col\">\n\t<div>\n      <div class=\"video-wrapper\">\n        <iframe src=\"https:\/\/www.youtube.com\/embed\/Lfula_zSywc\" allowfullscreen><\/iframe>\n      <\/div>\n\t  <\/div>\t\n\t  \n\t  \n\t  \n\t\t  <div>\n\t\t  \n      <p>Filmde, \u00fclkemizde 2 milyonu a\u015fk\u0131n otizmli bireyin ya\u015fad\u0131\u011f\u0131 ger\u00e7e\u011finden yola \u00e7\u0131karak, erken tan\u0131n\u0131n hayati \u00f6nemi ve e\u011fitimin d\u00f6n\u00fc\u015ft\u00fcr\u00fcc\u00fc g\u00fcc\u00fc \u00f6n plana \u00e7\u0131kar\u0131l\u0131yor. Kampanya kapsam\u0131nda haz\u0131rlanan billboard, afi\u015f ve dijital mecra tasar\u0131mlar\u0131 kamuya a\u00e7\u0131k alanlarda ve \u00e7e\u015fitli ileti\u015fim kanallar\u0131nda yer ald\u0131. Tohum Otizm Vakf\u0131 olarak bu kampanyayla, toplumda otizm konusunda daha fazla fark\u0131ndal\u0131k yaratmay\u0131 ve daha fazla otizmli \u00e7ocu\u011fun nitelikli e\u011fitime eri\u015fmesini sa\u011flamay\u0131 hedefliyoruz.<\/p>\n\t\t   <\/div>  \n<\/div>\n    <\/section>\n\n    <section class=\"campaign-block\">\n      <div class=\"campaign-year-tag\">2024<\/div>\n      <h2 class=\"campaign-title\">Benim Ba\u015far\u0131 Hikayem<\/h2>\n\n      <p>\u201cBenim Ba\u015far\u0131 Hikayem\u201d adl\u0131 ileti\u015fim kampanyas\u0131 i\u00e7in Tohum Otizm Vakf\u0131 Uygulama Okulu\u2019nda ald\u0131\u011f\u0131 e\u011fitimle sosyalle\u015fmeyi \u00f6\u011frenen, tak\u0131nt\u0131lar\u0131ndan s\u0131yr\u0131lan ve sosyal hayata uyum sa\u011flayan ger\u00e7ek bir otizmli gencin ba\u015far\u0131 hikayesinden yola \u00e7\u0131kan bir video \u00e7ekildi. M\u00fcze Gazhane\u2019de \u00e7ekilen videonun RT\u00dcK taraf\u0131ndan kamu spotu olarak yay\u0131nlanmas\u0131 onayland\u0131. Kampanyan\u0131n daha geni\u015f kitlelere ula\u015fmas\u0131 i\u00e7in billboard ve afi\u015f\/ilan tasar\u0131mlar\u0131 kamu ve \u00f6zel sekt\u00f6re ait a\u00e7\u0131k hava ve dijital mecralarda sergilendi.<\/p>\n\t\t\n<div style=\"display: grid; grid-template-columns: 1fr 1fr; gap: 24px; align-items: start; align-items: center;\" class=\"two-col\">\t\t\n\t\t\n      <p>Erken tan\u0131 al\u0131p Tohum Otizm Vakf\u0131 Uygulama Okulu\u2019nda ald\u0131\u011f\u0131 e\u011fitimle sosyalle\u015fmeyi \u00f6\u011frenen, tak\u0131nt\u0131lar\u0131ndan s\u0131yr\u0131lan ve sosyal hayata uyum sa\u011flayan ger\u00e7ek bir otizmli gencin ba\u015far\u0131 hik\u00e2yesinden yola \u00e7\u0131kan videoda, Tohum Otizm Vakf\u0131\u2019n\u0131n da 20 y\u0131l\u0131 a\u015fk\u0131n s\u00fcredir toplumda otizm fark\u0131ndal\u0131\u011f\u0131 yaratmak ve otizmli \u00e7ocuk ve gen\u00e7lerin nitelikli e\u011fitimle bulu\u015fmas\u0131 i\u00e7in onlar\u0131n yan\u0131nda oldu\u011fu vurgulan\u0131yor.<\/p>\n\t  \n\t      <div class=\"video-wrapper\">\n        <iframe src=\"https:\/\/www.youtube.com\/embed\/AOqcXBJgPFw\" allowfullscreen><\/iframe>\n      <\/div>\n\t  \n<\/div>  \n\t  \n    <\/section>\n\n    <section class=\"campaign-block\">\n      <div class=\"campaign-year-tag\">2024<\/div>\n      <h2 class=\"campaign-title\">Otizme K\u0131rm\u0131z\u0131 I\u015f\u0131k Yak!<\/h2>\n      <p>2 Nisan D\u00fcnya Otizm Fark\u0131ndal\u0131k G\u00fcn\u00fc\u2019nde, kamuoyunun dikkatini otizme \u00e7ekmek amac\u0131 ile 2009 y\u0131l\u0131ndan beri devam eden Mavi I\u015f\u0131k Yak Kampanyas\u0131 ile 2022 y\u0131l\u0131nda otizm fark\u0131ndal\u0131\u011f\u0131n\u0131 kabulleni\u015fe \u00e7evirme yolunda b\u00fcy\u00fck ve \u00f6nemli bir ad\u0131m at\u0131larak \u2018\u2019Otizme K\u0131rm\u0131z\u0131 I\u015f\u0131k Yak\u2019\u2019 mesaj\u0131 verildi. K\u0131rm\u0131z\u0131y\u0131 se\u00e7erek evde, okulda, i\u015f yerinde ve toplumsal ya\u015famda otizmli bireylerin s\u00f6z hakk\u0131 almas\u0131n\u0131 ve ya\u015famlar\u0131na ili\u015fkin tercihlerini ifade etmelerine dikkat \u00e7ekildi.<\/p>\n      <p>Kampanya ile \u0130stanbul\u2019daki Fatih Sultan Mehmet K\u00f6pr\u00fcs\u00fc ba\u015fta olmak \u00fczere, Eski\u015fehir Masal \u015eatosu, \u00dc\u00e7 G\u00fczeller Peri Bacalar\u0131, \u0130zmit Saat Kulesi gibi bir\u00e7ok simgesel yap\u0131 k\u0131rm\u0131z\u0131 \u0131\u015f\u0131k ile ayd\u0131nlat\u0131ld\u0131. \u00d6zel sekt\u00f6r binalar\u0131 da k\u0131rm\u0131z\u0131 \u0131\u015f\u0131k ile ayd\u0131nlat\u0131lm\u0131\u015f ve otizmlileri desteklemek i\u00e7in onlar\u0131n yan\u0131nday\u0131z mesaj\u0131 verildi. Kampanyaya binlerce ki\u015fi, bas\u0131n mensuplar\u0131, \u00fcnl\u00fc isimler k\u0131rm\u0131z\u0131 giyerek sosyal medya hesaplar\u0131 \u00fczerinden kat\u0131ld\u0131, #OtizmeK\u0131rm\u0131z\u0131I\u015f\u0131kYak etiketi ile otizmle ilgili mesajlar\u0131n\u0131 yay\u0131nlayarak kampanyay\u0131 destekledi. Show TV\u2019de yay\u0131nlanan \u201cK\u0131z\u0131lc\u0131k \u015eerbeti\u201d dizisinde otizme dikkate \u00e7ekerek \u201cOtizm fark\u0131ndal\u0131\u011f\u0131 i\u00e7in sen de k\u0131rm\u0131z\u0131 \u0131\u015f\u0131k yak!\u201d mesaj\u0131 verildi. T\u00fcrkiye Futbol Federasyonu\u2019nun deste\u011fiyle Fenerbah\u00e7e ve Be\u015fikta\u015f ma\u00e7lar\u0131nda \u201dOtizm fark\u0131ndal\u0131k ay\u0131nda otizme k\u0131rm\u0131z\u0131 \u0131\u015f\u0131k yak\u201d pankartlar\u0131 a\u00e7\u0131ld\u0131.<\/p>\n    <\/section>\n\n    <section class=\"campaign-block\">\n      <div class=\"campaign-year-tag\">2022<\/div>\n      <h2 class=\"campaign-title\">Otizme K\u0131rm\u0131z\u0131 I\u015f\u0131k Yak! (Lansman Y\u0131l\u0131)<\/h2>\n      <p>2 Nisan D\u00fcnya Otizm Fark\u0131ndal\u0131k G\u00fcn\u00fc\u2019nde, kamuoyunun dikkatini otizme \u00e7ekmek i\u00e7in ba\u015flat\u0131lan Mavi I\u015f\u0131k Yak Kampanyas\u0131\u2019n\u0131n 2009 y\u0131l\u0131ndan beri T\u00fcrkiye el\u00e7isi olan Tohum Otizm Vakf\u0131, bu y\u0131l otizm fark\u0131ndal\u0131\u011f\u0131n\u0131 kabulleni\u015fe \u00e7evirme yolunda b\u00fcy\u00fck ve \u00f6nemli bir ad\u0131m atarak \u2018\u2019Otizme K\u0131rm\u0131z\u0131 I\u015f\u0131k Yak\u2019\u2019 mesaj\u0131 verdi. Ak\u015fam saatlerinde Osmangazi K\u00f6pr\u00fcs\u00fc ba\u015fta olmak \u00fczere ikonik yap\u0131lar k\u0131rm\u0131z\u0131 \u0131\u015f\u0131k ile ayd\u0131nland\u0131. 2 Nisan g\u00fcn\u00fc sosyal medyada #OtizmeK\u0131rm\u0131z\u0131I\u015f\u0131kYak etiketiyle 6.941 payla\u015f\u0131m yap\u0131ld\u0131, t\u00fcm sosyal medya hesaplar\u0131 \u00fczerinde 20.751.104 ki\u015fiye eri\u015fildi.<\/p>\n    <\/section>\n\n    <section class=\"campaign-block\">\n      <div class=\"campaign-year-tag\">2020<\/div>\n      <h2 class=\"campaign-title\">Data Ba\u011f\u0131\u015f\u0131, Odaklanamayan ve Ters Zamirler<\/h2>\n      <p><strong>Data Ba\u011f\u0131\u015f\u0131 Kampanyas\u0131:<\/strong> 14 \u015eubat Sevgililer G\u00fcn\u00fc\u2019nde 4129 Grey ajans\u0131n\u0131n destekleri ile hayata ge\u00e7irildi. \u201cHaydi bu 14 \u015eubat\u2019ta Whatsapp\u2019a girin ve 0536 019 40 66\u2019ya bir mavi kalp g\u00f6nderin, numaran\u0131z\u0131 otizmli \u00e7ocuklar i\u00e7in ba\u011f\u0131\u015flay\u0131n\u201d \u00e7a\u011fr\u0131s\u0131 ile 982 ki\u015fi telefon numaras\u0131n\u0131 ba\u011f\u0131\u015flam\u0131\u015ft\u0131r.<\/p>\n      <div class=\"section-divider\"><\/div>\n      <p><strong>Odaklanamayan Kampanya:<\/strong> Otizmli \u00e7ocuklarda g\u00f6r\u00fclen dikkat eksikli\u011fi ve odaklanma sorunlar\u0131n\u0131 anlatabilmek amac\u0131yla Milliyet Gazetesinde Ali Ey\u00fcbo\u011flu k\u00f6\u015fesinde yazd\u0131\u011f\u0131 yaz\u0131ya, Dream T\u00fcrk TV\u2019de Hilal \u00d6zgani ile Rengarenk ve Radyo D\u2019de Polat Labar\u2019la Ak\u015fam Ak\u015fam programlar\u0131nda anonslar\u0131na odaklanamayarak otizme fark\u0131ndal\u0131k yarat\u0131ld\u0131.<\/p>\n      <div class=\"section-divider\"><\/div>\n      <p><strong>Ters Zamirler & Asl\u0131nda Otizmliler:<\/strong> Konu\u015fma farkl\u0131l\u0131klar\u0131na dikkat \u00e7ekmek amac\u0131yla haz\u0131rlanan kampanya; otizmli bir \u00e7ocu\u011fun el yaz\u0131s\u0131yla \u201cBeni kimse anlam\u0131yormu\u015f gibi hissediyoruz!\u201d mesaj\u0131yla billboard ve gazete ilanlar\u0131nda yer ald\u0131. 3 Aral\u0131k\u2019ta #asl\u0131ndaotizmliler etiketi ile 4.115.335 ki\u015fiye eri\u015fildi.<\/p>\n    <\/section>\n\n    <section class=\"campaign-block\">\n      <div class=\"campaign-year-tag\">2019<\/div>\n      <h2 class=\"campaign-title\">Farkl\u0131 Bir Okul & Ger\u00e7ek \u00c7are<\/h2>\n      <p><strong>Farkl\u0131 Bir Okul:<\/strong> Okul binas\u0131 Minecraft i\u00e7erisinde in\u015fa edildi. Mekandan ba\u011f\u0131ms\u0131z bir e\u011fitim alan\u0131 yarat\u0131ld\u0131; 3d printer, heykel \u2013 resim ve giri\u015f seviyesinde kodlama derslerinin yer ald\u0131\u011f\u0131 \u00f6zel e\u011fitim program\u0131 haz\u0131rland\u0131.<\/p>\n      <div class=\"section-divider\"><\/div>\n      <p><strong>Ger\u00e7ek \u00c7are:<\/strong> Sokaklardaki k\u00f6t\u00fc niyetli ilanlar\u0131n \u00fczerine \u201cGer\u00e7ek \u00c7are Erken Tan\u0131 ve E\u011fitimdir\u201d sticker\u2019lar\u0131 yap\u0131\u015ft\u0131r\u0131ld\u0131. Instagram i\u00e7in \u00f6zel bir giphy sticker haz\u0131rland\u0131.<\/p>\n      <div class=\"section-divider\"><\/div>\n      <p><strong>Tohuma Umut Ol!:<\/strong> Neslihan Atag\u00fcl Do\u011fulu deste\u011fi ile \"yeni y\u0131lda otizmli \u00e7ocuklara umut ol\" \u00e7a\u011fr\u0131s\u0131 yap\u0131ld\u0131. Instagram\u2019da 1.374.721 g\u00f6r\u00fcnt\u00fcleme elde edildi.<\/p>\n    <\/section>\n\n    <section class=\"campaign-block\">\n      <div class=\"campaign-year-tag\">2018<\/div>\n      <h2 class=\"campaign-title\">Otizme 10 Saniye & Medya Kampanyalar\u0131<\/h2>\n      <p><strong>Otizme 10 Saniye:<\/strong> \u00c7ukur dizisi i\u015f birli\u011fi ile Aras Bulut \u0130ynemli, R\u0131za Kocao\u011flu, Dilan \u00c7i\u00e7ek Deniz\u2019in yer ald\u0131\u011f\u0131 8 video \u00e7ekildi. Toplamda 3.940.978 g\u00f6r\u00fcnt\u00fclenme alm\u0131\u015ft\u0131r.<\/p>\n      <div class=\"section-divider\"><\/div>\n      <p><strong>Semptom Spot & Beklenmedik Jingle:<\/strong> Best FM\u2019de 8 Teknosa reklam\u0131 art arda yay\u0131nlanarak otizmin tekrarlayan davran\u0131\u015flar\u0131na dikkat \u00e7ekildi. Radyo D\u2019de alakas\u0131z yerlerde giren jingle\u2019lar ile otizme fark\u0131ndal\u0131k yarat\u0131ld\u0131. \u0130ki kampanya da Felis Ba\u015far\u0131 \u00f6d\u00fcllerine lay\u0131k g\u00f6r\u00fcld\u00fc.<\/p>\n    <\/section>\n\n    <section class=\"campaign-block\">\n      <div class=\"campaign-year-tag\">2015<\/div>\n      <h2 class=\"campaign-title\">Otizme Mavi I\u015f\u0131k Yak & Ben B\u00fcy\u00fcy\u00fcnce<\/h2>\n      <p><strong>Otizme Mavi I\u015f\u0131k Yak:<\/strong> 2 Nisan g\u00fcn\u00fc #otizmemaviisikyak etiketi 51.685 tweet alarak Twitter rekoru k\u0131rd\u0131. FSM ve Bo\u011fazi\u00e7i k\u00f6pr\u00fcleri mavi \u0131\u015f\u0131kla ayd\u0131nland\u0131.<\/p>\n      <div class=\"section-divider\"><\/div>\n      <p><strong>Ben B\u00fcy\u00fcy\u00fcnce:<\/strong> Starbucks deste\u011fiyle www.benbuyuyunce.com a\u00e7\u0131ld\u0131. Poyraz Karayel dizisi oyuncular\u0131 kampanya \u015fark\u0131s\u0131n\u0131 seslendirdi. 230 Starbucks ma\u011fazas\u0131na bro\u015f\u00fcrler yerle\u015ftirildi.<\/p>\n    <\/section>\n\n    <section class=\"campaign-block\">\n      <div class=\"campaign-year-tag\">2011<\/div>\n      <h2 class=\"campaign-title\">Biri Bana Anlats\u0131n \u00d6zel \u2014 NTV<\/h2>\n      <p>Can D\u00fcndar ve G\u00fclay Af\u015far\u2019\u0131n sunuculu\u011funda ger\u00e7ekle\u015ftirilen programda Temple Grandin\u2019in filmi ilk kez yay\u0131nland\u0131. S\u00fcper Star Ajda Pekkan otizmli \u00e7ocuk anneleri i\u00e7in \u015fark\u0131lar s\u00f6yledi.<\/p>\n      <div class=\"quote-block\">\u201cKo\u015fulsuz sevmeyi ve daha sab\u0131rl\u0131 olmay\u0131 \u00f6\u011frenmeliyiz. Onlar\u0131 kendi \u00e7ocuklar\u0131m\u0131z gibi g\u00f6rmeliyiz\u201d <strong>\u2014 KENAN \u0130M\u0130RZALIO\u011eLU<\/strong><\/div>\n      <div class=\"quote-block\">\u201cErken ya\u015fta verilen yo\u011fun \u00f6zel e\u011fitim sayesinde otistik \u00f6zellikler b\u00fcy\u00fck \u00f6l\u00e7\u00fcde azal\u0131yor. Ba\u011f\u0131ms\u0131z bireyler olabiliyorlar!\u201d <strong>\u2014 CANSEL EL\u00c7\u0130N<\/strong><\/div>\n      <h4 class=\"sub-title\">Programa Kat\u0131lan \u0130simler<\/h4>\n      <div class=\"name-grid\">\n        <div class=\"name-card\">Kenan \u0130mirzal\u0131o\u011flu<\/div><div class=\"name-card\">Tuba B\u00fcy\u00fck\u00fcst\u00fcn<\/div><div class=\"name-card\">Erkan Petekkaya<\/div><div class=\"name-card\">Beren Saat<\/div><div class=\"name-card\">Cansel El\u00e7in<\/div><div class=\"name-card\">Demet Evgar<\/div><div class=\"name-card\">Engin Altan D\u00fczyatan<\/div><div class=\"name-card\">Ajda Pekkan<\/div>\n      <\/div>\n    <\/section>\n\n    <section class=\"campaign-block\">\n      <div class=\"campaign-year-tag\">2009<\/div>\n      <h2 class=\"campaign-title\">Otizmin Fark\u0131nday\u0131m: \u00d6zel Beyaz Show<\/h2>\n      <p>Kanal D\u2019de Beyaz\u0131t \u00d6zt\u00fcrk ev sahipli\u011finde ger\u00e7ekle\u015fen programda dev isimler canl\u0131 yay\u0131nda ba\u011f\u0131\u015f toplad\u0131. \u0130zleyiciler \u00fcnl\u00fclerin hat\u0131ra e\u015fyalar\u0131n\u0131 kazanma \u015fans\u0131 yakalad\u0131.<\/p>\n      <h4 class=\"sub-title\">Canl\u0131 Yay\u0131na Kat\u0131lan \u0130simler<\/h4>\n      <div class=\"name-grid\">\n        <div class=\"name-card\">Beyaz\u0131t \u00d6zt\u00fcrk<\/div><div class=\"name-card\">Orhan Gencebay<\/div><div class=\"name-card\">Emel Say\u0131n<\/div><div class=\"name-card\">H\u00fclya Av\u015far<\/div><div class=\"name-card\">Cem Y\u0131lmaz<\/div><div class=\"name-card\">Demet Akba\u011f<\/div><div class=\"name-card\">Acun Il\u0131cal\u0131<\/div><div class=\"name-card\">Kubat<\/div><div class=\"name-card\">Tuba B\u00fcy\u00fck\u00fcst\u00fcn<\/div><div class=\"name-card\">Mehmet Ali Birand<\/div><div class=\"name-card\">Fadik Sevin Atasoy<\/div>\n      <\/div>\n    <\/section>\n\n    <section class=\"campaign-block\">\n      <div class=\"campaign-year-tag\">2006<\/div>\n      <h2 class=\"campaign-title\">Her \u00c7ocuk Bir M\u00fccevherdir<\/h2>\n      <p>Gilan sponsorlu\u011funda Caroline Ko\u00e7, Suzan Sabanc\u0131 Din\u00e7er ve Mine Narin gibi 10 duyarl\u0131 ismin tasarlad\u0131\u011f\u0131 e\u015fsiz m\u00fccevherler Adile Sultan Saray\u0131\u2019nda a\u00e7\u0131k art\u0131rma ile sat\u0131ld\u0131.<\/p>\n      <div class=\"quote-block\">\u201cHer \u00e7ocuk bir m\u00fccevherdir, sevgidir ve hayat a\u011fac\u0131n\u0131n de\u011ferli bir tohumudur.\u201d <strong>\u2014 AYSUN K\u0130BAR<\/strong><\/div>\n      <div class=\"quote-style\" style=\"margin-top:15px; font-size:14px; color:#576574;\">\u201cMine \u00e7ocuklar\u0131n yarar\u0131na b\u00f6yle bir projenin par\u00e7as\u0131 olmam\u0131 istedi\u011finde gurur duydum.\u201d <strong>\u2014 ASLI SOYAK<\/strong><\/div>\n      <h4 class=\"sub-title\">Tasar\u0131mc\u0131lar ve G\u00f6n\u00fcll\u00fc Listesi<\/h4>\n      <div class=\"scroll-area\" style=\"columns: 3;\">\n        Caroline Ko\u00e7, Suzan Sabanc\u0131 Din\u00e7er, Ay\u015feg\u00fcl Din\u00e7k\u00f6k, Revna Demir\u00f6ren, Zeynep Fad\u0131ll\u0131o\u011flu, Asl\u0131 Soyak, Aysun Kibar, Maria Eliye\u015fil, Serra Merzeci, Mine Narin, Ali \u00dcst\u00fcnda\u011f, Alinur Velidedeo\u011flu, Ay\u015fe Abe\u015f, Banu \u0130peker, Banu Tun\u00e7bilek Saner, Ceylan Atuk, Claudia Badi, Derya Merter, Emre Ergani, Ender Mermerci, Ferhunde Verdi, \u0130rem Yarg\u0131c\u0131, Maxxium T\u00fcrkiye, Merih Ako\u011ful, Muharrem Geylan, Murat Patavi, M\u00fcge Onan, Orhan Sanus, \u00d6zlem G\u00fcsar, \u00d6zlem \u00d6nal, Rana Erkan, Rasim \u00d6zkanca, Renee Saban, Salih Saka, Sarika Rodrig, \u015eeli Elva\u015fvili, Tamer Y\u0131lmaz, Turgay Artam, Yal\u0131n, Zeynep Garan, Zeynep \u0130lter, Zeynep \u00dcst\u00fcnel.\n      <\/div>\n    <\/section>\n\n    <section class=\"campaign-block\">\n      <div class=\"campaign-year-tag\">2005<\/div>\n      <h2 class=\"campaign-title\">DO\u011eU\u015e Tan\u0131t\u0131m Kampanyas\u0131<\/h2>\n      <p>Vakf\u0131n 3 Ocak 2005\u2019te ba\u015flatt\u0131\u011f\u0131 Bilin\u00e7lendirme Kampanyas\u0131, Do\u011fu\u015f\u2019un ger\u00e7ek hikayesinden ad\u0131n\u0131 almaktad\u0131r. Kampanya b\u00fcy\u00fck ba\u015far\u0131 elde etmi\u015f ve toplumda geni\u015f yank\u0131 bulmu\u015ftur.<\/p>\n      <div class=\"stats-row\">\n        <div class=\"stat-item\"><span>4448<\/span><label>Toplam Arama<\/label><\/div>\n        <div class=\"stat-item\"><span>2700<\/span><label>Ula\u015f\u0131lan Aile<\/label><\/div>\n        <div class=\"stat-item\"><span>1600<\/span><label>\u015e\u00fcpheyle Arayan<\/label><\/div>\n        <div class=\"stat-item\"><span>%48<\/span><label>\u0130st. D\u0131\u015f\u0131 Arama<\/label><\/div>\n      <\/div>\n      <h4 class=\"sub-title\">\u015eehir Da\u011f\u0131l\u0131m\u0131 (Ki\u015fi Say\u0131s\u0131)<\/h4>\n      <div class=\"scroll-area\">\n        ANKARA 81, \u0130ZM\u0130R 63, BURSA 36, KOCAEL\u0130 35, ANTALYA 25, OSMAN\u0130YE 25, MERS\u0130N 17, BALIKES\u0130R 15, KONYA 15, ESK\u0130\u015eEH\u0130R 14, SAKARYA 13, TEK\u0130RDA\u011e 13, TRABZON 13, DEN\u0130ZL\u0130 11, KAYSER\u0130 11, ORDU 11, D\u0130YARBAKIR 10, MAN\u0130SA 10, AYDIN 9, GAZ\u0130ANTEP 9, SAMSUN 9, MALATYA 8, S\u0130VAS 8, HATAY 6, \u00c7ANAKKALE 5, KIRIKKALE 5, ED\u0130RNE 4, ISPARTA 4, KASTAMONU 4, MU\u011eLA 4, NEV\u015eEH\u0130R 4, ADIYAMAN 3, AFYON 3, BATMAN 3, BOLU 3, \u00c7ORUM 3, G\u0130RESUN 3, KIRKLAREL\u0130 3, K\u00dcTAHYA 3, N\u0130\u011eDE 3, URFA 3, U\u015eAK 3, AMASYA 2, BARTIN 2, B\u0130TL\u0130S 2, BURDUR 2, ELAZI\u011e 2, ERZURUM 2, KARAB\u00dcK 2, TOKAT 2, YALOVA 2, YOZGAT 2.\n      <\/div>\n    <\/section>\n\n    <section class=\"campaign-block\">\n      <div class=\"campaign-year-tag\">2005<\/div>\n      <h2 class=\"campaign-title\">Tohuma Su Gerek & Danilo Giannoni<\/h2>\n      <p>\u0130talyan ebru sanat\u00e7\u0131s\u0131 <strong>Danilo Giannoni<\/strong> ile ger\u00e7ekle\u015ftirilen ebru \u00e7al\u0131\u015fmalar\u0131n\u0131n geliri vakfa ba\u011f\u0131\u015fland\u0131. Danilo Giannoni, \u00e7ocuklu\u011funun ilk alt\u0131 y\u0131l\u0131n\u0131 \u00f6z\u00fcrl\u00fc bir \u00e7ocuk olarak ge\u00e7irmesi nedeniyle bu projelere b\u00fcy\u00fck destek vermektedir.<\/p>\n      <div class=\"quote-block\">\u201cDanilo Giannoni; Floransa\u2019da Sanat e\u011fitimi g\u00f6rd\u00fc. Osmanl\u0131 \u0130slam Sanatlar\u0131ndan etkilendi ve Ebru sanat\u0131n\u0131 bir \u0130talyan g\u00f6z\u00fcyle yorumlad\u0131.\u201d<\/div>\n    <\/section>\n\n    <section class=\"campaign-block\">\n      <div class=\"campaign-year-tag\">2007 - 2012<\/div>\n      <h2 class=\"campaign-title\">Hediye Bir G\u00fcn Al\u0131\u015fveri\u015f Fuarlar\u0131<\/h2>\n      <p><strong>2012:<\/strong> Sait Halim Pa\u015fa Yal\u0131s\u0131\u2019nda Ay\u015fe Arman, Yank\u0131 Yazgan, Serdar G\u00fclg\u00fcn ve Nurhan Atasoy seminerleri d\u00fczenlendi.<\/p>\n      <div class=\"section-divider\"><\/div>\n      <p><strong>2007 \"Bir Hayal Bir Sepet\":<\/strong> Ali Ko\u00e7, Adnan Polat, Caroline Ko\u00e7 ve Mine Narin gibi isimler taraf\u0131ndan haz\u0131rlanan \u00f6zel sepetler sat\u0131\u015fa sunuldu.<\/p>\n    <\/section>\n\n  <\/div><\/div>```\t\t\t\t<\/div>\n\t\t\t\t<\/div>\n\t\t\t\t\t<\/div>\n\t\t\t\t<\/div>\n\t\t\t\t<\/div>","protected":false},"excerpt":{"rendered":"<p>Neler Yap\u0131yoruz? Fark\u0131ndal\u0131k ve Savunu Kampanyalar\u0131 Fark\u0131ndal\u0131k Fark\u0131ndal\u0131k Kampanyalar\u0131 Tohum Otizm Vakf\u0131 olarak, toplumda otizm konusundaki bilin\u00e7 ve duyarl\u0131l\u0131\u011f\u0131 art\u0131rmak i\u00e7in fark\u0131ndal\u0131k kampanyalar\u0131 y\u00fcr\u00fct\u00fcyoruz. Bas\u0131n ve sosyal medya arac\u0131l\u0131\u011f\u0131yla bilgilendirici i\u00e7erikler payla\u015f\u0131yor, e\u011fitim programlar\u0131, seminerler ve yay\u0131nlarla kamuoyunu bilin\u00e7lendiriyoruz. 2025 \u201c\u00d6nce Erken Tan\u0131, Sonra F\u0131rsat Tan\u0131\u201d \u201c\u00d6nce Erken Tan\u0131, Sonra F\u0131rsat Tan\u0131\u201d adl\u0131 ileti\u015fim kampanyam\u0131z<\/p>","protected":false},"author":1,"featured_media":0,"parent":4309,"menu_order":0,"comment_status":"open","ping_status":"closed","template":"elementor_header_footer","meta":{"footnotes":""},"class_list":["post-4624","page","type-page","status-publish","hentry"],"yoast_head":"<!-- This site is optimized with the Yoast SEO Premium plugin v28.3 (Yoast SEO v28.3) - https:\/\/yoast.com\/product\/yoast-seo-premium-wordpress\/ -->\n<title>Fark\u0131ndal\u0131k - Tohum Otizm Vakf\u0131 | Otizmin Tek \u00c7aresi E\u011fitim<\/title>\n<meta name=\"robots\" content=\"index, follow, max-snippet:-1, max-image-preview:large, max-video-preview:-1\" \/>\n<link rel=\"canonical\" href=\"https:\/\/wp1.sedaozcan.net.tr\/en\/neler-yapiyoruz\/farkindalik\/\" \/>\n<meta property=\"og:locale\" content=\"en_US\" \/>\n<meta property=\"og:type\" content=\"article\" \/>\n<meta property=\"og:title\" content=\"Fark\u0131ndal\u0131k\" \/>\n<meta property=\"og:description\" content=\"Neler Yap\u0131yoruz? Fark\u0131ndal\u0131k ve Savunu Kampanyalar\u0131 Fark\u0131ndal\u0131k Fark\u0131ndal\u0131k Kampanyalar\u0131 Tohum Otizm Vakf\u0131 olarak, toplumda otizm konusundaki bilin\u00e7 ve duyarl\u0131l\u0131\u011f\u0131 art\u0131rmak i\u00e7in fark\u0131ndal\u0131k kampanyalar\u0131 y\u00fcr\u00fct\u00fcyoruz. Bas\u0131n ve sosyal medya arac\u0131l\u0131\u011f\u0131yla bilgilendirici i\u00e7erikler payla\u015f\u0131yor, e\u011fitim programlar\u0131, seminerler ve yay\u0131nlarla kamuoyunu bilin\u00e7lendiriyoruz. 2025 \u201c\u00d6nce Erken Tan\u0131, Sonra F\u0131rsat Tan\u0131\u201d \u201c\u00d6nce Erken Tan\u0131, Sonra F\u0131rsat Tan\u0131\u201d adl\u0131 ileti\u015fim kampanyam\u0131z\" \/>\n<meta property=\"og:url\" content=\"https:\/\/wp1.sedaozcan.net.tr\/en\/neler-yapiyoruz\/farkindalik\/\" \/>\n<meta property=\"og:site_name\" content=\"Tohum Otizm Vakf\u0131 | Otizmin Tek \u00c7aresi E\u011fitim\" \/>\n<meta property=\"article:modified_time\" content=\"2026-08-14T19:04:40+00:00\" \/>\n<meta name=\"twitter:card\" content=\"summary_large_image\" \/>\n<meta name=\"twitter:label1\" content=\"Est. reading time\" \/>\n\t<meta name=\"twitter:data1\" content=\"9 minutes\" \/>\n<script type=\"application\/ld+json\" class=\"yoast-schema-graph\">{\"@context\":\"https:\\\/\\\/schema.org\",\"@graph\":[{\"@type\":\"WebPage\",\"@id\":\"https:\\\/\\\/wp1.sedaozcan.net.tr\\\/neler-yapiyoruz\\\/farkindalik\\\/\",\"url\":\"https:\\\/\\\/wp1.sedaozcan.net.tr\\\/neler-yapiyoruz\\\/farkindalik\\\/\",\"name\":\"Fark\u0131ndal\u0131k - Tohum Otizm Vakf\u0131 | Otizmin Tek \u00c7aresi E\u011fitim\",\"isPartOf\":{\"@id\":\"https:\\\/\\\/wp1.sedaozcan.net.tr\\\/#website\"},\"datePublished\":\"2025-10-01T18:43:52+00:00\",\"dateModified\":\"2026-08-14T19:04:40+00:00\",\"breadcrumb\":{\"@id\":\"https:\\\/\\\/wp1.sedaozcan.net.tr\\\/neler-yapiyoruz\\\/farkindalik\\\/#breadcrumb\"},\"inLanguage\":\"en-US\",\"potentialAction\":[{\"@type\":\"ReadAction\",\"target\":[\"https:\\\/\\\/wp1.sedaozcan.net.tr\\\/neler-yapiyoruz\\\/farkindalik\\\/\"]}]},{\"@type\":\"BreadcrumbList\",\"@id\":\"https:\\\/\\\/wp1.sedaozcan.net.tr\\\/neler-yapiyoruz\\\/farkindalik\\\/#breadcrumb\",\"itemListElement\":[{\"@type\":\"ListItem\",\"position\":1,\"name\":\"Home\",\"item\":\"https:\\\/\\\/wp1.sedaozcan.net.tr\\\/\"},{\"@type\":\"ListItem\",\"position\":2,\"name\":\"Neler Yap\u0131yoruz?\",\"item\":\"https:\\\/\\\/wp1.sedaozcan.net.tr\\\/neler-yapiyoruz\\\/\"},{\"@type\":\"ListItem\",\"position\":3,\"name\":\"Fark\u0131ndal\u0131k\"}]},{\"@type\":\"WebSite\",\"@id\":\"https:\\\/\\\/wp1.sedaozcan.net.tr\\\/#website\",\"url\":\"https:\\\/\\\/wp1.sedaozcan.net.tr\\\/\",\"name\":\"Tohum Otizm Vakf\u0131 | Otizmin Tek \u00c7aresi E\u011fitim\",\"description\":\"\",\"potentialAction\":[{\"@type\":\"SearchAction\",\"target\":{\"@type\":\"EntryPoint\",\"urlTemplate\":\"https:\\\/\\\/wp1.sedaozcan.net.tr\\\/?s={search_term_string}\"},\"query-input\":{\"@type\":\"PropertyValueSpecification\",\"valueRequired\":true,\"valueName\":\"search_term_string\"}}],\"inLanguage\":\"en-US\"},{\"@type\":\"ImageObject\",\"inLanguage\":\"en-US\",\"@id\":\"https:\\\/\\\/wp1.sedaozcan.net.tr\\\/neler-yapiyoruz\\\/farkindalik\\\/#local-main-organization-logo\",\"url\":\"\",\"contentUrl\":\"\",\"caption\":\"Tohum Otizm Vakf\u0131 | Otizmin Tek \u00c7aresi E\u011fitim\"}]}<\/script>\n<!-- \/ Yoast SEO Premium plugin. -->","yoast_head_json":{"title":"Fark\u0131ndal\u0131k - Tohum Otizm Vakf\u0131 | Otizmin Tek \u00c7aresi E\u011fitim","robots":{"index":"index","follow":"follow","max-snippet":"max-snippet:-1","max-image-preview":"max-image-preview:large","max-video-preview":"max-video-preview:-1"},"canonical":"https:\/\/wp1.sedaozcan.net.tr\/en\/neler-yapiyoruz\/farkindalik\/","og_locale":"en_US","og_type":"article","og_title":"Fark\u0131ndal\u0131k","og_description":"Neler Yap\u0131yoruz? Fark\u0131ndal\u0131k ve Savunu Kampanyalar\u0131 Fark\u0131ndal\u0131k Fark\u0131ndal\u0131k Kampanyalar\u0131 Tohum Otizm Vakf\u0131 olarak, toplumda otizm konusundaki bilin\u00e7 ve duyarl\u0131l\u0131\u011f\u0131 art\u0131rmak i\u00e7in fark\u0131ndal\u0131k kampanyalar\u0131 y\u00fcr\u00fct\u00fcyoruz. Bas\u0131n ve sosyal medya arac\u0131l\u0131\u011f\u0131yla bilgilendirici i\u00e7erikler payla\u015f\u0131yor, e\u011fitim programlar\u0131, seminerler ve yay\u0131nlarla kamuoyunu bilin\u00e7lendiriyoruz. 2025 \u201c\u00d6nce Erken Tan\u0131, Sonra F\u0131rsat Tan\u0131\u201d \u201c\u00d6nce Erken Tan\u0131, Sonra F\u0131rsat Tan\u0131\u201d adl\u0131 ileti\u015fim kampanyam\u0131z","og_url":"https:\/\/wp1.sedaozcan.net.tr\/en\/neler-yapiyoruz\/farkindalik\/","og_site_name":"Tohum Otizm Vakf\u0131 | Otizmin Tek \u00c7aresi E\u011fitim","article_modified_time":"2026-08-14T19:04:40+00:00","twitter_card":"summary_large_image","twitter_misc":{"Est. reading time":"9 minutes"},"schema":{"@context":"https:\/\/schema.org","@graph":[{"@type":"WebPage","@id":"https:\/\/wp1.sedaozcan.net.tr\/neler-yapiyoruz\/farkindalik\/","url":"https:\/\/wp1.sedaozcan.net.tr\/neler-yapiyoruz\/farkindalik\/","name":"Fark\u0131ndal\u0131k - Tohum Otizm Vakf\u0131 | Otizmin Tek \u00c7aresi E\u011fitim","isPartOf":{"@id":"https:\/\/wp1.sedaozcan.net.tr\/#website"},"datePublished":"2025-10-01T18:43:52+00:00","dateModified":"2026-08-14T19:04:40+00:00","breadcrumb":{"@id":"https:\/\/wp1.sedaozcan.net.tr\/neler-yapiyoruz\/farkindalik\/#breadcrumb"},"inLanguage":"en-US","potentialAction":[{"@type":"ReadAction","target":["https:\/\/wp1.sedaozcan.net.tr\/neler-yapiyoruz\/farkindalik\/"]}]},{"@type":"BreadcrumbList","@id":"https:\/\/wp1.sedaozcan.net.tr\/neler-yapiyoruz\/farkindalik\/#breadcrumb","itemListElement":[{"@type":"ListItem","position":1,"name":"Home","item":"https:\/\/wp1.sedaozcan.net.tr\/"},{"@type":"ListItem","position":2,"name":"Neler Yap\u0131yoruz?","item":"https:\/\/wp1.sedaozcan.net.tr\/neler-yapiyoruz\/"},{"@type":"ListItem","position":3,"name":"Fark\u0131ndal\u0131k"}]},{"@type":"WebSite","@id":"https:\/\/wp1.sedaozcan.net.tr\/#website","url":"https:\/\/wp1.sedaozcan.net.tr\/","name":"Tohum Autism Foundation | The Only Remedy for Autism is Education","description":"","potentialAction":[{"@type":"SearchAction","target":{"@type":"EntryPoint","urlTemplate":"https:\/\/wp1.sedaozcan.net.tr\/?s={search_term_string}"},"query-input":{"@type":"PropertyValueSpecification","valueRequired":true,"valueName":"search_term_string"}}],"inLanguage":"en-US"},{"@type":"ImageObject","inLanguage":"en-US","@id":"https:\/\/wp1.sedaozcan.net.tr\/neler-yapiyoruz\/farkindalik\/#local-main-organization-logo","url":"","contentUrl":"","caption":"Tohum Otizm Vakf\u0131 | Otizmin Tek \u00c7aresi E\u011fitim"}]}},"_links":{"self":[{"href":"https:\/\/wp1.sedaozcan.net.tr\/en\/wp-json\/wp\/v2\/pages\/4624","targetHints":{"allow":["GET"]}}],"collection":[{"href":"https:\/\/wp1.sedaozcan.net.tr\/en\/wp-json\/wp\/v2\/pages"}],"about":[{"href":"https:\/\/wp1.sedaozcan.net.tr\/en\/wp-json\/wp\/v2\/types\/page"}],"author":[{"embeddable":true,"href":"https:\/\/wp1.sedaozcan.net.tr\/en\/wp-json\/wp\/v2\/users\/1"}],"replies":[{"embeddable":true,"href":"https:\/\/wp1.sedaozcan.net.tr\/en\/wp-json\/wp\/v2\/comments?post=4624"}],"version-history":[{"count":43,"href":"https:\/\/wp1.sedaozcan.net.tr\/en\/wp-json\/wp\/v2\/pages\/4624\/revisions"}],"predecessor-version":[{"id":10660,"href":"https:\/\/wp1.sedaozcan.net.tr\/en\/wp-json\/wp\/v2\/pages\/4624\/revisions\/10660"}],"up":[{"embeddable":true,"href":"https:\/\/wp1.sedaozcan.net.tr\/en\/wp-json\/wp\/v2\/pages\/4309"}],"wp:attachment":[{"href":"https:\/\/wp1.sedaozcan.net.tr\/en\/wp-json\/wp\/v2\/media?parent=4624"}],"curies":[{"name":"wp","href":"https:\/\/api.w.org\/{rel}","templated":true}]}}