{"id":4616,"date":"2025-10-01T20:37:23","date_gmt":"2025-10-01T18:37:23","guid":{"rendered":"https:\/\/wp1.sedaozcan.net.tr\/?page_id=4616"},"modified":"2026-08-16T17:31:51","modified_gmt":"2026-08-16T15:31:51","slug":"otizmli-bireylerin-haklari","status":"publish","type":"page","link":"https:\/\/wp1.sedaozcan.net.tr\/en\/otizm-nedir\/otizmli-bireylerin-haklari\/","title":{"rendered":"Otizmli Bireylerin Haklar\u0131 (Engelli Haklar\u0131)"},"content":{"rendered":"<div data-elementor-type=\"wp-page\" data-elementor-id=\"4616\" class=\"elementor elementor-4616\" data-elementor-post-type=\"page\">\n\t\t\t\t\t\t<section class=\"elementor-section elementor-top-section elementor-element elementor-element-036c966 elementor-section-height-min-height elementor-section-boxed elementor-section-height-default elementor-section-items-middle\" data-id=\"036c966\" data-element_type=\"section\" data-e-type=\"section\" data-settings=\"{&quot;background_background&quot;:&quot;classic&quot;}\">\n\t\t\t\t\t\t\t<div class=\"elementor-background-overlay\"><\/div>\n\t\t\t\t\t\t\t<div class=\"elementor-container elementor-column-gap-no\">\n\t\t\t\t\t<div class=\"elementor-column elementor-col-100 elementor-top-column elementor-element elementor-element-1b0725b\" data-id=\"1b0725b\" data-element_type=\"column\" data-e-type=\"column\">\n\t\t\t<div class=\"elementor-widget-wrap elementor-element-populated\">\n\t\t\t\t\t\t<div class=\"elementor-element elementor-element-886aab2 elementor-icon-list--layout-inline elementor-tablet-align-center elementor-list-item-link-full_width elementor-widget elementor-widget-icon-list\" data-id=\"886aab2\" data-element_type=\"widget\" data-e-type=\"widget\" data-widget_type=\"icon-list.default\">\n\t\t\t\t<div class=\"elementor-widget-container\">\n\t\t\t\t\t\t\t<ul class=\"elementor-icon-list-items elementor-inline-items\">\n\t\t\t\t\t\t\t<li class=\"elementor-icon-list-item elementor-inline-item\">\n\t\t\t\t\t\t\t\t\t\t<span class=\"elementor-icon-list-text\">What is Autism?<\/span>\n\t\t\t\t\t\t\t\t\t<\/li>\n\t\t\t\t\t\t<\/ul>\n\t\t\t\t\t\t<\/div>\n\t\t\t\t<\/div>\n\t\t\t\t<div class=\"elementor-element elementor-element-ab8c5c7 elementor-widget elementor-widget-heading\" data-id=\"ab8c5c7\" data-element_type=\"widget\" data-e-type=\"widget\" data-widget_type=\"heading.default\">\n\t\t\t\t<div class=\"elementor-widget-container\">\n\t\t\t\t\t<h1 class=\"elementor-heading-title elementor-size-default\">Rights of Individuals with Autism<\/h1>\t\t\t\t<\/div>\n\t\t\t\t<\/div>\n\t\t\t\t\t<\/div>\n\t\t<\/div>\n\t\t\t\t\t<\/div>\n\t\t<\/section>\n\t\t<div class=\"elementor-element elementor-element-72c000a e-flex e-con-boxed e-con e-parent\" data-id=\"72c000a\" data-element_type=\"container\" data-e-type=\"container\">\n\t\t\t\t\t<div class=\"e-con-inner\">\n\t\t\t\t<div class=\"elementor-element elementor-element-1c9f630 elementor-widget elementor-widget-text-editor\" data-id=\"1c9f630\" data-element_type=\"widget\" data-e-type=\"widget\" data-widget_type=\"text-editor.default\">\n\t\t\t\t<div class=\"elementor-widget-container\">\n\t\t\t\t\t\t\t\t\tE\u011fitim, sa\u011fl\u0131k, istihdam, sosyal ya\u015fama kat\u0131l\u0131m, onurlu ve adil bir ya\u015fam s\u00fcrme hakk\u0131 evrensel insan haklar\u0131 kapsam\u0131ndad\u0131r ve t\u00fcm bireyler i\u00e7in ge\u00e7erlidir. Otizmli bireyler, \u00f6ncelikle ve her \u015feyden \u00f6nce t\u00fcm bireylerle ayn\u0131 temel insan haklar\u0131na sahiptir. Ulusal ve uluslararas\u0131 yasa, politika ve d\u00fczenlemeler; otizmli bireylerin bu haklara fiilen eri\u015febilmelerini sa\u011flamak, toplumsal ya\u015fama e\u015fit ve kapsay\u0131c\u0131 bi\u00e7imde kat\u0131l\u0131mlar\u0131n\u0131 desteklemek amac\u0131yla olu\u015fturulmu\u015ftur. Bu nedenle, otizmli bireyler yasal metinlerde \u201cengelli\u201d ba\u015fl\u0131\u011f\u0131 alt\u0131nda ele al\u0131nmaktad\u0131r. Bu yakla\u015f\u0131m \u00fclkemizin de taraf oldu\u011fu <strong><a href=\"https:\/\/social.desa.un.org\/issues\/disability\/crpd\/convention-on-the-rights-of-persons-with-disabilities-crpd\" target=\"_blank\" rel=\"noopener\">Birle\u015fmi\u015f Milletler Engelli Haklar\u0131 S\u00f6zle\u015fmesi <\/a><\/strong> ile de a\u00e7\u0131k\u00e7a ortaya konmaktad\u0131r. S\u00f6zle\u015fme, otizmli bireyler de d\u00e2hil olmak \u00fczere t\u00fcm \u00f6zel gereksinimli bireyleri toplumun e\u015fit \u00fcyeleri olarak kabul eder ve kapsay\u0131c\u0131 bir toplumsal ya\u015fam\u0131 ilke olarak benimser.\n\nBu b\u00f6l\u00fcmde yer alan bilgiler, otizmli bireylerin herkesle ayn\u0131 haklara sahip olduklar\u0131 ve bu haklara eri\u015fim i\u00e7in \u00f6zel d\u00fczenlemelere ihtiya\u00e7 duyabildikleri ger\u00e7e\u011finden hareketle sunulmaktad\u0131r. B\u00f6l\u00fcm boyunca \u201cotizmli\u201d, \u201c\u00f6zel gereksinimli\u201d ve \u201cengelli\u201d ifadeleri birlikte kullan\u0131lm\u0131\u015ft\u0131r. Bunun nedeni, yasal metinlerde \u201cengelli\u201d ifadesinin yer almas\u0131; uygulamada ve g\u00fcndelik dilde \u201c\u00f6zel gereksinimli\u201d ya da \u201cotizmli\u201d ifadesinin tercih edilmesidir.\n<p style=\"display: inline-block; word-wrap: break-word; white-space: pre-wrap; font-size: 18px; line-height: 1.637; font-weight: bold; color: #000; background-color: #f1f1f1 !important; padding: 52px 50px; border-radius: 10px; width: 100%;\"><span style=\"color: #ff0000;\"><strong>Dikkat!<\/strong> <\/span>Bu hizmetler tan\u0131 ve rapora dayal\u0131d\u0131r. Haklardan yararlanabilmek i\u00e7in g\u00fcncel sa\u011fl\u0131k kurulu raporu ile birlikte resmi ba\u015fvuru yap\u0131lmas\u0131 \u015fartt\u0131r.<\/p>\t\t\t\t\t\t\t\t<\/div>\n\t\t\t\t<\/div>\n\t\t\t\t<div class=\"elementor-element elementor-element-1b6de99 elementor-widget elementor-widget-n-accordion\" data-id=\"1b6de99\" data-element_type=\"widget\" data-e-type=\"widget\" data-settings=\"{&quot;default_state&quot;:&quot;all_collapsed&quot;,&quot;max_items_expended&quot;:&quot;one&quot;,&quot;n_accordion_animation_duration&quot;:{&quot;unit&quot;:&quot;ms&quot;,&quot;size&quot;:400,&quot;sizes&quot;:[]}}\" data-widget_type=\"nested-accordion.default\">\n\t\t\t\t<div class=\"elementor-widget-container\">\n\t\t\t\t\t\t\t<div class=\"e-n-accordion\" aria-label=\"Accordion. Open links with Enter or Space, close with Escape, and navigate with Arrow Keys\">\n\t\t\t\t\t\t<details id=\"e-n-accordion-item-2870\" class=\"e-n-accordion-item\" >\n\t\t\t\t<summary class=\"e-n-accordion-item-title\" data-accordion-index=\"1\" tabindex=\"0\" aria-expanded=\"false\" aria-controls=\"e-n-accordion-item-2870\" >\n\t\t\t\t\t<span class='e-n-accordion-item-title-header'><div class=\"e-n-accordion-item-title-text\"> Otizmli Bireylerin Temel Haklar\u0131  <\/div><\/span>\n\t\t\t\t\t\t\t<span class='e-n-accordion-item-title-icon'>\n\t\t\t<span class='e-opened' ><svg aria-hidden=\"true\" class=\"e-font-icon-svg e-fas-minus\" viewbox=\"0 0 448 512\" xmlns=\"http:\/\/www.w3.org\/2000\/svg\"><path d=\"M416 208H32c-17.67 0-32 14.33-32 32v32c0 17.67 14.33 32 32 32h384c17.67 0 32-14.33 32-32v-32c0-17.67-14.33-32-32-32z\"><\/path><\/svg><\/span>\n\t\t\t<span class='e-closed'><svg aria-hidden=\"true\" class=\"e-font-icon-svg e-fas-plus\" viewbox=\"0 0 448 512\" xmlns=\"http:\/\/www.w3.org\/2000\/svg\"><path d=\"M416 208H272V64c0-17.67-14.33-32-32-32h-32c-17.67 0-32 14.33-32 32v144H32c-17.67 0-32 14.33-32 32v32c0 17.67 14.33 32 32 32h144v144c0 17.67 14.33 32 32 32h32c17.67 0 32-14.33 32-32V304h144c17.67 0 32-14.33 32-32v-32c0-17.67-14.33-32-32-32z\"><\/path><\/svg><\/span>\n\t\t<\/span>\n\n\t\t\t\t\t\t<\/summary>\n\t\t\t\t<div role=\"region\" aria-labelledby=\"e-n-accordion-item-2870\" class=\"elementor-element elementor-element-3ffa4c9 e-con-full e-flex e-con e-child\" data-id=\"3ffa4c9\" data-element_type=\"container\" data-e-type=\"container\">\n\t\t\t\t<div class=\"elementor-element elementor-element-43bb9f5 elementor-widget elementor-widget-text-editor\" data-id=\"43bb9f5\" data-element_type=\"widget\" data-e-type=\"widget\" data-widget_type=\"text-editor.default\">\n\t\t\t\t<div class=\"elementor-widget-container\">\n\t\t\t\t\t\t\t\t\t<p>Otizmli bireyler, \u00f6ncelikle ve her \u015feyden \u00f6nce di\u011fer t\u00fcm bireylerle e\u015fit temel insan haklar\u0131na sahiptir. Bu haklar; e\u011fitim, sa\u011fl\u0131k, istihdam ve sosyal ya\u015fama kat\u0131l\u0131m gibi evrensel haklarla birlikte, bireyin ya\u015fam\u0131n her alan\u0131na tam kat\u0131l\u0131m\u0131n\u0131 ve azami ba\u011f\u0131ms\u0131zl\u0131\u011f\u0131n\u0131 g\u00fcvence alt\u0131na alan\u00a0 \u00f6zel d\u00fczenlemeleri de kapsar.<\/p><p>Bu anlay\u0131\u015f\u0131n en g\u00fc\u00e7l\u00fc uluslararas\u0131 dayana\u011f\u0131, T\u00fcrkiye&#8217;nin 2009 y\u0131l\u0131nda onaylad\u0131\u011f\u0131 BM Engelli Haklar\u0131 S\u00f6zle\u015fmesi Birle\u015fmi\u015f Milletler Engelli Haklar\u0131 S\u00f6zle\u015fmesi (Convention on the Rights of Persons with Disabilities &#8211; CRPD)&#8217;dir. S\u00f6zle\u015fme&#8217;nin amac\u0131, engellilerin t\u00fcm insan hak ve temel \u00f6zg\u00fcrl\u00fcklerinden tam ve e\u015fit \u015fekilde yararlanmas\u0131n\u0131 te\u015fvik etmek, korumak ve sa\u011flamak ile do\u011fu\u015ftan sahip olduklar\u0131 onura sayg\u0131y\u0131 g\u00fc\u00e7lendirmektir. S\u00f6zle\u015fme otizmli bireyler dahil t\u00fcm \u00f6zel gereksinimli bireyleri toplumun e\u015fit \u00fcyeleri olarak tan\u0131mlar.<\/p><p>S\u00f6zle\u015fme \u00e7er\u00e7evesinde otizmli bireylerin temel haklar\u0131 a\u015fa\u011f\u0131daki ba\u015fl\u0131klar alt\u0131nda ele al\u0131nabilir:<\/p><ul><li><span style=\"color: #000000;\"><strong>E\u015fitlik ve Ayr\u0131mc\u0131l\u0131\u011fa U\u011framama Hakk\u0131: <\/strong><\/span>Otizmli bireyler; e\u011fitimde, sa\u011fl\u0131k hizmetlerinde, istihdamda ve toplumsal ya\u015fam\u0131n her alan\u0131nda engellilik temelinde ayr\u0131mc\u0131l\u0131\u011fa u\u011framamay\u0131 talep etme hakk\u0131na sahiptir. Bu hak yaln\u0131zca a\u00e7\u0131k ayr\u0131mc\u0131l\u0131\u011f\u0131 de\u011fil, makul d\u00fczenlemelerin yap\u0131lmamas\u0131ndan kaynaklanan dolayl\u0131 ayr\u0131mc\u0131l\u0131\u011f\u0131 da kapsar.<\/li><li><span style=\"color: #000000;\"><strong>Kapsay\u0131c\u0131 E\u011fitim ve Erken M\u00fcdahale Hakk\u0131:<\/strong><\/span> S\u00f6zle\u015fmeye g\u00f6re hizmetler m\u00fcmk\u00fcn olan en erken evrede ba\u015flamal\u0131d\u0131r. Otizmli \u00e7ocuklar\u0131n, gerekli desteklerle akranlar\u0131yla birlikte e\u011fitim g\u00f6rmesi hem bir hak hem de kapsay\u0131c\u0131 bir toplumun \u00f6n ko\u015fuludur.<\/li><li><span style=\"color: #000000;\"><strong>Eri\u015febilirlik Hakk\u0131: <\/strong><\/span>Fiziksel \u00e7evreye, ula\u015f\u0131ma, bilgiye ve ileti\u015fim teknolojilerine eri\u015fim; otizmli bireylerin toplumsal ya\u015fama kat\u0131labilmesinin temel altyap\u0131s\u0131n\u0131 olu\u015fturur. Bu hak yaln\u0131zca mimari engellerin kald\u0131r\u0131lmas\u0131n\u0131 de\u011fil, bili\u015fsel ve duyusal eri\u015filebilirli\u011fi de kapsar.<\/li><li><span style=\"color: #000000;\"><strong>\u00c7al\u0131\u015fma ve \u0130stihdam Hakk\u0131:<\/strong> <\/span>S\u00f6zle\u015fme, engellilerin a\u00e7\u0131k, kapsay\u0131c\u0131 ve eri\u015filebilir nitelikte bir i\u015f piyasas\u0131nda, serbest\u00e7e se\u00e7tikleri bir i\u015fte hayatlar\u0131n\u0131 kazanmalar\u0131 f\u0131rsat\u0131 dahil \u00e7al\u0131\u015fma hakk\u0131n\u0131 tan\u0131maktad\u0131r.<\/li><li><span style=\"color: #000000;\"><strong>\u015eiddet ve \u0130stismardan Korunma Hakk\u0131:<\/strong><\/span> Otizmli bireyler, fiziksel, duygusal ve cinsel istismar ile ihmalin her bi\u00e7imine kar\u015f\u0131 koruma alt\u0131ndad\u0131r. Bu koruma \u00f6zellikle bireylerin savunmas\u0131z oldu\u011fu ortamlarda ya\u015famsal \u00f6nem ta\u015f\u0131r.<\/li><li><span style=\"color: #000000;\"><strong>Toplumsal Ya\u015fama Kat\u0131l\u0131m ve Ba\u011f\u0131ms\u0131z Ya\u015fam Hakk\u0131:<\/strong><\/span> Otizmli bireyler, yeterli destekler sa\u011fland\u0131\u011f\u0131nda toplumun i\u00e7inde, akranlar\u0131yla birlikte ya\u015fama hakk\u0131na sahiptir. Bu hak, sosyal ili\u015fkileri, k\u00fclt\u00fcrel ve sportif etkinliklere kat\u0131l\u0131m\u0131, kamusal alanlara eri\u015fimi kapsar.<\/li><\/ul><p>\u00dclkemiz CRPD&#8217;ye ek olarak <span style=\"color: #000000;\"><strong>5378 say\u0131l\u0131 Engelliler Hakk\u0131nda Kanun, 1739 say\u0131l\u0131 Mill\u00ee E\u011fitim Temel Kanunu, 573 say\u0131l\u0131 Kanun H\u00fckm\u00fcnde Kararname<\/strong> <\/span>ve ilgili y\u00f6netmeliklerle bu haklar\u0131 ulusal mevzuata ta\u015f\u0131m\u0131\u015ft\u0131r. Bu b\u00f6l\u00fcm\u00fcn devam\u0131nda yer alan ba\u015fl\u0131klar, s\u00f6z konusu haklar\u0131n T\u00fcrkiye&#8217;de nas\u0131l hayata ge\u00e7irildi\u011fini ve bu haklardan nas\u0131l yararlan\u0131labilece\u011fini a\u00e7\u0131klamaktad\u0131r.<\/p>\t\t\t\t\t\t\t\t<\/div>\n\t\t\t\t<\/div>\n\t\t\t\t<\/div>\n\t\t\t\t\t<\/details>\n\t\t\t\t\t\t<details id=\"e-n-accordion-item-2871\" class=\"e-n-accordion-item\" >\n\t\t\t\t<summary class=\"e-n-accordion-item-title\" data-accordion-index=\"2\" tabindex=\"-1\" aria-expanded=\"false\" aria-controls=\"e-n-accordion-item-2871\" >\n\t\t\t\t\t<span class='e-n-accordion-item-title-header'><div class=\"e-n-accordion-item-title-text\"> Haklardan Yararlanabilmek \u0130\u00e7in Ne Yapmal\u0131?  <\/div><\/span>\n\t\t\t\t\t\t\t<span class='e-n-accordion-item-title-icon'>\n\t\t\t<span class='e-opened' ><svg aria-hidden=\"true\" class=\"e-font-icon-svg e-fas-minus\" viewbox=\"0 0 448 512\" xmlns=\"http:\/\/www.w3.org\/2000\/svg\"><path d=\"M416 208H32c-17.67 0-32 14.33-32 32v32c0 17.67 14.33 32 32 32h384c17.67 0 32-14.33 32-32v-32c0-17.67-14.33-32-32-32z\"><\/path><\/svg><\/span>\n\t\t\t<span class='e-closed'><svg aria-hidden=\"true\" class=\"e-font-icon-svg e-fas-plus\" viewbox=\"0 0 448 512\" xmlns=\"http:\/\/www.w3.org\/2000\/svg\"><path d=\"M416 208H272V64c0-17.67-14.33-32-32-32h-32c-17.67 0-32 14.33-32 32v144H32c-17.67 0-32 14.33-32 32v32c0 17.67 14.33 32 32 32h144v144c0 17.67 14.33 32 32 32h32c17.67 0 32-14.33 32-32V304h144c17.67 0 32-14.33 32-32v-32c0-17.67-14.33-32-32-32z\"><\/path><\/svg><\/span>\n\t\t<\/span>\n\n\t\t\t\t\t\t<\/summary>\n\t\t\t\t<div role=\"region\" aria-labelledby=\"e-n-accordion-item-2871\" class=\"elementor-element elementor-element-5b2f88a e-con-full e-flex e-con e-child\" data-id=\"5b2f88a\" data-element_type=\"container\" data-e-type=\"container\">\n\t\t\t\t<div class=\"elementor-element elementor-element-02c07bc elementor-widget elementor-widget-text-editor\" data-id=\"02c07bc\" data-element_type=\"widget\" data-e-type=\"widget\" data-widget_type=\"text-editor.default\">\n\t\t\t\t<div class=\"elementor-widget-container\">\n\t\t\t\t\t\t\t\t\t<p>Otizm tan\u0131s\u0131 alm\u0131\u015f bir bireyin sa\u011fl\u0131k, e\u011fitim ve sosyal haklardan yararlanabilmesi i\u00e7in at\u0131lmas\u0131 gereken ad\u0131mlar belirli bir s\u0131ray\u0131 izler. En \u00f6nemli nokta, <span style=\"color: #000000;\"><strong>tan\u0131n\u0131n resmi olarak belgelendirilmesi <\/strong><\/span>ve <span style=\"color: #000000;\"><strong>ard\u0131ndan gerekli belgelerle haklar i\u00e7in ba\u015fvuru<\/strong><\/span> yap\u0131lmas\u0131d\u0131r. A\u015fa\u011f\u0131daki yol haritas\u0131, haklardan yararlanabilmek i\u00e7in temel ad\u0131mlar\u0131 g\u00f6stermektedir.<\/p><p style=\"padding-left: 40px;\"><span style=\"color: #000000;\"><strong>1. Tan\u0131n\u0131n konulmas\u0131 ve belgelendirilmesi:<\/strong><\/span> \u0130lk ad\u0131m, bireyin otizm tan\u0131s\u0131n\u0131n \u00e7ocuk ve ergen psikiyatristi (yeti\u015fkinlerde eri\u015fkin psikiyatristi) taraf\u0131ndan muayene ile konulmas\u0131d\u0131r.<\/p><p style=\"padding-left: 40px;\"><span style=\"color: #000000;\"><strong>2. Sa\u011fl\u0131k kurulu raporunun al\u0131nmas\u0131:<\/strong><\/span> Tan\u0131dan sonra, haklardan yararlanabilmek i\u00e7in sa\u011fl\u0131k kurulu raporu \u00e7\u0131kar\u0131lmas\u0131 gerekir:<\/p><p style=\"padding-left: 40px;\">&#8211; 18 ya\u015f alt\u0131 \u00e7ocuklar i\u00e7in: \u00c7ocuklar \u0130\u00e7in \u00d6zel Gereksinim Raporu (\u00c7\u00d6ZGER)<\/p><p style=\"padding-left: 40px;\">&#8211; 18 ya\u015f ve \u00fczeri bireyler i\u00e7in: Engelli Sa\u011fl\u0131k Kurulu Raporu<\/p><p>\u00c7\u00d6ZGER 18 ya\u015f alt\u0131 \u00e7ocuklar\u0131n sa\u011fl\u0131k, e\u011fitim, rehabilitasyon ve sosyal hizmetlere eri\u015fimini sa\u011flamak amac\u0131yla d\u00fczenlenen rapordur.\u00a0 18 ya\u015f ve \u00fczeri bireyler i\u00e7in \u00c7\u00d6ZGER yerine Engelli Sa\u011fl\u0131k Kurulu Raporu al\u0131n\u0131r. \u00c7\u00d6ZGER ve Engelli Sa\u011fl\u0131k Kurulu Raporu hakk\u0131nda daha detayl\u0131 bilgi almak i\u00e7in <strong>buraya t\u0131klay\u0131n\u0131z.<\/strong><\/p><p>Bu raporlar, sa\u011fl\u0131k kurulu raporu vermeye yetkili devlet hastaneleri veya \u00fcniversite hastanelerinden al\u0131nmaktad\u0131r. <strong><a href=\"https:\/\/khgmcalisanhaklaridb.saglik.gov.tr\/TR-42698\/engelli-saglik-kurulu-raporu-duzenlemeye-yetkili-saglik-kuruluslari-listesi.html\" target=\"_blank\" rel=\"noopener\">Yetkili devlet veya \u00fcniversite hastaneleri i\u00e7in buraya t\u0131klay\u0131n\u0131z.<\/a><\/strong><\/p><p style=\"padding-left: 40px;\"><strong>3. Raporun e-Devlet \/ e-Nab\u0131z sistemine i\u015flenmesi:<\/strong> Sa\u011fl\u0131k kurulu raporu onayland\u0131ktan sonra hastane taraf\u0131ndan e-Nab\u0131z ve e-Devlet sistemine y\u00fcklenir. B\u00f6ylece rapor resmi kurumlar taraf\u0131ndan g\u00f6r\u00fclebilir hale gelir ve ba\u015fvuru s\u00fcre\u00e7leri kolayla\u015f\u0131r.<\/p><p style=\"padding-left: 40px;\"><strong>4. Sa\u011fl\u0131k, e\u011fitim ve sosyal desteklere ba\u015fvuru yap\u0131lmas\u0131:<\/strong> Rapor al\u0131nd\u0131ktan sonra haklara eri\u015fim i\u00e7in ilgili kurumlara ba\u015fvurular yap\u0131l\u0131r. \u00d6rne\u011fin;<\/p><p style=\"padding-left: 40px;\">&#8211; E\u011fitim haklar\u0131 i\u00e7in: Rehberlik Ara\u015ft\u0131rma Merkezine (RAM) ba\u015fvuru (e\u011fitsel de\u011ferlendirme ve yerle\u015ftirme)<\/p><p style=\"padding-left: 40px;\">&#8211; Sosyal destekler i\u00e7in: Aile ve Sosyal Hizmetler M\u00fcd\u00fcrl\u00fckleri &#8211; Sosyal Yard\u0131mla\u015fma ve Dayan\u0131\u015fma Vakf\u0131\u2019na &#8211; e-Devlet \u00fczerinden ba\u015fvuru<\/p><p>RAM Milli E\u011fitim Bakanl\u0131\u011f\u0131\u2019na ba\u011fl\u0131 resmi bir kurumdur. RAM\u2019lar otizmli bireyin e\u011fitim performans\u0131n\u0131 de\u011ferlendirir ve destek e\u011fitim raporu haz\u0131rlar. RAM\u2019lar hakk\u0131nda daha detayl\u0131 bilgi almak i\u00e7in <strong>buraya t\u0131klay\u0131n\u0131z.<\/strong><\/p><p style=\"display: inline-block; word-wrap: break-word; white-space: pre-wrap; font-size: 18px; line-height: 1.637; font-weight: bold; color: #000; background-color: #f1f1f1 !important; padding: 52px 50px; border-radius: 10px; width: 100%;\"><span style=\"color: #ff0000;\"><strong>Dikkat!<\/strong><\/span> Sa\u011fl\u0131k, e\u011fitim ve sosyal destekler gibi haklar\u0131n\u0131z\u0131 \u00f6\u011frenmek i\u00e7in bu b\u00f6l\u00fcmdeki di\u011fer i\u00e7erikleri inceleyebilirsiniz.<\/p><p style=\"padding-left: 40px;\"><strong>5. D\u00fczenli izleme, g\u00fcncelleme ve itiraz hakk\u0131: <\/strong>Bireyin geli\u015fimi ve ihtiya\u00e7lar\u0131 zaman i\u00e7inde de\u011fi\u015febilir. Bu nedenle raporlar s\u00fcreli ise yenilenebilir, eksik veya hatal\u0131 oldu\u011funu d\u00fc\u015f\u00fcn\u00fcyorsan\u0131z itiraz edilebilir.<\/p><p style=\"display: inline-block; word-wrap: break-word; white-space: pre-wrap; font-size: 18px; line-height: 1.637; font-weight: bold; color: #000; background-color: #f1f1f1 !important; padding: 52px 50px; border-radius: 10px; width: 100%;\"><strong><span style=\"color: #ff0000;\">Dikkat!<\/span> <\/strong>\u0130tiraz s\u00fcreci \u00f6\u011frenmek i\u00e7in <strong>buraya t\u0131klay\u0131n.<\/strong><\/p><p><strong><em>\u00d6nemli: Haklara eri\u015fim i\u00e7in ilk at\u0131lacak ad\u0131m tan\u0131n\u0131n \u00e7ocuk ve ergen psikiyatristi taraf\u0131ndan konulmas\u0131 ve ard\u0131ndan yetkili hastaneden \u00c7\u00d6ZGER \/ Engelli Sa\u011fl\u0131k Kurulu Raporu al\u0131nmas\u0131d\u0131r. <\/em><\/strong><\/p>\t\t\t\t\t\t\t\t<\/div>\n\t\t\t\t<\/div>\n\t\t\t\t<\/div>\n\t\t\t\t\t<\/details>\n\t\t\t\t\t\t<details id=\"e-n-accordion-item-2872\" class=\"e-n-accordion-item\" >\n\t\t\t\t<summary class=\"e-n-accordion-item-title\" data-accordion-index=\"3\" tabindex=\"-1\" aria-expanded=\"false\" aria-controls=\"e-n-accordion-item-2872\" >\n\t\t\t\t\t<span class='e-n-accordion-item-title-header'><div class=\"e-n-accordion-item-title-text\"> E\u011fitim ve B\u00fct\u00fcnle\u015ftirme Haklar\u0131 <\/div><\/span>\n\t\t\t\t\t\t\t<span class='e-n-accordion-item-title-icon'>\n\t\t\t<span class='e-opened' ><svg aria-hidden=\"true\" class=\"e-font-icon-svg e-fas-minus\" viewbox=\"0 0 448 512\" xmlns=\"http:\/\/www.w3.org\/2000\/svg\"><path d=\"M416 208H32c-17.67 0-32 14.33-32 32v32c0 17.67 14.33 32 32 32h384c17.67 0 32-14.33 32-32v-32c0-17.67-14.33-32-32-32z\"><\/path><\/svg><\/span>\n\t\t\t<span class='e-closed'><svg aria-hidden=\"true\" class=\"e-font-icon-svg e-fas-plus\" viewbox=\"0 0 448 512\" xmlns=\"http:\/\/www.w3.org\/2000\/svg\"><path d=\"M416 208H272V64c0-17.67-14.33-32-32-32h-32c-17.67 0-32 14.33-32 32v144H32c-17.67 0-32 14.33-32 32v32c0 17.67 14.33 32 32 32h144v144c0 17.67 14.33 32 32 32h32c17.67 0 32-14.33 32-32V304h144c17.67 0 32-14.33 32-32v-32c0-17.67-14.33-32-32-32z\"><\/path><\/svg><\/span>\n\t\t<\/span>\n\n\t\t\t\t\t\t<\/summary>\n\t\t\t\t<div role=\"region\" aria-labelledby=\"e-n-accordion-item-2872\" class=\"elementor-element elementor-element-90c8fa1 e-con-full e-flex e-con e-child\" data-id=\"90c8fa1\" data-element_type=\"container\" data-e-type=\"container\">\n\t\t\t\t<div class=\"elementor-element elementor-element-c400698 elementor-widget elementor-widget-text-editor\" data-id=\"c400698\" data-element_type=\"widget\" data-e-type=\"widget\" data-widget_type=\"text-editor.default\">\n\t\t\t\t<div class=\"elementor-widget-container\">\n\t\t\t\t\t\t\t\t\t<p><strong>E\u011fitim ve b\u00fct\u00fcnle\u015ftirme hakk\u0131 <\/strong>\u00a0bireylerin e\u015fit ve adil f\u0131rsatlar sunularak, bireysel ihtiya\u00e7lar\u0131na uygun uyarlamalar ve desteklerle e\u011fitim alabilmesini ifade eder. Bu hak; \u00e7ocu\u011fun yaln\u0131zca okula kaydolmas\u0131n\u0131 de\u011fil, okulda aktif bi\u00e7imde \u00f6\u011frenebilmesini, sosyalle\u015febilmesini, akranlar\u0131yla bir arada e\u011fitim ortam\u0131na kat\u0131labilmesini sa\u011flar. \u00d6zel gereksinimli bireyler bu haklar\u0131 kapsam\u0131nda Milli E\u011fitim Bakanl\u0131\u011f\u0131\u2019na ba\u011fl\u0131 resmi e\u011fitim kurumlar\u0131nda\/okullar\u0131nda veya \u00f6zel e\u011fitim kurumlar\u0131nda\/ okullar\u0131nda e\u011fitim-\u00f6\u011fretimden yararlanmal\u0131d\u0131r.\u00a0 Temel hedef, \u00e7ocu\u011fun \u00f6zelliklerine g\u00f6re planlanan desteklerle en az k\u0131s\u0131tlay\u0131c\u0131 e\u011fitim ortam\u0131nda (m\u00fcmk\u00fcn olan her durumda akranlar\u0131yla birlikte) nitelikli ve s\u00fcrd\u00fcr\u00fclebilir bir e\u011fitim almas\u0131n\u0131 sa\u011flamakt\u0131r.<\/p><p>E\u011fitim ve b\u00fct\u00fcnle\u015ftirme hakk\u0131 kapsam\u0131nda birey i\u00e7in;<\/p><ul><li>Birey i\u00e7in Bireyselle\u015ftirilmi\u015f E\u011fitim Program\u0131* (BEP) haz\u0131rlanmal\u0131d\u0131r.<\/li><li>S\u0131nav sorular\u0131nda veya s\u00fcresinde uyarlama yap\u0131lmal\u0131d\u0131r.<\/li><li>\u0130htiya\u00e7 duydu\u011funda ,<\/li><li>\u0130htiya\u00e7 duydu\u011funda destekleri sunulur.<\/li><\/ul><p>*BEP \u00f6zel gereksinimli bir \u00e7ocu\u011fun e\u011fitimde neye ihtiya\u00e7 duydu\u011funu g\u00f6steren ki\u015fiye \u00f6zel bir e\u011fitim plan\u0131d\u0131r. BEP hakk\u0131nda daha detayl\u0131 bilgi sahibi olmak i\u00e7in <strong>buraya t\u0131klay\u0131n\u0131z.<\/strong><\/p><p><strong>T\u00fcrkiye Cumhuriyeti Anayasas\u0131, 1739 say\u0131l\u0131 Mill\u00ee E\u011fitim Temel Kanunu, BM Engelli Haklar\u0131 S\u00f6zle\u015fmesi, 5378 say\u0131l\u0131 Engelliler Hakk\u0131nda Kanun, 573 Say\u0131l\u0131 Kanun H\u00fckm\u00fcnde Kararname<\/strong> ve <strong>Mill\u00ee E\u011fitim Bakanl\u0131\u011f\u0131 (MEB) \u00d6zel E\u011fitim Hizmetleri Y\u00f6netmeli\u011fi<\/strong>\u2019ne g\u00f6re, her birey, \u00f6zel gereksinimi veya farkl\u0131 geli\u015fimi ne olursa olsun e\u011fitim hakk\u0131na sahiptir.<\/p><p>Otizmli \u00f6\u011frenciler e\u011fitim ve b\u00fct\u00fcnle\u015ftirme haklar\u0131 kapsam\u0131nda a\u015fa\u011f\u0131daki haklardan yararlanabilirler:<\/p><ul><li><span style=\"color: #000000;\"><strong><em>Destek E\u011fitim Odas\u0131 Hakk\u0131 <\/em><\/strong><\/span><ul><li>Kayna\u015ft\u0131rma\/b\u00fct\u00fcnle\u015ftirme e\u011fitimi, otizmli ve di\u011fer \u00f6zel gereksinimli \u00f6\u011frencilerin en temel e\u011fitim hakk\u0131d\u0131r. Bu hak, \u00f6\u011frencinin ihtiya\u00e7 duydu\u011fu destekler ve uygun uyarlamalar sa\u011fland\u0131\u011f\u0131nda akranlar\u0131yla ayn\u0131 s\u0131n\u0131fta, ayn\u0131 okul ortam\u0131nda e\u011fitim almas\u0131n\u0131 ifade eder. Ama\u00e7, \u00e7ocu\u011fun e\u011fitim s\u00fcrecine yaln\u0131zca fiziksel olarak de\u011fil, akademik ve sosyal olarak da kat\u0131labilmesini sa\u011flamakt\u0131r.<\/li><li>Otizmli bir \u00e7ocuk, Rehberlik Ara\u015ft\u0131rma Merkezi\u2019nin (RAM) yapt\u0131\u011f\u0131 e\u011fitsel de\u011ferlendirme sonucunda kayna\u015ft\u0131rma\/b\u00fct\u00fcnle\u015ftirme e\u011fitimine uygun bulunursa, devlet okulunda akranlar\u0131yla birlikte e\u011fitim g\u00f6r\u00fcr. Bu s\u00fcre\u00e7te \u00e7ocu\u011fun bireysel ihtiya\u00e7lar\u0131na g\u00f6re BEP haz\u0131rlanmas\u0131 zorunludur.<\/li><li>Ayr\u0131ca e\u011fitim materyallerinde ve s\u0131navlarda \u00f6\u011frencinin bireysel \u00f6zelliklerine g\u00f6re uyarlama yapma, destek e\u011fitim odas\u0131 hizmeti ve gerekti\u011finde g\u00f6lge \u00f6\u011fretmen\/kolayla\u015ft\u0131r\u0131c\u0131 ki\u015fi deste\u011fi sa\u011flan\u0131r.<\/li><li>Kayna\u015ft\u0131rma e\u011fitimi; okul \u00f6ncesi, ilkokul, ortaokul ve lise d\u00fczeylerinde uygulanmaktad\u0131r.<\/li><\/ul><\/li><\/ul><p style=\"display: inline-block; word-wrap: break-word; white-space: pre-wrap; font-size: 18px; line-height: 1.637; font-weight: bold; color: #000; background-color: #f1f1f1 !important; padding: 52px 50px; border-radius: 10px; width: 100%;\"><strong><span style=\"color: #ff0000;\">Dikkat!<\/span> <\/strong>2025 tarihli MEB genelgesine g\u00f6re, e\u011fitim ortam\u0131nda uyarlama yapma, \u00e7e\u015fitli tedbirler alma ve \u00f6\u011frenciye bireyselle\u015ftirilmi\u015f destek sa\u011flama esast\u0131r.<\/p><p>\u00dclkemizde kayna\u015ft\u0131rma\/b\u00fct\u00fcnle\u015ftirme e\u011fitimi \u00f6zel gereksinimli \u00f6\u011frenciler i\u00e7in yasal bir hakt\u0131r. Bununla birlikte bu hakk\u0131n her zaman eksiksiz ve e\u015fit bi\u00e7imde hayata ge\u00e7irilmedi\u011fine \u015fahit olmaktay\u0131z. E\u011fer \u00e7ocu\u011funuzun kayna\u015ft\u0131rma\/b\u00fct\u00fcnle\u015ftirme hakk\u0131na eri\u015fimde sorunlar ya\u015f\u0131yorsan\u0131z izleyebilece\u011finiz ad\u0131mlar i\u00e7in <span style=\"color: #000000;\"><strong>buraya t\u0131klay\u0131n\u0131z.<\/strong><\/span><\/p><ul><li><span style=\"color: #000000;\"><strong><em>Destek E\u011fitim Odas\u0131 Hakk\u0131 <\/em><\/strong><\/span><\/li><\/ul><p>Kayna\u015ft\u0131rma\/b\u00fct\u00fcnle\u015ftirme e\u011fitimi s\u0131ras\u0131nda gerekti\u011finde destek e\u011fitim odas\u0131 hizmeti verilmektedir. Destek e\u011fitim odas\u0131 kayna\u015ft\u0131rma \u00f6\u011frencilerinin baz\u0131 dersleri <span style=\"color: #000000;\"><strong>daha sakin ve birebir <\/strong><\/span>ortamda almalar\u0131n\u0131 sa\u011flayan bir ortamd\u0131r. \u00c7ocuk zorland\u0131\u011f\u0131 alanlarda (okuma\u2013yazma, matematik, ileti\u015fim becerileri, dikkat, sosyal beceriler gibi) \u00f6\u011fretmenle daha yo\u011fun, bireyselle\u015ftirilmi\u015f \u00e7al\u0131\u015fma yapar. Destek e\u011fitim odas\u0131 <span style=\"color: #000000;\"><strong>ayr\u0131 bir okul de\u011fil<\/strong><\/span>, \u00e7ocu\u011fun kay\u0131tl\u0131 oldu\u011fu okulda bulunan ek bir destek hizmetidir ve tamamen yasal bir hakt\u0131r.<\/p><ul><li><span style=\"color: #000000;\"><strong><em>Kolayla\u015ft\u0131r\u0131c\u0131 Ki\u015fi\/G\u00f6lge \u00d6\u011fretmenden Destek Alma<\/em><\/strong><\/span><\/li><\/ul><p>Otizmli ve di\u011fer \u00f6zel gereksinimli \u00f6\u011frencilerin, e\u011fitim s\u00fcre\u00e7lerinde bireysel ihtiya\u00e7lar\u0131n\u0131 kar\u015f\u0131lamak \u00fczere yanlar\u0131nda g\u00f6lge \u00f6\u011fretmen veya kolayla\u015ft\u0131r\u0131c\u0131 ki\u015fi bulundurabilmeleri m\u00fcmk\u00fcnd\u00fcr. Bu uygulama, \u00f6\u011frencinin s\u0131n\u0131fa uyumunu art\u0131rmak, akranlar\u0131yla daha etkin etkile\u015fim kurmas\u0131n\u0131 sa\u011flamak ve e\u011fitim s\u00fcrecinde bireysel deste\u011fi g\u00fc\u00e7lendirmek amac\u0131yla kullan\u0131lmaktad\u0131r.<\/p><ul><li style=\"list-style-type: none;\"><ul><li>Milli E\u011fitim Bakanl\u0131\u011f\u0131\u2019n\u0131n yay\u0131mlad\u0131\u011f\u0131 Kayna\u015ft\u0131rma\/B\u00fct\u00fcnle\u015ftirme Yoluyla E\u011fitim Uygulamalar\u0131 Genelgesi (2020) uyar\u0131nca, \u00f6zel gereksinimli \u00f6\u011frencilerin bireysel ihtiya\u00e7lar\u0131 do\u011frultusunda, <span style=\"color: #000000;\"><strong>velinin kendi imk\u00e2nlar\u0131yla sa\u011flad\u0131\u011f\u0131<\/strong><\/span> g\u00f6lge \u00f6\u011fretmen veya kolayla\u015ft\u0131r\u0131c\u0131 bir ki\u015fi s\u0131n\u0131fa girerek bireye destek sa\u011flar.<\/li><li>Okul y\u00f6netimi ve \u00f6\u011fretmen ile i\u015f birli\u011fi i\u00e7inde \u00e7al\u0131\u015fan g\u00f6lge \u00f6\u011fretmen; \u00e7ocu\u011fun ders takibini kolayla\u015ft\u0131r\u0131r, davran\u0131\u015flar\u0131n\u0131 y\u00f6nlendirmede destek olur ve \u00f6\u011frenme s\u00fcrecini peki\u015ftirir.<\/li><li>Bu destek, \u00f6zellikle otizmli \u00e7ocuklar\u0131n kayna\u015ft\u0131rma s\u0131n\u0131flar\u0131nda daha verimli e\u011fitim alabilmelerini sa\u011flayan \u00f6nemli bir d\u00fczenlemedir. Ancak devlet taraf\u0131ndan hen\u00fcz sistematik bir \u015fekilde finanse edilmemektedir; aileler taraf\u0131ndan kar\u015f\u0131lanmaktad\u0131r.<\/li><\/ul><\/li><\/ul><ul><li><span style=\"color: #000000;\"><strong><em>Di\u011fer E\u011fitim Ortamlar\u0131ndan Yararlanma <\/em><\/strong><\/span><\/li><\/ul><p>Kayna\u015ft\u0131rma\/b\u00fct\u00fcnle\u015ftirme e\u011fitimi otizmli \u00f6\u011frenciler i\u00e7in temel ve \u00f6ncelikli bir hakt\u0131r. Ancak her \u00e7ocu\u011fun geli\u015fim profili, destek ihtiyac\u0131 ve bulundu\u011fu d\u00f6nem farkl\u0131 olabilir. Bu nedenle, gerekli destekler sa\u011fland\u0131\u011f\u0131nda dahi akranlar\u0131yla ayn\u0131 s\u0131n\u0131fta e\u011fitim almas\u0131n\u0131n ge\u00e7ici ya da kal\u0131c\u0131 olarak uygun olmad\u0131\u011f\u0131 durumlar i\u00e7in, \u00e7ocu\u011fun y\u00fcksek yarar\u0131n\u0131 g\u00f6zeten farkl\u0131 e\u011fitim ortamlar\u0131 da yasal olarak tan\u0131mlanm\u0131\u015ft\u0131r. Bu b\u00f6l\u00fcmde bu ortamlar a\u00e7\u0131klanm\u0131\u015ft\u0131r:<\/p><ul><li style=\"list-style-type: none;\"><ul><li><span style=\"color: #000000;\"><strong><em>\u00d6zel E\u011fitim S\u0131n\u0131flar\u0131:<\/em><\/strong> <\/span>\u00d6zel e\u011fitim s\u0131n\u0131flar\u0131, genel e\u011fitim okullar\u0131 b\u00fcnyesinde a\u00e7\u0131l\u0131r ve \u00f6\u011frenci say\u0131s\u0131 azd\u0131r (genellikle 4\u20138 \u00f6\u011frenci). Bu s\u0131n\u0131flarda:<\/li><li>E\u011fitim, \u00f6\u011frencilerin bireysel farkl\u0131l\u0131klar\u0131na g\u00f6re uyarlan\u0131r,<\/li><li>Daha yo\u011fun bireysel destek sa\u011flan\u0131r,<\/li><li>Ama\u00e7 \u00f6\u011frencinin geli\u015fimini desteklemek ve m\u00fcmk\u00fcn olan durumlarda kayna\u015ft\u0131rmaya ge\u00e7i\u015fi kolayla\u015ft\u0131rmakt\u0131r.<\/li><\/ul><\/li><\/ul><p>Bu s\u0131n\u0131flar, \u00e7ocu\u011fun ihtiyac\u0131na g\u00f6re ge\u00e7ici veya kal\u0131c\u0131 olarak planlanabilir.<\/p><ul><li style=\"list-style-type: none;\"><ul><li><span style=\"color: #000000;\"><strong><em>\u00d6zel E\u011fitim Anaokullar\u0131: <\/em><\/strong><\/span>36 ay\u0131n\u0131 tamamlayan ve 66 ay\u0131n\u0131 doldurmayan \u00f6zel e\u011fitim ihtiyac\u0131 olan \u00e7ocuklar i\u00e7in a\u00e7\u0131lan okul \u00f6ncesi e\u011fitim kurumlar\u0131d\u0131r. Temel ama\u00e7 \u00f6zel gereksinimli \u00e7ocuklar\u0131n geli\u015fimsel ihtiya\u00e7lar\u0131n\u0131n okul \u00f6ncesi d\u00f6nemden itibaren kar\u015f\u0131lanmas\u0131n\u0131 sa\u011flamakt\u0131r. Her \u00e7ocuk i\u00e7in Bireyselle\u015ftirilmi\u015f E\u011fitim Program\u0131 (BEP) haz\u0131rlan\u0131r ve \u00e7ocu\u011fun ileti\u015fim, sosyal etkile\u015fim, oyun ve g\u00fcnl\u00fck ya\u015fam becerilerinin geli\u015ftirilmesi hedeflenir. E\u011fitim s\u00fcreci, Mill\u00ee E\u011fitim Bakanl\u0131\u011f\u0131 taraf\u0131ndan belirlenen okul \u00f6ncesi \u00f6zel e\u011fitim program\u0131 temel al\u0131narak ve bilim temelli \u00f6\u011fretim uygulamalar\u0131 ile y\u00fcr\u00fct\u00fcl\u00fcr.<\/li><\/ul><\/li><\/ul><p style=\"display: inline-block; word-wrap: break-word; white-space: pre-wrap; font-size: 18px; line-height: 1.637; font-weight: bold; color: #000; background-color: #f1f1f1 !important; padding: 52px 50px; border-radius: 10px; width: 100%;\"><strong><span style=\"color: #ff0000;\">Dikkat!<\/span> <\/strong>Bu d\u00f6nemde \u00f6zel e\u011fitime ihtiyac\u0131 olan \u00e7ocuklar i\u00e7in okul \u00f6ncesi e\u011fitim zorunlu olup \u00e7ocuklar\u0131n e\u011fitimlerini \u00f6ncelikle okul \u00f6ncesi e\u011fitim kurumlar\u0131nda kayna\u015ft\u0131rma\/b\u00fct\u00fcnle\u015ftirme uygulamalar\u0131 kapsam\u0131nda yetersizli\u011fi olmayan akranlar\u0131 ile ayn\u0131 s\u0131n\u0131fta veya \u00f6zel e\u011fitim s\u0131n\u0131flar\u0131nda s\u00fcrd\u00fcrmeleri esast\u0131r.<\/p><ul><li style=\"list-style-type: none;\"><ul><li><span style=\"color: #000000;\"><strong><em>\u00d6zel E\u011fitim Uygulama Okullar\u0131<\/em><\/strong><strong>: <\/strong><\/span>\u00d6zel E\u011fitim Uygulama Okullar\u0131, daha \u00f6nce \u201cOtistik \u00c7o\u00e7uklar E\u011fitim Merkezi\u201d olarak bilinen okul modelinin yerine ge\u00e7mi\u015ftir ve otizm ve zihin yetersizli\u011fi tan\u0131l\u0131 \u00f6\u011frenciler i\u00e7in \u00f6zel olarak d\u00fczenlenmi\u015ftir. Bu okullar \u00fc\u00e7 kademeden olu\u015fur:<\/li><li>Kademe: 1\u20134. s\u0131n\u0131flar<\/li><li>Kademe: 5\u20138. s\u0131n\u0131flar<\/li><li>Kademe: 9\u201312. s\u0131n\u0131flar<\/li><\/ul><\/li><\/ul><p>Bu okullarda \u00f6\u011frencilerin g\u00fcnl\u00fck ya\u015fam becerileri, akademik geli\u015fimleri, sosyal uyumlar\u0131 ve ba\u011f\u0131ms\u0131zl\u0131klar\u0131 desteklenir. Uygulanan e\u011fitim programlar\u0131, otizmli \u00f6\u011frencilerin ihtiya\u00e7lar\u0131na g\u00f6re haz\u0131rlanm\u0131\u015ft\u0131r. \u00d6\u011frenciler, geli\u015fimlerine g\u00f6re ilerleyen y\u0131llarda farkl\u0131 e\u011fitim ortamlar\u0131na (\u00f6rne\u011fin kayna\u015ft\u0131rma) ge\u00e7i\u015f yapabilirler.Daha \u00f6nceki \u201cO\u00c7EM\u201d sisteminin yerine ge\u00e7mi\u015ftir. I. Kademe (1\u20134. s\u0131n\u0131flar), II. Kademe (5\u20138. s\u0131n\u0131flar) ve III. Kademe (9-12. s\u0131n\u0131flar) olarak \u00fc\u00e7 d\u00fczeydedir. Otizm spektrum bozuklu\u011fu tan\u0131s\u0131 alm\u0131\u015f \u00f6\u011frenciler i\u00e7in haz\u0131rlanm\u0131\u015f \u00f6zel programlarla e\u011fitim verilir. \u00d6\u011frencilerin g\u00fcnl\u00fck ya\u015fam becerileri, akademik geli\u015fimleri ve sosyal uyumlar\u0131 desteklenir.<\/p><ul><li style=\"list-style-type: none;\"><ul><li><span style=\"color: #000000;\"><strong><em>\u00d6zel E\u011fitim Meslek Liseleri: <\/em><\/strong><\/span>\u00d6zel E\u011fitim Meslek Liseleri (\u00d6zel E\u011fitim Meslek Okullar\u0131), \u00f6zel gereksinimli \u00f6\u011frencilerin e\u011fitim g\u00f6rd\u00fc\u011f\u00fc III. kademe okullar\u0131d\u0131r. Hafif d\u00fczeyde zihin yetersizli\u011fi veya hafif d\u00fczeyde otizmi olan lise d\u00fczeyindeki \u00f6\u011frenciler bu okullarda e\u011fitim g\u00f6rebilmektedir. Bu okullarda akademik programlar ve meslek programlar\u0131 olmak \u00fczere iki t\u00fcr program bulunur.<\/li><li><span style=\"color: #000000;\"><strong><em>Evde E\u011fitim:<\/em><\/strong> <\/span>Sa\u011fl\u0131k durumu nedeniyle okula devam etmesi ge\u00e7ici veya s\u00fcrekli olarak m\u00fcmk\u00fcn olmayan \u00f6\u011frenciler i\u00e7in evde e\u011fitim hakk\u0131 vard\u0131r. RAM raporu ve sa\u011fl\u0131k kurulu raporuna dayal\u0131 olarak sunulur. Haftada en az 10 ders saati olacak \u015fekilde planlan\u0131r. E\u011fitim, Mill\u00ee E\u011fitim Bakanl\u0131\u011f\u0131na ba\u011fl\u0131 \u00f6\u011fretmenler taraf\u0131ndan \u00f6\u011frencinin evinde verilir.<\/li><\/ul><\/li><\/ul><p>Evde e\u011fitim, \u00e7ocu\u011fun tamamen okul sisteminden kopmas\u0131 anlam\u0131na gelmez. <strong><em>Sa\u011fl\u0131k durumu d\u00fczeldi\u011finde tekrar okul ortam\u0131na d\u00f6n\u00fc\u015f m\u00fcmk\u00fcnd\u00fcr.<\/em><\/strong><\/p><ul><li style=\"list-style-type: none;\"><ul><li><span style=\"color: #000000;\"><strong><em>Hastanede E\u011fitim:<\/em><\/strong><\/span> Uzun s\u00fcreli hastanede yat\u0131\u015f gerektiren durumlarda, \u00f6\u011frencilerin e\u011fitimden kopmamas\u0131 i\u00e7in hastanede e\u011fitim hizmeti sunulur. Bu hizmet, MEB\u2019e ba\u011fl\u0131 hastane s\u0131n\u0131flar\u0131 arac\u0131l\u0131\u011f\u0131yla verilir. \u00d6\u011frencinin tedavi s\u00fcreci devam ederken e\u011fitimine uygun bi\u00e7imde devam etmesi ama\u00e7lan\u0131r.<\/li><\/ul><\/li><\/ul><p><strong>Dikkat!<\/strong> Kayna\u015ft\u0131rma,\u00f6zel e\u011fitim s\u0131n\u0131f\u0131 veya \u00f6zel e\u011fitim okulu yerle\u015ftirmeleri kal\u0131c\u0131 de\u011fildir. \u00d6\u011frencinin geli\u015fimi ve ihtiya\u00e7lar\u0131 do\u011frultusunda, RAM taraf\u0131ndan yap\u0131lacak yeni e\u011fitsel de\u011ferlendirmelerle her ya\u015fta farkl\u0131 bir e\u011fitim ortam\u0131na ge\u00e7i\u015f m\u00fcmk\u00fcnd\u00fcr.<\/p><ul><li><strong><em>Destek E\u011fitim Hakk\u0131<\/em><\/strong><\/li><\/ul><p>Destek e\u011fitim, otizmli veya farkl\u0131 geli\u015fen \u00f6\u011frencilerin, \u00f6rg\u00fcn e\u011fitimlerine ek olarak bireysel ihtiya\u00e7lar\u0131n\u0131 kar\u015f\u0131lamak i\u00e7in ald\u0131klar\u0131 \u00f6zel e\u011fitimdir. RAM taraf\u0131ndan haz\u0131rlanan rapora g\u00f6re \u00f6\u011frenciler, haftada 8\u201312 saat bireysel ve\/veya grup \u00f6zel e\u011fitim alabilir. Bu hizmet, MEB\u2019e ba\u011fl\u0131 \u00f6zel e\u011fitim ve rehabilitasyon merkezlerinde \u00fccretsiz sunulur.<\/p><ul><li style=\"list-style-type: none;\"><ul><li>\u00d6zel e\u011fitim ve rehabilitasyon merkezi otizmli ve di\u011fer \u00f6zel gereksinimli \u00e7ocuklar\u0131n geli\u015fim alanlar\u0131n\u0131 desteklemek amac\u0131yla bireysel ve\/veya grup e\u011fitim hizmetleri sunan kurumlard\u0131r.<\/li><li>Bu merkezlerde e\u011fitim, bireyin ihtiya\u00e7lar\u0131na g\u00f6re planlan\u0131r ve ileti\u015fim, sosyal beceriler, akademik beceriler ile g\u00fcnl\u00fck ya\u015fam becerilerinin geli\u015ftirilmesine odaklan\u0131r.<\/li><li>E\u011fitim programlar\u0131, Mill\u00ee E\u011fitim Bakanl\u0131\u011f\u0131 taraf\u0131ndan belirlenen \u00e7er\u00e7eve do\u011frultusunda ve bireyselle\u015ftirilmi\u015f e\u011fitim planlar\u0131 (BEP) temel al\u0131narak uygulan\u0131r.<\/li><li>Merkezlerde sunulan hizmetler, RAM taraf\u0131ndan verilen rapora g\u00f6re \u00fccretsiz sa\u011flan\u0131r. Fizik tedavi, dil-konu\u015fma terapisi, ergoterapi ve duyu b\u00fct\u00fcnleme gibi hizmetler de rapor kapsam\u0131nda al\u0131nabilir.<\/li><\/ul><\/li><\/ul><p>\u0130linizdeki MEB&#8217;e ba\u011fl\u0131 \u00d6zel E\u011fitim ve Rehabilitasyon Merkezlerinin listesine ula\u015fmak i\u00e7in <strong><a href=\"https:\/\/ookgm.meb.gov.tr\/kurumlar.php?tur=rehabilitasyon\" target=\"_blank\" rel=\"noopener\">t\u0131klay\u0131n\u0131z<\/a><\/strong>.<\/p><ul><li><span style=\"color: #000000;\"><strong><em>\u00dccretsiz Ta\u015f\u0131ma ve Yemek Hizmeti<\/em><\/strong><\/span><\/li><\/ul><p>Ta\u015f\u0131ma merkezli \u00f6zel e\u011fitim hizmetlerinden yararlanan \u00f6\u011frencilerin okula ula\u015f\u0131m\u0131 Mill\u00ee E\u011fitim Bakanl\u0131\u011f\u0131 taraf\u0131ndan \u00fccretsiz olarak sa\u011flan\u0131r. Bu hizmet kapsam\u0131nda \u00f6\u011frencilerin g\u00fcvenli \u015fekilde okula gidi\u015f ve d\u00f6n\u00fc\u015fleri organize edilir. Ta\u015f\u0131ma hizmetinden yararlanan \u00f6\u011frencilere okul saatleri i\u00e7inde \u00fccretsiz \u00f6\u011fle yeme\u011fi de verilir. Bu hizmetler, \u00f6\u011frencinin e\u011fitime d\u00fczenli devam\u0131n\u0131 desteklemek ve e\u011fitim s\u00fcrecine eri\u015fimde f\u0131rsat e\u015fitli\u011fini g\u00fc\u00e7lendirmek amac\u0131yla sunulmaktad\u0131r.<\/p><p><span style=\"color: #000000;\"><strong><em>Referans Yasal Dayanaklar<\/em><\/strong><\/span><\/p><ul><li>1739 say\u0131l\u0131 Mill\u00ee E\u011fitim Temel Kanunu: <a href=\"https:\/\/www.lexpera.com.tr\/mevzuat\/kanunlar\/milli-egitim-temel-kanunu-1739?utm_source=chatgpt.com\" target=\"_blank\" rel=\"noopener\">https:\/\/www.lexpera.com.tr\/mevzuat\/kanunlar\/milli-egitim-temel-kanunu-1739?utm_source=chatgpt.com<\/a><\/li><li>5378 say\u0131l\u0131 Engelliler Hakk\u0131nda Kanun: <a href=\"https:\/\/orgm.meb.gov.tr\/meb_iys_dosyalar\/2025_01\/21164037_5378sayiliengellilervebazikanunvekanunhukmundekararnamelerdedegisiklikyapilmasihakkindakanun.pdf\" target=\"_blank\" rel=\"noopener\">https:\/\/orgm.meb.gov.tr\/meb_iys_dosyalar\/2025_01\/21164037_5378sayiliengellilervebazikanunvekanunhukmundekararnamelerdedegisiklikyapilmasihakkindakanun.pdf<\/a><\/li><li>573 Say\u0131l\u0131 Kanun H\u00fckm\u00fcnde Kararname: <a href=\"https:\/\/orgm.meb.gov.tr\/meb_iys_dosyalar\/2025_01\/21155634_10111011_ozel_egitim_kanun_hukmunda_kararname.pdf\" target=\"_blank\" rel=\"noopener\">https:\/\/orgm.meb.gov.tr\/meb_iys_dosyalar\/2025_01\/21155634_10111011_ozel_egitim_kanun_hukmunda_kararname.pdf<\/a><\/li><li>MEB \u00d6zel E\u011fitim Hizmetleri Y\u00f6netmeli\u011fi: <a href=\"https:\/\/orgm.meb.gov.tr\/meb_iys_dosyalar\/2018_07\/09101900_ozel_egitim_hizmetleri_yonetmeligi_07072018.pdf\" target=\"_blank\" rel=\"noopener\">https:\/\/orgm.meb.gov.tr\/meb_iys_dosyalar\/2018_07\/09101900_ozel_egitim_hizmetleri_yonetmeligi_07072018.pdf<\/a><\/li><li>BM Engelli Haklar\u0131 S\u00f6zle\u015fmesi<\/li><\/ul>\t\t\t\t\t\t\t\t<\/div>\n\t\t\t\t<\/div>\n\t\t\t\t<\/div>\n\t\t\t\t\t<\/details>\n\t\t\t\t\t\t<details id=\"e-n-accordion-item-2873\" class=\"e-n-accordion-item\" >\n\t\t\t\t<summary class=\"e-n-accordion-item-title\" data-accordion-index=\"4\" tabindex=\"-1\" aria-expanded=\"false\" aria-controls=\"e-n-accordion-item-2873\" >\n\t\t\t\t\t<span class='e-n-accordion-item-title-header'><div class=\"e-n-accordion-item-title-text\"> \u0130stihdam Haklar\u0131 <\/div><\/span>\n\t\t\t\t\t\t\t<span class='e-n-accordion-item-title-icon'>\n\t\t\t<span class='e-opened' ><svg aria-hidden=\"true\" class=\"e-font-icon-svg e-fas-minus\" viewbox=\"0 0 448 512\" xmlns=\"http:\/\/www.w3.org\/2000\/svg\"><path d=\"M416 208H32c-17.67 0-32 14.33-32 32v32c0 17.67 14.33 32 32 32h384c17.67 0 32-14.33 32-32v-32c0-17.67-14.33-32-32-32z\"><\/path><\/svg><\/span>\n\t\t\t<span class='e-closed'><svg aria-hidden=\"true\" class=\"e-font-icon-svg e-fas-plus\" viewbox=\"0 0 448 512\" xmlns=\"http:\/\/www.w3.org\/2000\/svg\"><path d=\"M416 208H272V64c0-17.67-14.33-32-32-32h-32c-17.67 0-32 14.33-32 32v144H32c-17.67 0-32 14.33-32 32v32c0 17.67 14.33 32 32 32h144v144c0 17.67 14.33 32 32 32h32c17.67 0 32-14.33 32-32V304h144c17.67 0 32-14.33 32-32v-32c0-17.67-14.33-32-32-32z\"><\/path><\/svg><\/span>\n\t\t<\/span>\n\n\t\t\t\t\t\t<\/summary>\n\t\t\t\t<div role=\"region\" aria-labelledby=\"e-n-accordion-item-2873\" class=\"elementor-element elementor-element-1b15497 e-con-full e-flex e-con e-child\" data-id=\"1b15497\" data-element_type=\"container\" data-e-type=\"container\">\n\t\t\t\t<div class=\"elementor-element elementor-element-7f5d261 elementor-widget elementor-widget-text-editor\" data-id=\"7f5d261\" data-element_type=\"widget\" data-e-type=\"widget\" data-widget_type=\"text-editor.default\">\n\t\t\t\t<div class=\"elementor-widget-container\">\n\t\t\t\t\t\t\t\t\t<p>Otizmli ve di\u011fer \u00f6zel gereksinimli bireylerin, e\u015fit f\u0131rsatlara sahip olarak i\u015f hayat\u0131na kat\u0131labilmesini, uygun ko\u015fullarda \u00e7al\u0131\u015fabilmesini ve ayr\u0131mc\u0131l\u0131\u011fa u\u011framadan \u00fcretken bir ya\u015fam s\u00fcrd\u00fcrebilmesini ifade eder. Bu hak, yaln\u0131zca bir i\u015fte \u00e7al\u0131\u015fmay\u0131 de\u011fil; bireyin ilgi ve becerilerine uygun bir i\u015fe yerle\u015fmesini, gerekli destekleri almas\u0131n\u0131 ve i\u015f ortam\u0131nda kal\u0131c\u0131 olarak var olabilmesini kapsar. \u0130stihdam hakk\u0131, ba\u011f\u0131ms\u0131z ya\u015fam\u0131n ve toplumsal kapsay\u0131c\u0131l\u0131\u011f\u0131n en temel unsurlar\u0131ndan biridir. Otizmli bireylerin istihdam haklar\u0131 <strong>Anayasa, 4857 say\u0131l\u0131 \u0130\u015f Kanunu, 5378 say\u0131l\u0131 Engelliler Hakk\u0131nda Kanun, 657 say\u0131l\u0131 Devlet Memurlar\u0131 Kanunu ve <\/strong>ilgili y\u00f6netmeliklerle g\u00fcvence alt\u0131ndad\u0131r. Bu haklar kamu ve \u00f6zel sekt\u00f6rde istihdam edilme, i\u015f ko\u00e7u destekli \u00e7al\u0131\u015fma modelleri, mesleki e\u011fitim programlar\u0131na eri\u015fim ve i\u015f yerinde uygun d\u00fczenlemeleri kapsar.<\/p><p style=\"display: inline-block; word-wrap: break-word; white-space: pre-wrap; font-size: 18px; line-height: 1.637; font-weight: bold; color: #000; background-color: #f1f1f1 !important; padding: 52px 50px; border-radius: 10px; width: 100%;\"><span style=\"color: #ff0000;\">Dikkat!<\/span> Otizmli bireyler i\u015f ya\u015fam\u0131nda yer alabilir ve bir\u00e7ok alanda g\u00fc\u00e7l\u00fc katk\u0131lar sunabilir. Rutinlere ba\u011fl\u0131l\u0131k, detaylara dikkat, belirli alanlara yo\u011fun odaklanma ve tekrar gerektiren i\u015flerde y\u00fcksek motivasyon gibi \u00f6zellikler, pek \u00e7ok i\u015f i\u00e7in \u00f6nemli avantajlar sa\u011flar.<\/p><ul><li><span style=\"color: #000000;\"><strong><em>Kamu ve \u00d6zel Sekt\u00f6rde Engelli Kotas\u0131 Nedir? <\/em><\/strong><\/span><ul><li>657 say\u0131l\u0131 Devlet Memurlar\u0131 Kanunu\u2019na g\u00f6re, kamu kurumlar\u0131nda dolu kadrolar\u0131n en az %3\u2019\u00fc engelli memurlara ayr\u0131lmak zorundad\u0131r.<\/li><li>50 ve \u00fczeri \u00e7al\u0131\u015fan\u0131 olan \u00f6zel i\u015f yerlerinde toplam \u00e7al\u0131\u015fan say\u0131s\u0131n\u0131n en az %3\u2019\u00fc engelli bireylerden olu\u015fmal\u0131d\u0131r.<\/li><li>Bu kotan\u0131n uygulanmas\u0131 \u00c7al\u0131\u015fma ve Sosyal G\u00fcvenlik Bakanl\u0131\u011f\u0131 taraf\u0131ndan denetlenir. Kota doldurulmad\u0131\u011f\u0131nda i\u015fverene idari para cezas\u0131 uygulan\u0131r.<\/li><\/ul><\/li><\/ul><ul><li><span style=\"color: #000000;\"><strong><em>Korumal\u0131 \u0130\u015fyerleri<\/em><\/strong><\/span><\/li><\/ul><p>Korumal\u0131 i\u015fyerleri \u00f6zel gereksinimli bireylerin, \u00f6zellikle de daha fazla deste\u011fe ihtiya\u00e7 duyanlar\u0131n istihdam\u0131 i\u00e7in olu\u015fturulmu\u015f, Bakanl\u0131k onayl\u0131 i\u015f yerleridir. Bu i\u015fyerlerinde \u00f6zel gereksinimli bireylere istihdam sa\u011flamak, gelir kazand\u0131rmak ve sosyal hayata kat\u0131l\u0131mlar\u0131n\u0131 g\u00fc\u00e7lendirmek ama\u00e7lanmaktad\u0131r. \u0130\u015fverenler, bu i\u015fyerlerini a\u00e7t\u0131\u011f\u0131nda devlet te\u015fviki ve vergi kolayl\u0131klar\u0131 al\u0131r.<\/p><ul><li>\u00d6zellikle tam zamanl\u0131 \u00e7al\u0131\u015fmada zorlanan, destekle daha iyi performans sergileyen bireyler i\u00e7in g\u00fcvenli bir istihdam modelidir.<\/li><\/ul><ul><li><strong><em>\u0130\u015f Ko\u00e7u Destekli \u0130stihdam<\/em><\/strong><\/li><\/ul><p>Otizmli bireyin i\u015f yerinde ba\u015far\u0131l\u0131 olabilmesi i\u00e7in ona e\u015flik eden, g\u00f6revleri \u00f6\u011frenmesine yard\u0131mc\u0131 olan ve sosyal uyumunu destekleyen profesyonel i\u015f ko\u00e7lar\u0131yla y\u00fcr\u00fct\u00fclen bir istihdam modelidir. \u00d6zellikle Tohum Otizm Vakf\u0131 gibi kurulu\u015flar\u0131n \u00f6nem verdi\u011fi bu model, bireyin g\u00fc\u00e7l\u00fc y\u00f6nlerini \u00f6ne \u00e7\u0131kararak i\u015f ya\u015fam\u0131na kat\u0131l\u0131m\u0131n\u0131 kolayla\u015ft\u0131r\u0131r.<\/p><ul><li>\u0130\u015f ko\u00e7u, ba\u015flang\u0131\u00e7ta yo\u011fun destek sa\u011flar, birey i\u015f ortam\u0131na uyum sa\u011flad\u0131k\u00e7a deste\u011fi kademeli olarak azalt\u0131r.<\/li><li>Hem birey i\u00e7in s\u00fcrd\u00fcr\u00fclebilir istihdam hem de i\u015fveren i\u00e7in verimli ve uyumlu bir \u00e7al\u0131\u015fan profili sa\u011flar.<\/li><li>Modelin uyguland\u0131\u011f\u0131 i\u015fyerlerine \u0130\u015eKUR projeleri, STK i\u015f birlikleri ve \u00f6zel i\u015fveren uygulamalar\u0131 \u00fczerinden eri\u015filebilir.<\/li><\/ul><ul><li><strong><em>Mesleki E\u011fitim Programlar\u0131<\/em><\/strong><\/li><\/ul><p>Otizmli bireylerin istihdama haz\u0131rlanmas\u0131 amac\u0131yla d\u00fczenlenen mesleki e\u011fitim ve beceri geli\u015ftirme kurslar\u0131n\u0131 i\u00e7erir. Bu programlarla bireye \u00e7e\u015fitli i\u015f becerileri kazand\u0131rmak, bireylerin kendi ilgi alanlar\u0131na uygun mesleklere y\u00f6nelmesini sa\u011flamak hedeflenir. Kat\u0131l\u0131m s\u0131ras\u0131nda yol ve har\u00e7l\u0131k deste\u011fi sa\u011flanabilir. A\u015fa\u011f\u0131da baz\u0131 mesleki e\u011fitim programlar\u0131 s\u0131ralanmaktad\u0131r:<\/p><ul><li>\u0130\u015eKUR\u2019un a\u00e7t\u0131\u011f\u0131 mesleki kurslar,<\/li><li>Halk e\u011fitim merkezlerinin kurslar\u0131,<\/li><li>Belediyelerin \u00f6zel e\u011fitim destekli meslek edindirme projeleri.<\/li><\/ul><p>Programlara ba\u015fvurular da bu merkezlerden ger\u00e7ekle\u015ftirilmektedir.<\/p><ul><li><strong><em>\u0130\u015f Yerinde Makul D\u00fczenleme Hakk\u0131 Nedir?<\/em><\/strong><\/li><\/ul><p>\u00d6zel gereksinimli bireylerin i\u015f hayat\u0131na kat\u0131l\u0131m\u0131n\u0131 engelleyen unsurlar\u0131n ortadan kald\u0131r\u0131lmas\u0131 i\u00e7in i\u015fverenin yapmas\u0131 gereken uyarlamalar bulunabilir. \u00d6rne\u011fin:<\/p><ul><li>\u0130\u015f ortam\u0131n\u0131n fiziksel d\u00fczenlenmesi (sessiz alan, uygun \u0131\u015f\u0131kland\u0131rma, bireye uygun mobilya),<\/li><li>G\u00f6revlerin sadele\u015ftirilmesi,<\/li><li>\u00c7al\u0131\u015fma saatlerinin esnekle\u015ftirilmesi,<\/li><li>G\u00f6rsel veya yaz\u0131l\u0131 y\u00f6nergelerle destek sa\u011flanmas\u0131.<\/li><\/ul><ul><li><strong><em>\u0130stihdam Haklar\u0131ndan Nas\u0131l Yararlan\u0131l\u0131r? <\/em><\/strong><\/li><\/ul><p>\u0130stihdam haklar\u0131ndan yararlanman\u0131n ilk ad\u0131m\u0131 \u0130\u015eKUR&#8217;a engelli stat\u00fcs\u00fcnde kay\u0131t olmakt\u0131r. \u0130\u015eKUR&#8217;a engelli olarak kay\u0131t yapt\u0131rmak i\u00e7in \u015fahsen \u0130\u015eKUR \u0130l M\u00fcd\u00fcrl\u00fc\u011f\u00fcne\/Hizmet Merkezine gelerek veya internet \u00fczerinden (\u0130\u015eKUR E-\u015eube, \u0130\u015eKUR Mobil ve e-Devlet) sa\u011fl\u0131k kurulu raporunu sisteme y\u00fckleyerek ve Kurum taraf\u0131ndan onaylanarak kay\u0131t tamamlanabilir.<\/p><p>Kay\u0131t s\u00fcrecinde a\u015fa\u011f\u0131daki basamaklar\u0131 takip edebilirsiniz;<\/p><ul><li><strong>Engelli Sa\u011fl\u0131k Kurulu Raporunun<\/strong> haz\u0131r oldu\u011fundan emin olun.<\/li><li><strong>\u0130\u015eKUR&#8217;a kay\u0131t olun.<\/strong> Kay\u0131t \u00fc\u00e7 farkl\u0131 yolla yap\u0131labilir:<ul><li>\u015eahsen: En yak\u0131n \u0130\u015eKUR \u0130l M\u00fcd\u00fcrl\u00fc\u011f\u00fc veya Hizmet Merkezi&#8217;ne giderek,<\/li><li>e-Devlet \u00fczerinden: turkiye.gov.tr \u2192 &#8220;\u0130\u015eKUR \u0130\u015f Arayan Kayd\u0131&#8221; (<a href=\"http:\/\/www.turkiye.gov.tr\" target=\"_blank\" rel=\"noopener\">turkiye.gov.tr<\/a>),<\/li><\/ul><\/li><\/ul><p>\u0130\u015eKUR portal\u0131 \u00fczerinden: <a href=\"http:\/\/www.iskur.gov.tr\" target=\"_blank\" rel=\"noopener\">www.iskur.gov.tr<\/a> \u2192 &#8220;\u0130\u015f Arayan&#8221; b\u00f6l\u00fcm\u00fc.<\/p><p style=\"display: inline-block; word-wrap: break-word; white-space: pre-wrap; font-size: 18px; line-height: 1.637; font-weight: bold; color: #000; background-color: #f1f1f1 !important; padding: 52px 50px; border-radius: 10px; width: 100%;\"><span style=\"color: #ff0000;\">Dikkat!<\/span> \u0130nternet \u00fczerinden \u0130\u015eKUR kayd\u0131 yap\u0131lmadan \u00f6nce al\u0131nan sa\u011fl\u0131k kurulu raporu \u0130\u015eKUR&#8217;a getirilerek onaylat\u0131lmal\u0131d\u0131r. Aksi takdirde yap\u0131lan ba\u015fvurular engelli stat\u00fcs\u00fcnde de\u011ferlendirilmez.<\/p><ul><li><em>\u00d6zge\u00e7mi\u015finizi eksiksiz doldurun.<\/em> \u00d6zge\u00e7mi\u015fte e\u011fitim ve meslek bilgilerini eklemeyi unutmay\u0131n.<\/li><li><strong>\u0130\u015f ve Meslek Dan\u0131\u015fman\u0131 ile g\u00f6r\u00fc\u015f\u00fcn.<\/strong> \u0130\u015eKUR&#8217;a kay\u0131t olan engellilere i\u015f ve meslek dan\u0131\u015fmanl\u0131\u011f\u0131 hizmetleri verilerek ya mesleki niteliklerini art\u0131rmak i\u00e7in kurs veya i\u015fba\u015f\u0131 e\u011fitim programlar\u0131na y\u00f6nlendirilmekte ya da durumlar\u0131na uygun i\u015flere yerle\u015ftirilmeye \u00e7al\u0131\u015f\u0131lmaktad\u0131r.<\/li><li><strong>\u0130\u015f ilanlar\u0131n\u0131 takip edin ve ba\u015fvurun.<\/strong> Kayd\u0131n\u0131z aktif hale geldikten sonra:<ul><li>\u0130\u015eKUR sitesindeki engelli i\u015f ilanlar\u0131na online ba\u015fvuru yap\u0131labilir.<\/li><li>\u0130\u015eKUR&#8217;un &#8220;Engelsiz \u0130\u015eKUR&#8221; platformu (<a href=\"http:\/\/engelsiz.iskur.gov.tr\" target=\"_blank\" rel=\"noopener\">iskur.gov.tr<\/a>) \u00fczerinden engelli bireylere \u00f6zel i\u015f ilanlar\u0131na, i\u015f ko\u00e7u deste\u011fine ve hibe projelerine eri\u015filebilir.<\/li><li>Kamu kurumlar\u0131na memur olarak ba\u015fvurmak isteyenler ise ayr\u0131ca EKPSS (Engelli Kamu Personeli Se\u00e7me S\u0131nav\u0131) s\u0131nav\u0131na girmelidir.<\/li><li><strong>Kayd\u0131n\u0131z\u0131 aktif tutun.<\/strong> Kay\u0131tlar\u0131n aktif olarak i\u015flemde kalma s\u00fcresi, son i\u015flem tarihinden itibaren on iki ayd\u0131r. Her y\u0131l sisteme girerek kayd\u0131n\u0131z\u0131 g\u00fcncellemeniz ya da \u0130\u015eKUR&#8217;u araman\u0131z yeterlidir.<\/li><\/ul><\/li><\/ul><p><em><strong>Referans Yasal Dayanaklar<\/strong> <\/em><\/p><ul><li>5378 say\u0131l\u0131 Engelliler Hakk\u0131nda Kanun: <a href=\"https:\/\/www.aile.gov.tr\/eyhgm\/mevzuat\/ulusal-mevzuat\/kanunlar\/engelliler-hakkinda-kanun\/?utm_source=chatgpt.com\" target=\"_blank\" rel=\"noopener\">https:\/\/www.aile.gov.tr\/eyhgm\/mevzuat\/ulusal-mevzuat\/kanunlar\/engelliler-hakkinda-kanun\/?utm_source=chatgpt.com<\/a><\/li><li>4857 say\u0131l\u0131 \u0130\u015f Kanunu: <a href=\"https:\/\/www.mevzuat.gov.tr\/mevzuat?MevzuatNo=4857&amp;MevzuatTur=1&amp;MevzuatTertip=5\" target=\"_blank\" rel=\"noopener\">https:\/\/www.mevzuat.gov.tr\/mevzuat?MevzuatNo=4857&amp;MevzuatTur=1&amp;MevzuatTertip=5<\/a><\/li><li>657 say\u0131l\u0131 Devlet Memurlar\u0131 Kanunu: <a href=\"https:\/\/www.mevzuat.gov.tr\/mevzuat?MevzuatNo=657&amp;MevzuatTur=1&amp;MevzuatTertip=5\" target=\"_blank\" rel=\"noopener\">https:\/\/www.mevzuat.gov.tr\/mevzuat?MevzuatNo=657&amp;MevzuatTur=1&amp;MevzuatTertip=5<\/a><\/li><li>Korumal\u0131 \u0130\u015fyerleri Y\u00f6netmeli\u011fi (Resm\u00ee Gazete 30.05.2006 \/ 26182): <a href=\"https:\/\/www.aile.gov.tr\/eyhgm\/mevzuat\/ulusal-mevzuat\/yonetmelikler\/korumali-isyerleri-hakkinda-yonetmelik\/\" target=\"_blank\" rel=\"noopener\">https:\/\/www.aile.gov.tr\/eyhgm\/mevzuat\/ulusal-mevzuat\/yonetmelikler\/korumali-isyerleri-hakkinda-yonetmelik\/<\/a><\/li><li>BM Engelli Haklar\u0131 S\u00f6zle\u015fmesi \u2013 T\u00fcrkiye Resm\u00ee Gazete (14.07.2009\/27288): <a href=\"https:\/\/insanhaklarimerkezi.bilgi.edu.tr\/tr\/content\/132-engellilerin-haklarna-iliskin-sozlesme\/\" target=\"_blank\" rel=\"noopener\">https:\/\/insanhaklarimerkezi.bilgi.edu.tr\/tr\/content\/132-engellilerin-haklarna-iliskin-sozlesme\/<\/a><\/li><\/ul><p>\u00a0<\/p>\t\t\t\t\t\t\t\t<\/div>\n\t\t\t\t<\/div>\n\t\t\t\t<\/div>\n\t\t\t\t\t<\/details>\n\t\t\t\t\t\t<details id=\"e-n-accordion-item-2874\" class=\"e-n-accordion-item\" >\n\t\t\t\t<summary class=\"e-n-accordion-item-title\" data-accordion-index=\"5\" tabindex=\"-1\" aria-expanded=\"false\" aria-controls=\"e-n-accordion-item-2874\" >\n\t\t\t\t\t<span class='e-n-accordion-item-title-header'><div class=\"e-n-accordion-item-title-text\"> Sosyal Hizmet ve Destekler <\/div><\/span>\n\t\t\t\t\t\t\t<span class='e-n-accordion-item-title-icon'>\n\t\t\t<span class='e-opened' ><svg aria-hidden=\"true\" class=\"e-font-icon-svg e-fas-minus\" viewbox=\"0 0 448 512\" xmlns=\"http:\/\/www.w3.org\/2000\/svg\"><path d=\"M416 208H32c-17.67 0-32 14.33-32 32v32c0 17.67 14.33 32 32 32h384c17.67 0 32-14.33 32-32v-32c0-17.67-14.33-32-32-32z\"><\/path><\/svg><\/span>\n\t\t\t<span class='e-closed'><svg aria-hidden=\"true\" class=\"e-font-icon-svg e-fas-plus\" viewbox=\"0 0 448 512\" xmlns=\"http:\/\/www.w3.org\/2000\/svg\"><path d=\"M416 208H272V64c0-17.67-14.33-32-32-32h-32c-17.67 0-32 14.33-32 32v144H32c-17.67 0-32 14.33-32 32v32c0 17.67 14.33 32 32 32h144v144c0 17.67 14.33 32 32 32h32c17.67 0 32-14.33 32-32V304h144c17.67 0 32-14.33 32-32v-32c0-17.67-14.33-32-32-32z\"><\/path><\/svg><\/span>\n\t\t<\/span>\n\n\t\t\t\t\t\t<\/summary>\n\t\t\t\t<div role=\"region\" aria-labelledby=\"e-n-accordion-item-2874\" class=\"elementor-element elementor-element-6a81267 e-con-full e-flex e-con e-child\" data-id=\"6a81267\" data-element_type=\"container\" data-e-type=\"container\">\n\t\t\t\t<div class=\"elementor-element elementor-element-0ac2f36 elementor-widget elementor-widget-text-editor\" data-id=\"0ac2f36\" data-element_type=\"widget\" data-e-type=\"widget\" data-widget_type=\"text-editor.default\">\n\t\t\t\t<div class=\"elementor-widget-container\">\n\t\t\t\t\t\t\t\t\t<p>Sosyal hizmetler ve destekler otizmli bireylerin ve ailelerinin ya\u015fam kalitesini art\u0131rmak, bak\u0131m y\u00fck\u00fcn\u00fc hafifletmek ve toplumsal ya\u015fama kat\u0131l\u0131mlar\u0131n\u0131 desteklemek amac\u0131yla sunulan hizmet ve destekleri kapsar. Bu kapsamda bireylerin ekonomik, sosyal ve bak\u0131m ihtiya\u00e7lar\u0131na y\u00f6nelik \u00e7e\u015fitli destek mekanizmalar\u0131na eri\u015fimi sa\u011flan\u0131r. Bu hizmet ve destekler maddi yard\u0131mlar ve gelir destekleri, bak\u0131m hizmetleri ve kimlik ve eri\u015fim haklar\u0131 olmak \u00fczere \u00fc\u00e7 s\u0131n\u0131fa ayr\u0131lmaktad\u0131r.<\/p><p>Otizmli bireyler ve aileleri, <strong>5378 say\u0131l\u0131 Engelliler Hakk\u0131nda Kanun<\/strong>, <strong>2022 say\u0131l\u0131 Kanun<\/strong>, <strong>2828 say\u0131l\u0131 Sosyal Hizmetler Kanunu<\/strong> ve Aile ve Sosyal Hizmetler Bakanl\u0131\u011f\u0131 uygulamalar\u0131 kapsam\u0131nda \u00e7e\u015fitli sosyal desteklerden yararlanabilir.<\/p><ul><li><span style=\"color: #000000;\"><strong>Maddi Yard\u0131mlar ve Gelir Destekleri Nelerdir?<\/strong><\/span><\/li><\/ul><p>Otizmli bireyin ve ailesinin ekonomik y\u00fck\u00fcn\u00fc hafifletmeye y\u00f6nelik d\u00fczenli \u00f6deme ve yard\u0131mlard\u0131r. Gelir d\u00fczeyi, engel oran\u0131 ve bak\u0131m ko\u015fullar\u0131 gibi \u00f6l\u00e7\u00fctlere g\u00f6re belirlenir. Ba\u015fvurular il\/il\u00e7e Aile ve Sosyal Hizmetler M\u00fcd\u00fcrl\u00fckleri ile Sosyal Yard\u0131mla\u015fma ve Dayan\u0131\u015fma Vak\u0131flar\u0131 arac\u0131l\u0131\u011f\u0131yla yap\u0131l\u0131r.<\/p><ul><li style=\"list-style-type: none;\"><ul><li><strong><em>Engelli Maa\u015f\u0131 (2022 ayl\u0131\u011f\u0131):<\/em><\/strong> 2022 ayl\u0131\u011f\u0131nda \u00f6zel gereksinimli bireyler i\u00e7in %40 ila %69 aras\u0131nda engel oran\u0131na sahip engelli maa\u015f\u0131 ve %70 ve \u00fczeri engel oran\u0131na sahip engelli maa\u015f\u0131 olmak \u00fczere iki kademe s\u00f6z konusudur. %70 ve \u00fczeri engel oran\u0131na sahip bireyler, %40 \u2013 %69 engel oran\u0131na sahip bireylere oranla daha y\u00fcksek ayl\u0131k almaktad\u0131rlar. Ba\u015fvurular il\/il\u00e7e aile ve sosyal hizmetler m\u00fcd\u00fcrl\u00fcklerinden ve kaymakaml\u0131klardan yap\u0131lmaktad\u0131rlar.<\/li><li><strong><em>Evde Bak\u0131m Ayl\u0131\u011f\u0131:<\/em><\/strong> Evde bak\u0131m ayl\u0131\u011f\u0131, 2828 say\u0131l\u0131 Sosyal Hizmetler Kanununa 2005 y\u0131l\u0131nda ilave edilen <strong>Ek Madde 7<\/strong> kapsam\u0131nda \u00f6denmektedir.<ul><li>Hane geliri hesab\u0131nda, haneye giren t\u00fcm gelirler hesaba d\u00e2hil edilir.<\/li><li>Ramazan ve Kurban Bayramlar\u0131nda emeklilere \u00f6denen bayram ikramiyeleri hane geliri hesab\u0131na d\u00e2hil edilmez.<\/li><li>\u00d6zel gereksinimli bireyin, hanede birlikte ya\u015fad\u0131\u011f\u0131 akrabalar\u0131 gelir hesab\u0131nda dikkate al\u0131n\u0131r.<\/li><li>Gelir hesab\u0131nda ki\u015fi ba\u015f\u0131 ayl\u0131k gelir, asgari \u00fccretin \u00fc\u00e7te ikisinden az olmal\u0131d\u0131r (asgari \u00fccretin \u00fc\u00e7te ikisi, 2025 y\u0131l\u0131 i\u00e7in net 14.736 TL\u2019dir).<\/li><li>\u00d6zel gereksinimli bireyin \u201cbak\u0131ma ihtiyac\u0131 olan birey\u201d olmas\u0131 zorunludur. Bu tespit, sosyal hizmet yetkililerince yap\u0131l\u0131r.<\/li><li>Ayn\u0131 hanede birden fazla a\u011f\u0131r \u00f6zel gereksinimli ya da kar\u015f\u0131l\u0131\u011f\u0131 olan ifadelerin oldu\u011fu rapora sahip birey varsa, ilk \u00f6zel gereksinimli bireyden sonraki her \u00f6zel gereksinimli birey, iki ki\u015fi say\u0131l\u0131r.<\/li><li>Resmi (Bakanl\u0131\u011fa ba\u011fl\u0131) veya \u00f6zel bak\u0131m merkezlerinde bak\u0131m hizmeti (yat\u0131l\u0131 bak\u0131m hizmeti) alan bireylerin ailelerine ayl\u0131k \u00f6denmez.<\/li><\/ul><\/li><li><strong><em>Sosyal Yard\u0131m ve Destekler:<\/em><\/strong> \u00d6zel gereksinimli bireyler ve aileleri, g\u0131da, giysi, yakacak, kira deste\u011fi ve e\u011fitim materyali yard\u0131m\u0131 gibi \u00e7e\u015fitli sosyal yard\u0131mlardan yararlanabilir. Ayr\u0131ca engelli raporu olan bireylerin evlerine ayl\u0131k elektrik fatura deste\u011fi sa\u011flan\u0131r. Bunun yan\u0131nda belirlenen d\u00f6nemlerde hane ba\u015f\u0131na do\u011falgaz ve \u0131s\u0131nma yard\u0131m\u0131 \u00f6demeleri yap\u0131l\u0131r. Bu desteklerin tamam\u0131 i\u00e7in ba\u015fvurular Kaymakaml\u0131klar b\u00fcnyesindeki Sosyal Yard\u0131mla\u015fma ve Dayan\u0131\u015fma Vak\u0131flar\u0131na yap\u0131lmaktad\u0131r.<\/li><\/ul><\/li><li><span style=\"color: #000000;\"><strong>Bak\u0131m Hizmetleri Nelerdir?<\/strong><\/span><\/li><\/ul><p>Otizmli bireylerin bak\u0131m ihtiya\u00e7lar\u0131, 2828 say\u0131l\u0131 Sosyal Hizmetler Kanunu ve 5378 say\u0131l\u0131 Engelliler Hakk\u0131nda Kanun kapsam\u0131nda g\u00fcvence alt\u0131na al\u0131nm\u0131\u015ft\u0131r. Aile ve Sosyal Hizmetler Bakanl\u0131\u011f\u0131 bu hizmetleri \u00fc\u00e7 ana ba\u015fl\u0131kta sunar:<\/p><ul><li style=\"list-style-type: none;\"><ul><li><strong><em>Evde Bak\u0131m Hizmeti:<\/em><\/strong> A\u011f\u0131r \u00f6zel gereksinimli bireylerin bak\u0131m\u0131n\u0131 evde \u00fcstlenen ailelere evde bak\u0131m i\u00e7in ayl\u0131k maddi yard\u0131m yap\u0131l\u0131r. Ayl\u0131k \u00f6deme i\u00e7in kriterler:<ul><li>Engelli Sa\u011fl\u0131k Kurulu Raporu\u2019nda \u201ca\u011f\u0131r engelli\u201d ibaresi bulunmas\u0131,<\/li><li>G\u00fcnl\u00fck ya\u015fam aktivitelerinde ba\u015fkas\u0131n\u0131n yard\u0131m\u0131na ihtiya\u00e7 duyulmas\u0131,<\/li><li>Hane gelirinin belirlenen s\u0131n\u0131r\u0131n alt\u0131nda olmas\u0131.<\/li><li>Bakanl\u0131k g\u00f6revlileri d\u00fczenli aral\u0131klarla ev ziyareti yaparak bak\u0131m ko\u015fullar\u0131n\u0131 denetler.<\/li><\/ul><\/li><li><strong><em>G\u00fcnd\u00fczl\u00fc Bak\u0131m Hizmetleri:<\/em><\/strong> Ailelerin y\u00fck\u00fcn\u00fc hafifletmek ve bireylerin sosyalle\u015fmesini sa\u011flamak i\u00e7in g\u00fcnd\u00fczl\u00fc bak\u0131m merkezleri vard\u0131r. Bu merkezlerde:<ul><li>G\u00fcnl\u00fck ya\u015fam becerileri e\u011fitimi,<\/li><li>Sosyal etkinlikler,<\/li><li>Psiko-sosyal destek hizmetleri verilir.<\/li><li>\u00d6zellikle \u00e7al\u0131\u015fan anneler i\u00e7in \u00e7ocu\u011fun g\u00fcn i\u00e7inde g\u00fcvenle kalabilece\u011fi destekleyici bir modeldir.<\/li><\/ul><\/li><li><strong><em>Yat\u0131l\u0131 Bak\u0131m Hizmetleri:<\/em><\/strong> Kendi bak\u0131m\u0131n\u0131 \u00fcstlenemeyen ya da ailesi taraf\u0131ndan bak\u0131lamayan \u00f6zel gereksinimli bireylere 7\/24 bak\u0131m hizmeti sunulur. Yat\u0131l\u0131 bak\u0131m merkezleri, bar\u0131nma, beslenme, sa\u011fl\u0131k takibi ve sosyal etkinlikleri kapsar. Devlet taraf\u0131ndan \u00fccretsiz sa\u011flan\u0131r.Bak\u0131m hizmetlerine ba\u015fvuru a\u015fa\u011f\u0131daki kanallar \u00fczerinden ger\u00e7ekle\u015febilir:<ul><li>\u0130l\/il\u00e7e Aile ve Sosyal Hizmetler M\u00fcd\u00fcrl\u00fckleri,<\/li><li>E-Devlet \u00fczerinden \u201cEngelli Evde Bak\u0131m\u201d ve \u201cSosyal Yard\u0131m\u201d ba\u015fvurular\u0131,<\/li><li>ALO 183 Sosyal Destek Hatt\u0131,<\/li><\/ul><\/li><\/ul><\/li><li><span style=\"color: #000000;\"><strong>Kimlik ve Eri\u015fim Haklar\u0131<\/strong><\/span><\/li><\/ul><p>Bu haklar \u00f6zel gereksinimli bireyin g\u00fcndelik ya\u015famda kamu hizmetlerine, ula\u015f\u0131ma ve sosyal-k\u00fclt\u00fcrel etkinliklere daha kolay eri\u015febilmesini sa\u011flayan d\u00fczenlemeleri kapsar. Engelli kimlik kart\u0131 bu hakk\u0131n sa\u011flanmas\u0131nda temel ara\u00e7t\u0131r.<\/p><ul><li style=\"list-style-type: none;\"><ul><li><strong>Engelli Kimlik Kart\u0131<\/strong><\/li><\/ul><\/li><\/ul><p>Aile ve Sosyal Hizmetler Bakanl\u0131\u011f\u0131 taraf\u0131ndan, \u00f6zel gereksinimli bireylere tan\u0131nan hak ve hizmetlerden yararlanmada kullan\u0131lmak \u00fczere d\u00fczenlenen resmi bir kimlik belgesidir. Kart, bireyin \u00f6zel gereksinimli oldu\u011funu belgeleyen sa\u011fl\u0131k kurulu raporunun her seferinde ta\u015f\u0131nmas\u0131 ve ibraz edilmesi zorunlulu\u011funu ortadan kald\u0131r\u0131r. Ayr\u0131ca ula\u015f\u0131m, kamu hizmetleri, sosyal-k\u00fclt\u00fcrel etkinlikler ve \u00e7e\u015fitli indirimlerden yararlanmay\u0131 kolayla\u015ft\u0131r\u0131r. Kart sahiplerine sa\u011flanan ba\u015fl\u0131ca kolayl\u0131klar:<\/p><ul><li>Belediye otob\u00fcsleri, rayl\u0131 sistem ara\u00e7lar\u0131 (metro, tramvay vb.) ve deniz yollar\u0131n\u0131n \u015fehir i\u00e7i seferlerinden \u00fccretsiz yararlanma,<\/li><li>C. Devlet Demiryollar\u0131 (TCDD) \u2014 y\u00fcksek h\u0131zl\u0131 trenler dahil \u2014 t\u00fcm seferlerden \u00fccretsiz yararlanma,<\/li><li>\u015eehirleraras\u0131 otob\u00fcslerde indirim,<ul><li>M\u00fcze, \u00f6ren yeri ve kamu kurumlar\u0131nca d\u00fczenlenen sosyal-k\u00fclt\u00fcrel etkinliklere \u00fccretsiz veya indirimli giri\u015f,<\/li><\/ul><\/li><li>Kamu hizmetlerinde \u00f6ncelikli i\u015flem hakk\u0131,<\/li><\/ul><p>Engelli Kimlik Kart\u0131n\u0131 a\u015fa\u011f\u0131daki basamaklar\u0131 takip ederek alabilirsiniz:<\/p><ul><li>Ba\u015fvuru i\u00e7in gereken belgeleri haz\u0131rlay\u0131n. Gerekli belgeler;<ul><li>Engelli Sa\u011fl\u0131k Kurulu Raporu&#8217;nun asl\u0131 veya onayl\u0131 \u00f6rne\u011fi (18 ya\u015f alt\u0131 \u00e7ocuklar i\u00e7in \u00c7\u00d6ZGER)<\/li><li>C. kimlik kart\u0131 veya n\u00fcfus c\u00fczdan\u0131 fotokopisi<\/li><li>2 adet vesikal\u0131k foto\u011fraf<\/li><\/ul><\/li><li>Ba\u015fvurular, Aile ve Sosyal Hizmetler \u0130l M\u00fcd\u00fcrl\u00fcklerine veya Sosyal Hizmet Merkezlerine \u015fahsen yap\u0131labilir.<\/li><li>Ayr\u0131ca e-Devlet \u00fczerinden de ger\u00e7ekle\u015ftirilebilir. e-Devlet \u00fczerinden ba\u015fvuruda bulunulmas\u0131 halinde, d\u00fczenlenen kimlik kartlar\u0131 ki\u015filerin MERN\u0130S&#8217;te kay\u0131tl\u0131 adreslerine iadeli taahh\u00fctl\u00fc posta ile teslim edilmektedir.<\/li><\/ul><p style=\"display: inline-block; word-wrap: break-word; white-space: pre-wrap; font-size: 18px; line-height: 1.637; font-weight: bold; color: #000; background-color: #f1f1f1 !important; padding: 52px 50px; border-radius: 10px; width: 100%;\"><span style=\"color: #ff0000;\"><strong>Dikkat!<\/strong><\/span> Bireyin 18 ya\u015f\u0131ndan k\u00fc\u00e7\u00fck veya k\u0131s\u0131tl\u0131 olmas\u0131 halinde ba\u015fvuruyu yasal temsilcisi yapabilir.<\/p><p><strong>Referans Yasal Dayanaklar<\/strong><\/p><ul><li>5378 say\u0131l\u0131 Engelliler Hakk\u0131nda Kanun: <a href=\"https:\/\/orgm.meb.gov.tr\/meb_iys_dosyalar\/2025_01\/21164037_5378sayiliengellilervebazikanunvekanunhukmundekararnamelerdedegisiklikyapilmasihakkindakanun.pdf\" target=\"_blank\" rel=\"noopener\">https:\/\/orgm.meb.gov.tr\/meb_iys_dosyalar\/2025_01\/21164037_5378sayiliengellilervebazikanunvekanunhukmundekararnamelerdedegisiklikyapilmasihakkindakanun.pdf<\/a><\/li><li>2828 say\u0131l\u0131 Sosyal Hizmetler Kanunu: <a href=\"https:\/\/www.aile.gov.tr\/eyhgm\/mevzuat\/ulusal-mevzuat\/kanunlar\/sosyal-hizmetler-kanunu\/?utm_source=chatgpt.com\" target=\"_blank\" rel=\"noopener\">https:\/\/www.aile.gov.tr\/eyhgm\/mevzuat\/ulusal-mevzuat\/kanunlar\/sosyal-hizmetler-kanunu\/?utm_source=chatgpt.com<\/a><\/li><li>2022 say\u0131l\u0131 Kanun (65 Ya\u015f\u0131n\u0131 Doldurmu\u015f Muhta\u00e7, G\u00fc\u00e7s\u00fcz ve Kimsesiz T\u00fcrk Vatanda\u015flar\u0131na Ayl\u0131k Ba\u011flanmas\u0131 Hakk\u0131nda Kanun): <a href=\"https:\/\/www.aile.gov.tr\/sss\/sosyal-yardimlar-genel-mudurlugu\/2022-kanun-kapsaminda-yurutulen-ayliklar\/?utm_source=chatgpt.com\" target=\"_blank\" rel=\"noopener\">https:\/\/www.aile.gov.tr\/sss\/sosyal-yardimlar-genel-mudurlugu\/2022-kanun-kapsaminda-yurutulen-ayliklar\/?utm_source=chatgpt.com<\/a><\/li><li>Aile ve Sosyal Hizmetler Bakanl\u0131\u011f\u0131 \u2013 Evde Bak\u0131m Hizmetleri Y\u00f6netmeli\u011fi: <a href=\"https:\/\/www.aile.gov.tr\/eyhgm\/mevzuat\/ulusal-mevzuat\/yonetmelikler\/evde-bakim-yardimi-yonetmeligi\/?utm_source=chatgpt.com\" target=\"_blank\" rel=\"noopener\">https:\/\/www.aile.gov.tr\/eyhgm\/mevzuat\/ulusal-mevzuat\/yonetmelikler\/evde-bakim-yardimi-yonetmeligi\/?utm_source=chatgpt.com<\/a><\/li><\/ul>\t\t\t\t\t\t\t\t<\/div>\n\t\t\t\t<\/div>\n\t\t\t\t<\/div>\n\t\t\t\t\t<\/details>\n\t\t\t\t\t\t<details id=\"e-n-accordion-item-2875\" class=\"e-n-accordion-item\" >\n\t\t\t\t<summary class=\"e-n-accordion-item-title\" data-accordion-index=\"6\" tabindex=\"-1\" aria-expanded=\"false\" aria-controls=\"e-n-accordion-item-2875\" >\n\t\t\t\t\t<span class='e-n-accordion-item-title-header'><div class=\"e-n-accordion-item-title-text\"> Sa\u011fl\u0131k Haklar\u0131  <\/div><\/span>\n\t\t\t\t\t\t\t<span class='e-n-accordion-item-title-icon'>\n\t\t\t<span class='e-opened' ><svg aria-hidden=\"true\" class=\"e-font-icon-svg e-fas-minus\" viewbox=\"0 0 448 512\" xmlns=\"http:\/\/www.w3.org\/2000\/svg\"><path d=\"M416 208H32c-17.67 0-32 14.33-32 32v32c0 17.67 14.33 32 32 32h384c17.67 0 32-14.33 32-32v-32c0-17.67-14.33-32-32-32z\"><\/path><\/svg><\/span>\n\t\t\t<span class='e-closed'><svg aria-hidden=\"true\" class=\"e-font-icon-svg e-fas-plus\" viewbox=\"0 0 448 512\" xmlns=\"http:\/\/www.w3.org\/2000\/svg\"><path d=\"M416 208H272V64c0-17.67-14.33-32-32-32h-32c-17.67 0-32 14.33-32 32v144H32c-17.67 0-32 14.33-32 32v32c0 17.67 14.33 32 32 32h144v144c0 17.67 14.33 32 32 32h32c17.67 0 32-14.33 32-32V304h144c17.67 0 32-14.33 32-32v-32c0-17.67-14.33-32-32-32z\"><\/path><\/svg><\/span>\n\t\t<\/span>\n\n\t\t\t\t\t\t<\/summary>\n\t\t\t\t<div role=\"region\" aria-labelledby=\"e-n-accordion-item-2875\" class=\"elementor-element elementor-element-d38f501 e-con-full e-flex e-con e-child\" data-id=\"d38f501\" data-element_type=\"container\" data-e-type=\"container\">\n\t\t\t\t<div class=\"elementor-element elementor-element-91ee933 elementor-widget elementor-widget-text-editor\" data-id=\"91ee933\" data-element_type=\"widget\" data-e-type=\"widget\" data-widget_type=\"text-editor.default\">\n\t\t\t\t<div class=\"elementor-widget-container\">\n\t\t\t\t\t\t\t\t\t<p>Sa\u011fl\u0131k hakk\u0131, otizmli bireylerin erken tan\u0131dan ba\u015flayarak, ya\u015fam boyu ihtiya\u00e7 duyabilecekleri t\u00fcm sa\u011fl\u0131k hizmetlerine e\u015fit, eri\u015filebilir ve \u00fccretsiz bi\u00e7imde ula\u015fabilmelerini ifade eder. Bu hak yaln\u0131zca hastaland\u0131\u011f\u0131nda tedavi olmay\u0131 de\u011fil; erken fark edilme, d\u00fczenli izlenme, ruhsal destek alma ve koruyucu sa\u011fl\u0131k hizmetlerinden yararlanmay\u0131 da kapsar. Otizmli bireylerin ve ailelerinin sa\u011fl\u0131k hizmetlerine eri\u015fimi, <strong>T.C. Anayasas\u0131, BM Engelli Haklar\u0131 S\u00f6zle\u015fmesi, 3359 say\u0131l\u0131 Sa\u011fl\u0131k Hizmetleri Temel Kanunu, 5378 say\u0131l\u0131 Engelliler Hakk\u0131nda Kanun<\/strong> <strong>ve SGK Sa\u011fl\u0131k Uygulama Tebli\u011fi (SUT)<\/strong> ile g\u00fcvence alt\u0131na al\u0131nm\u0131\u015ft\u0131r. A\u015fa\u011f\u0131daki ba\u015fl\u0131klar, otizmli bireylerin yararlanabilece\u011fi temel sa\u011fl\u0131k haklar\u0131n\u0131 i\u00e7ermektedir.<\/p><ul><li><span style=\"color: #000000;\"><strong>\u00dccretsiz Sa\u011fl\u0131k Hizmetleri<\/strong><\/span><\/li><\/ul><p class=\"p1\">Otizmli bireyler \u201cGenel Sa\u011fl\u0131k Sigortas\u0131\u201d kapsam\u0131nda devlet ve \u00fcniversite hastaneleri ile aile sa\u011fl\u0131\u011f\u0131 merkezlerinde sunulan muayene, tetkik ve tedavi hizmetlerinden \u00fccretsiz yararlan\u0131r. T\u00fcm temel sa\u011fl\u0131k hizmetleri ve gerekli tetkikler SGK taraf\u0131ndan kar\u015f\u0131lan\u0131r. SGK ile anla\u015fmal\u0131 \u00f6zel hastanelerde ise fark \u00fccreti al\u0131n\u0131r ancak <strong><a href=\"https:\/\/www.sgk.gov.tr\/Duyuru\/Detay\/24052025-SUT-Degisiklik-Tebligi-Islenmis-Guncel-2013-SUT-2025-05-26-03-27-40\" target=\"_blank\" rel=\"noopener\">Sa\u011fl\u0131k Uygulama Tebli\u011fi (SUT)<\/a><\/strong> kapsam\u0131ndaki i\u015flemler i\u00e7in \u00fccretin bir b\u00f6l\u00fcm\u00fc SGK taraf\u0131ndan \u00f6denir. Acil servis hizmetleri her kurumda \u00fccretsizdir. Ayr\u0131ca otizmli ve \u00f6zel gereksinimli bireyler, sa\u011fl\u0131k kurulu\u015flar\u0131nda muayene ve tetkiklerde s\u0131ra \u00f6nceli\u011finden yararlan\u0131r.<\/p><p style=\"display: inline-block; word-wrap: break-word; white-space: pre-wrap; font-size: 18px; line-height: 1.637; font-weight: bold; color: #000; background-color: #f1f1f1 !important; padding: 52px 50px; border-radius: 10px; width: 100%;\"><span style=\"color: #ff0000;\"><strong>Dikkat!<\/strong><\/span> Genel Sa\u011fl\u0131k Sigortas\u0131 kapsam\u0131nda olmayan otizmli bireyler, sa\u011fl\u0131k hizmetlerinden \u00fccretsiz yararlanabilmek i\u00e7in ikamet ettikleri il ve il\u00e7edeki Sosyal Yard\u0131mla\u015fma ve Dayan\u0131\u015fma Vakf\u0131\u2019na ba\u015fvurmal\u0131d\u0131r.<\/p><p>\u00a0Bu ba\u015fvuru sonras\u0131nda:<\/p><ul><li>Gelir testi yap\u0131l\u0131r.<\/li><li>Ki\u015fi ba\u015f\u0131 hane geliri, asgari \u00fccretin belirlenen s\u0131n\u0131r\u0131n\u0131n alt\u0131nda ise Genel Sa\u011fl\u0131k Sigortas\u0131 primi devlet taraf\u0131ndan kar\u015f\u0131lan\u0131r.<\/li><li>B\u00f6ylece birey, devlet ve \u00fcniversite hastanelerinde \u00fccretsiz sa\u011fl\u0131k hizmetlerinden yararlanmaya ba\u015flar.<\/li><\/ul><p>\u0130kamet etti\u011finiz il ve ile\u00e7edeki Sosyal Yard\u0131mla\u015fma ve Dayan\u0131\u015fma Vakf\u0131\u2019n\u0131 \u00f6\u011frenmek i\u00e7in <strong><a href=\"https:\/\/www.aile.gov.tr\/iletisim\/bakanlik-iletisim-bilgileri\/sydv\/\" target=\"_blank\" rel=\"noopener\">buraya t\u0131klay\u0131n\u0131z.<\/a><\/strong><\/p><ul><li><span style=\"color: #000000;\"><strong>A\u015f\u0131 ve Koruyucu Sa\u011fl\u0131k Hizmetleri:<\/strong><\/span><\/li><\/ul><p>Otizmli \u00e7ocuklar da di\u011fer t\u00fcm \u00e7ocuklar gibi Ulusal A\u015f\u0131 Takvimi kapsam\u0131ndaki t\u00fcm a\u015f\u0131lardan \u00fccretsiz yararlan\u0131r. D\u00fczenli sa\u011fl\u0131k kontrolleri ve geli\u015fim takibi aile sa\u011fl\u0131\u011f\u0131 merkezleri arac\u0131l\u0131\u011f\u0131yla yap\u0131l\u0131r. Koruyucu sa\u011fl\u0131k hizmetleri, aile hekimleri taraf\u0131ndan y\u00fcr\u00fct\u00fcl\u00fcr.<\/p><ul><li><span style=\"color: #000000;\"><strong>Evde Sa\u011fl\u0131k Hizmetleri<\/strong><\/span><\/li><\/ul><p>Hastaneye veya okula d\u00fczenli gidemeyen bireylere sa\u011fl\u0131k ekibinin bireyin evine gelerek sundu\u011fu muayene, tetkik, tedavi ve t\u0131bbi bak\u0131m hizmetidir. Bu hizmet, ki\u015finin t\u0131bbi tedavi ve bak\u0131m hizmetinin yan\u0131 s\u0131ra hastal\u0131\u011f\u0131 hakk\u0131nda bilin\u00e7lendirilmesini, ev ortam\u0131nda sa\u011fl\u0131k ve sosyal y\u00f6nden desteklenmesini, hasta ve yak\u0131nlar\u0131n\u0131n hastal\u0131klar\u0131 hakk\u0131nda e\u011fitimli hale getirilmesini kapsar. Evde sa\u011fl\u0131k hizmetleri kapsam\u0131nda a\u015fa\u011f\u0131daki hizmetlerden yararlan\u0131labilir:<\/p><ul><li>Muayene, tetkik, tahlil, tedavi ve yara bak\u0131m\u0131,<\/li><li>Uzun s\u00fcreli kullan\u0131lan ila\u00e7lar\u0131n re\u00e7ete edilmesi,<\/li><li>T\u0131bbi cihaz ve malzeme kullan\u0131m\u0131na ili\u015fkin raporlar\u0131n haz\u0131rlanmas\u0131na destek,<\/li><li>Evde kullan\u0131lmas\u0131 gereken t\u0131bbi cihaz ve ekipmanlar konusunda e\u011fitim ve dan\u0131\u015fmanl\u0131k,<\/li><li>Gerekti\u011finde hastan\u0131n ilgili sa\u011fl\u0131k kurulu\u015funa naklinin y\u00f6nlendirilmesi,<\/li><li>Hasta ve hasta yak\u0131nlar\u0131na bak\u0131m e\u011fitimi verilmesi<\/li><li>Hasta raporlar\u0131n\u0131n yenilenmesi.<\/li><\/ul><p style=\"display: inline-block; word-wrap: break-word; white-space: pre-wrap; font-size: 18px; line-height: 1.637; font-weight: bold; color: #000; background-color: #f1f1f1 !important; padding: 52px 50px; border-radius: 10px; width: 100%;\"><span style=\"color: #ff0000;\"><b>Dikkat!<\/b> <\/span>Otizmli bireyler i\u00e7in bu hizmet hastaneye gitmekte zorlanan, yo\u011fun duyusal hassasiyeti olan ya da sa\u011fl\u0131k durumu nedeniyle kuruma gidemeyecek durumda olan bireylerin bak\u0131m ve takibinde \u00f6nemli bir se\u00e7enektir.<\/p><ul><li>Evde sa\u011fl\u0131k hizmeti almak istedi\u011finizde Sa\u011fl\u0131k Bakanl\u0131\u011f\u0131 b\u00fcnyesindeki Ulusal \u00c7a\u011fr\u0131 Merkezi 444 38 33 (444 EVDE) numaral\u0131 telefonu arayarak ba\u015fvuru yapabilirsiniz.<\/li><\/ul><p style=\"display: inline-block; word-wrap: break-word; white-space: pre-wrap; font-size: 18px; line-height: 1.637; font-weight: bold; color: #000; background-color: #f1f1f1 !important; padding: 52px 50px; border-radius: 10px; width: 100%;\"><span style=\"color: #ff0000;\"><b>Dikkat!<\/b> <\/span>Evde sa\u011fl\u0131k hizmeti verilen ki\u015filerin mevcut durumlar\u0131 haricinde olu\u015fan acil durumlar bu hizmetin kapsam\u0131 d\u0131\u015f\u0131ndad\u0131r. Acil durumlarda 112 \u0130l Ambulans Servisi aranmal\u0131 ya da do\u011frudan sa\u011fl\u0131k kurumlar\u0131n\u0131n acil servisine ba\u015fvurulmal\u0131d\u0131r.<\/p><ul><li><span style=\"color: #000000;\"><strong>Evde A\u011f\u0131z Di\u015f Sa\u011fl\u0131\u011f\u0131 Hizmetleri<\/strong><\/span><\/li><\/ul><p>Evden \u00e7\u0131kmakta zorlanan otizmli bireyler, Sa\u011fl\u0131k Bakanl\u0131\u011f\u0131 Evde Sa\u011fl\u0131k Hizmetleri kapsam\u0131nda evde a\u011f\u0131z ve di\u015f sa\u011fl\u0131\u011f\u0131 hizmetleri i\u00e7in ba\u015fvuru yapabilir. Ba\u015fvurular \u201c444 38 33\u201d Evde Sa\u011fl\u0131k Hizmetleri \u00c7a\u011fr\u0131 Merkezi \u00fczerinden al\u0131n\u0131r. Evde sa\u011fl\u0131k ekipleri, ev ortam\u0131nda yap\u0131lmas\u0131 t\u0131bben uygun olan muayene ve basit di\u015f i\u015flemlerini ger\u00e7ekle\u015ftirebilir. Ev ortam\u0131nda yap\u0131lamayan i\u015flemler (kanal tedavisi, komplikasyonlu \u00e7ekimler, sabit protez gibi) i\u00e7in birey uygun sa\u011fl\u0131k kurulu\u015flar\u0131na y\u00f6nlendirilir.<\/p><p><span style=\"color: #000000;\"><strong>Referans Yasal Dayanaklar<\/strong><\/span><\/p><ul><li>3359 say\u0131l\u0131 Sa\u011fl\u0131k Hizmetleri Temel Kanunu: <a href=\"https:\/\/hsgm.saglik.gov.tr\/depo\/Mevzuat\/Kanunlar\/Saglik_Hizmetleri_Temel_Kanunu_3359.pdf\" target=\"_blank\" rel=\"noopener\">https:\/\/hsgm.saglik.gov.tr\/depo\/Mevzuat\/Kanunlar\/Saglik_Hizmetleri_Temel_Kanunu_3359.pdf<\/a><\/li><li>5378 say\u0131l\u0131 Engelliler Hakk\u0131nda Kanun: <a href=\"https:\/\/www.aile.gov.tr\/eyhgm\/mevzuat\/ulusal-mevzuat\/kanunlar\/engelliler-hakkinda-kanun\/\" target=\"_blank\" rel=\"noopener\">https:\/\/www.aile.gov.tr\/eyhgm\/mevzuat\/ulusal-mevzuat\/kanunlar\/engelliler-hakkinda-kanun\/<\/a><\/li><li>Sosyal G\u00fcvenlik Kurumu \u2013 Sa\u011fl\u0131k Uygulama Tebli\u011fi (SUT): <a href=\"https:\/\/www.sgk.gov.tr\/Duyuru\/Detay\/24052025-SUT-Degisiklik-Tebligi-Islenmis-Guncel-2013-SUT-2025-05-26-03-27-40\" target=\"_blank\" rel=\"noopener\">https:\/\/www.sgk.gov.tr\/Duyuru\/Detay\/24052025-SUT-Degisiklik-Tebligi-Islenmis-Guncel-2013-SUT-2025-05-26-03-27-40<\/a><\/li><li>\u00c7ocuklar \u0130\u00e7in \u00d6zel Gereksinim Raporu (\u00c7\u00d6ZGER) Y\u00f6netmeli\u011fi (20.02.2019 tarih ve 30692 say\u0131l\u0131 Resm\u00ee Gazete): <a href=\"https:\/\/www.aile.gov.tr\/eyhgm\/mevzuat\/ulusal-mevzuat\/yonetmelikler\/cocuklar-icin-ozel-gereksinim-degerlendirmesi-hakkinda-yonetmelik\/\" target=\"_blank\" rel=\"noopener\">https:\/\/www.aile.gov.tr\/eyhgm\/mevzuat\/ulusal-mevzuat\/yonetmelikler\/cocuklar-icin-ozel-gereksinim-degerlendirmesi-hakkinda-yonetmelik\/<\/a><\/li><li>Engelli Sa\u011fl\u0131k Kurulu Raporlar\u0131 Usul ve Esaslar\u0131 Hakk\u0131nda Y\u00f6netmelik: <a href=\"https:\/\/www.resmigazete.gov.tr\/eskiler\/2019\/02\/20190220-2.htm\" target=\"_blank\" rel=\"noopener\">https:\/\/www.resmigazete.gov.tr\/eskiler\/2019\/02\/20190220-2.htm<\/a><\/li><\/ul>\t\t\t\t\t\t\t\t<\/div>\n\t\t\t\t<\/div>\n\t\t\t\t<\/div>\n\t\t\t\t\t<\/details>\n\t\t\t\t\t\t<details id=\"e-n-accordion-item-2876\" class=\"e-n-accordion-item\" >\n\t\t\t\t<summary class=\"e-n-accordion-item-title\" data-accordion-index=\"7\" tabindex=\"-1\" aria-expanded=\"false\" aria-controls=\"e-n-accordion-item-2876\" >\n\t\t\t\t\t<span class='e-n-accordion-item-title-header'><div class=\"e-n-accordion-item-title-text\"> Vergi, Ula\u015f\u0131m, \u0130leti\u015fim Haklar\u0131 ve Di\u011fer Haklar <\/div><\/span>\n\t\t\t\t\t\t\t<span class='e-n-accordion-item-title-icon'>\n\t\t\t<span class='e-opened' ><svg aria-hidden=\"true\" class=\"e-font-icon-svg e-fas-minus\" viewbox=\"0 0 448 512\" xmlns=\"http:\/\/www.w3.org\/2000\/svg\"><path d=\"M416 208H32c-17.67 0-32 14.33-32 32v32c0 17.67 14.33 32 32 32h384c17.67 0 32-14.33 32-32v-32c0-17.67-14.33-32-32-32z\"><\/path><\/svg><\/span>\n\t\t\t<span class='e-closed'><svg aria-hidden=\"true\" class=\"e-font-icon-svg e-fas-plus\" viewbox=\"0 0 448 512\" xmlns=\"http:\/\/www.w3.org\/2000\/svg\"><path d=\"M416 208H272V64c0-17.67-14.33-32-32-32h-32c-17.67 0-32 14.33-32 32v144H32c-17.67 0-32 14.33-32 32v32c0 17.67 14.33 32 32 32h144v144c0 17.67 14.33 32 32 32h32c17.67 0 32-14.33 32-32V304h144c17.67 0 32-14.33 32-32v-32c0-17.67-14.33-32-32-32z\"><\/path><\/svg><\/span>\n\t\t<\/span>\n\n\t\t\t\t\t\t<\/summary>\n\t\t\t\t<div role=\"region\" aria-labelledby=\"e-n-accordion-item-2876\" class=\"elementor-element elementor-element-c0f2250 e-con-full e-flex e-con e-child\" data-id=\"c0f2250\" data-element_type=\"container\" data-e-type=\"container\">\n\t\t\t\t<div class=\"elementor-element elementor-element-fade14d elementor-widget elementor-widget-text-editor\" data-id=\"fade14d\" data-element_type=\"widget\" data-e-type=\"widget\" data-widget_type=\"text-editor.default\">\n\t\t\t\t<div class=\"elementor-widget-container\">\n\t\t\t\t\t\t\t\t\t<p>Otizmli bireyler ve aileleri i\u00e7in tan\u0131nan vergi, ula\u015f\u0131m ve ileti\u015fim haklar\u0131 g\u00fcndelik ya\u015fam\u0131n ekonomik y\u00fck\u00fcn\u00fc hafifletmeye ve toplumsal hayata eri\u015fimi kolayla\u015ft\u0131rmaya y\u00f6nelik d\u00fczenlemelerdir. Vergi haklar\u0131, \u00f6zel gereksinimli bireylerin ve ailelerinin konut, ara\u00e7, gelir ve t\u00fcketim gibi alanlarda devlet taraf\u0131ndan tan\u0131nan indirim ve muafiyetlerden yararlanmas\u0131n\u0131 sa\u011flar. Ula\u015f\u0131m haklar\u0131, bireyin ba\u011f\u0131ms\u0131z hareket edebilmesini ve topluma kat\u0131l\u0131m\u0131n\u0131 destekler. \u0130leti\u015fim haklar\u0131 ise bireyin bilgiye, hizmetlere ve sosyal ba\u011flant\u0131ya eri\u015fimini g\u00fc\u00e7lendiren indirimli tarife uygulamalar\u0131n\u0131 kapsar.<\/p><p>Otizmli bireyler ve aileleri<strong>, 5378 say\u0131l\u0131 Engelliler Hakk\u0131nda Kanun, 4760 say\u0131l\u0131 \u00d6TV Kanunu, 193 say\u0131l\u0131 Gelir Vergisi Kanunu<\/strong> ve ilgili y\u00f6netmelikler kapsam\u0131nda \u00e7e\u015fitli vergi indirimleri, muafiyetler, ula\u015f\u0131m kolayl\u0131klar\u0131 ve ileti\u015fim haklar\u0131ndan yararlanabilir.<\/p><ul><li><span style=\"color: #000000;\"><strong>Vergi Haklar\u0131<\/strong><\/span><\/li><\/ul><p>\u00d6zel gereksinimli bireylerin ve ailelerinin konut, ara\u00e7, gelir ve t\u00fcketim gibi alanlarda devlet taraf\u0131ndan tan\u0131nan indirim ve muafiyetlerden yararlanmas\u0131n\u0131 sa\u011flayan haklard\u0131r.<\/p><ul><li style=\"list-style-type: none;\"><ul><li><strong><em>Emlak <\/em><\/strong><strong><em>Vergisi Muafiyeti (\u00f6dememe) Hakk\u0131:<\/em><\/strong> Emlak Vergisi Kanunu\u2019nun de\u011fi\u015ftirilen 8. maddesine g\u00f6re; T\u00fcrkiye s\u0131n\u0131rlar\u0131 i\u00e7inde br\u00fct 200 m2\u2019yi ge\u00e7meyen tek meskeni olan \u00f6zel gereksinimli bireyler (kullan\u0131m hakk\u0131na sahip olunmas\u0131 hali dahil) emlak vergisi \u00f6demeyeceklerdir.<\/li><li><strong><em>\u00d6zel <\/em><\/strong><strong><em>T\u00fcketim Vergisi \u0130ndirimi:<\/em><\/strong> Engel oran\u0131 %90 ve \u00fczeri olan bireyler \u00d6TV\u2019den tam muaf olarak ara\u00e7 sat\u0131n alabilirler. Engel oran\u0131 %40 ile %89 aras\u0131nda olan bireyler ise \u00d6TV indiriminden yararlanabilir. \u00d6TV indirimden faydalanmak i\u00e7in ise engel oran\u0131 en az %40 olmal\u0131d\u0131r. Raporda \u201ca\u011f\u0131r engelli\u201d ya da \u201cs\u00fcr\u00fcc\u00fc belgesi alabilir\u201d ifadelerinin yer almas\u0131 gerekmektedir. Ba\u015fvurular noter onayl\u0131 engelli sa\u011fl\u0131k raporu ile birlikte ilgili ara\u00e7 sat\u0131c\u0131s\u0131 ve vergi dairesi arac\u0131l\u0131\u011f\u0131yla yap\u0131l\u0131r.<\/li><li><strong><em>G\u00fcmr\u00fck <\/em><\/strong><strong><em>Vergisi \u0130ndirimi:<\/em><\/strong> G\u00fcmr\u00fck Vergisi Kanunu (Madde 167\/12)\u2019de malul ve engellilerin kullan\u0131m\u0131na mahsus e\u015fyan\u0131n g\u00fcmr\u00fck vergilerinden muaf oldu\u011fu belirtilm Bu kapsamda tekerlekli sandalye, i\u015fitme cihaz\u0131, g\u00f6rme engelli yard\u0131mc\u0131 cihazlar ve benzeri \u00f6zel donan\u0131mlar \u00f6rnek g\u00f6sterilebilir.<\/li><li><strong><em>KDV <\/em><\/strong><strong><em>\u0130ndirimi Hakk\u0131:<\/em><\/strong> \u00d6zel gereksinimli bireylere t\u0131bbi, medikal ve e\u011fitim ara\u00e7 gere\u00e7leri i\u00e7in KDV indirimi sa\u011flanmaktad\u0131r. \u00d6zel gereksinimli bireyin kulland\u0131\u011f\u0131 bu t\u00fcr \u00fcr\u00fcnleri sat\u0131n al\u0131rken ilgili sat\u0131c\u0131dan engelli sa\u011fl\u0131k raporu ibraz edilerek indirimden yararlan\u0131labilir.<\/li><li><strong><em>Gelir <\/em><\/strong><strong><em>Vergisi \u0130ndirimi:<\/em><\/strong> \u00c7al\u0131\u015fan \u00f6zel gereksinimli bireyler veya \u00f6zel gereksinimli \u00e7ocu\u011fu olan \u00e7al\u0131\u015fanlar, engellilik derecesine g\u00f6re ayl\u0131k gelir vergisi indiriminden faydalan\u0131 Bu indirim, net maa\u015fa ayl\u0131k ek katk\u0131 olarak yans\u0131r. Ba\u015fvuru vergi dairesine, engelli sa\u011fl\u0131k raporu ile yap\u0131l\u0131r.<\/li><li><strong><em>Motorlu Ta\u015f\u0131tlar Vergisi <\/em><\/strong><strong><em>Muafiyeti: <\/em><\/strong>\u00d6zel gereksinimli birey ad\u0131na kay\u0131tl\u0131 ara\u00e7lardan MTV al\u0131nmaz. Ara\u00e7 \u00f6zel gereksinimli birey veya velisi\/vasisi \u00fczerine tescil edilebilir.<\/li><\/ul><\/li><li><span style=\"color: #000000;\"><strong><em>Ula\u015f\u0131m Haklar\u0131<\/em><\/strong><\/span><\/li><\/ul><p>Bireyin ba\u011f\u0131ms\u0131z hareket edebilmesini ve topluma kat\u0131l\u0131m\u0131n\u0131 destekleyen k\u00fclt\u00fcrel etkinliklere ula\u015f\u0131m\u0131n\u0131 sa\u011flayan haklard\u0131r.<\/p><ul><li style=\"list-style-type: none;\"><ul><li><strong><em>Toplu <\/em><\/strong><strong><em>Ta\u015f\u0131mada \u00fccretsiz veya indirimli seyahat: <\/em><\/strong>\u015eehir i\u00e7i ve \u015fehirleraras\u0131 ula\u015f\u0131mda \u00f6zel gereksinimli bireylere \u00e7e\u015fitli kolayl\u0131klar tan\u0131nmaktad\u0131r. Engelli kimlik kart\u0131 sahiplerinin yararland\u0131\u011f\u0131 ula\u015f\u0131m indirim ve muafiyetleri i\u00e7in b\u00f6l\u00fcm\u00fcne bak\u0131n\u0131z.<\/li><li><strong><em>Tiyatro, m\u00fcze, sinema gibi sosyal alanlarda indirim<\/em><\/strong>: M\u00fcze, \u00f6ren yeri, tiyatro, sinema, konser gibi etkinliklere giri\u015f \u00fccretsiz veya indirimli olabilmektedir. Kamu kurumlar\u0131na ba\u011fl\u0131 olan faaliyetler \u00fccretsizdir. Belediyeler taraf\u0131ndan d\u00fczenlenen sosyal-k\u00fclt\u00fcrel etkinliklerde \u00f6zel gereksinimli bireylere \u00f6ncelik ve \u00fccretsiz kat\u0131l\u0131m imk\u00e2n\u0131 tan\u0131nabilmektedir.<\/li><li>\u00d6zel gereksinimli birey talep ederse, T.C. K\u00fclt\u00fcr ve Turizm Bakanl\u0131\u011f\u0131&#8217;na ba\u011fl\u0131 m\u00fcze ve \u00f6ren yerlerinde 1 y\u0131l boyunca ge\u00e7erli olan <strong>Engelsiz<\/strong> <strong>M\u00fczeKart<\/strong> \u00fccretsiz olarak d\u00fczenlenmektedir. Bu kart, T.C. K\u00fclt\u00fcr ve Turizm Bakanl\u0131\u011f\u0131\u2019na ba\u011fl\u0131 350&#8217;den fazla m\u00fcze ve \u00f6ren yerinde ge\u00e7erlidir. Engelsiz M\u00fczeKart&#8217;\u0131n sa\u011flad\u0131\u011f\u0131 ba\u015fl\u0131ca kolayl\u0131klar:<ul><li>Kapsam dahilindeki t\u00fcm m\u00fcze ve \u00f6ren yerlerine 1 y\u0131l boyunca giri\u015f hakk\u0131,<\/li><li>Giri\u015f \u00fccreti al\u0131nan m\u00fcze ve \u00f6ren yerlerinde gi\u015fede s\u0131ra beklenmeksizin do\u011frudan ge\u00e7i\u015f imk\u00e2n\u0131,<\/li><li>Engelli bireyin yan\u0131ndaki bir refakat\u00e7isi de m\u00fcze ve \u00f6ren yerlerine \u00fccretsiz girebilir.<\/li><\/ul><\/li><li>Engelsiz M\u00fczeKart i\u00e7in kimlik kart\u0131n\u0131zla bir M\u00fczeKart sat\u0131\u015f noktas\u0131n\u0131 ziyaret edebilirsiniz. Ba\u015fvuru i\u00e7in engelli sa\u011fl\u0131k raporu (18 ya\u015f alt\u0131 i\u00e7in \u00c7\u00d6ZGER) ve T.C. kimlik kart\u0131 yeterlidir.<\/li><\/ul><\/li><\/ul><ul><li><strong><em><span style=\"color: #000000;\">\u0130nternet ve \u0130leti\u015fim Haklar\u0131:<\/span> <\/em><\/strong><\/li><\/ul><p>\u00d6zel gereksinimli bireyler, sabit hat, internet ve mobil ileti\u015fim hizmetlerinde indirimli tarifelerden yararlanabilir.<\/p><ul><li style=\"list-style-type: none;\"><ul><li>T\u00fcrk Telekom \u00f6zel gereksinimli bireylere sabit hat tarifelerinde %25 indirim sunmaktad\u0131r.<\/li><li>TTNET (T\u00fcrk Telekom internet) ise ev internetinde %25 indirimli tarife se\u00e7enekleri sunmaktad\u0131r.<\/li><li>Turkcell, Vodafone ve T\u00fcrk Telekom mobil hatlar\u0131nda \u00f6zel gereksinimli abonelere \u00f6zel indirimli engelli tarifeleri sunulur. Paketlerde genellikle konu\u015fma, SMS ve internet kullan\u0131m\u0131nda ek avantajlar yer al\u0131r.<\/li><li>Ba\u015fvurular ilgili operat\u00f6r\u00fcn m\u00fc\u015fteri hizmetleri veya bayilerine engelli sa\u011fl\u0131k raporu ve kimlikle yap\u0131lmaktad\u0131r.<\/li><\/ul><\/li><\/ul><p style=\"display: inline-block; word-wrap: break-word; white-space: pre-wrap; font-size: 18px; line-height: 1.637; font-weight: bold; color: #000; background-color: #f1f1f1 !important; padding: 52px 50px; border-radius: 10px; width: 100%;\"><b><span style=\"color: #ff0000;\">Dikkat!<\/span> <\/b>Vergi indirim ve muafiyetlerinden yararlanmak i\u00e7in g\u00fcncel Engelli Sa\u011fl\u0131k Kurulu Raporu (18 ya\u015f alt\u0131 i\u00e7in \u00c7\u00d6ZGER) ile birlikte ilgili kuruma ba\u015fvurulmas\u0131 gerekmektedir. Rapor olmadan bu haklardan yararlan\u0131lamaz.<\/p><p><span style=\"color: #000000;\"><strong>Referans Yasal Dayanaklar<\/strong><\/span><\/p><ul><li>5378 say\u0131l\u0131 Engelliler Hakk\u0131nda Kanun: <a href=\"https:\/\/www.aile.gov.tr\/eyhgm\/mevzuat\/ulusal-mevzuat\/kanunlar\/engelliler-hakkinda-kanun\/?utm_source\" target=\"_blank\" rel=\"noopener\">https:\/\/www.aile.gov.tr\/eyhgm\/mevzuat\/ulusal-mevzuat\/kanunlar\/engelliler-hakkinda-kanun\/<\/a><\/li><li>1319 say\u0131l\u0131 Emlak Vergisi Kanunu, Madde 8: <a href=\"https:\/\/www.aile.gov.tr\/eyhgm\/mevzuat\/ulusal-mevzuat\/kanunlar\/emlak-vergisi-kanunu\/?utm_source=chatgpt.com\" target=\"_blank\" rel=\"noopener\">https:\/\/www.aile.gov.tr\/eyhgm\/mevzuat\/ulusal-mevzuat\/kanunlar\/emlak-vergisi-kanunu\/<\/a><\/li><li>4760 say\u0131l\u0131 \u00d6zel T\u00fcketim Vergisi (\u00d6TV) Kanunu, Madde 7\/2:<\/li><li>197 say\u0131l\u0131 Motorlu Ta\u015f\u0131tlar Vergisi Kanunu, Madde 4 : <a href=\"https:\/\/www.aile.gov.tr\/eyhgm\/mevzuat\/ulusal-mevzuat\/kanunlar\/motorlu-tasitlar-vergisi-kanunu\/?utm_source=chatgpt.com\" target=\"_blank\" rel=\"noopener\">https:\/\/www.aile.gov.tr\/eyhgm\/mevzuat\/ulusal-mevzuat\/kanunlar\/motorlu-tasitlar-vergisi-kanunu\/<\/a><\/li><li>3065 say\u0131l\u0131 Katma De\u011fer Vergisi (KDV) Kanunu, Madde 17\/4-s: <a href=\"https:\/\/www.aile.gov.tr\/eyhgm\/mevzuat\/ulusal-mevzuat\/tebligler\/katma-deger-vergisi-genel-uygulama-tebligi\/?utm_source=chatgpt.com\" target=\"_blank\" rel=\"noopener\">https:\/\/www.aile.gov.tr\/eyhgm\/mevzuat\/ulusal-mevzuat\/tebligler\/katma-deger-vergisi-genel-uygulama-tebligi\/<\/a><\/li><li>4736 say\u0131l\u0131 Kanun, Madde 1: <a href=\"https:\/\/www.aile.gov.tr\/eyhgm\/mevzuat\/ulusal-mevzuat\/yonetmelikler\/ucretsiz-veya-indirimli-seyahat-kartlari-yonetmeligi\/?utm_source=chatgpt.com\" target=\"_blank\" rel=\"noopener\">https:\/\/www.aile.gov.tr\/eyhgm\/mevzuat\/ulusal-mevzuat\/yonetmelikler\/ucretsiz-veya-indirimli-seyahat-kartlari-yonetmeligi\/<\/a><\/li><li>\u00dccretsiz veya \u0130ndirimli Seyahat Kartlar\u0131 Y\u00f6netmeli\u011fi (Resm\u00ee Gazete: 04.03.2014 \/ 28931) <a href=\"https:\/\/www.resmigazete.gov.tr\/eskiler\/2014\/03\/20140304-3.htm\" target=\"_blank\" rel=\"noopener\">https:\/\/www.resmigazete.gov.tr\/eskiler\/2014\/03\/20140304-3.htm<\/a><\/li><li>K\u00fclt\u00fcr ve Turizm Bakanl\u0131\u011f\u0131 \u2013 M\u00fcze ve \u00d6ren Yeri Giri\u015fleri <a href=\"https:\/\/muze.gov.tr\/urun-detay?CatalogNo=KRT-MZK01-20-008\" target=\"_blank\" rel=\"noopener\">https:\/\/muze.gov.tr\/urun-detay?CatalogNo=KRT-MZK01-20-008<\/a><\/li><\/ul>\t\t\t\t\t\t\t\t<\/div>\n\t\t\t\t<\/div>\n\t\t\t\t<\/div>\n\t\t\t\t\t<\/details>\n\t\t\t\t\t\t<details id=\"e-n-accordion-item-2877\" class=\"e-n-accordion-item\" >\n\t\t\t\t<summary class=\"e-n-accordion-item-title\" data-accordion-index=\"8\" tabindex=\"-1\" aria-expanded=\"false\" aria-controls=\"e-n-accordion-item-2877\" >\n\t\t\t\t\t<span class='e-n-accordion-item-title-header'><div class=\"e-n-accordion-item-title-text\"> Hukuki Ba\u015fvuru ve \u015eik\u00e2yet Mekanizmalar\u0131 <\/div><\/span>\n\t\t\t\t\t\t\t<span class='e-n-accordion-item-title-icon'>\n\t\t\t<span class='e-opened' ><svg aria-hidden=\"true\" class=\"e-font-icon-svg e-fas-minus\" viewbox=\"0 0 448 512\" xmlns=\"http:\/\/www.w3.org\/2000\/svg\"><path d=\"M416 208H32c-17.67 0-32 14.33-32 32v32c0 17.67 14.33 32 32 32h384c17.67 0 32-14.33 32-32v-32c0-17.67-14.33-32-32-32z\"><\/path><\/svg><\/span>\n\t\t\t<span class='e-closed'><svg aria-hidden=\"true\" class=\"e-font-icon-svg e-fas-plus\" viewbox=\"0 0 448 512\" xmlns=\"http:\/\/www.w3.org\/2000\/svg\"><path d=\"M416 208H272V64c0-17.67-14.33-32-32-32h-32c-17.67 0-32 14.33-32 32v144H32c-17.67 0-32 14.33-32 32v32c0 17.67 14.33 32 32 32h144v144c0 17.67 14.33 32 32 32h32c17.67 0 32-14.33 32-32V304h144c17.67 0 32-14.33 32-32v-32c0-17.67-14.33-32-32-32z\"><\/path><\/svg><\/span>\n\t\t<\/span>\n\n\t\t\t\t\t\t<\/summary>\n\t\t\t\t<div role=\"region\" aria-labelledby=\"e-n-accordion-item-2877\" class=\"elementor-element elementor-element-4b97e4d e-con-full e-flex e-con e-child\" data-id=\"4b97e4d\" data-element_type=\"container\" data-e-type=\"container\">\n\t\t\t\t<div class=\"elementor-element elementor-element-d32fe24 elementor-widget elementor-widget-text-editor\" data-id=\"d32fe24\" data-element_type=\"widget\" data-e-type=\"widget\" data-widget_type=\"text-editor.default\">\n\t\t\t\t<div class=\"elementor-widget-container\">\n\t\t\t\t\t\t\t\t\t<p class=\"p1\">Otizmli bireylerin ve ailelerinin ya\u015fad\u0131\u011f\u0131 hak ihlalleri veya hizmetlere eri\u015fimle ilgili sorunlar, \u00e7e\u015fitli resmi mekanizmalar \u00fczerinden \u00e7\u00f6z\u00fcme kavu\u015fturulabilir. T\u00fcrkiye\u2019de hukuki ba\u015fvuru yollar\u0131 Anayasa, 5378 say\u0131l\u0131 Engelliler Hakk\u0131nda Kanun, T\u00fcrkiye \u0130nsan Haklar\u0131 ve E\u015fitlik Kurumu Kanunu ve Kamu Denet\u00e7ili\u011fi Kurumu Kanunu ile g\u00fcvence alt\u0131ndad\u0131r.<\/p><ul><li class=\"p1\"><strong><span style=\"color: #000000;\"><i>Cumhurba\u015fkanl\u0131\u011f\u0131 \u0130leti\u015fim Merkezi (C\u0130MER):<\/i><\/span><\/strong><ul><li>C\u0130MER, kamu kurumlar\u0131na y\u00f6nelik \u015fik\u00e2yet, ihbar ve bilgi edinme ba\u015fvurular\u0131n\u0131n yap\u0131labildi\u011fi resmi platformdur.<\/li><li>Otizmli bireylerin e\u011fitim, sa\u011fl\u0131k, sosyal hizmet veya istihdam alan\u0131ndaki hak ihlalleri buradan bildirilebilir.<\/li><\/ul><\/li><li><p class=\"p1\"><span style=\"color: #000000;\"><b><i>Aile ve Sosyal Hizmetler Bakanl\u0131\u011f\u0131 \u0130leti\u015fim Kanallar\u0131:<\/i><\/b><\/span><\/p><ul><li>ALO 183 Sosyal Destek Hatt\u0131 \u00fczerinden \u015fik\u00e2yet ve ba\u015fvuru yap\u0131labilir.<\/li><li>Bakanl\u0131k il\/il\u00e7e m\u00fcd\u00fcrl\u00fckleri arac\u0131l\u0131\u011f\u0131yla y\u00fcz y\u00fcze ba\u015fvuru imk\u00e2n\u0131 vard\u0131r.<\/li><li>Ayr\u0131ca Aile ve Sosyal Hizmetler Bakanl\u0131\u011f\u0131 e-Devlet sayfas\u0131 \u00fczerinden engelli hizmetleriyle ilgili ba\u015fvurular yap\u0131labilir.<\/li><\/ul><\/li><li><p class=\"p1\"><span style=\"color: #000000;\"><b><i>T\u00fcrkiye \u0130nsan Haklar\u0131 ve E\u015fitlik Kurumu (T\u0130HEK):<\/i><\/b><\/span><\/p><ul><li>Ba\u015fvurular \u00fccretsizdir ve kurumun kararlar\u0131 ba\u011flay\u0131c\u0131d\u0131r.<\/li><li><p class=\"p1\"><span style=\"font-size: 16px; color: #6f6f6f;\">Ayr\u0131mc\u0131l\u0131k yasa\u011f\u0131 ihlalleri (\u00f6rne\u011fin okulda, i\u015f yerinde ya da sa\u011fl\u0131k hizmetlerinde engellili\u011fe dayal\u0131 ayr\u0131mc\u0131l\u0131k) i\u00e7in T\u0130HEK\u2019e ba\u015fvurulabilir.<\/span><\/p><\/li><\/ul><\/li><li><p class=\"p1\"><span style=\"color: #000000;\"><b><i>Kamu Denet\u00e7ili\u011fi Kurumu (Ombudsmanl\u0131k):<\/i><\/b><\/span><\/p><ul><li>Kamu kurumlar\u0131n\u0131n i\u015flemlerine kar\u015f\u0131 \u015fik\u00e2yetler Kamu Denet\u00e7ili\u011fi Kurumu\u2019na yap\u0131labilir.<\/li><li>Ombudsman, ba\u015fvurular\u0131 inceleyerek ilgili kurumlara \u00e7\u00f6z\u00fcm \u00f6nerileri sunar.<\/li><li>Ba\u015fvurular \u00fccretsizdir.<\/li><\/ul><\/li><li><p class=\"p1\"><span style=\"color: #000000;\"><b><i>Barolar\u0131n Engelli Haklar\u0131 Merkezleri:<\/i><\/b><\/span><\/p><ul><li>T\u00fcrkiye Barolar Birli\u011fi\u2019ne ba\u011fl\u0131 bir\u00e7ok baroda Engelli Haklar\u0131 Merkezi veya \u0130nsan Haklar\u0131 Merkezi bulunur.<\/li><li>Otizmli bireylerin ve ailelerinin ya\u015fad\u0131\u011f\u0131 hak ihlalleri konusunda \u00fccretsiz hukuki dan\u0131\u015fmanl\u0131k sa\u011flarlar.<\/li><li>\u00d6zellikle dava a\u00e7ma, savunma ve hukuki destek s\u00fcre\u00e7lerinde \u00f6nemli bir ba\u015fvuru merciidir.<\/li><li>Detayl\u0131 bilgi i\u00e7in: T\u00fcrkiye Barolar Birli\u011fi<\/li><\/ul><\/li><\/ul><p class=\"p1\"><b><i>Referans Yasal Dayanaklar<\/i><\/b><\/p><ul><li>5378 say\u0131l\u0131 Engelliler Hakk\u0131nda Kanun: <a href=\"https:\/\/www.aile.gov.tr\/eyhgm\/mevzuat\/ulusal-mevzuat\/kanunlar\/engelliler-hakkinda-kanun\/?utm_source=chatgpt.com\" target=\"_blank\" rel=\"noopener\">https:\/\/www.aile.gov.tr\/eyhgm\/mevzuat\/ulusal-mevzuat\/kanunlar\/engelliler-hakkinda-kanun<\/a><\/li><li>6701 say\u0131l\u0131 T\u00fcrkiye \u0130nsan Haklar\u0131 ve E\u015fitlik Kurumu Kanunu: <a href=\"https:\/\/www.lexpera.com.tr\/mevzuat\/kanunlar\/turkiye-insan-haklari-ve-esitlik-kurumu-kanunu-6701\/1\" target=\"_blank\" rel=\"noopener\">https:\/\/www.lexpera.com.tr\/mevzuat\/kanunlar\/turkiye-insan-haklari-ve-esitlik-kurumu-kanunu-6701\/1<\/a><\/li><li>6328 say\u0131l\u0131 Kamu Denet\u00e7ili\u011fi Kurumu Kanunu: <a href=\"https:\/\/www.lexpera.com.tr\/mevzuat\/kanunlar\/kamu-denetciligi-kurumu-kanunu-6328\" target=\"_blank\" rel=\"noopener\">https:\/\/www.lexpera.com.tr\/mevzuat\/kanunlar\/kamu-denetciligi-kurumu-kanunu-6328<\/a><\/li><li><a href=\"http:\/\/mevzuat.gov.tr\/mevzuat?MevzuatNo=4982&amp;MevzuatTur=1&amp;MevzuatTertip=5\" target=\"_blank\" rel=\"noopener\">http:\/\/mevzuat.gov.tr\/mevzuat?MevzuatNo=4982&amp;MevzuatTur=1&amp;MevzuatTertip=5<\/a><\/li><\/ul>\t\t\t\t\t\t\t\t<\/div>\n\t\t\t\t<\/div>\n\t\t\t\t<\/div>\n\t\t\t\t\t<\/details>\n\t\t\t\t\t\t<details id=\"e-n-accordion-item-2878\" class=\"e-n-accordion-item\" >\n\t\t\t\t<summary class=\"e-n-accordion-item-title\" data-accordion-index=\"9\" tabindex=\"-1\" aria-expanded=\"false\" aria-controls=\"e-n-accordion-item-2878\" >\n\t\t\t\t\t<span class='e-n-accordion-item-title-header'><div class=\"e-n-accordion-item-title-text\"> Bilgi Bankas\u0131 ve Ekler <\/div><\/span>\n\t\t\t\t\t\t\t<span class='e-n-accordion-item-title-icon'>\n\t\t\t<span class='e-opened' ><svg aria-hidden=\"true\" class=\"e-font-icon-svg e-fas-minus\" viewbox=\"0 0 448 512\" xmlns=\"http:\/\/www.w3.org\/2000\/svg\"><path d=\"M416 208H32c-17.67 0-32 14.33-32 32v32c0 17.67 14.33 32 32 32h384c17.67 0 32-14.33 32-32v-32c0-17.67-14.33-32-32-32z\"><\/path><\/svg><\/span>\n\t\t\t<span class='e-closed'><svg aria-hidden=\"true\" class=\"e-font-icon-svg e-fas-plus\" viewbox=\"0 0 448 512\" xmlns=\"http:\/\/www.w3.org\/2000\/svg\"><path d=\"M416 208H272V64c0-17.67-14.33-32-32-32h-32c-17.67 0-32 14.33-32 32v144H32c-17.67 0-32 14.33-32 32v32c0 17.67 14.33 32 32 32h144v144c0 17.67 14.33 32 32 32h32c17.67 0 32-14.33 32-32V304h144c17.67 0 32-14.33 32-32v-32c0-17.67-14.33-32-32-32z\"><\/path><\/svg><\/span>\n\t\t<\/span>\n\n\t\t\t\t\t\t<\/summary>\n\t\t\t\t<div role=\"region\" aria-labelledby=\"e-n-accordion-item-2878\" class=\"elementor-element elementor-element-3fdbd75 e-con-full e-flex e-con e-child\" data-id=\"3fdbd75\" data-element_type=\"container\" data-e-type=\"container\">\n\t\t\t\t<div class=\"elementor-element elementor-element-5c98de5 elementor-widget elementor-widget-text-editor\" data-id=\"5c98de5\" data-element_type=\"widget\" data-e-type=\"widget\" data-widget_type=\"text-editor.default\">\n\t\t\t\t<div class=\"elementor-widget-container\">\n\t\t\t\t\t\t\t\t\t<p><span style=\"color: #000000;\"><b><i>1.\u00c7ocuklar \u0130\u00e7in \u00d6zel Gereksinim Raporu Nedir?<\/i><\/b><\/span><\/p><p>Otizm tan\u0131s\u0131 konan \u00e7ocuklar i\u00e7in, tan\u0131 sonras\u0131nda en \u00f6nemli a\u015famalardan biri \u00c7ocuklar \u0130\u00e7in \u00d6zel Gereksinim Raporu (\u00c7\u00d6ZGER) haz\u0131rlanmas\u0131 s\u00fcrecidir. Bu rapor, \u00c7\u00d6ZGER vermeye yetkili Sa\u011fl\u0131k kurulunca haz\u0131rlanan \u00e7ocu\u011fun \u00f6zel gereksinimlerini belirten ve e\u011fitim, sa\u011fl\u0131k, sosyal destek ile mali haklardan yararlanabilmesi i\u00e7in gerekli olan belgedir.<\/p><ul><li><strong><em>\u00c7\u00d6ZGER Nedir?:<\/em><\/strong> 18 ya\u015f alt\u0131 \u00e7ocuklar\u0131n sa\u011fl\u0131k, e\u011fitim, rehabilitasyon ve sosyal hizmetlere eri\u015fimini sa\u011flamak amac\u0131yla d\u00fczenlenir. Daha \u00f6nce \u201cEngelli Sa\u011fl\u0131k Kurulu Raporu\u201d olarak adland\u0131r\u0131lan raporun yerine ge\u00e7mi\u015ftir. Rapor sayesinde \u00e7ocuklar devlet destekli \u00f6zel e\u011fitimden yararlanabilir. Devlet, \u00c7\u00d6ZGER\u2019i onaylanan \u00e7ocuklara, \u00f6zel e\u011fitim ve rehabilitasyon merkezlerinde verilen ayl\u0131k 8 saat bireysel ve 4 saat grup \u00f6zel e\u011fitim deste\u011finin \u00fccretini kar\u015f\u0131lar. \u00c7\u00d6ZGER vermeye yetkili hastanelere <a href=\"https:\/\/khgmcalisanhaklaridb.saglik.gov.tr\/TR-42698\/engelli-saglik-kurulu-raporu-duzenlemeye-yetkili-saglik-kuruluslari-listesi.html\" target=\"_blank\" rel=\"noopener\">\u015fu linkten<\/a> ula\u015fabilirsiniz.<\/li><li><strong><em>\u00c7\u00d6ZGER Raporu Nas\u0131l Al\u0131n\u0131r?<\/em><\/strong><ul><li><strong>Yetkili hastaneyi se\u00e7in.<\/strong> \u00c7\u00d6ZGER raporu yaln\u0131zca Sa\u011fl\u0131k Bakanl\u0131\u011f\u0131 taraf\u0131ndan yetkilendirilmi\u015f devlet ve \u00fcniversite hastanelerinde d\u00fczenlenir.<\/li><li><strong>Hastanenin sa\u011fl\u0131k kuruluna ba\u015fvuru yap\u0131n.<\/strong> Ba\u015fvuruyu \u00e7ocu\u011fun velisi, vasisi veya 18 ya\u015f\u0131na yak\u0131nsa kendisi yapabilir. Kay\u0131t s\u0131ras\u0131nda sizden genellikle \u015fu belgeler istenir:<ul><li>\u00c7ocu\u011fun T.C. kimlik kart\u0131<\/li><li>Var ise \u00f6nceki t\u0131bbi raporlar \/ de\u011ferlendirmeler<\/li><li>Foto\u011fraf (baz\u0131 hastaneler ister)<\/li><\/ul><\/li><li><strong>\u00c7\u00d6ZGER i\u00e7in \u00e7ocu\u011funuzun farkl\u0131 bran\u015flarda de\u011ferlendirilmesi sa\u011flan\u0131r. <\/strong>Kurulda genellikle \u00e7ocuk ve ergen psikiyatri, \u00e7ocuk n\u00f6roloji, \u00e7ocuk sa\u011fl\u0131\u011f\u0131 ve hastal\u0131klar\u0131, \u00e7ocuk cerrahisi, fizik tedavi ve rehabilitasyon, kulak burun bo\u011faz bran\u015flar\u0131 bulunur. Her hekim \u00e7ocu\u011fu kendi uzmanl\u0131k alan\u0131na g\u00f6re de\u011ferlendirir.<\/li><li><strong>T\u00fcm muayeneler tamamland\u0131\u011f\u0131nda kurul toplan\u0131r.<\/strong> Kurul, t\u00fcm bran\u015flar\u0131n de\u011ferlendirmelerini birlikte inceleyerek <strong>ortak bir rapor<\/strong> olu\u015fturur.<br \/>Bu raporda \u00e7ocu\u011fun:<ul><li>\u00d6zel gereksinim d\u00fczeyi,<\/li><li>Destek ihtiyac\u0131,<\/li><li>Hizmetlerden yararlanma hakk\u0131 belirtilir.<\/li><\/ul><\/li><li><strong>Sa\u011fl\u0131k Kurulu hem otizmi hem de varsa ek gereksinimleri de\u011ferlendirir.<\/strong> B\u00f6ylece yaln\u0131zca otizm tan\u0131s\u0131 de\u011fil, varsa ek yetersizlikler de (\u00f6rne\u011fin i\u015fitme, g\u00f6rme, motor beceriler) da ortaya konur.<\/li><li><strong>Kurul raporu e-Devlet\u2019e i\u015flenir. <\/strong>Rapor onayland\u0131ktan sonra hastane taraf\u0131ndan e-Nab\u0131z ve e-Devlet\u2019e y\u00fcklenir. Size hem \u00e7\u0131kt\u0131 hem dijital belge verilir.<\/li><li>S\u00fcrecin aile a\u00e7\u0131s\u0131ndan duygusal y\u00f6n\u00fc olabilir. Kurul s\u0131ras\u0131nda sizden \u00e7ocu\u011fun geli\u015fim \u00f6yk\u00fcs\u00fc, g\u00fcnl\u00fck davran\u0131\u015flar\u0131 ve zorlay\u0131c\u0131 alanlar\u0131na ili\u015fkin bilgiler istenebilir.<\/li><li>Gerekirse baz\u0131 bran\u015flar tekrar muayene yapmak isteyebilir.<br \/>Bu s\u00fcre\u00e7 sizin i\u00e7in de yorucu olabilir, sa\u011fl\u0131k \u00e7al\u0131\u015fanlar\u0131n\u0131n g\u00f6revi s\u00fcreci anla\u015f\u0131l\u0131r bi\u00e7imde a\u00e7\u0131klamakt\u0131r.<\/li><\/ul><\/li><li><span style=\"color: #000000;\"><strong><em>\u00c7\u00d6ZGER ile Sa\u011flanan Haklar Nelerdir?<\/em><\/strong><\/span><ul><li>\u00d6zel e\u011fitim ve rehabilitasyon merkezlerinde devlet deste\u011fi ile verilen ayl\u0131k 8 saat bireysel ve 4 saat grup \u00f6zel e\u011fitim.<\/li><li>Okul \u00e7a\u011f\u0131ndaki \u00e7ocuklar i\u00e7in kayna\u015ft\u0131rma e\u011fitimi ve s\u0131n\u0131f i\u00e7inde ek destekler.<\/li><li>Engelli ayl\u0131\u011f\u0131, evde bak\u0131m paras\u0131, ara\u00e7 al\u0131m\u0131nda \u00d6TV muafiyeti gibi sosyal ve ekonomik haklara eri\u015fim.<\/li><li>Gerekti\u011finde ek tan\u0131lara g\u00f6re rehabilitasyon deste\u011fi (\u00f6rn. i\u015fitme cihaz\u0131, fizik tedavi).<\/li><\/ul><\/li><\/ul><p style=\"display: inline-block; word-wrap: break-word; white-space: pre-wrap; font-size: 18px; line-height: 1.637; font-weight: bold; color: #000; background-color: #f1f1f1 !important; padding: 52px 50px; border-radius: 10px; width: 100%;\"><span style=\"color: #ff0000;\"><b>\u00d6nemli:<\/b> <\/span>Aile \u00c7\u00d6ZGER raporu \u00e7\u0131karmak istemezse, kendi imk\u00e2nlar\u0131yla \u00e7ocu\u011funa \u00f6zel e\u011fitim deste\u011fi alabilir. Ancak devletin \u00fccretsiz olarak sundu\u011fu e\u011fitim, sosyal ve ekonomik haklardan yararlan\u0131lamaz.<\/p><ul><li><strong><em>\u00c7\u00d6ZGER\u2019e \u0130tiraz Nas\u0131l Yap\u0131l\u0131r? <\/em><\/strong>Gereksinim d\u00fczeyinin ger\u00e7ekte oldu\u011fundan d\u00fc\u015f\u00fck oldu\u011funu, \u00e7ocu\u011fun ihtiya\u00e7lar\u0131n\u0131n rapora yans\u0131t\u0131lmad\u0131\u011f\u0131n\u0131 d\u00fc\u015f\u00fcn\u00fcyorsan\u0131z ya da ek tan\u0131lar (i\u015fitme, g\u00f6rme, motor sorunlar) raporda g\u00f6r\u00fcnm\u00fcyorsa \u00c7\u00d6ZGER\u2019e itiraz edebilirsiniz.<ul><li>\u00d6nce raporda yer alan \u00e7ocu\u011funuzun \u00f6zel gereksinim d\u00fczeyi, destek ihtiyac\u0131, ek tan\u0131lar\u0131 gibi bilgileri inceleyin.<\/li><li>Rapor size teslim edildikten sonra <strong>30 g\u00fcn i\u00e7inde<\/strong> itiraz edebilirsiniz.<\/li><li>\u0130tiraz dilek\u00e7enizi <strong>raporu d\u00fczenleyen hastanenin ba\u015fhekimli\u011fine<\/strong><br \/>Dilek\u00e7ede \u00e7ocu\u011fun T.C. kimlik bilgileri, hangi maddelere itiraz etti\u011finiz ve neden itiraz etti\u011finiz a\u00e7\u0131k\u00e7a yaz\u0131lmal\u0131d\u0131r.<\/li><li>Hastane dilek\u00e7enizi ald\u0131ktan sonra dosyay\u0131 <strong>hakem hastaneye \/ \u00fcst sa\u011fl\u0131k kuruluna<\/strong> Bu hastane Sa\u011fl\u0131k Bakanl\u0131\u011f\u0131 taraf\u0131ndan belirlenmi\u015ftir; aile hastaneyi se\u00e7mez.<\/li><li>Hakem hastane \u00e7ocu\u011fu tekrar de\u011ferlendirmek isteyebilir. Gerekti\u011finde ek testler veya g\u00f6zlem istenebilir.<\/li><li>Hakem hastanenin verdi\u011fi karar <strong>kesindir<\/strong>. Bu raporda \u00f6zel gereksinim d\u00fczeyi de\u011fi\u015febilir, ayn\u0131 kalabilir veya ek tan\u0131lar eklenebilir.<\/li><li>Yeni rapor t\u00fcm e-devlete i\u015flenir ve t\u00fcm kurumlar i\u00e7in ge\u00e7erli olur.<\/li><\/ul><\/li><\/ul><p><strong>Dikkat:<\/strong> \u00d6rnek itiraz dilek\u00e7esi i\u00e7in t\u0131klay\u0131n\u0131z.<\/p><p><b><i>2.Engelli Sa\u011fl\u0131k Kurulu Raporu Nedir?\u00a0<\/i><\/b><b><i><\/i><\/b><\/p><p>18 ya\u015f ve \u00fczeri bireyler i\u00e7in \u00c7\u00d6ZGER yerine Engelli Sa\u011fl\u0131k Kurulu Raporu al\u0131n\u0131r. Yetkili hastanelerde en az 3 uzman hekimin yer ald\u0131\u011f\u0131 sa\u011fl\u0131k kurulunca d\u00fczenlenir. A\u015fa\u011f\u0131daki ad\u0131mlar\u0131 takip ederek ba\u015fvuru yapabilirsiniz:<\/p><ul><li>Yetkili hastanelerden birine kimlik belgesiyle ba\u015fvurabilirsiniz.<\/li><li>Hastane, bireyi ilgili bran\u015flara (\u00e7ocuk\/eri\u015fkin psikiyatri, n\u00f6roloji, pediatri vb.) y\u00f6nlendirir.<\/li><li>T\u00fcm muayeneler tamamland\u0131ktan sonra kurul toplan\u0131r.<\/li><li>Kurul engel oran\u0131n\u0131 ve rapor t\u00fcr\u00fcn\u00fc belirler.<\/li><li>Rapor \u00e7\u0131kt\u0131s\u0131 hastane taraf\u0131ndan e-Devlet\u2019e i\u015flenir.<\/li><\/ul><p><b><i>3.Rehberlik Ara\u015ft\u0131rma Merkezi Nedir? Ne Yapar?<\/i><\/b><\/p><p>Rehberlik ve Ara\u015ft\u0131rma Merkezleri (RAM), Mill\u00ee E\u011fitim Bakanl\u0131\u011f\u0131\u2019na ba\u011fl\u0131 resm\u00ee kurumlard\u0131r. RAM\u2019lar, \u00e7ocuklar\u0131n ve ailelerin \u00fccretsiz olarak rehberlik, psikolojik dan\u0131\u015fmanl\u0131k ve \u00f6zel e\u011fitim hizmetlerine eri\u015fmesini sa\u011flar. Her il ve bir\u00e7ok il\u00e7ede bulunur. RAM\u2019\u0131n temel g\u00f6revi; \u00e7ocu\u011fun e\u011fitsel gereksinimlerini de\u011ferlendirmek, hangi e\u011fitim ve desteklerden yararlanmas\u0131 gerekti\u011fini belirlemek ve aileyi do\u011fru y\u00f6nlendirmektir. RAM, tan\u0131 koyan bir sa\u011fl\u0131k kurumu de\u011fildir; \u00e7ocu\u011fun e\u011fitimle ilgili ihtiya\u00e7lar\u0131n\u0131 de\u011ferlendirir.<\/p><ul><li>RAM\u2019da farkl\u0131 uzmanl\u0131k alanlar\u0131ndan profesyoneller g\u00f6rev yapar:<ul><li>\u00d6zel e\u011fitim \u00f6\u011fretmenleri: \u00c7ocu\u011fun \u00f6\u011frenme becerilerini, g\u00fc\u00e7l\u00fc ve desteklenmesi gereken alanlar\u0131n\u0131 de\u011ferlendirir. \u00d6zel e\u011fitim deste\u011fi al\u0131p almayaca\u011f\u0131na, alacaksa hangi t\u00fcr desteklerin uygun oldu\u011funa (kayna\u015ft\u0131rma, \u00f6zel e\u011fitim s\u0131n\u0131f\u0131, destek e\u011fitim vb.) karar s\u00fcrecinde yer al\u0131r.<\/li><li>Psikolojik dan\u0131\u015fmanlar: Gerekli durumlarda psikolojik \u00f6l\u00e7me ara\u00e7lar\u0131 uygular, \u00e7ocuk ve aileyle g\u00f6r\u00fc\u015fmeler yapar ve e\u011fitsel de\u011ferlendirme s\u00fcrecine katk\u0131 sa\u011flar.<\/li><li>Fizyoterapistler (gerekti\u011finde): Fiziksel veya motor geli\u015fimle ilgili g\u00fc\u00e7l\u00fckleri olan \u00e7ocuklar\u0131 de\u011ferlendirir ve uygun desteklere y\u00f6nlendirir.<\/li><\/ul><\/li><\/ul><p>Bu uzmanlar birlikte \u00e7al\u0131\u015farak \u00e7ocu\u011fun e\u011fitsel profilini olu\u015fturur. RAM s\u00fcreci sayesinde:<\/p><ul><li>\u00c7ocu\u011fun hangi e\u011fitim ortam\u0131nda daha iyi desteklenece\u011fi belirlenir.<\/li><li>\u00dccretsiz \u00f6zel e\u011fitim ve destek hizmetlerine eri\u015fim sa\u011flan\u0131r.<\/li><li>Aile, \u00e7ocu\u011funun haklar\u0131 ve se\u00e7enekleri konusunda bilgilendirilir.<\/li><li>E\u011fitim s\u00fcreci resm\u00ee bir de\u011ferlendirmeye dayal\u0131 olarak planlan\u0131r.<\/li><\/ul><p><strong>RAM\u2019dan Nas\u0131l Randevu Al\u0131n\u0131r?<\/strong><\/p><ul><li>\u00c7ocu\u011funuz okula hen\u00fcz ba\u015flamad\u0131ysa bulundu\u011funuz il veya il\u00e7edeki RAM\u2019a bizzat giderek ilk randevunuzu alabilirsiniz.<\/li><li>\u00c7ocu\u011funuz okula gidiyorsa ba\u015fvuruyu genellikle okul RAM\u2019a yapar.<\/li><li>Milli E\u011fitim Bakanl\u0131\u011f\u0131 \u00d6zel E\u011fitim ve Rehberlik Hizmetleri Genel M\u00fcd\u00fcrl\u00fc\u011f\u00fc\u2019n\u00fcn web sitesinden bulundu\u011funuz il ve il\u00e7edeki RAM\u2019lar\u0131 listeyebilirsiniz: <a href=\"https:\/\/mebbis.meb.gov.tr\/KurumListesi.aspx\" target=\"_blank\" rel=\"noopener\">https:\/\/mebbis.meb.gov.tr\/KurumListesi.aspx<\/a><\/li><\/ul><p><strong>RAM\u2019da De\u011ferlendirme Nas\u0131l Yap\u0131l\u0131r?<\/strong><\/p><ul><li>G\u00f6r\u00fc\u015fmeler, \u00e7ocu\u011fa uygun testler, oyun ve davran\u0131\u015f g\u00f6zlemleri yoluyla yap\u0131l\u0131r. Ama\u00e7, \u00e7ocu\u011fun \u00f6zel e\u011fitim deste\u011fine gereksinimi olup olmad\u0131\u011f\u0131n\u0131 ve varsa hangi t\u00fcr deste\u011fin uygun oldu\u011funu belirlemektir. <strong>Bu de\u011ferlendirme e\u011fitsel de\u011ferlendirmedir; t\u0131bbi tan\u0131n\u0131n yerine ge\u00e7mez.<\/strong><\/li><\/ul><p><strong>De\u011ferlendirme Sonras\u0131nda Ne Olur?<\/strong><\/p><ul><li>RAM, g\u00f6r\u00fc\u015fmeden itibaren en ge\u00e7 30 g\u00fcn i\u00e7inde karar\u0131n\u0131 verir. Karar, SMS veya e-posta ile bildirilir.<\/li><li>\u0130sterseniz karar\u0131 e-Devlet \u00fczerinden g\u00f6r\u00fcnt\u00fcleyebilir veya yaz\u0131l\u0131 olarak alabilirsiniz.<\/li><\/ul><p><strong>RAM Karar\u0131nda Hangi Bilgiler Yer Al\u0131r?<\/strong><\/p><ul><li>\u00c7ocu\u011fun \u00f6zel e\u011fitime gereksinimi olup olmad\u0131\u011f\u0131,<\/li><li>Uygun g\u00f6r\u00fclen e\u011fitim ortam\u0131 (kayna\u015ft\u0131rma\/b\u00fct\u00fcnle\u015ftirme, \u00f6zel e\u011fitim s\u0131n\u0131f\u0131, \u00f6zel e\u011fitim okulu vb.),<\/li><li>Yararlanabilece\u011fi destek e\u011fitim hizmetleri,<\/li><li>Gerekirse y\u00f6nlendirilece\u011fi kurumlar.<\/li><\/ul><p style=\"display: inline-block; word-wrap: break-word; white-space: pre-wrap; font-size: 18px; line-height: 1.637; font-weight: bold; color: #000; background-color: #f1f1f1 !important; padding: 52px 50px; border-radius: 10px; width: 100%;\"><span style=\"color: #ff0000;\">Dikkat!<\/span> RAM uzmanlar\u0131, bu s\u00fcre\u00e7te \u00e7ocu\u011fun gidebilece\u011fi okullar ve alabilece\u011fi destekler hakk\u0131nda aileye bilgi vermelidir.<\/p><p class=\"p1\"><strong>4.<\/strong><b>Rehberlik Ara\u015ft\u0131rma Merkezi Karar\u0131na Nas\u0131l \u0130tiraz Yap\u0131l\u0131r? <\/b><b><\/b><\/p><p>RAM&#8217;\u0131n e\u011fitsel de\u011ferlendirme, tan\u0131lama veya yerle\u015ftirme karar\u0131n\u0131 yeterli bulmuyorsan\u0131z ya da \u00e7ocu\u011funuzun ihtiya\u00e7lar\u0131n\u0131n rapora yans\u0131mad\u0131\u011f\u0131n\u0131 d\u00fc\u015f\u00fcn\u00fcyorsan\u0131z itiraz hakk\u0131n\u0131z\u0131 kullanabilirsiniz. \u0130tiraz etmek i\u00e7in a\u015fa\u011f\u0131daki basamaklar\u0131 takip edebilirsiniz:<\/p><ul><li><strong>Karar\u0131 inceleyin. <\/strong>RAM karar\u0131nda \u00e7ocu\u011funuz i\u00e7in \u00f6nerilen e\u011fitim ortam\u0131n\u0131 (kayna\u015ft\u0131rma, \u00f6zel e\u011fitim s\u0131n\u0131f\u0131, \u00f6zel e\u011fitim okulu vb.), destek e\u011fitim t\u00fcr\u00fcn\u00fc ve s\u00fcresini dikkatlice okuyun. Hangi konuda itiraz etmek istedi\u011finizi netle\u015ftirin.<\/li><li><strong>S\u00fcreye dikkat edin.<\/strong> Veli, e\u011fitsel de\u011ferlendirme ve tan\u0131lama ya da yerle\u015ftirme kararlar\u0131na, karar\u0131n kendisine tebli\u011f edildi\u011fi tarihten itibaren otuz i\u015f g\u00fcn\u00fc i\u00e7inde itiraz edebilir.<\/li><li><strong>Nereye itiraz edilir?<\/strong> \u0130tiraz, RAM&#8217;a de\u011fil, il veya il\u00e7e \u00d6zel E\u011fitim Hizmetleri Kurulu&#8217;na dilek\u00e7e ile yap\u0131l\u0131r. Dilek\u00e7eyi, \u00e7ocu\u011funuzun kay\u0131tl\u0131 oldu\u011fu okul arac\u0131l\u0131\u011f\u0131yla ya da do\u011frudan \u0130l\u00e7e Mill\u00ee E\u011fitim M\u00fcd\u00fcrl\u00fc\u011f\u00fc&#8217;ne iletebilirsiniz.<\/li><li><strong>Dilek\u00e7ede ne yazmal\u0131?<\/strong> \u00c7ocu\u011fun ad\u0131, T.C. kimlik numaras\u0131, RAM&#8217;\u0131n verdi\u011fi karar tarihi, itiraz etti\u011finiz hususlar ve gerek\u00e7eniz a\u00e7\u0131k\u00e7a belirtilmelidir. Destekleyici belgeleriniz varsa (\u00f6zel uzman raporlar\u0131, tedavi belgeleri vb.) dilek\u00e7eye ekleyebilirsiniz.<\/li><li><strong>S\u00fcre\u00e7 nas\u0131l i\u015fler?<\/strong> \u0130l veya il\u00e7e \u00f6zel e\u011fitim hizmetleri kuruluna yap\u0131lacak itirazlar, itiraz\u0131n kurula ula\u015ft\u0131\u011f\u0131 g\u00fcnden itibaren en ge\u00e7 otuz i\u015f g\u00fcn\u00fc i\u00e7erisinde sonu\u00e7land\u0131r\u0131l\u0131r. Sonu\u00e7 veliye, okula ve RAM&#8217;a yaz\u0131l\u0131 olarak bildirilir.<\/li><\/ul><p><b><i>5.Bireyselle\u015ftirilmi\u015f E\u011fitim Plan\u0131 (BEP) Nedir?<\/i><\/b><\/p><p>BEP, \u00f6zel gereksinimli bir \u00f6\u011frencinin e\u011fitim s\u00fcrecinin nas\u0131l planlanaca\u011f\u0131n\u0131 g\u00f6steren ki\u015fiye \u00f6zel bir yol haritas\u0131d\u0131r. \u00d6\u011frencinin \u015fu anda neleri yapabildi\u011fini, hangi alanlarda deste\u011fe ihtiya\u00e7 duydu\u011funu ve bu hedeflere hangi y\u00f6ntemlerle ula\u015f\u0131laca\u011f\u0131n\u0131 belirleyen y\u0131ll\u0131k bir e\u011fitim plan\u0131d\u0131r. \u00c7ocu\u011fun g\u00fc\u00e7l\u00fc y\u00f6nleri, zorland\u0131\u011f\u0131 alanlar, ihtiya\u00e7 duydu\u011fu destekler ve hedefleri dikkate al\u0131narak haz\u0131rlan\u0131r. BEP her \u00e7ocuk i\u00e7in ayr\u0131 ayr\u0131 haz\u0131rlanmal\u0131 ve \u015fu sorulara cevap vermelidir:<\/p><ul><li>\u00c7ocu\u011fum neyi \u00f6\u011frenecek?<\/li><li>Nas\u0131l \u00f6\u011frenecek?<\/li><li>Hangi materyaller ve \u00f6\u011fretim y\u00f6ntemleri kullan\u0131lacak?<\/li><li>Ne kadar s\u00fcrede hangi ilerlemeyi g\u00f6stermesi bekleniyor?<\/li><\/ul><p>BEP, okul m\u00fcd\u00fcr\u00fc veya m\u00fcd\u00fcr yard\u0131mc\u0131s\u0131n\u0131n ba\u015fkanl\u0131\u011f\u0131nda toplanan bir ekip taraf\u0131ndan geli\u015ftirilir. Bu ekipte \u00e7ocu\u011fun ailesi, s\u0131n\u0131f \u00f6\u011fretmeni, bran\u015f \u00f6\u011fretmenleri, rehberlik psikolojik dan\u0131\u015fman ve gerekti\u011finde \u00f6zel e\u011fitim uzmanlar\u0131 yer al\u0131r. BEP\u2019in haz\u0131rlanmas\u0131 tek bir \u00f6\u011fretmenin de\u011fil, \u00e7ocukla \u00e7al\u0131\u015fan t\u00fcm e\u011fitim ekibinin ortak sorumlulu\u011fudur; gerekli durumlarda okul d\u0131\u015f\u0131ndaki uzmanlar\u0131n g\u00f6r\u00fc\u015fleri de s\u00fcrece d\u00e2hil edilebilir. En \u00f6nemlisi e\u011fer \u00e7ocuk e\u011fitim program\u0131na ili\u015fkin g\u00f6r\u00fc\u015flerini payla\u015fabilecekse ekipte yer alabilir.<\/p><p>BEP sabit bir dok\u00fcman de\u011fildir. \u00c7ocu\u011fun geli\u015fimine g\u00f6re d\u00fczenli olarak g\u00f6zden ge\u00e7irilir, g\u00fcncellenir ve gerekirse de\u011fi\u015ftirilir. T\u00fcrkiye\u2019de BEP, 2000 y\u0131l\u0131ndan bu yana \u00f6zel gereksinimli \u00f6\u011frenciler i\u00e7in yasal bir zorunluluktur ve hem b\u00fct\u00fcnle\u015ftirme hem de \u00f6zel e\u011fitim ortamlar\u0131nda e\u011fitimin temelini olu\u015fturur.<\/p><p><b><i>6.Kayna\u015ft\u0131rma\/b\u00fct\u00fcnle\u015ftirme hakk\u0131 ihlal edildi\u011finde ne yapabilirim?<\/i><\/b><\/p><p>E\u011fer \u00e7ocu\u011funuzun kayna\u015ft\u0131rma\/b\u00fct\u00fcnle\u015ftirme hakk\u0131n\u0131n kullan\u0131lmad\u0131\u011f\u0131n\u0131 d\u00fc\u015f\u00fcn\u00fcyorsan\u0131z, a\u015fa\u011f\u0131daki ad\u0131mlar\u0131 s\u0131rayla ve sakin bi\u00e7imde izleyebilirsiniz:<\/p><ol><li><strong>Okul ile yaz\u0131l\u0131 g\u00f6r\u00fc\u015fme yapmak:<\/strong> \u00d6ncelikle okul y\u00f6netimiyle g\u00f6r\u00fc\u015f\u00fcn ve ya\u015fad\u0131\u011f\u0131n\u0131z durumu yaz\u0131l\u0131 olarak ifade edin. S\u00f6zl\u00fc g\u00f6r\u00fc\u015fmelerin ard\u0131ndan <strong>mutlaka k\u0131sa bir dilek\u00e7e ile talebinizi kay\u0131t alt\u0131na al\u0131n.<\/strong> Bu dilek\u00e7ede Bireyselle\u015ftirilmi\u015f E\u011fitim Program\u0131, Rehberlik Aara\u015ft\u0131rma Merkezi\u2019nin (RAM) e\u011fitsel de\u011ferlendirme raporu ve yasal dayanaklara at\u0131f yapmak \u00f6nemlidir. \u00d6rnek itiraz dilek\u00e7esi i\u00e7in t\u0131klay\u0131n\u0131z.<\/li><li><strong>RAM ile ileti\u015fime ge\u00e7mek: <\/strong>RAM, \u00e7ocu\u011funuzun e\u011fitsel de\u011ferlendirmesinden ve yerle\u015ftirmesinden sorumlu resm\u00ee kurumdur. Okulda ya\u015fanan g\u00fc\u00e7l\u00fckleri RAM\u2019a bildirebilir, yeniden de\u011ferlendirme ya da okulun desteklenmesi talebinde bulunabilirsiniz.<\/li><li><strong>\u0130l\/\u0130l\u00e7e Mill\u00ee E\u011fitim M\u00fcd\u00fcrl\u00fc\u011f\u00fc\u2019ne ba\u015fvurmak: <\/strong>Sorun okul ve RAM d\u00fczeyinde \u00e7\u00f6z\u00fclemezse, ba\u011fl\u0131 bulundu\u011funuz \u0130l veya \u0130l\u00e7e Mill\u00ee E\u011fitim M\u00fcd\u00fcrl\u00fc\u011f\u00fc\u2019ne dilek\u00e7e ile ba\u015fvurabilirsiniz. Kayna\u015ft\u0131rma uygulamalar\u0131 MEB\u2019in sorumlulu\u011fundad\u0131r.<\/li><li><strong>Yaz\u0131l\u0131 ba\u015fvuru yapmak: <\/strong>Ba\u015fvurular\u0131n\u0131z\u0131n yaz\u0131l\u0131 olmas\u0131 hem sizi korur hem de s\u00fcrecin resm\u00ee olarak ilerlemesini sa\u011flar. Unutmay\u0131n dilek\u00e7e verdi\u011finizde \u00e7ocu\u011funuzun yasal hakk\u0131n\u0131 takip etme hakk\u0131n\u0131z\u0131 kullanm\u0131\u015f olursunuz.<\/li><li><strong>Yaln\u0131z de\u011filsiniz, destek isteyin:<\/strong> Bu s\u00fcre\u00e7te sivil toplum kurulu\u015flar\u0131ndan, uzmanlardan veya hak temelli \u00e7al\u0131\u015fan kurumlardan destek almak hem bilgi hem de duygusal y\u00fck a\u00e7\u0131s\u0131ndan sizi g\u00fc\u00e7lendirebilir. Bu ama\u00e7la ula\u015fabilece\u011finiz kurulu\u015flar a\u015fa\u011f\u0131dad\u0131r:<\/li><\/ol><ul><li><strong><em>Tohum Otizm Vakf\u0131 Rehberlik Birimi:<\/em><\/strong><\/li><\/ul><p>0212 248 94 30<\/p><p><a href=\"mailto:rehberlik@tohumotizm.org.tr\">rehberlik@tohumotizm.org.tr<\/a><\/p><ul><li><strong><em>T\u00fcrkiye Otizm Meclisi:<\/em><\/strong> T\u00fcrkiye\u2019de otizm alan\u0131nda \u00e7al\u0131\u015fan sivil toplum kurulu\u015flar\u0131n\u0131 bir araya getirerek ortak savunuculuk y\u00fcr\u00fctmeyi, Otizm Eylem Plan\u0131\u2019n\u0131n uygulanmas\u0131n\u0131 izlemeyi ve otizmli bireylerin haklar\u0131n\u0131n kamu politikalar\u0131nda g\u00fc\u00e7l\u00fc ve tek bir sesle temsil edilmesini ama\u00e7layan bir sivil toplum platformudur. Otizm alan\u0131nda \u00e7al\u0131\u015fan 105 sivil toplum kurulu\u015funu \u00e7at\u0131s\u0131nda bar\u0131nd\u0131ran T\u00fcrkiye Otizm Meclisi\u2019ne a\u015fa\u011f\u0131daki adresten ula\u015fabilirsiniz.<\/li><\/ul><p><a href=\"https:\/\/turkiyeotizmmeclisi.org\/\" target=\"_blank\" rel=\"noopener\">https:\/\/turkiyeotizmmeclisi.org\/<\/a><\/p><p><a href=\"mailto:turkiyeotizmmeclisiorg@gmail.com\" target=\"_blank\" rel=\"noopener\">turkiyeotizmmeclisiorg@gmail.com<\/a><\/p><ul><li><em><strong>Otizm Konfederasyonu:<\/strong> <\/em>T\u00fcrkiye\u2019de otizmli bireylerin ve ailelerinin e\u011fitim, sa\u011fl\u0131k, istihdam ve bak\u0131m ba\u015fta olmak \u00fczere temel haklara eri\u015fimini g\u00fc\u00e7lendirmek amac\u0131yla kurulmu\u015f ulusal bir \u00e7at\u0131 yap\u0131d\u0131r. \u201cAncak Birlikte Ba\u015farabiliriz\u201d mottosuyla hareket eden Konfederasyon; d\u00f6rt otizm federasyonunun ve T\u00fcrkiye\u2019nin farkl\u0131 illerinden \u00e7ok say\u0131da dernek ve temsilcinin kat\u0131l\u0131m\u0131yla 2024 y\u0131l\u0131ndan beri faaliyet g\u00f6stermektedir.<\/li><\/ul><p><a href=\"mailto:info@otizmkonfederasyonu.org.tr\" target=\"_blank\" rel=\"noopener\">info@otizmkonfederasyonu.org.tr<\/a><\/p><p><a href=\"https:\/\/otizmkonfederasyonu.org.tr\/\" target=\"_blank\" rel=\"noopener\">https:\/\/otizmkonfederasyonu.org.tr\/<\/a><\/p>\t\t\t\t\t\t\t\t<\/div>\n\t\t\t\t<\/div>\n\t\t\t\t<\/div>\n\t\t\t\t\t<\/details>\n\t\t\t\t\t<\/div>\n\t\t\t\t\t\t<\/div>\n\t\t\t\t<\/div>\n\t\t\t\t\t<\/div>\n\t\t\t\t<\/div>\n\t\t\t\t<\/div>","protected":false},"excerpt":{"rendered":"<p>Otizm Nedir? Otizmli Bireylerin Haklar\u0131 E\u011fitim, sa\u011fl\u0131k, istihdam, sosyal ya\u015fama kat\u0131l\u0131m, onurlu ve adil bir ya\u015fam s\u00fcrme hakk\u0131 evrensel insan haklar\u0131 kapsam\u0131ndad\u0131r ve t\u00fcm bireyler i\u00e7in ge\u00e7erlidir. Otizmli bireyler, \u00f6ncelikle ve her \u015feyden \u00f6nce t\u00fcm bireylerle ayn\u0131 temel insan haklar\u0131na sahiptir. Ulusal ve uluslararas\u0131 yasa, politika ve d\u00fczenlemeler; otizmli bireylerin bu haklara fiilen eri\u015febilmelerini sa\u011flamak,<\/p>","protected":false},"author":1,"featured_media":0,"parent":4605,"menu_order":0,"comment_status":"closed","ping_status":"closed","template":"elementor_header_footer","meta":{"footnotes":""},"class_list":["post-4616","page","type-page","status-publish","hentry"],"yoast_head":"<!-- This site is optimized with the Yoast SEO Premium plugin v28.3 (Yoast SEO v28.3) - https:\/\/yoast.com\/product\/yoast-seo-premium-wordpress\/ -->\n<title>Otizmli Bireylerin Haklar\u0131 (Engelli Haklar\u0131) - Tohum Otizm Vakf\u0131 | Otizmin Tek \u00c7aresi E\u011fitim<\/title>\n<meta name=\"robots\" content=\"index, follow, max-snippet:-1, max-image-preview:large, max-video-preview:-1\" \/>\n<link rel=\"canonical\" href=\"https:\/\/wp1.sedaozcan.net.tr\/en\/otizm-nedir\/otizmli-bireylerin-haklari\/\" \/>\n<meta property=\"og:locale\" content=\"en_US\" \/>\n<meta property=\"og:type\" content=\"article\" \/>\n<meta property=\"og:title\" content=\"Otizmli Bireylerin Haklar\u0131 (Engelli Haklar\u0131)\" \/>\n<meta property=\"og:description\" content=\"Otizm Nedir? Otizmli Bireylerin Haklar\u0131 E\u011fitim, sa\u011fl\u0131k, istihdam, sosyal ya\u015fama kat\u0131l\u0131m, onurlu ve adil bir ya\u015fam s\u00fcrme hakk\u0131 evrensel insan haklar\u0131 kapsam\u0131ndad\u0131r ve t\u00fcm bireyler i\u00e7in ge\u00e7erlidir. Otizmli bireyler, \u00f6ncelikle ve her \u015feyden \u00f6nce t\u00fcm bireylerle ayn\u0131 temel insan haklar\u0131na sahiptir. Ulusal ve uluslararas\u0131 yasa, politika ve d\u00fczenlemeler; otizmli bireylerin bu haklara fiilen eri\u015febilmelerini sa\u011flamak,\" \/>\n<meta property=\"og:url\" content=\"https:\/\/wp1.sedaozcan.net.tr\/en\/otizm-nedir\/otizmli-bireylerin-haklari\/\" \/>\n<meta property=\"og:site_name\" content=\"Tohum Otizm Vakf\u0131 | Otizmin Tek \u00c7aresi E\u011fitim\" \/>\n<meta property=\"article:modified_time\" content=\"2026-08-16T15:31:51+00:00\" \/>\n<meta name=\"twitter:card\" content=\"summary_large_image\" \/>\n<meta name=\"twitter:label1\" content=\"Est. reading time\" \/>\n\t<meta name=\"twitter:data1\" content=\"103 minutes\" \/>\n<script type=\"application\/ld+json\" class=\"yoast-schema-graph\">{\"@context\":\"https:\\\/\\\/schema.org\",\"@graph\":[{\"@type\":\"WebPage\",\"@id\":\"https:\\\/\\\/wp1.sedaozcan.net.tr\\\/otizm-nedir\\\/otizmli-bireylerin-haklari\\\/\",\"url\":\"https:\\\/\\\/wp1.sedaozcan.net.tr\\\/otizm-nedir\\\/otizmli-bireylerin-haklari\\\/\",\"name\":\"Otizmli Bireylerin Haklar\u0131 (Engelli Haklar\u0131) - Tohum Otizm Vakf\u0131 | Otizmin Tek \u00c7aresi E\u011fitim\",\"isPartOf\":{\"@id\":\"https:\\\/\\\/wp1.sedaozcan.net.tr\\\/#website\"},\"datePublished\":\"2025-10-01T18:37:23+00:00\",\"dateModified\":\"2026-08-16T15:31:51+00:00\",\"breadcrumb\":{\"@id\":\"https:\\\/\\\/wp1.sedaozcan.net.tr\\\/otizm-nedir\\\/otizmli-bireylerin-haklari\\\/#breadcrumb\"},\"inLanguage\":\"en-US\",\"potentialAction\":[{\"@type\":\"ReadAction\",\"target\":[\"https:\\\/\\\/wp1.sedaozcan.net.tr\\\/otizm-nedir\\\/otizmli-bireylerin-haklari\\\/\"]}]},{\"@type\":\"BreadcrumbList\",\"@id\":\"https:\\\/\\\/wp1.sedaozcan.net.tr\\\/otizm-nedir\\\/otizmli-bireylerin-haklari\\\/#breadcrumb\",\"itemListElement\":[{\"@type\":\"ListItem\",\"position\":1,\"name\":\"Home\",\"item\":\"https:\\\/\\\/wp1.sedaozcan.net.tr\\\/\"},{\"@type\":\"ListItem\",\"position\":2,\"name\":\"Otizm Nedir?\",\"item\":\"https:\\\/\\\/wp1.sedaozcan.net.tr\\\/otizm-nedir\\\/\"},{\"@type\":\"ListItem\",\"position\":3,\"name\":\"Otizmli Bireylerin Haklar\u0131 (Engelli Haklar\u0131)\"}]},{\"@type\":\"WebSite\",\"@id\":\"https:\\\/\\\/wp1.sedaozcan.net.tr\\\/#website\",\"url\":\"https:\\\/\\\/wp1.sedaozcan.net.tr\\\/\",\"name\":\"Tohum Otizm Vakf\u0131 | Otizmin Tek \u00c7aresi E\u011fitim\",\"description\":\"\",\"potentialAction\":[{\"@type\":\"SearchAction\",\"target\":{\"@type\":\"EntryPoint\",\"urlTemplate\":\"https:\\\/\\\/wp1.sedaozcan.net.tr\\\/?s={search_term_string}\"},\"query-input\":{\"@type\":\"PropertyValueSpecification\",\"valueRequired\":true,\"valueName\":\"search_term_string\"}}],\"inLanguage\":\"en-US\"},{\"@type\":\"ImageObject\",\"inLanguage\":\"en-US\",\"@id\":\"https:\\\/\\\/wp1.sedaozcan.net.tr\\\/otizm-nedir\\\/otizmli-bireylerin-haklari\\\/#local-main-organization-logo\",\"url\":\"\",\"contentUrl\":\"\",\"caption\":\"Tohum Otizm Vakf\u0131 | Otizmin Tek \u00c7aresi E\u011fitim\"}]}<\/script>\n<!-- \/ Yoast SEO Premium plugin. -->","yoast_head_json":{"title":"Otizmli Bireylerin Haklar\u0131 (Engelli Haklar\u0131) - Tohum Otizm Vakf\u0131 | Otizmin Tek \u00c7aresi E\u011fitim","robots":{"index":"index","follow":"follow","max-snippet":"max-snippet:-1","max-image-preview":"max-image-preview:large","max-video-preview":"max-video-preview:-1"},"canonical":"https:\/\/wp1.sedaozcan.net.tr\/en\/otizm-nedir\/otizmli-bireylerin-haklari\/","og_locale":"en_US","og_type":"article","og_title":"Otizmli Bireylerin Haklar\u0131 (Engelli Haklar\u0131)","og_description":"Otizm Nedir? Otizmli Bireylerin Haklar\u0131 E\u011fitim, sa\u011fl\u0131k, istihdam, sosyal ya\u015fama kat\u0131l\u0131m, onurlu ve adil bir ya\u015fam s\u00fcrme hakk\u0131 evrensel insan haklar\u0131 kapsam\u0131ndad\u0131r ve t\u00fcm bireyler i\u00e7in ge\u00e7erlidir. Otizmli bireyler, \u00f6ncelikle ve her \u015feyden \u00f6nce t\u00fcm bireylerle ayn\u0131 temel insan haklar\u0131na sahiptir. Ulusal ve uluslararas\u0131 yasa, politika ve d\u00fczenlemeler; otizmli bireylerin bu haklara fiilen eri\u015febilmelerini sa\u011flamak,","og_url":"https:\/\/wp1.sedaozcan.net.tr\/en\/otizm-nedir\/otizmli-bireylerin-haklari\/","og_site_name":"Tohum Otizm Vakf\u0131 | Otizmin Tek \u00c7aresi E\u011fitim","article_modified_time":"2026-08-16T15:31:51+00:00","twitter_card":"summary_large_image","twitter_misc":{"Est. reading time":"103 minutes"},"schema":{"@context":"https:\/\/schema.org","@graph":[{"@type":"WebPage","@id":"https:\/\/wp1.sedaozcan.net.tr\/otizm-nedir\/otizmli-bireylerin-haklari\/","url":"https:\/\/wp1.sedaozcan.net.tr\/otizm-nedir\/otizmli-bireylerin-haklari\/","name":"Otizmli Bireylerin Haklar\u0131 (Engelli Haklar\u0131) - Tohum Otizm Vakf\u0131 | Otizmin Tek \u00c7aresi E\u011fitim","isPartOf":{"@id":"https:\/\/wp1.sedaozcan.net.tr\/#website"},"datePublished":"2025-10-01T18:37:23+00:00","dateModified":"2026-08-16T15:31:51+00:00","breadcrumb":{"@id":"https:\/\/wp1.sedaozcan.net.tr\/otizm-nedir\/otizmli-bireylerin-haklari\/#breadcrumb"},"inLanguage":"en-US","potentialAction":[{"@type":"ReadAction","target":["https:\/\/wp1.sedaozcan.net.tr\/otizm-nedir\/otizmli-bireylerin-haklari\/"]}]},{"@type":"BreadcrumbList","@id":"https:\/\/wp1.sedaozcan.net.tr\/otizm-nedir\/otizmli-bireylerin-haklari\/#breadcrumb","itemListElement":[{"@type":"ListItem","position":1,"name":"Home","item":"https:\/\/wp1.sedaozcan.net.tr\/"},{"@type":"ListItem","position":2,"name":"Otizm Nedir?","item":"https:\/\/wp1.sedaozcan.net.tr\/otizm-nedir\/"},{"@type":"ListItem","position":3,"name":"Otizmli Bireylerin Haklar\u0131 (Engelli Haklar\u0131)"}]},{"@type":"WebSite","@id":"https:\/\/wp1.sedaozcan.net.tr\/#website","url":"https:\/\/wp1.sedaozcan.net.tr\/","name":"Tohum Autism Foundation | The Only Remedy for Autism is Education","description":"","potentialAction":[{"@type":"SearchAction","target":{"@type":"EntryPoint","urlTemplate":"https:\/\/wp1.sedaozcan.net.tr\/?s={search_term_string}"},"query-input":{"@type":"PropertyValueSpecification","valueRequired":true,"valueName":"search_term_string"}}],"inLanguage":"en-US"},{"@type":"ImageObject","inLanguage":"en-US","@id":"https:\/\/wp1.sedaozcan.net.tr\/otizm-nedir\/otizmli-bireylerin-haklari\/#local-main-organization-logo","url":"","contentUrl":"","caption":"Tohum Otizm Vakf\u0131 | Otizmin Tek \u00c7aresi E\u011fitim"}]}},"_links":{"self":[{"href":"https:\/\/wp1.sedaozcan.net.tr\/en\/wp-json\/wp\/v2\/pages\/4616","targetHints":{"allow":["GET"]}}],"collection":[{"href":"https:\/\/wp1.sedaozcan.net.tr\/en\/wp-json\/wp\/v2\/pages"}],"about":[{"href":"https:\/\/wp1.sedaozcan.net.tr\/en\/wp-json\/wp\/v2\/types\/page"}],"author":[{"embeddable":true,"href":"https:\/\/wp1.sedaozcan.net.tr\/en\/wp-json\/wp\/v2\/users\/1"}],"replies":[{"embeddable":true,"href":"https:\/\/wp1.sedaozcan.net.tr\/en\/wp-json\/wp\/v2\/comments?post=4616"}],"version-history":[{"count":311,"href":"https:\/\/wp1.sedaozcan.net.tr\/en\/wp-json\/wp\/v2\/pages\/4616\/revisions"}],"predecessor-version":[{"id":10982,"href":"https:\/\/wp1.sedaozcan.net.tr\/en\/wp-json\/wp\/v2\/pages\/4616\/revisions\/10982"}],"up":[{"embeddable":true,"href":"https:\/\/wp1.sedaozcan.net.tr\/en\/wp-json\/wp\/v2\/pages\/4605"}],"wp:attachment":[{"href":"https:\/\/wp1.sedaozcan.net.tr\/en\/wp-json\/wp\/v2\/media?parent=4616"}],"curies":[{"name":"wp","href":"https:\/\/api.w.org\/{rel}","templated":true}]}}