{"id":4560,"date":"2025-10-01T20:29:31","date_gmt":"2025-10-01T18:29:31","guid":{"rendered":"https:\/\/wp1.sedaozcan.net.tr\/?page_id=4560"},"modified":"2026-08-14T14:44:20","modified_gmt":"2026-08-14T12:44:20","slug":"hakkimizda","status":"publish","type":"page","link":"https:\/\/wp1.sedaozcan.net.tr\/en\/biz-kimiz\/hakkimizda\/","title":{"rendered":"About Us"},"content":{"rendered":"\t\t<div data-elementor-type=\"wp-page\" data-elementor-id=\"4560\" class=\"elementor elementor-4560\" data-elementor-post-type=\"page\">\n\t\t\t\t\t\t<section class=\"elementor-section elementor-top-section elementor-element elementor-element-1a62c46 elementor-section-height-min-height elementor-section-boxed elementor-section-height-default elementor-section-items-middle\" data-id=\"1a62c46\" data-element_type=\"section\" data-e-type=\"section\" data-settings=\"{&quot;background_background&quot;:&quot;classic&quot;}\">\n\t\t\t\t\t\t\t<div class=\"elementor-background-overlay\"><\/div>\n\t\t\t\t\t\t\t<div class=\"elementor-container elementor-column-gap-no\">\n\t\t\t\t\t<div class=\"elementor-column elementor-col-100 elementor-top-column elementor-element elementor-element-281f1df\" data-id=\"281f1df\" data-element_type=\"column\" data-e-type=\"column\">\n\t\t\t<div class=\"elementor-widget-wrap elementor-element-populated\">\n\t\t\t\t\t\t<div class=\"elementor-element elementor-element-26fc9c2 elementor-icon-list--layout-inline elementor-tablet-align-center elementor-list-item-link-full_width elementor-widget elementor-widget-icon-list\" data-id=\"26fc9c2\" data-element_type=\"widget\" data-e-type=\"widget\" data-widget_type=\"icon-list.default\">\n\t\t\t\t<div class=\"elementor-widget-container\">\n\t\t\t\t\t\t\t<ul class=\"elementor-icon-list-items elementor-inline-items\">\n\t\t\t\t\t\t\t<li class=\"elementor-icon-list-item elementor-inline-item\">\n\t\t\t\t\t\t\t\t\t\t<span class=\"elementor-icon-list-text\">Biz Kimiz?<\/span>\n\t\t\t\t\t\t\t\t\t<\/li>\n\t\t\t\t\t\t<\/ul>\n\t\t\t\t\t\t<\/div>\n\t\t\t\t<\/div>\n\t\t\t\t<div class=\"elementor-element elementor-element-06b0ee1 elementor-widget elementor-widget-heading\" data-id=\"06b0ee1\" data-element_type=\"widget\" data-e-type=\"widget\" data-widget_type=\"heading.default\">\n\t\t\t\t<div class=\"elementor-widget-container\">\n\t\t\t\t\t<h1 class=\"elementor-heading-title elementor-size-default\">Hakk\u0131m\u0131zda<\/h1>\t\t\t\t<\/div>\n\t\t\t\t<\/div>\n\t\t\t\t\t<\/div>\n\t\t<\/div>\n\t\t\t\t\t<\/div>\n\t\t<\/section>\n\t\t<div class=\"elementor-element elementor-element-50f8bc06 e-flex e-con-boxed e-con e-parent\" data-id=\"50f8bc06\" data-element_type=\"container\" data-e-type=\"container\" data-settings=\"{&quot;background_background&quot;:&quot;classic&quot;}\">\n\t\t\t\t\t<div class=\"e-con-inner\">\n\t\t\t\t<div class=\"elementor-element elementor-element-4fc22c19 elementor-widget elementor-widget-heading\" data-id=\"4fc22c19\" data-element_type=\"widget\" data-e-type=\"widget\" data-widget_type=\"heading.default\">\n\t\t\t\t<div class=\"elementor-widget-container\">\n\t\t\t\t\t<h2 class=\"elementor-heading-title elementor-size-default\">Tohum Otizm Vakf\u0131<\/h2>\t\t\t\t<\/div>\n\t\t\t\t<\/div>\n\t\t\t\t<div class=\"elementor-element elementor-element-30dc458c elementor-widget-divider--view-line elementor-widget elementor-widget-divider\" data-id=\"30dc458c\" data-element_type=\"widget\" data-e-type=\"widget\" data-widget_type=\"divider.default\">\n\t\t\t\t<div class=\"elementor-widget-container\">\n\t\t\t\t\t\t\t<div class=\"elementor-divider\">\n\t\t\t<span class=\"elementor-divider-separator\">\n\t\t\t\t\t\t<\/span>\n\t\t<\/div>\n\t\t\t\t\t\t<\/div>\n\t\t\t\t<\/div>\n\t\t\t\t<div class=\"elementor-element elementor-element-7cae059 elementor-widget elementor-widget-text-editor\" data-id=\"7cae059\" data-element_type=\"widget\" data-e-type=\"widget\" data-widget_type=\"text-editor.default\">\n\t\t\t\t<div class=\"elementor-widget-container\">\n\t\t\t\t\t\t\t\t\t<p>Tohum T\u00fcrkiye Otizm Erken Tan\u0131 ve E\u011fitim Vakf\u0131, \u201cOtizm Spektrum Bozuklu\u011fu\u201d olan \u00e7ocuklar\u0131n erken tan\u0131s\u0131n\u0131n konulmas\u0131, \u00f6zel e\u011fitimi ile topluma ba\u011f\u0131ms\u0131z bireyler olarak kazand\u0131r\u0131lmas\u0131na \u00f6nc\u00fcl\u00fck edilmesi ve bunun yurt \u00e7ap\u0131nda yayg\u0131nla\u015ft\u0131r\u0131lmas\u0131 amac\u0131yla, kar amac\u0131 g\u00fctmeyen ve kamu yarar\u0131n\u0131 g\u00f6zeten bir sa\u011fl\u0131k ve e\u011fitim vakf\u0131 olarak 2003 y\u0131l\u0131nda kurulmu\u015ftur.<\/p>\t\t\t\t\t\t\t\t<\/div>\n\t\t\t\t<\/div>\n\t\t\t\t\t<\/div>\n\t\t\t\t<\/div>\n\t\t<div class=\"elementor-element elementor-element-497ce6d e-flex e-con-boxed e-con e-parent\" data-id=\"497ce6d\" data-element_type=\"container\" data-e-type=\"container\">\n\t\t\t\t\t<div class=\"e-con-inner\">\n\t\t\t\t<div class=\"elementor-element elementor-element-59b905c elementor-widget elementor-widget-heading\" data-id=\"59b905c\" data-element_type=\"widget\" data-e-type=\"widget\" data-widget_type=\"heading.default\">\n\t\t\t\t<div class=\"elementor-widget-container\">\n\t\t\t\t\t<h2 class=\"elementor-heading-title elementor-size-default\">Misyonumuz<\/h2>\t\t\t\t<\/div>\n\t\t\t\t<\/div>\n\t\t\t\t<div class=\"elementor-element elementor-element-5987953 elementor-widget-divider--view-line elementor-widget elementor-widget-divider\" data-id=\"5987953\" data-element_type=\"widget\" data-e-type=\"widget\" data-widget_type=\"divider.default\">\n\t\t\t\t<div class=\"elementor-widget-container\">\n\t\t\t\t\t\t\t<div class=\"elementor-divider\">\n\t\t\t<span class=\"elementor-divider-separator\">\n\t\t\t\t\t\t<\/span>\n\t\t<\/div>\n\t\t\t\t\t\t<\/div>\n\t\t\t\t<\/div>\n\t\t\t\t<div class=\"elementor-element elementor-element-d51ef03 elementor-widget elementor-widget-text-editor\" data-id=\"d51ef03\" data-element_type=\"widget\" data-e-type=\"widget\" data-widget_type=\"text-editor.default\">\n\t\t\t\t<div class=\"elementor-widget-container\">\n\t\t\t\t\t\t\t\t\t<p class=\"intro-text\">Otizm Spektrum Bozuklu\u011fu (OSB) tan\u0131s\u0131 olan \u00e7ocuklar, gen\u00e7ler ve aileleri; ayr\u0131ca, kapsay\u0131c\u0131 e\u011fitim ortamlar\u0131nda hizmet alan di\u011fer \u00f6zel gereksinimli \u00e7ocuklar, gen\u00e7ler ve aileleri i\u00e7in;<\/p>\n\n<ul class=\"mission-list\">\n \t<li style=\"font-size: 17px !important; line-height: 1.8 !important; color: #333 !important; margin: 10px 0 0 !important;\">\u00c7a\u011fda\u015f toplum ko\u015fullar\u0131nda ya\u015famlar\u0131n\u0131 s\u00fcrd\u00fcrebilmeleri i\u00e7in bilgi ve destek gereksinimlerinin kar\u015f\u0131lanmas\u0131,<\/li>\n \t<li style=\"font-size: 17px !important; line-height: 1.8 !important; color: #333 !important; margin: 10px 0 0 !important;\">E\u011fitmen kadrolar\u0131n\u0131n yeti\u015ftirilmesi, e\u011fitim ve ara\u015ft\u0131rma yap\u0131lmas\u0131n\u0131n sa\u011flanmas\u0131,<\/li>\n \t<li style=\"font-size: 17px !important; line-height: 1.8 !important; color: #333 !important; margin: 10px 0 0 !important;\">\u00d6zel e\u011fitim ve kapsay\u0131c\u0131 e\u011fitim alanlar\u0131nda, ili\u015fkili meslek dallar\u0131nda kapasitenin art\u0131r\u0131lmas\u0131 ve eksik meslek elemanlar\u0131n\u0131n T\u00fcrkiye\u2019ye kazand\u0131r\u0131lmas\u0131 y\u00f6n\u00fcnde \u00e7al\u0131\u015f\u0131lmas\u0131,<\/li>\n \t<li style=\"font-size: 17px !important; line-height: 1.8 !important; color: #333 !important; margin: 10px 0 0 !important;\">\u00dclke \u00e7ap\u0131nda y\u00fcr\u00fct\u00fclen sa\u011fl\u0131k ve e\u011fitim hizmetlerinin desteklenmesi ve iyile\u015ftirilmesi,<\/li>\n \t<li style=\"font-size: 17px !important; line-height: 1.8 !important; color: #333 !important; margin: 10px 0 0 !important;\">Meslek edindirme, ba\u011f\u0131ms\u0131z ya\u015fam ve sosyal ya\u015fam imkanlar\u0131n\u0131n desteklenmesi ve geli\u015ftirilmesi,<\/li>\n \t<li style=\"font-size: 17px !important; line-height: 1.8 !important; color: #333 !important; margin: 10px 0 0 !important;\">Savunu \u00e7al\u0131\u015fmalar\u0131 ile yasal d\u00fczenlemelerin ve politikalar\u0131n iyile\u015ftirilmesine y\u00f6nelik \u00e7al\u0131\u015fmalar\u0131n yap\u0131lmas\u0131,<\/li>\n \t<li style=\"font-size: 17px !important; line-height: 1.8 !important; color: #333 !important; margin: 10px 0 0 !important;\">Bilin\u00e7li bir kamuoyunun olu\u015fturulmas\u0131,<\/li>\n \t<li style=\"font-size: 17px !important; line-height: 1.8 !important; color: #333 !important; margin: 10px 0 0 !important;\">Amac\u0131na y\u00f6nelik \u00e7al\u0131\u015fmalarda di\u011fer kamu ve \u00f6zel kurum ve kurulu\u015flar\u0131 ile etkin i\u015f birlikleri yap\u0131lmas\u0131,<\/li>\n \t<li style=\"font-size: 17px !important; line-height: 1.8 !important; color: #333 !important; margin: 10px 0 0 !important;\">OSB konusunda tarama, ayr\u0131nt\u0131l\u0131 de\u011ferlendirme ve tan\u0131lama s\u00fcre\u00e7lerinin d\u00fcnya standartlar\u0131na getirilmesi ve \u00fclke \u00e7ap\u0131nda yayg\u0131nla\u015ft\u0131r\u0131lmas\u0131,<\/li>\n \t<li style=\"font-size: 17px !important; line-height: 1.8 !important; color: #333 !important; margin: 10px 0 0 !important;\">OSB olan \u00e7ocuklar\u0131n erken yo\u011fun \u00f6zel e\u011fitim almalar\u0131, en az k\u0131s\u0131tlay\u0131c\u0131 e\u011fitim ortam\u0131ndan ya\u015fam\u0131n t\u00fcm evrelerinde kapsay\u0131c\u0131 ortamlara kadar t\u00fcm gereksinimlerinin kar\u015f\u0131lanmas\u0131 i\u00e7in kapasite olu\u015fturulmas\u0131,<\/li>\n \t<li style=\"font-size: 17px !important; line-height: 1.8 !important; color: #333 !important; margin: 10px 0 0 !important;\">OSB olan \u00e7ocuklar\u0131n ve gen\u00e7lerin e\u011fitiminde Princeton \u00c7ocuk Geli\u015fim Enstit\u00fcs\u00fc (Princeton Child Development Institute \u2013 PCDI) programlar\u0131 uygulanarak model okul olu\u015fturulmas\u0131 ve programlar\u0131n \u00fclke genelinde yayg\u0131nla\u015ft\u0131r\u0131lmas\u0131n\u0131n sa\u011flanmas\u0131.<\/li>\n<\/ul>\t\t\t\t\t\t\t\t<\/div>\n\t\t\t\t<\/div>\n\t\t\t\t\t<\/div>\n\t\t\t\t<\/div>\n\t\t<div class=\"elementor-element elementor-element-1396c7f e-flex e-con-boxed e-con e-parent\" data-id=\"1396c7f\" data-element_type=\"container\" data-e-type=\"container\">\n\t\t\t\t\t<div class=\"e-con-inner\">\n\t\t\t\t<div class=\"elementor-element elementor-element-3827bb6 elementor-widget elementor-widget-heading\" data-id=\"3827bb6\" data-element_type=\"widget\" data-e-type=\"widget\" data-widget_type=\"heading.default\">\n\t\t\t\t<div class=\"elementor-widget-container\">\n\t\t\t\t\t<h2 class=\"elementor-heading-title elementor-size-default\">Vizyonumuz<\/h2>\t\t\t\t<\/div>\n\t\t\t\t<\/div>\n\t\t\t\t<div class=\"elementor-element elementor-element-2585c5c elementor-widget-divider--view-line elementor-widget elementor-widget-divider\" data-id=\"2585c5c\" data-element_type=\"widget\" data-e-type=\"widget\" data-widget_type=\"divider.default\">\n\t\t\t\t<div class=\"elementor-widget-container\">\n\t\t\t\t\t\t\t<div class=\"elementor-divider\">\n\t\t\t<span class=\"elementor-divider-separator\">\n\t\t\t\t\t\t<\/span>\n\t\t<\/div>\n\t\t\t\t\t\t<\/div>\n\t\t\t\t<\/div>\n\t\t\t\t<div class=\"elementor-element elementor-element-010eba7 elementor-widget elementor-widget-text-editor\" data-id=\"010eba7\" data-element_type=\"widget\" data-e-type=\"widget\" data-widget_type=\"text-editor.default\">\n\t\t\t\t<div class=\"elementor-widget-container\">\n\t\t\t\t\t\t\t\t\t<p>T\u00fcrkiye\u2019de Otizm Spektrum Bozuklu\u011fu (OSB) olan \u00e7ocuklar\u0131n erken tan\u0131lanmas\u0131; tan\u0131 alan \u00e7ocuklar\u0131n ve ailelerinin sa\u011fl\u0131k, e\u011fitim, meslek edinimi, istihdam, ba\u011f\u0131ms\u0131z ya\u015fam ve kapsay\u0131c\u0131 e\u011fitim gereksinimlerinin d\u00fcnya standartlar\u0131nda kar\u015f\u0131lanmas\u0131d\u0131r. Ayr\u0131ca, kapsay\u0131c\u0131 e\u011fitim ortamlar\u0131ndaki di\u011fer \u00f6zel gereksinimli \u00e7ocuklar\u0131n ve gen\u00e7lerin ilgili gereksinimlerinin kar\u015f\u0131lanmas\u0131d\u0131r.<\/p>\t\t\t\t\t\t\t\t<\/div>\n\t\t\t\t<\/div>\n\t\t\t\t\t<\/div>\n\t\t\t\t<\/div>\n\t\t<div class=\"elementor-element elementor-element-2fe0688 e-flex e-con-boxed e-con e-parent\" data-id=\"2fe0688\" data-element_type=\"container\" data-e-type=\"container\">\n\t\t\t\t\t<div class=\"e-con-inner\">\n\t\t\t\t<div class=\"elementor-element elementor-element-b434ff9 elementor-widget elementor-widget-heading\" data-id=\"b434ff9\" data-element_type=\"widget\" data-e-type=\"widget\" data-widget_type=\"heading.default\">\n\t\t\t\t<div class=\"elementor-widget-container\">\n\t\t\t\t\t<h2 class=\"elementor-heading-title elementor-size-default\">\u0130lkelerimiz<\/h2>\t\t\t\t<\/div>\n\t\t\t\t<\/div>\n\t\t\t\t<div class=\"elementor-element elementor-element-8a58db9 elementor-widget-divider--view-line elementor-widget elementor-widget-divider\" data-id=\"8a58db9\" data-element_type=\"widget\" data-e-type=\"widget\" data-widget_type=\"divider.default\">\n\t\t\t\t<div class=\"elementor-widget-container\">\n\t\t\t\t\t\t\t<div class=\"elementor-divider\">\n\t\t\t<span class=\"elementor-divider-separator\">\n\t\t\t\t\t\t<\/span>\n\t\t<\/div>\n\t\t\t\t\t\t<\/div>\n\t\t\t\t<\/div>\n\t\t\t\t<div class=\"elementor-element elementor-element-a7d5cf9 elementor-widget elementor-widget-text-editor\" data-id=\"a7d5cf9\" data-element_type=\"widget\" data-e-type=\"widget\" data-widget_type=\"text-editor.default\">\n\t\t\t\t<div class=\"elementor-widget-container\">\n\t\t\t\t\t\t\t\t\t<section class=\"card\">\n<ul>\n \t<li style=\"font-size: 17px !important; line-height: 1.8 !important; color: #333 !important; margin: 10px 0 0 !important;\">Bilimsellik,<\/li>\n \t<li style=\"font-size: 17px !important; line-height: 1.8 !important; color: #333 !important; margin: 10px 0 0 !important;\">\u00d6nderlik ve \u00f6nc\u00fcl\u00fck,<\/li>\n \t<li style=\"font-size: 17px !important; line-height: 1.8 !important; color: #333 !important; margin: 10px 0 0 !important;\">\u015eeffafl\u0131k,<\/li>\n \t<li style=\"font-size: 17px !important; line-height: 1.8 !important; color: #333 !important; margin: 10px 0 0 !important;\">G\u00fcvenirlik,<\/li>\n \t<li style=\"font-size: 17px !important; line-height: 1.8 !important; color: #333 !important; margin: 10px 0 0 !important;\">Payla\u015f\u0131mc\u0131l\u0131k,<\/li>\n \t<li style=\"font-size: 17px !important; line-height: 1.8 !important; color: #333 !important; margin: 10px 0 0 !important;\">Kurumlar aras\u0131 ileti\u015fim ve i\u015f birli\u011fi,<\/li>\n \t<li style=\"font-size: 17px !important; line-height: 1.8 !important; color: #333 !important; margin: 10px 0 0 !important;\">Kaynaklarda verimlilik ve etkililik,<\/li>\n \t<li style=\"font-size: 17px !important; line-height: 1.8 !important; color: #333 !important; margin: 10px 0 0 !important;\">\u0130nsana ve \u00e7ocu\u011fa de\u011fer vermek ve en iyi hizmet haklar\u0131n\u0131 g\u00f6zetmek.<\/li>\n<\/ul>\n<\/section>\t\t\t\t\t\t\t\t<\/div>\n\t\t\t\t<\/div>\n\t\t\t\t\t<\/div>\n\t\t\t\t<\/div>\n\t\t<div class=\"elementor-element elementor-element-2771c31 e-flex e-con-boxed e-con e-parent\" data-id=\"2771c31\" data-element_type=\"container\" data-e-type=\"container\">\n\t\t\t\t\t<div class=\"e-con-inner\">\n\t\t\t\t<div class=\"elementor-element elementor-element-5ef4012 elementor-widget elementor-widget-heading\" data-id=\"5ef4012\" data-element_type=\"widget\" data-e-type=\"widget\" data-widget_type=\"heading.default\">\n\t\t\t\t<div class=\"elementor-widget-container\">\n\t\t\t\t\t<h2 class=\"elementor-heading-title elementor-size-default\">Kilometre Ta\u015flar\u0131m\u0131z<\/h2>\t\t\t\t<\/div>\n\t\t\t\t<\/div>\n\t\t\t\t<div class=\"elementor-element elementor-element-c5d7c55 elementor-widget-divider--view-line elementor-widget elementor-widget-divider\" data-id=\"c5d7c55\" data-element_type=\"widget\" data-e-type=\"widget\" data-widget_type=\"divider.default\">\n\t\t\t\t<div class=\"elementor-widget-container\">\n\t\t\t\t\t\t\t<div class=\"elementor-divider\">\n\t\t\t<span class=\"elementor-divider-separator\">\n\t\t\t\t\t\t<\/span>\n\t\t<\/div>\n\t\t\t\t\t\t<\/div>\n\t\t\t\t<\/div>\n\t\t\t\t<div class=\"elementor-element elementor-element-b3d0f5d elementor-widget elementor-widget-text-editor\" data-id=\"b3d0f5d\" data-element_type=\"widget\" data-e-type=\"widget\" data-widget_type=\"text-editor.default\">\n\t\t\t\t<div class=\"elementor-widget-container\">\n\t\t\t\t\t\t\t\t\t<div id=\"tov-foundation\"><style>\n    \/* ========= TOV Global \u2014 Renkler ve Elementor Bask\u0131lama ========= *\/<br \/>    #tov-foundation * { box-sizing: border-box; }<br \/>    #tov-foundation {<br \/>      --tov-primary:#026D92;<br \/>      --tov-accent:#FFD800;<br \/>      --tov-warm:#FCB128;<\/p>\n<p>      --tov-ink:#222;<br \/>      --tov-muted:#666;<br \/>      --tov-border:#e9e9ee;<br \/>      --tov-bg:#fafafa;<\/p>\n<p>      font-family: Inter, system-ui, -apple-system, Segoe UI, Roboto, Helvetica, Arial, \"Apple Color Emoji\",\"Segoe UI Emoji\" !important;<br \/>      color: var(--tov-ink) !important;<br \/>    }<\/p>\n<p>    #tov-foundation .container {<br \/>      max-width:1200px;<br \/>      margin:0 auto;<br \/>      padding:0;<br \/>    }<\/p>\n<p>    \/* ========= Kart ========= *\/<br \/>    #tov-foundation .card {<br \/>border: 0px !important;<br \/>    border-radius: 18px !important;<br \/>    background: #fff !important;<br \/>    padding: 0px;<br \/>    margin: 0px;<br \/>    }<\/p>\n<p>    \/* ========= Ba\u015fl\u0131klar ========= *\/<br \/>    #tov-foundation .heading,<br \/>    #tov-foundation .section-title {<br \/>      font-family:Poppins, sans-serif !important;<br \/>      font-weight:800 !important;<br \/>      color:#111 !important;<br \/>      position:relative !important;<br \/>    }<\/p>\n<p>    #tov-foundation .heading {<br \/>      font-size:clamp(28px, 3.4vw, 34px) !important;<br \/>      line-height:1.15 !important;<br \/>      margin:0 0 12px !important;<br \/>      padding-bottom:12px !important;<br \/>    }<\/p>\n<p>    #tov-foundation .heading::after {<br \/>      content:\"\";<br \/>      display:block;<br \/>      width:72px;<br \/>      height:5px;<br \/>      background:var(--tov-accent);<br \/>      border-radius:999px;<br \/>      margin-top:8px;<br \/>    }<\/p>\n<p>    #tov-foundation .section-title {<br \/>      font-size:clamp(18px, 2.5vw, 22px) !important;<br \/>      line-height:1.25 !important;<br \/>      margin:0 0 14px !important;<br \/>      padding-bottom:10px !important;<br \/>    }<\/p>\n<p>    #tov-foundation .section-title::after {<br \/>      content:\"\";<br \/>      display:block;<br \/>      width:60px;<br \/>      height:4px;<br \/>      background:var(--tov-accent);<br \/>      border-radius:999px;<br \/>      position:absolute;<br \/>      left:0;<br \/>      bottom:-2px;<br \/>    }<\/p>\n<p>    \/* ========= Metinler ========= *\/<br \/>    #tov-foundation .lead {<br \/>      font-size:17px !important;<br \/>      line-height:1.8 !important;<br \/>      color:#333 !important;<br \/>      margin:10px 0 0 !important;<br \/>    }<\/p>\n<p>    #tov-foundation p {<br \/>      margin:8px 0 !important;<br \/>      line-height:1.8 !important;<br \/>      font-size:16.5px !important;<br \/>    }<\/p>\n<p>    #tov-foundation ul {<br \/>      margin:10px 0 0 18px !important;<br \/>      padding:0 !important;<br \/>    }<\/p>\n<p>    #tov-foundation li {<br \/>      margin:8px 0 !important;<br \/>      line-height:1.8 !important;<br \/>      font-size:16.5px !important;<br \/>    }<\/p>\n<p>    #tov-foundation .intro-text {<br \/>      margin-bottom:12px !important;<br \/>    }<\/p>\n<p>    #tov-foundation .mission-list {<br \/>      margin-top:14px !important;<br \/>    }<\/p>\n<p>    \/* ========= Zaman \u00c7izelgesi ========= *\/<br \/>    #tov-foundation .timeline {<br \/>      position:relative !important;<br \/>      margin-top:18px !important;<br \/>      padding-left:0 !important;<br \/>    }<\/p>\n<p>    #tov-foundation .timeline::before {<br \/>      content:\"\";<br \/>      position:absolute;<br \/>      top:0;<br \/>      bottom:0;<br \/>      left:18px;<br \/>      width:3px;<br \/>      background:linear-gradient(180deg, var(--tov-primary) 0%, rgba(2,109,146,0.18) 100%);<br \/>      border-radius:999px;<br \/>    }<\/p>\n<p>    #tov-foundation .timeline-item {<br \/>      position:relative !important;<br \/>      display:grid !important;<br \/>      grid-template-columns:120px 1fr !important;<br \/>      gap:22px !important;<br \/>      padding:0 0 26px 0 !important;<br \/>      margin-left:0 !important;<br \/>    }<\/p>\n<p>    #tov-foundation .timeline-item:last-child {<br \/>      padding-bottom:0 !important;<br \/>    }<\/p>\n<p>    #tov-foundation .timeline-item::before {<br \/>      content:\"\";<br \/>      position:absolute;<br \/>      left:10px;<br \/>      top:12px;<br \/>      width:16px;<br \/>      height:16px;<br \/>      background:var(--tov-primary);<br \/>      border:4px solid #fff;<br \/>      border-radius:999px;<br \/>      box-shadow:0 0 0 3px rgba(2,109,146,0.16);<br \/>      z-index:1;<br \/>    }<\/p>\n<p>    #tov-foundation .timeline-year {<br \/>      font-family:Poppins, sans-serif !important;<br \/>      font-weight:800 !important;<br \/>      color:var(--tov-primary) !important;<br \/>      font-size:24px !important;<br \/>      line-height:1.2 !important;<br \/>      padding-left:44px !important;<br \/>      padding-top:6px !important;<br \/>    }<\/p>\n<p>    #tov-foundation .timeline-content {<br \/>      border:1px solid var(--tov-border) !important;<br \/>      border-radius:16px !important;<br \/>      background:linear-gradient(180deg, #ffffff 0%, #fbfdff 100%) !important;<br \/>      padding:18px 20px !important;<br \/>      box-shadow:<br \/>        0 1px 0 rgba(2,109,146,0.03),<br \/>        0 10px 24px rgba(2,109,146,0.05) !important;<br \/>    }<\/p>\n<p>    #tov-foundation .timeline-content ul {<br \/>      margin-top:0 !important;<br \/>    }<\/p>\n<p>    \/* ========= Akordeon ========= *\/<br \/>    #tov-foundation .accordion {<br \/>      border:1px solid var(--tov-border) !important;<br \/>      border-radius:16px !important;<br \/>      overflow:hidden !important;<br \/>      background:#fff !important;<br \/>      box-shadow:<br \/>        0 1px 0 rgba(2,109,146,0.03),<br \/>        0 10px 24px rgba(2,109,146,0.05) !important;<br \/>    }<\/p>\n<p>    #tov-foundation details {<br \/>      border-top:1px solid var(--tov-border) !important;<br \/>    }<\/p>\n<p>    #tov-foundation details:first-of-type {<br \/>      border-top:none !important;<br \/>    }<\/p>\n<p>    #tov-foundation summary {<br \/>      list-style:none !important;<br \/>      cursor:pointer !important;<br \/>      padding:16px 18px !important;<br \/>      display:flex !important;<br \/>      align-items:center !important;<br \/>      justify-content:space-between !important;<br \/>      gap:10px !important;<br \/>      font-family:Poppins, sans-serif !important;<br \/>      font-weight:800 !important;<br \/>      font-size:16.5px !important;<br \/>      color:#0f172a !important;<br \/>      background:#fff !important;<br \/>    }<\/p>\n<p>    #tov-foundation summary::-webkit-details-marker {<br \/>      display:none !important;<br \/>    }<\/p>\n<p>    #tov-foundation .acc-title {<br \/>      display:flex !important;<br \/>      align-items:center !important;<br \/>      gap:10px !important;<br \/>      flex-wrap:wrap !important;<br \/>    }<\/p>\n<p>    #tov-foundation .chev {<br \/>      transition:transform .15s ease !important;<br \/>      color:var(--tov-primary) !important;<br \/>    }<\/p>\n<p>    #tov-foundation details[open] .chev {<br \/>      transform:rotate(180deg) !important;<br \/>    }<\/p>\n<p>    #tov-foundation .acc-body {<br \/>      padding:2px 18px 18px 18px !important;<br \/>    }<\/p>\n<p>    #tov-foundation .acc-body ul {<br \/>      margin-top:0 !important;<br \/>    }<\/p>\n<p>    #tov-foundation .acc-body ul ul {<br \/>      margin-top:8px !important;<br \/>    }<\/p>\n<p>    \/* ========= Elementor \u00e7ak\u0131\u015fma korumas\u0131 ========= *\/<br \/>    #tov-foundation h1,<br \/>    #tov-foundation h2,<br \/>    #tov-foundation h3,<br \/>    #tov-foundation p,<br \/>    #tov-foundation ul,<br \/>    #tov-foundation li {<br \/>      color:inherit !important;<br \/>      letter-spacing:normal !important;<br \/>    }<\/p>\n<p>    \/* ========= Responsive ========= *\/<br \/>    @media (max-width: 767px) {<br \/>      #tov-foundation .card {<br \/>        padding:22px !important;<br \/>      }<\/p>\n<p>      #tov-foundation .timeline::before {<br \/>        left:14px;<br \/>      }<\/p>\n<p>      #tov-foundation .timeline-item {<br \/>        grid-template-columns:1fr !important;<br \/>        gap:10px !important;<br \/>      }<\/p>\n<p>      #tov-foundation .timeline-item::before {<br \/>        left:6px;<br \/>      }<\/p>\n<p>      #tov-foundation .timeline-year {<br \/>        padding-left:34px !important;<br \/>        font-size:22px !important;<br \/>      }<\/p>\n<p>      #tov-foundation .timeline-content {<br \/>        margin-left:34px !important;<br \/>      }<br \/>    }<br \/>  <\/style>\n<div class=\"container\">\n\n<!-- Kilometre Ta\u015flar\u0131m\u0131z -->\n\n<section class=\"\">\n<div class=\"timeline\">\n<div class=\"timeline-item\">\n<div class=\"timeline-year\">2003<\/div>\n<div class=\"timeline-content\">\n<ul>\n \t<li>Tohum T\u00fcrkiye Otizm Erken Tan\u0131 ve E\u011fitim Vakf\u0131\u2019n\u0131 kurduk.<\/li>\n<\/ul>\n<\/div>\n<\/div>\n<div class=\"timeline-item\">\n<div class=\"timeline-year\">2005<\/div>\n<div class=\"timeline-content\">\n<ul>\n \t<li>ABD\u2019deki Princeton \u00c7ocuk Geli\u015fim Enstit\u00fcs\u00fc (PCDI) ile i\u015f birli\u011fi yaparak T\u00fcrkiye\u2019de model okul kurma s\u00fcrecini ba\u015flatt\u0131k.<\/li>\n \t<li>Lorna Wing\u2019in <em>Otizm El Rehberi<\/em> ve Temple Grandin\u2019in <em>Resimlerle D\u00fc\u015f\u00fcnmek<\/em> kitaplar\u0131n\u0131 T\u00fcrk\u00e7eye kazand\u0131rarak, otizm alan\u0131ndaki temel kaynaklar\u0131n \u00fclkemizde eri\u015filebilir olmas\u0131n\u0131 sa\u011flad\u0131k ve ilerleyen y\u0131llarda da \u00e7eviri yay\u0131nlar\u0131m\u0131z\u0131 devam ettirdik.<\/li>\n<\/ul>\n<\/div>\n<\/div>\n<div class=\"timeline-item\">\n<div class=\"timeline-year\">2006<\/div>\n<div class=\"timeline-content\">\n<ul>\n \t<li>Okulumuz, Milli E\u011fitim Bakanl\u0131\u011f\u0131\u2019na ba\u011fl\u0131 olarak \u201c\u00d6zel Tohum Vakf\u0131 \u00d6zel E\u011fitim Uygulama Okulu\u201d ad\u0131yla hizmet vermeye ba\u015flad\u0131.<\/li>\n<\/ul>\n<\/div>\n<\/div>\n<div class=\"timeline-item\">\n<div class=\"timeline-year\">2009<\/div>\n<div class=\"timeline-content\">\n<ul>\n \t<li>Birle\u015fmi\u015f Milletler\u2019in 2 Nisan\u2019\u0131 \u201cD\u00fcnya Otizm Fark\u0131ndal\u0131k G\u00fcn\u00fc\u201d ilan etmesinin ard\u0131ndan, \u201cOtizmin Fark\u0131nday\u0131m, Onlar\u0131n Yan\u0131nday\u0131m!\u201d kampanyam\u0131z\u0131 ba\u015flatt\u0131k ve geni\u015f kitlelere ula\u015ft\u0131k.<\/li>\n \t<li>Devlet okullar\u0131ndaki \u00f6zel e\u011fitim s\u0131n\u0131flar\u0131na e\u011fitim materyalleri ve teknolojik cihazlar ula\u015ft\u0131rarak <em>Her S\u0131n\u0131f Bir Tohum<\/em> Projesi\u2019ni ba\u015flatt\u0131k.<\/li>\n<\/ul>\n<\/div>\n<\/div>\n<div class=\"timeline-item\">\n<div class=\"timeline-year\">2010<\/div>\n<div class=\"timeline-content\">\n<ul>\n \t<li>T\u00fcrkiye&#8217;nin otizm alan\u0131ndaki ilk e-\u00f6\u011frenme platformu olan <em>Tohum Otizm Vakf\u0131 E\u011fitim Portal\u0131<\/em>&#8216;n\u0131 hayata ge\u00e7irdik.<\/li>\n \t<li>Otizmli gen\u00e7ler i\u00e7in T\u00fcrkiye\u2019de ilk kez i\u015f ve ya\u015fam m\u00fcfredat\u0131n\u0131 geli\u015ftirdik ve Beylikd\u00fcz\u00fc \u00d6zel E\u011fitim \u0130\u015f Uygulama Merkezi\u2019nde uygulanmas\u0131n\u0131 sa\u011flad\u0131k.<\/li>\n<\/ul>\n<\/div>\n<\/div>\n<div class=\"timeline-item\">\n<div class=\"timeline-year\">2014<\/div>\n<div class=\"timeline-content\">\n<ul>\n \t<li>\u201cOtizme Mavi I\u015f\u0131k Yak\u201d kampanyas\u0131 ile otizm fark\u0131ndal\u0131\u011f\u0131n\u0131 art\u0131r\u0131rken, T\u00fcrkiye&#8217;yi mavi \u0131\u015f\u0131kla ayd\u0131nlatan simgesel yap\u0131lar\u0131n deste\u011fiyle daha da g\u00fc\u00e7l\u00fc bir fark\u0131ndal\u0131k hareketine d\u00f6n\u00fc\u015ft\u00fcrd\u00fck.<\/li>\n \t<li>Okulumuz b\u00fcnyesinde Rehberlik Birimimizi kurarak T\u00fcrkiye&#8217;nin her yerindeki otizmli \u00e7ocuklara e\u011fitsel de\u011ferlendirme ve ailelere dan\u0131\u015fmanl\u0131k hizmetleri sunmaya ba\u015flad\u0131k.<\/li>\n \t<li>Destekli istihdam modelimiz ile okulumuzdaki gen\u00e7 \u00f6\u011frencilerimiz i\u00e7in staj program\u0131m\u0131z\u0131 ba\u015flatt\u0131k.<\/li>\n<\/ul>\n<\/div>\n<\/div>\n<div class=\"timeline-item\">\n<div class=\"timeline-year\">2015<\/div>\n<div class=\"timeline-content\">\n<ul>\n \t<li>S\u00fcrekli E\u011fitim Birimimizi kurduk ve otizm konulu e\u011fitimlerimizle binlerce aile, \u00f6\u011fretmen, sa\u011fl\u0131k \u00e7al\u0131\u015fan\u0131 ve \u00fcniversite \u00f6\u011frencisine ula\u015ft\u0131k.<\/li>\n \t<li>Otizmli \u00e7ocuklar i\u00e7in ilk mobil uygulamalar\u0131m\u0131z\u0131 geli\u015ftirdik: <em>Tohum 1<\/em>, <em>Tohum 2<\/em> ve <em>Kavram \u00d6\u011fretimi<\/em> uygulamalar\u0131n\u0131 \u00fccretsiz olarak sunduk ve on binlerce kullan\u0131c\u0131ya ula\u015ft\u0131k.<\/li>\n \t<li>GfK T\u00fcrkiye i\u015f birli\u011fiyle T\u00fcrkiye\u2019deki ilk \u201cOtizm Alg\u0131s\u0131 ve Bilgi D\u00fczeyi Ara\u015ft\u0131rmas\u0131\u201dn\u0131 ger\u00e7ekle\u015ftirdik ve d\u00fczenli olarak her iki y\u0131lda bir s\u00fcrd\u00fcrd\u00fck.<\/li>\n<\/ul>\n<\/div>\n<\/div>\n<div class=\"timeline-item\">\n<div class=\"timeline-year\">2016<\/div>\n<div class=\"timeline-content\">\n<ul>\n \t<li>D\u00fcnya Bankas\u0131, OECD ve farkl\u0131 \u00fclkelerden kurumlarla uluslararas\u0131 i\u015f birlikleri geli\u015ftirdik.<\/li>\n \t<li>2016 &#8211; 2018 y\u0131llar\u0131 aras\u0131nda \u201c\u00c7ocu\u011fum B\u00fcy\u00fcy\u00fcnce\u201d, \u201cKalbini Payla\u015f\u201d, \u201cBu Bir \u015eaka De\u011fil\u201d ve \u201cGer\u00e7ek \u00c7are\u201d gibi \u00f6d\u00fcll\u00fc fark\u0131ndal\u0131k kampanyalar\u0131n\u0131 ger\u00e7ekle\u015ftirdik.<\/li>\n<\/ul>\n<\/div>\n<\/div>\n<div class=\"timeline-item\">\n<div class=\"timeline-year\">2018<\/div>\n<div class=\"timeline-content\">\n<ul>\n \t<li>Destekli \u0130stihdam Modelimizi T\u00fcrkiye\u2019de ilk kez tam zamanl\u0131 olarak Eker S\u00fct \u00dcr\u00fcnleri ile hayata ge\u00e7irdik.<\/li>\n \t<li>T\u00fcrkiye genelinde toplam 55.919 \u00e7ocu\u011fu otizm riski taramas\u0131ndan ge\u00e7irdik.<\/li>\n<\/ul>\n<\/div>\n<\/div>\n<div class=\"timeline-item\">\n<div class=\"timeline-year\">2020<\/div>\n<div class=\"timeline-content\">\n<ul>\n \t<li>Pandemi s\u00fcrecinde otizmli bireylerin e\u011fitiminde uzaktan e\u011fitim uygulamalar\u0131n\u0131 ba\u015flatt\u0131k. Online e\u011fitimler, webinarlar ve dijital projelerimizi h\u0131zland\u0131rd\u0131k. Uzaktan destek modelini kal\u0131c\u0131 hale getirerek \u00f6\u011frencilerimize e\u011fitim yolculuklar\u0131nda yeni bir se\u00e7enek sunduk.<\/li>\n \t<li>Mobil uygulamalar\u0131m\u0131z\u0131 g\u00fcncelleyerek <em>Tohum E\u011fitim<\/em> ve <em>Dinle Konu\u015f<\/em> adlar\u0131yla yeniden kullan\u0131ma sunduk.<\/li>\n<\/ul>\n<\/div>\n<\/div>\n<div class=\"timeline-item\">\n<div class=\"timeline-year\">2021<\/div>\n<div class=\"timeline-content\">\n<ul>\n \t<li>Aile ve Sosyal Hizmetler Bakanl\u0131\u011f\u0131 ile \u201cOtizm Fark\u0131ndal\u0131k ve E\u011fitim Protokol\u00fc\u201d imzalad\u0131k.<\/li>\n<\/ul>\n<\/div>\n<\/div>\n<div class=\"timeline-item\">\n<div class=\"timeline-year\">2022<\/div>\n<div class=\"timeline-content\">\n<ul>\n \t<li>2 Nisan D\u00fcnya Otizm Fark\u0131ndal\u0131k G\u00fcn\u00fc\u2019nde, 2009\u2019dan beri y\u00fcr\u00fctt\u00fc\u011f\u00fcm\u00fcz \u201cOtizme Mavi I\u015f\u0131k Yak\u201d kampanyas\u0131n\u0131 bir ad\u0131m ileriye ta\u015f\u0131yarak oda\u011f\u0131m\u0131z\u0131 fark\u0131ndal\u0131ktan kapsay\u0131c\u0131l\u0131\u011fa \u00e7evirdik ve \u201cOtizme K\u0131rm\u0131z\u0131 I\u015f\u0131k Yak\u201d \u00e7a\u011fr\u0131s\u0131n\u0131 ba\u015flatt\u0131k.<\/li>\n<\/ul>\n<\/div>\n<\/div>\n<div class=\"timeline-item\">\n<div class=\"timeline-year\">2023<\/div>\n<div class=\"timeline-content\">\n<ul>\n \t<li>6 \u015eubat depremlerinden etkilenen otizmli \u00e7ocuklar i\u00e7in Milli E\u011fitim Bakanl\u0131\u011f\u0131 ve Sa\u011fl\u0131k Bakanl\u0131\u011f\u0131 i\u015f birli\u011fiyle deprem b\u00f6lgelerinde 5 \u00f6zel e\u011fitim konteyner s\u0131n\u0131f\u0131 a\u00e7t\u0131k.<\/li>\n \t<li>1928 e\u011fitici oyuncak ve teknolojik e\u011fitim kitini depremden etkilenen otizmli \u00e7ocuklara ula\u015ft\u0131rd\u0131k.<\/li>\n \t<li>Vakf\u0131m\u0131z\u0131n 20. kurulu\u015f y\u0131l\u0131n\u0131 kutlad\u0131k.<\/li>\n<\/ul>\n<\/div>\n<\/div>\n<div class=\"timeline-item\">\n<div class=\"timeline-year\">2024<\/div>\n<div class=\"timeline-content\">\n<ul>\n \t<li>\u201cD\u00fcnya\u2019da ve T\u00fcrkiye\u2019de Otizmin Son 20 Y\u0131l\u0131\u201d sempozyumunu d\u00fczenledik. Otizmin \u00fclkemizdeki ve d\u00fcnyadaki geli\u015fimini aktard\u0131\u011f\u0131m\u0131z bu etkinlikte, alan\u0131nda uzman konu\u015fmac\u0131lar\u0131n yan\u0131 s\u0131ra 3 otizmli gen\u00e7 de deneyimlerini payla\u015ft\u0131.<\/li>\n \t<li>\u0130stihdam ve \u0130\u015f Ko\u00e7u Departman\u0131 kuruldu. \u201cBenim ba\u015far\u0131 hikayem\u201d kamu spotumuz yay\u0131na al\u0131nd\u0131.<\/li>\n<\/ul>\n<\/div>\n<\/div>\n<\/div>\n<\/section><!-- SADECE BU BLO\u011eU DE\u011e\u0130\u015eT\u0130R -->\n\t\n\t<\/div>\n<\/div>\t\t\t\t\t\t\t\t<\/div>\n\t\t\t\t<\/div>\n\t\t\t\t\t<\/div>\n\t\t\t\t<\/div>\n\t\t<div class=\"elementor-element elementor-element-5a41a4f e-flex e-con-boxed e-con e-parent\" data-id=\"5a41a4f\" data-element_type=\"container\" data-e-type=\"container\">\n\t\t\t\t\t<div class=\"e-con-inner\">\n\t\t\t\t<div class=\"elementor-element elementor-element-b4666c0 elementor-widget elementor-widget-heading\" data-id=\"b4666c0\" data-element_type=\"widget\" data-e-type=\"widget\" data-widget_type=\"heading.default\">\n\t\t\t\t<div class=\"elementor-widget-container\">\n\t\t\t\t\t<h2 class=\"elementor-heading-title elementor-size-default\">\u00d6d\u00fcllerimiz<\/h2>\t\t\t\t<\/div>\n\t\t\t\t<\/div>\n\t\t\t\t<div class=\"elementor-element elementor-element-daf16d1 elementor-widget-divider--view-line elementor-widget elementor-widget-divider\" data-id=\"daf16d1\" data-element_type=\"widget\" data-e-type=\"widget\" data-widget_type=\"divider.default\">\n\t\t\t\t<div class=\"elementor-widget-container\">\n\t\t\t\t\t\t\t<div class=\"elementor-divider\">\n\t\t\t<span class=\"elementor-divider-separator\">\n\t\t\t\t\t\t<\/span>\n\t\t<\/div>\n\t\t\t\t\t\t<\/div>\n\t\t\t\t<\/div>\n\t\t\t\t<div class=\"elementor-element elementor-element-281c17e elementor-widget elementor-widget-text-editor\" data-id=\"281c17e\" data-element_type=\"widget\" data-e-type=\"widget\" data-widget_type=\"text-editor.default\">\n\t\t\t\t<div class=\"elementor-widget-container\">\n\t\t\t\t\t\t\t\t\t<link href=\"https:\/\/fonts.googleapis.com\/css2?family=Poppins:wght@700;800&#038;family=Inter:wght@400;500;700&#038;display=swap\" rel=\"stylesheet\" \/>\n\n<div id=\"tov-foundation\">\n  <style>\n    \/* ========= TOV Global \u2014 Renkler ve Elementor Bask\u0131lama ========= *\/\n    #tov-foundation * { box-sizing: border-box; }\n    #tov-foundation {\n      --tov-primary:#026D92;\n      --tov-accent:#FFD800;\n      --tov-warm:#FCB128;\n\n      --tov-ink:#222;\n      --tov-muted:#666;\n      --tov-border:#e9e9ee;\n      --tov-bg:#fafafa;\n\n      font-family: Inter, system-ui, -apple-system, Segoe UI, Roboto, Helvetica, Arial, \"Apple Color Emoji\",\"Segoe UI Emoji\" !important;\n      color: var(--tov-ink) !important;\n    }\n\n    #tov-foundation .container {\n      max-width:1200px;\n      margin:0 auto;\n      padding:0;\n    }\n\n    \/* ========= Kart ========= *\/\n    #tov-foundation .card {\nborder: 0px !important;\n    border-radius: 18px !important;\n    background: #fff !important;\n    padding: 0px;\n    margin: 0px;\n    }\n\n    \/* ========= Ba\u015fl\u0131klar ========= *\/\n    #tov-foundation .heading,\n    #tov-foundation .section-title {\n      font-family:Poppins, sans-serif !important;\n      font-weight:800 !important;\n      color:#111 !important;\n      position:relative !important;\n    }\n\n    #tov-foundation .heading {\n      font-size:clamp(28px, 3.4vw, 34px) !important;\n      line-height:1.15 !important;\n      margin:0 0 12px !important;\n      padding-bottom:12px !important;\n    }\n\n    #tov-foundation .heading::after {\n      content:\"\";\n      display:block;\n      width:72px;\n      height:5px;\n      background:var(--tov-accent);\n      border-radius:999px;\n      margin-top:8px;\n    }\n\n    #tov-foundation .section-title {\n      font-size:clamp(18px, 2.5vw, 22px) !important;\n      line-height:1.25 !important;\n      margin:0 0 14px !important;\n      padding-bottom:10px !important;\n    }\n\n    #tov-foundation .section-title::after {\n      content:\"\";\n      display:block;\n      width:60px;\n      height:4px;\n      background:var(--tov-accent);\n      border-radius:999px;\n      position:absolute;\n      left:0;\n      bottom:-2px;\n    }\n\n    \/* ========= Metinler ========= *\/\n    #tov-foundation .lead {\n      font-size:17px !important;\n      line-height:1.8 !important;\n      color:#333 !important;\n      margin:10px 0 0 !important;\n    }\n\n    #tov-foundation p {\n      margin:8px 0 !important;\n      line-height:1.8 !important;\n      font-size:16.5px !important;\n    }\n\n    #tov-foundation ul {\n      margin:10px 0 0 18px !important;\n      padding:0 !important;\n    }\n\n    #tov-foundation li {\n      margin:8px 0 !important;\n      line-height:1.8 !important;\n      font-size:16.5px !important;\n    }\n\n    #tov-foundation .intro-text {\n      margin-bottom:12px !important;\n    }\n\n    #tov-foundation .mission-list {\n      margin-top:14px !important;\n    }\n\n    \/* ========= Zaman \u00c7izelgesi ========= *\/\n    #tov-foundation .timeline {\n      position:relative !important;\n      margin-top:18px !important;\n      padding-left:0 !important;\n    }\n\n    #tov-foundation .timeline::before {\n      content:\"\";\n      position:absolute;\n      top:0;\n      bottom:0;\n      left:18px;\n      width:3px;\n      background:linear-gradient(180deg, var(--tov-primary) 0%, rgba(2,109,146,0.18) 100%);\n      border-radius:999px;\n    }\n\n    #tov-foundation .timeline-item {\n      position:relative !important;\n      display:grid !important;\n      grid-template-columns:120px 1fr !important;\n      gap:22px !important;\n      padding:0 0 26px 0 !important;\n      margin-left:0 !important;\n    }\n\n    #tov-foundation .timeline-item:last-child {\n      padding-bottom:0 !important;\n    }\n\n    #tov-foundation .timeline-item::before {\n      content:\"\";\n      position:absolute;\n      left:10px;\n      top:12px;\n      width:16px;\n      height:16px;\n      background:var(--tov-primary);\n      border:4px solid #fff;\n      border-radius:999px;\n      box-shadow:0 0 0 3px rgba(2,109,146,0.16);\n      z-index:1;\n    }\n\n    #tov-foundation .timeline-year {\n      font-family:Poppins, sans-serif !important;\n      font-weight:800 !important;\n      color:var(--tov-primary) !important;\n      font-size:24px !important;\n      line-height:1.2 !important;\n      padding-left:44px !important;\n      padding-top:6px !important;\n    }\n\n    #tov-foundation .timeline-content {\n      border:1px solid var(--tov-border) !important;\n      border-radius:16px !important;\n      background:linear-gradient(180deg, #ffffff 0%, #fbfdff 100%) !important;\n      padding:18px 20px !important;\n      box-shadow:\n        0 1px 0 rgba(2,109,146,0.03),\n        0 10px 24px rgba(2,109,146,0.05) !important;\n    }\n\n    #tov-foundation .timeline-content ul {\n      margin-top:0 !important;\n    }\n\n    \/* ========= Akordeon ========= *\/\n    #tov-foundation .accordion {\n      border:1px solid var(--tov-border) !important;\n      border-radius:16px !important;\n      overflow:hidden !important;\n      background:#fff !important;\n      box-shadow:\n        0 1px 0 rgba(2,109,146,0.03),\n        0 10px 24px rgba(2,109,146,0.05) !important;\n    }\n\n    #tov-foundation details {\n      border-top:1px solid var(--tov-border) !important;\n    }\n\n    #tov-foundation details:first-of-type {\n      border-top:none !important;\n    }\n\n    #tov-foundation summary {\n      list-style:none !important;\n      cursor:pointer !important;\n      padding:16px 18px !important;\n      display:flex !important;\n      align-items:center !important;\n      justify-content:space-between !important;\n      gap:10px !important;\n      font-family:Poppins, sans-serif !important;\n      font-weight:800 !important;\n      font-size:16.5px !important;\n      color:#0f172a !important;\n      background:#fff !important;\n    }\n\n    #tov-foundation summary::-webkit-details-marker {\n      display:none !important;\n    }\n\n    #tov-foundation .acc-title {\n      display:flex !important;\n      align-items:center !important;\n      gap:10px !important;\n      flex-wrap:wrap !important;\n    }\n\n    #tov-foundation .chev {\n      transition:transform .15s ease !important;\n      color:var(--tov-primary) !important;\n    }\n\n    #tov-foundation details[open] .chev {\n      transform:rotate(180deg) !important;\n    }\n\n    #tov-foundation .acc-body {\n      padding:2px 18px 18px 18px !important;\n    }\n\n    #tov-foundation .acc-body ul {\n      margin-top:0 !important;\n    }\n\n    #tov-foundation .acc-body ul ul {\n      margin-top:8px !important;\n    }\n\n    \/* ========= Elementor \u00e7ak\u0131\u015fma korumas\u0131 ========= *\/\n    #tov-foundation h1,\n    #tov-foundation h2,\n    #tov-foundation h3,\n    #tov-foundation p,\n    #tov-foundation ul,\n    #tov-foundation li {\n      color:inherit !important;\n      letter-spacing:normal !important;\n    }\n\n    \/* ========= Responsive ========= *\/\n    @media (max-width: 767px) {\n      #tov-foundation .card {\n        padding:22px !important;\n      }\n\n      #tov-foundation .timeline::before {\n        left:14px;\n      }\n\n      #tov-foundation .timeline-item {\n        grid-template-columns:1fr !important;\n        gap:10px !important;\n      }\n\n      #tov-foundation .timeline-item::before {\n        left:6px;\n      }\n\n      #tov-foundation .timeline-year {\n        padding-left:34px !important;\n        font-size:22px !important;\n      }\n\n      #tov-foundation .timeline-content {\n        margin-left:34px !important;\n      }\n    }\n  <\/style>\n\n  <div class=\"container\">\n\n\n\n  <!-- SADECE BU BLO\u011eU DE\u011e\u0130\u015eT\u0130R -->\n<!-- \u00d6d\u00fcllerimiz -->\n<section class=\"\">\n\n  <div class=\"timeline\">\n\n    <div class=\"timeline-item\">\n      <div class=\"timeline-year\">2015<\/div>\n\n      <div class=\"timeline-content\">\n        <ul>\n          <li>Kristal Elma \u00d6d\u00fclleri \/ Ben B\u00fcy\u00fcy\u00fcnce Kampanyas\u0131 \/ Dijital Kategori, Sosyal Sorumluluk ve Entegre Kampanya dal\u0131nda iki g\u00fcm\u00fc\u015f \u00f6d\u00fcl \/ 14 \u2013 16 Ekim 2015<\/li>\n          <li>Felis \u00d6d\u00fclleri \/ Ba\u015far\u0131 \u00d6d\u00fcl\u00fc \/ 19 \u2013 20 Kas\u0131m 2015<\/li>\n        <\/ul>\n      <\/div>\n    <\/div>\n\n    <div class=\"timeline-item\">\n      <div class=\"timeline-year\">2016<\/div>\n\n      <div class=\"timeline-content\">\n        <ul>\n          <li>Antalya \u0130\u015f Kad\u0131nlar\u0131 Derne\u011fi (Antikad) \/ Y\u0131l\u0131n Annesi Aylin Sezgin \/ 8 Mart 2016<\/li>\n          <li>\u0130BB SPOR A.\u015e. \/ Bas\u0131n Te\u015fvik ve Vefa \u00d6d\u00fclleri \/ Tohum Otizm Vakf\u0131 &#8211; STK \u00d6d\u00fcl\u00fc \/ 1 Nisan 2016<\/li>\n          <li>MEB \u00d6zel E\u011fitim ve Rehberlik Hizmetleri Genel M\u00fcd\u00fcrl\u00fc\u011f\u00fc Fikirler Yar\u0131\u015fs\u0131n, Engeller A\u015f\u0131ls\u0131n Tohum Otizm Vakf\u0131 Mansiyon \u00d6d\u00fcl\u00fc \/ 13 Ekim 2016<\/li>\n          <li>Classloom E\u011fitimde En \u0130yiler \u00d6d\u00fclleri \/ TOV S\u00fcrekli E\u011fitim Birimi Birincilik \u00d6d\u00fcl\u00fc, TOV E\u011fitim Portal\u0131 \u00dc\u00e7\u00fcnc\u00fcl\u00fck \u00d6d\u00fcl\u00fc, TOV Tablet Uygulamalar Mansiyon \u00d6d\u00fcl\u00fc \/ 24 Kas\u0131m 2016<\/li>\n        <\/ul>\n      <\/div>\n    <\/div>\n\n    <div class=\"timeline-item\">\n      <div class=\"timeline-year\">2017<\/div>\n\n      <div class=\"timeline-content\">\n        <ul>\n          <li>\u0130BB SPOR A.\u015e. \/ Bas\u0131n Te\u015fvik ve Vefa \u00d6d\u00fclleri \/ Tohum Otizm Vakf\u0131 &#8211; STK \u00d6d\u00fcl\u00fc \/ 23 Mart 2017<\/li>\n          <li>T\u00fcrkiye Engelsiz Bili\u015fim Platformu Engelsiz Bili\u015fim \u00d6d\u00fclleri \/ Tohum Otizm Vakf\u0131 Dinle Anla Mobil Uygulamas\u0131 Engelsiz Bili\u015fim \u00d6d\u00fcl\u00fc \/ 25 May\u0131s 2017<\/li>\n          <li>T\u00fcrkiye Ara\u015ft\u0131rmac\u0131lar Derne\u011fi Alt\u0131n Bayku\u015f \u00d6d\u00fcl\u00fc \/ T\u00fcrkiye\u2019deki Bireylerin Otizm Alg\u0131s\u0131 ve Bilgi D\u00fczeyi Ara\u015ft\u0131rmas\u0131 Sosyal Bayku\u015f \u00d6d\u00fcl\u00fc \/ 13 Eyl\u00fcl 2017<\/li>\n\n          <li>\n            Kristal Elma \u00d6d\u00fclleri \/ 5 -6 Ekim 2017 Bu Bir \u015eaka De\u011fil Kampanyas\u0131\n            <ul>\n              <li>En Yarat\u0131c\u0131 Sosyal Sorumluluk Kampanyas\u0131 Bronz \u00d6d\u00fcl<\/li>\n              <li>1.6\u2019n\u0131n Sesi Kampanyas\u0131 Radyo Kategorisi Bronz \u00d6d\u00fcl<\/li>\n              <li>1.6\u2019n\u0131n Sesi Kampanyas\u0131 Radyo G\u00fcm\u00fc\u015f \u00d6d\u00fcl<\/li>\n            <\/ul>\n          <\/li>\n\n          <li>\n            MediCat Felis \u00d6d\u00fclleri Bu Bir \u015eaka De\u011fil Kampanyas\u0131 \/ 7 \u2013 8 Kas\u0131m 2017\n            <ul>\n              <li>Sa\u011fl\u0131k \u0130leti\u015fimi \u00d6d\u00fclleri: En \u0130yi Sosyal Medya Kullan\u0131m\u0131 &amp; G\u00fcnem Ba\u011flant\u0131l\u0131 ya da Ger\u00e7ek Zamanl\u0131 Pazarlama Aktiviteleri<\/li>\n              <li>PR \u00d6d\u00fclleri: Sosyal Medya ve Dijital Topluluk Y\u00f6netimi<\/li>\n              <li>Sosyal sorumluluk ve s\u00fcrd\u00fcr\u00fclebilirlik \u00f6d\u00fclleri: Sivil Toplum Kurulu\u015flar\u0131 projeleri (1 Felis + 1 Ba\u015far\u0131)<\/li>\n            <\/ul>\n          <\/li>\n        <\/ul>\n      <\/div>\n    <\/div>\n\n    <div class=\"timeline-item\">\n      <div class=\"timeline-year\">2018<\/div>\n\n      <div class=\"timeline-content\">\n        <ul>\n          <li>EFFIE AWARDS \/ Sivil Toplum Kurulu\u015flar\u0131 Kategorisi \/ Bu Bir \u015eaka De\u011fil Kampanyas\u0131- Bronz \u00d6d\u00fcl \/ 10 May\u0131s 2018<\/li>\n\n          <li>\n            Kristal Elma \u00d6d\u00fclleri \/ 5-6 Ekim 2018\n            <ul>\n              <li>ONLARA B\u0130R \u015eANS VER\u0130N KAMPANYASI \/ Medya Kullan\u0131m\u0131 \/ Bas\u0131n Uygulamas\u0131 \/ G\u00dcM\u00dc\u015e<\/li>\n              <li>SEMPTOM SPOT KAMPANYASI (BEST FM \u2013 TEKNOSA) \/ Medya Kullan\u0131m\u0131 \/ Bas\u0131n Uygulamas\u0131 \/ G\u00dcM\u00dc\u015e<\/li>\n              <li>Kurumsal \u0130maj ve Toplumsal Sorumluluk \/ Radyo \/ BRONZ<\/li>\n              <li>BEKLENMED\u0130K J\u0130NGLE KAMPANYASI (Radyo D) \/ Medya Kullan\u0131m\u0131 \/ Radyo \/ G\u00fcm\u00fc\u015f<\/li>\n            <\/ul>\n          <\/li>\n\n          <li>\n            MediaCat Felis \u00d6d\u00fclleri \/ 8-9 Kas\u0131m 2018\n            <ul>\n              <li>ONLARA B\u0130R \u015eANS VER\u0130N KAMPANYASI<\/li>\n              <li>Sa\u011fl\u0131k \u0130leti\u015fim B\u00f6l\u00fcm\u00fc \/ Felis B\u00fcy\u00fck \u00d6d\u00fcl<\/li>\n              <li>Medya- Kategori: Bas\u0131n Kullan\u0131m\u0131 \/ Felis<\/li>\n              <li>Sa\u011fl\u0131k- Kategori: Bas\u0131n \u0130lan \/ Felis<\/li>\n              <li>Sa\u011fl\u0131k- Bilin\u00e7lendirme \u2013 Kategori: Fark\u0131ndal\u0131k Kampanyas\u0131 \/ Felis<\/li>\n              <li>Sa\u011fl\u0131k- Kategori: Engellilere Y\u00f6nelik \/ Felis<\/li>\n              <li>Sa\u011fl\u0131k- Kategori: Ger\u00e7ek Zamanl\u0131 Pazarlama Aktiviteleri \/ Ba\u015far\u0131<\/li>\n              <li>SEMPTOM SPOT KAMPANYASI Sa\u011fl\u0131k \u2013 Kategori: Radyo Reklam\u0131 \/ Ba\u015far\u0131 \/ (BEST FM \u2013 TEKNOSA)<\/li>\n              <li>BEKLENMED\u0130K J\u0130NGLE KAMPANYASI (Radyo D) \/ Medya &#8211; Kategori: Radyo Kullan\u0131m\u0131 \/ Ba\u015far\u0131 \u00d6d\u00fcl\u00fc<\/li>\n            <\/ul>\n          <\/li>\n\n          <li>MEB \u00d6zel E\u011fitim ve Rehberlik Hizmetleri Genel M\u00fcd\u00fcrl\u00fc\u011f\u00fc \/ III. \u00d6zel E\u011fitim ve Rehberlik Hizmetleri Materyal ve Etkinlik Yar\u0131\u015fmas\u0131 Ba\u015far\u0131 \u00d6d\u00fcl\u00fc (\u00d6\u011fretmen Neslihan G\u00fcng\u00f6r) \/ 13 Aral\u0131k 2018<\/li>\n        <\/ul>\n      <\/div>\n    <\/div>\n\n    <div class=\"timeline-item\">\n      <div class=\"timeline-year\">2019<\/div>\n\n      <div class=\"timeline-content\">\n        <ul>\n          <li>Global Sa\u011fl\u0131k \u00dcniversiteleri Konsorsiyumu (CUGH) ve Johns Hopkins Bloomberg School of Public Health&#8217;in Global Health NOW Platformu \/ 2019 Anlat\u0131lmam\u0131\u015f Global Sa\u011fl\u0131k Hik\u00e2yeleri Yar\u0131\u015fmas\u0131&#8217;n\u0131n Kazanan\u0131 \u00d6d\u00fcl\u00fc \/ Tohum Otizm Vakf\u0131 &amp; IBM \/ Mart 2019<\/li>\n\n          <li>FARKLI B\u0130R OKUL PROJES\u0130 \/ Cannes Lions Uluslararas\u0131 Reklamc\u0131l\u0131k \u00d6d\u00fclleri, Medya Kategorisi, Shortlist \/ Haziran 2019<\/li>\n\n          <li>T\u00fcrkiye Ara\u015ft\u0131rmac\u0131lar Derne\u011fi Alt\u0131n Bayku\u015f \u00d6d\u00fcl\u00fc \/ T\u00fcrkiye\u2019deki Bireylerin Otizm Alg\u0131s\u0131 ve Bilgi D\u00fczeyi Ara\u015ft\u0131rmas\u0131 Sosyal Bayku\u015f Kategorisi Alt\u0131n \u00d6d\u00fcl\u00fc \/ 3 Eyl\u00fcl 2019<\/li>\n\n          <li>FARKLI B\u0130R OKUL PROJES\u0130 \/ Clio Uluslararas\u0131 Reklamc\u0131l\u0131k \u00d6d\u00fclleri, \u00dcr\u00fcn \u0130novasyonu Kategorisi, Bronz Clio \/ 4 Eyl\u00fcl 2019<\/li>\n\n          <li>S\u00fcrd\u00fcr\u00fclebilir \u0130\u015f \u00d6d\u00fclleri 2019 \/ Eker\u2019le Otizmli Bireyler \u0130\u015f G\u00fcc\u00fcnde Projesi \/ 17 Ekim 2019<\/li>\n\n          <li>\n            MediaCat Felis \u00d6d\u00fclleri \/ 7-8 Kas\u0131m 2019\n            <ul>\n              <li>FARKLI B\u0130R OKUL<\/li>\n              <li>Dijital- B\u00fcy\u00fck \u00d6d\u00fcl<\/li>\n              <li>Markal\u0131 \u0130\u00e7erik ve E\u011flence &#8211; B\u00fcy\u00fck \u00d6d\u00fcl<\/li>\n              <li>Dijital- Markal\u0131 Teknoloji ve Dijital Hizmetler &#8211; Felis<\/li>\n              <li>Dijital- Ufuk A\u00e7an Dijital Fikirler \u2013 Felis<\/li>\n              <li>Medya &#8211; Dijital Platform Kullan\u0131m\u0131 &#8211; Felis<\/li>\n              <li>Markal\u0131 \u0130\u00e7erik ve E\u011flence &#8211; Dijital veya Sosyal Medyan\u0131n Kullan\u0131m\u0131 ya da Entegrasyonu &#8211; Felis<\/li>\n              <li>Markal\u0131 \u0130\u00e7erik ve E\u011flence &#8211; Dijital Oyunlara \u00dcr\u00fcn \/ Marka Yerle\u015ftirme &#8211; Felis<\/li>\n              <li>Sa\u011fl\u0131k \u0130leti\u015fimi- Ger\u00e7ek Zamanl\u0131 Pazarlama Aktiviteleri \u2013 Felis<\/li>\n              <li>Sa\u011fl\u0131k \u0130leti\u015fimi- Advergame \/ Gamification \/ Animasyon Film ve Kurgu Uygulamas\u0131 \u2013 Felis<\/li>\n              <li>Sa\u011fl\u0131k \u0130leti\u015fimi- Bilin\u00e7lendirme \/ Fark\u0131ndal\u0131k Kampanyas\u0131 \u2013 Felis<\/li>\n              <li>Sa\u011fl\u0131k \u0130leti\u015fimi- \u0130\u00e7erik Y\u00f6netimi \u2013 Felis<\/li>\n              <li>Sosyal Sorumluluk &amp; S\u00fcrd\u00fcrebilirlik- E\u011fitim Alan\u0131 \u2013 Felis<\/li>\n              <li>Sosyal Sorumluluk &amp; S\u00fcrd\u00fcrebilirlik &#8211; \u00c7ocuklara ve Gen\u00e7lere Y\u00f6nelik \u2013 Felis<\/li>\n              <li>Sosyal Sorumluluk &amp; S\u00fcrd\u00fcrebilirlik &#8211; \u00d6zel Hedef Kitlelere Y\u00f6nelik \u2013 Felis<\/li>\n              <li>Dijital &#8211; Dijital Platform Kullanan Do\u011frudan Pazarlama Aktiviteleri &#8211; Ba\u015far\u0131<\/li>\n              <li>Mobil &#8211; Ufuk A\u00e7an Dijital Fikirler &#8211; Ba\u015far\u0131<\/li>\n              <li>Medya &#8211; Paradigma De\u011fi\u015ftiren Projeler (Yeni Mecra)- Ba\u015far\u0131<\/li>\n              <li>Medya &#8211; T\u00fcketiciyle Ba\u011f Kurma (Consumer Engagement) &#8211; Ba\u015far\u0131<\/li>\n              <li>PR &#8211; S\u00fcrd\u00fcr\u00fclebilirlik Y\u00f6netimi \u2013 Ba\u015far\u0131<\/li>\n              <li>Sosyal Sorumluluk &amp; S\u00fcrd\u00fcrebilirlik &#8211; Dijital \/ Mobil\u2013 Ba\u015far\u0131<\/li>\n            <\/ul>\n          <\/li>\n        <\/ul>\n      <\/div>\n    <\/div>\n\n    <div class=\"timeline-item\">\n      <div class=\"timeline-year\">2020<\/div>\n\n      <div class=\"timeline-content\">\n        <ul>\n          <li>D&amp;AD \/ FARKLI B\u0130R OKUL \/ In-Game Advertising Kategorisi &#8211; Wood Pencil \/ Haziran 2020<\/li>\n          <li>AD STARS 2020 \/ FARKLI B\u0130R OKUL \/ Diverse Insights Kategorisi \u2013 G\u00fcm\u00fc\u015f \/ A\u011fustos 2020<\/li>\n          <li>7. The Stevies Awards \/ Otizmli Bireyler Eker\u2018le \u0130\u015f G\u00fcc\u00fcnde \/ Avrupa&#8217;n\u0131n En \u0130yi Kurumsal Sosyal Sorumluluk Projesi Kategorisi &#8211; Alt\u0131n \/ Eyl\u00fcl 2020<\/li>\n          <li>15. Felis \u00d6d\u00fclleri \/ Herkes Ayn\u0131 Olsa \/ Sosyal Sorumluluk &amp; S\u00fcrd\u00fcrebilirlik \/ E\u011fitim Alan\u0131 &#8211; Engellilere Y\u00f6nelik Kategorileri &#8211; Ba\u015far\u0131 \/ 12 \u2013 13 Kas\u0131m<\/li>\n          <li>40. Loeries 2020 \/ FARKLI B\u0130R OKUL \/ 1 G\u00fcm\u00fc\u015f Loerie \/ Kas\u0131m 2020<\/li>\n        <\/ul>\n      <\/div>\n    <\/div>\n\n    <div class=\"timeline-item\">\n      <div class=\"timeline-year\">2021<\/div>\n\n      <div class=\"timeline-content\">\n        <ul>\n          <li>6. Arel Medya \u201cY\u0131l\u0131n En\u201dleri \/ T\u00fcrkiye Otizm A\u011f\u0131 G\u00fc\u00e7lendirme Projesi \/ Ulusal Otizm Eylem Plan\u0131 Hayata Ge\u00e7sin Kampanyas\u0131 \/ Y\u0131l\u0131n En Be\u011fenilen Sosyal Sorumluluk Projesi \/ Ocak 2021<\/li>\n          <li>EFFIE AWARDS \/ Sivil Toplum Kurulu\u015flar\u0131 E\u011fitime Ula\u015fmalar\u0131 Payla\u015ft\u0131k\u00e7a Kolayla\u015facak &#8211; G\u00fcm\u00fc\u015f \u00d6d\u00fcl \/ May\u0131s 2021<\/li>\n          <li>Uluslararas\u0131 Kurumsal Sosyal Sorumluluk M\u00fckemmellik \u00d6d\u00fclleri \/ Otizmli Bireyler Eker\u2018le \u0130\u015f G\u00fcc\u00fcnde \/ E\u015fit F\u0131rsatlar Kategorisi, KSS D\u00fcnya Lideri &#8211; Alt\u0131n \/ A\u011fustos 2021<\/li>\n          <li>GOLDEN DRUM \/ FARKLI B\u0130R OKUL \/ Bronz \/ Eyl\u00fcl 2021<\/li>\n        <\/ul>\n      <\/div>\n    <\/div>\n\n    <div class=\"timeline-item\">\n      <div class=\"timeline-year\">2022<\/div>\n\n      <div class=\"timeline-content\">\n        <ul>\n          <li>17. Felis \u00d6d\u00fclleri \/ Sosyal Sorumluluk &amp; S\u00fcrd\u00fcr\u00fclebilirlik \/ Engelsiz Ya\u015fam Hakk\u0131 \/ Otizmli Bireyler \u0130\u015f G\u00fcc\u00fcnde &#8211; Felis \/ 10 \u2013 11 Kas\u0131m<\/li>\n          <li>17. Felis \u00d6d\u00fclleri \/ Yoksullukla M\u00fccadele ve K\u0131r\u0131lgan Gruplara Destek \/ G\u00f6nye &#8211; Ba\u015far\u0131 \/ 10 \u2013 11 Kas\u0131m<\/li>\n        <\/ul>\n      <\/div>\n    <\/div>\n\n    <div class=\"timeline-item\">\n      <div class=\"timeline-year\">2023<\/div>\n\n      <div class=\"timeline-content\">\n        <ul>\n          <li>Brandverse Awards \/ Sosyal Sorumluluk ve S\u00fcrd\u00fcr\u00fclebilirlik \/ Otizmli Bireyler Eker\u2018le \u0130\u015f G\u00fcc\u00fcnde \/ Grand Prix \/ 16 Haziran<\/li>\n          <li>Brandverse Awards \/ Sosyal Sorumluluk ve S\u00fcrd\u00fcr\u00fclebilirlik \/ Otizmli Bireyler Eker\u2018le \u0130\u015f G\u00fcc\u00fcnde \/ Toplumsal E\u015fitlik &#8211; Alt\u0131n \/ 16 Haziran<\/li>\n          <li>Engelsiz Bili\u015fim \u00d6d\u00fclleri \/ E\u011fitim \/ Do\u011fal \u00d6\u011fretim Projesi \/ Engelsiz Bili\u015fim E\u011fitim \u00d6d\u00fcl\u00fc \/ 20 Eyl\u00fcl 2023<\/li>\n          <li>D\u00fcnya Gazetesi \/ Toplumsal Fayda \/ Otizmli Bireyler Eker\u2018le \u0130\u015f G\u00fcc\u00fcnde \/ J\u00fcri \u00d6zel \u00d6d\u00fcl\u00fc \/ Kas\u0131m 2023<\/li>\n          <li>T\u0130SK Ortak Yar\u0131nlar \/ \u00c7e\u015fitlilik ve Kapsay\u0131c\u0131l\u0131k \/ Otizmli Bireyler Lojistikte \/ 1 Aral\u0131k<\/li>\n        <\/ul>\n      <\/div>\n    <\/div>\n\n    <div class=\"timeline-item\">\n      <div class=\"timeline-year\">2024<\/div>\n\n      <div class=\"timeline-content\">\n        <ul>\n          <li>8. \u0130brahim Bodur Sosyal Giri\u015fim \u00d6d\u00fclleri \/ \u0130\u015f Birli\u011fi Kategorisi \/ Otizmli \u00c7ocuklar Oyunda \/ \u0130\u015f Birli\u011fi \u00d6d\u00fcl\u00fc \/ 5 Haziran 2024<\/li>\n        <\/ul>\n      <\/div>\n    <\/div>\n\n    <div class=\"timeline-item\">\n      <div class=\"timeline-year\">2025<\/div>\n\n      <div class=\"timeline-content\">\n        <ul>\n          <li>\u00dcsk\u00fcdar \u00dcniversitesi \/ 24 Alt\u0131n De\u011fer Kategorisinde Y\u00fcksek \u0130nsani De\u011fer \u00d6d\u00fcl\u00fc \/ 11 Nisan 2025<\/li>\n        <\/ul>\n      <\/div>\n    <\/div>\n\n  <\/div>\n<\/section>\n\n  <\/div>\n<\/div>\t\t\t\t\t\t\t\t<\/div>\n\t\t\t\t<\/div>\n\t\t\t\t\t<\/div>\n\t\t\t\t<\/div>\n\t\t\t\t<\/div>\n\t\t","protected":false},"excerpt":{"rendered":"<p>Biz Kimiz? Hakk\u0131m\u0131zda Tohum Otizm Vakf\u0131 Tohum T\u00fcrkiye Otizm Erken Tan\u0131 ve E\u011fitim Vakf\u0131, \u201cOtizm Spektrum Bozuklu\u011fu\u201d olan \u00e7ocuklar\u0131n erken tan\u0131s\u0131n\u0131n konulmas\u0131, \u00f6zel e\u011fitimi ile topluma ba\u011f\u0131ms\u0131z bireyler olarak kazand\u0131r\u0131lmas\u0131na \u00f6nc\u00fcl\u00fck edilmesi ve bunun yurt \u00e7ap\u0131nda yayg\u0131nla\u015ft\u0131r\u0131lmas\u0131 amac\u0131yla, kar amac\u0131 g\u00fctmeyen ve kamu yarar\u0131n\u0131 g\u00f6zeten bir sa\u011fl\u0131k ve e\u011fitim vakf\u0131 olarak 2003 y\u0131l\u0131nda kurulmu\u015ftur. Misyonumuz<\/p>","protected":false},"author":1,"featured_media":0,"parent":4133,"menu_order":0,"comment_status":"open","ping_status":"closed","template":"elementor_header_footer","meta":{"footnotes":""},"class_list":["post-4560","page","type-page","status-publish","hentry"],"yoast_head":"<!-- This site is optimized with the Yoast SEO Premium plugin v28.3 (Yoast SEO v28.3) - https:\/\/yoast.com\/product\/yoast-seo-premium-wordpress\/ -->\n<title>Hakk\u0131m\u0131zda - Tohum Otizm Vakf\u0131 | Otizmin Tek \u00c7aresi E\u011fitim<\/title>\n<meta name=\"robots\" content=\"index, follow, max-snippet:-1, max-image-preview:large, max-video-preview:-1\" \/>\n<link rel=\"canonical\" href=\"https:\/\/wp1.sedaozcan.net.tr\/en\/biz-kimiz\/hakkimizda\/\" \/>\n<meta property=\"og:locale\" content=\"en_US\" \/>\n<meta property=\"og:type\" content=\"article\" \/>\n<meta property=\"og:title\" content=\"Hakk\u0131m\u0131zda\" \/>\n<meta property=\"og:description\" content=\"Biz Kimiz? Hakk\u0131m\u0131zda Tohum Otizm Vakf\u0131 Tohum T\u00fcrkiye Otizm Erken Tan\u0131 ve E\u011fitim Vakf\u0131, \u201cOtizm Spektrum Bozuklu\u011fu\u201d olan \u00e7ocuklar\u0131n erken tan\u0131s\u0131n\u0131n konulmas\u0131, \u00f6zel e\u011fitimi ile topluma ba\u011f\u0131ms\u0131z bireyler olarak kazand\u0131r\u0131lmas\u0131na \u00f6nc\u00fcl\u00fck edilmesi ve bunun yurt \u00e7ap\u0131nda yayg\u0131nla\u015ft\u0131r\u0131lmas\u0131 amac\u0131yla, kar amac\u0131 g\u00fctmeyen ve kamu yarar\u0131n\u0131 g\u00f6zeten bir sa\u011fl\u0131k ve e\u011fitim vakf\u0131 olarak 2003 y\u0131l\u0131nda kurulmu\u015ftur. Misyonumuz\" \/>\n<meta property=\"og:url\" content=\"https:\/\/wp1.sedaozcan.net.tr\/en\/biz-kimiz\/hakkimizda\/\" \/>\n<meta property=\"og:site_name\" content=\"Tohum Otizm Vakf\u0131 | Otizmin Tek \u00c7aresi E\u011fitim\" \/>\n<meta property=\"article:modified_time\" content=\"2026-08-14T12:44:20+00:00\" \/>\n<meta name=\"twitter:card\" content=\"summary_large_image\" \/>\n<meta name=\"twitter:label1\" content=\"Est. reading time\" \/>\n\t<meta name=\"twitter:data1\" content=\"12 minutes\" \/>\n<script type=\"application\/ld+json\" class=\"yoast-schema-graph\">{\"@context\":\"https:\\\/\\\/schema.org\",\"@graph\":[{\"@type\":\"WebPage\",\"@id\":\"https:\\\/\\\/wp1.sedaozcan.net.tr\\\/biz-kimiz\\\/hakkimizda\\\/\",\"url\":\"https:\\\/\\\/wp1.sedaozcan.net.tr\\\/biz-kimiz\\\/hakkimizda\\\/\",\"name\":\"Hakk\u0131m\u0131zda - Tohum Otizm Vakf\u0131 | Otizmin Tek \u00c7aresi E\u011fitim\",\"isPartOf\":{\"@id\":\"https:\\\/\\\/wp1.sedaozcan.net.tr\\\/#website\"},\"datePublished\":\"2025-10-01T18:29:31+00:00\",\"dateModified\":\"2026-08-14T12:44:20+00:00\",\"breadcrumb\":{\"@id\":\"https:\\\/\\\/wp1.sedaozcan.net.tr\\\/biz-kimiz\\\/hakkimizda\\\/#breadcrumb\"},\"inLanguage\":\"en-US\",\"potentialAction\":[{\"@type\":\"ReadAction\",\"target\":[\"https:\\\/\\\/wp1.sedaozcan.net.tr\\\/biz-kimiz\\\/hakkimizda\\\/\"]}]},{\"@type\":\"BreadcrumbList\",\"@id\":\"https:\\\/\\\/wp1.sedaozcan.net.tr\\\/biz-kimiz\\\/hakkimizda\\\/#breadcrumb\",\"itemListElement\":[{\"@type\":\"ListItem\",\"position\":1,\"name\":\"Home\",\"item\":\"https:\\\/\\\/wp1.sedaozcan.net.tr\\\/\"},{\"@type\":\"ListItem\",\"position\":2,\"name\":\"Biz Kimiz?\",\"item\":\"https:\\\/\\\/wp1.sedaozcan.net.tr\\\/biz-kimiz\\\/\"},{\"@type\":\"ListItem\",\"position\":3,\"name\":\"Hakk\u0131m\u0131zda\"}]},{\"@type\":\"WebSite\",\"@id\":\"https:\\\/\\\/wp1.sedaozcan.net.tr\\\/#website\",\"url\":\"https:\\\/\\\/wp1.sedaozcan.net.tr\\\/\",\"name\":\"Tohum Otizm Vakf\u0131 | Otizmin Tek \u00c7aresi E\u011fitim\",\"description\":\"\",\"potentialAction\":[{\"@type\":\"SearchAction\",\"target\":{\"@type\":\"EntryPoint\",\"urlTemplate\":\"https:\\\/\\\/wp1.sedaozcan.net.tr\\\/?s={search_term_string}\"},\"query-input\":{\"@type\":\"PropertyValueSpecification\",\"valueRequired\":true,\"valueName\":\"search_term_string\"}}],\"inLanguage\":\"en-US\"},{\"@type\":\"ImageObject\",\"inLanguage\":\"en-US\",\"@id\":\"https:\\\/\\\/wp1.sedaozcan.net.tr\\\/biz-kimiz\\\/hakkimizda\\\/#local-main-organization-logo\",\"url\":\"\",\"contentUrl\":\"\",\"caption\":\"Tohum Otizm Vakf\u0131 | Otizmin Tek \u00c7aresi E\u011fitim\"}]}<\/script>\n<!-- \/ Yoast SEO Premium plugin. -->","yoast_head_json":{"title":"Hakk\u0131m\u0131zda - Tohum Otizm Vakf\u0131 | Otizmin Tek \u00c7aresi E\u011fitim","robots":{"index":"index","follow":"follow","max-snippet":"max-snippet:-1","max-image-preview":"max-image-preview:large","max-video-preview":"max-video-preview:-1"},"canonical":"https:\/\/wp1.sedaozcan.net.tr\/en\/biz-kimiz\/hakkimizda\/","og_locale":"en_US","og_type":"article","og_title":"Hakk\u0131m\u0131zda","og_description":"Biz Kimiz? Hakk\u0131m\u0131zda Tohum Otizm Vakf\u0131 Tohum T\u00fcrkiye Otizm Erken Tan\u0131 ve E\u011fitim Vakf\u0131, \u201cOtizm Spektrum Bozuklu\u011fu\u201d olan \u00e7ocuklar\u0131n erken tan\u0131s\u0131n\u0131n konulmas\u0131, \u00f6zel e\u011fitimi ile topluma ba\u011f\u0131ms\u0131z bireyler olarak kazand\u0131r\u0131lmas\u0131na \u00f6nc\u00fcl\u00fck edilmesi ve bunun yurt \u00e7ap\u0131nda yayg\u0131nla\u015ft\u0131r\u0131lmas\u0131 amac\u0131yla, kar amac\u0131 g\u00fctmeyen ve kamu yarar\u0131n\u0131 g\u00f6zeten bir sa\u011fl\u0131k ve e\u011fitim vakf\u0131 olarak 2003 y\u0131l\u0131nda kurulmu\u015ftur. Misyonumuz","og_url":"https:\/\/wp1.sedaozcan.net.tr\/en\/biz-kimiz\/hakkimizda\/","og_site_name":"Tohum Otizm Vakf\u0131 | Otizmin Tek \u00c7aresi E\u011fitim","article_modified_time":"2026-08-14T12:44:20+00:00","twitter_card":"summary_large_image","twitter_misc":{"Est. reading time":"12 minutes"},"schema":{"@context":"https:\/\/schema.org","@graph":[{"@type":"WebPage","@id":"https:\/\/wp1.sedaozcan.net.tr\/biz-kimiz\/hakkimizda\/","url":"https:\/\/wp1.sedaozcan.net.tr\/biz-kimiz\/hakkimizda\/","name":"Hakk\u0131m\u0131zda - Tohum Otizm Vakf\u0131 | Otizmin Tek \u00c7aresi E\u011fitim","isPartOf":{"@id":"https:\/\/wp1.sedaozcan.net.tr\/#website"},"datePublished":"2025-10-01T18:29:31+00:00","dateModified":"2026-08-14T12:44:20+00:00","breadcrumb":{"@id":"https:\/\/wp1.sedaozcan.net.tr\/biz-kimiz\/hakkimizda\/#breadcrumb"},"inLanguage":"en-US","potentialAction":[{"@type":"ReadAction","target":["https:\/\/wp1.sedaozcan.net.tr\/biz-kimiz\/hakkimizda\/"]}]},{"@type":"BreadcrumbList","@id":"https:\/\/wp1.sedaozcan.net.tr\/biz-kimiz\/hakkimizda\/#breadcrumb","itemListElement":[{"@type":"ListItem","position":1,"name":"Home","item":"https:\/\/wp1.sedaozcan.net.tr\/"},{"@type":"ListItem","position":2,"name":"Biz Kimiz?","item":"https:\/\/wp1.sedaozcan.net.tr\/biz-kimiz\/"},{"@type":"ListItem","position":3,"name":"Hakk\u0131m\u0131zda"}]},{"@type":"WebSite","@id":"https:\/\/wp1.sedaozcan.net.tr\/#website","url":"https:\/\/wp1.sedaozcan.net.tr\/","name":"Tohum Autism Foundation | The Only Remedy for Autism is Education","description":"","potentialAction":[{"@type":"SearchAction","target":{"@type":"EntryPoint","urlTemplate":"https:\/\/wp1.sedaozcan.net.tr\/?s={search_term_string}"},"query-input":{"@type":"PropertyValueSpecification","valueRequired":true,"valueName":"search_term_string"}}],"inLanguage":"en-US"},{"@type":"ImageObject","inLanguage":"en-US","@id":"https:\/\/wp1.sedaozcan.net.tr\/biz-kimiz\/hakkimizda\/#local-main-organization-logo","url":"","contentUrl":"","caption":"Tohum Otizm Vakf\u0131 | Otizmin Tek \u00c7aresi E\u011fitim"}]}},"_links":{"self":[{"href":"https:\/\/wp1.sedaozcan.net.tr\/en\/wp-json\/wp\/v2\/pages\/4560","targetHints":{"allow":["GET"]}}],"collection":[{"href":"https:\/\/wp1.sedaozcan.net.tr\/en\/wp-json\/wp\/v2\/pages"}],"about":[{"href":"https:\/\/wp1.sedaozcan.net.tr\/en\/wp-json\/wp\/v2\/types\/page"}],"author":[{"embeddable":true,"href":"https:\/\/wp1.sedaozcan.net.tr\/en\/wp-json\/wp\/v2\/users\/1"}],"replies":[{"embeddable":true,"href":"https:\/\/wp1.sedaozcan.net.tr\/en\/wp-json\/wp\/v2\/comments?post=4560"}],"version-history":[{"count":157,"href":"https:\/\/wp1.sedaozcan.net.tr\/en\/wp-json\/wp\/v2\/pages\/4560\/revisions"}],"predecessor-version":[{"id":10571,"href":"https:\/\/wp1.sedaozcan.net.tr\/en\/wp-json\/wp\/v2\/pages\/4560\/revisions\/10571"}],"up":[{"embeddable":true,"href":"https:\/\/wp1.sedaozcan.net.tr\/en\/wp-json\/wp\/v2\/pages\/4133"}],"wp:attachment":[{"href":"https:\/\/wp1.sedaozcan.net.tr\/en\/wp-json\/wp\/v2\/media?parent=4560"}],"curies":[{"name":"wp","href":"https:\/\/api.w.org\/{rel}","templated":true}]}}