{"version":"1.0","provider_name":"Tohum Autism Foundation | The Only Remedy for Autism is Education","provider_url":"https:\/\/wp1.sedaozcan.net.tr\/en","author_name":"Tohum Otizm","author_url":"https:\/\/wp1.sedaozcan.net.tr\/en\/author\/admin_3ewju0jt\/","title":"Otizmle \u0130lgili Do\u011fru Bilinen Yanl\u0131\u015flar","type":"rich","width":600,"height":338,"html":"<blockquote class=\"wp-embedded-content\" data-secret=\"62vDp3NHb4\"><a href=\"https:\/\/wp1.sedaozcan.net.tr\/en\/otizmle-ilgili-dogru-bilinen-yanlislar-2\/\">Common Misconceptions About Autism<\/a><\/blockquote><iframe sandbox=\"allow-scripts\" security=\"restricted\" src=\"https:\/\/wp1.sedaozcan.net.tr\/en\/otizmle-ilgili-dogru-bilinen-yanlislar-2\/embed\/#?secret=62vDp3NHb4\" width=\"600\" height=\"338\" title=\"&#8220;Otizmle \u0130lgili Do\u011fru Bilinen Yanl\u0131\u015flar&#8221; &#8212; Tohum Otizm Vakf\u0131 | Otizmin Tek \u00c7aresi E\u011fitim\" data-secret=\"62vDp3NHb4\" frameborder=\"0\" marginwidth=\"0\" marginheight=\"0\" scrolling=\"no\" class=\"wp-embedded-content\"><\/iframe><script>\n\/*! This file is auto-generated *\/\n!function(d,l){\"use strict\";l.querySelector&&d.addEventListener&&\"undefined\"!=typeof URL&&(d.wp=d.wp||{},d.wp.receiveEmbedMessage||(d.wp.receiveEmbedMessage=function(e){var t=e.data;if((t||t.secret||t.message||t.value)&&!\/[^a-zA-Z0-9]\/.test(t.secret)){for(var s,r,n,a=l.querySelectorAll('iframe[data-secret=\"'+t.secret+'\"]'),o=l.querySelectorAll('blockquote[data-secret=\"'+t.secret+'\"]'),c=new RegExp(\"^https?:$\",\"i\"),i=0;i<o.length;i++)o[i].style.display=\"none\";for(i=0;i<a.length;i++)s=a[i],e.source===s.contentWindow&&(s.removeAttribute(\"style\"),\"height\"===t.message?(1e3<(r=parseInt(t.value,10))?r=1e3:~~r<200&&(r=200),s.height=r):\"link\"===t.message&&(r=new URL(s.getAttribute(\"src\")),n=new URL(t.value),c.test(n.protocol))&&n.host===r.host&&l.activeElement===s&&(d.top.location.href=t.value))}},d.addEventListener(\"message\",d.wp.receiveEmbedMessage,!1),l.addEventListener(\"DOMContentLoaded\",function(){for(var e,t,s=l.querySelectorAll(\"iframe.wp-embedded-content\"),r=0;r<s.length;r++)(t=(e=s[r]).getAttribute(\"data-secret\"))||(t=Math.random().toString(36).substring(2,12),e.src+=\"#?secret=\"+t,e.setAttribute(\"data-secret\",t)),e.contentWindow.postMessage({message:\"ready\",secret:t},\"*\")},!1)))}(window,document);\n\/\/# sourceURL=https:\/\/wp1.sedaozcan.net.tr\/wp-includes\/js\/wp-embed.min.js\n<\/script>","thumbnail_url":"https:\/\/wp1.sedaozcan.net.tr\/wp-content\/uploads\/2026\/05\/blog-3.png","thumbnail_width":1134,"thumbnail_height":768,"description":"Otizm spektrum bozuklu\u011fu \u00fclkemizde hem farkl\u0131 alg\u0131lan\u0131yor hem de yanl\u0131\u015f biliniyor. Otizmle ilgili do\u011fru bilinen yanl\u0131\u015flar\u0131 ve do\u011frular\u0131 bu b\u00f6l\u00fcmde bulabilirsiniz. A\u015f\u0131lar ile otizm aras\u0131ndaki ili\u015fkiyi inceleyen \u00e7ok say\u0131da ara\u015ft\u0131rmada \u00e7ocukluk a\u015f\u0131lar\u0131 ile otizmli olma olas\u0131l\u0131\u011f\u0131 aras\u0131nda anlaml\u0131 bir ili\u015fki bulunamam\u0131\u015ft\u0131r."}