{"version":"1.0","provider_name":"Tohum Autism Foundation | The Only Remedy for Autism is Education","provider_url":"https:\/\/wp1.sedaozcan.net.tr\/en","author_name":"Tohum Otizm","author_url":"https:\/\/wp1.sedaozcan.net.tr\/en\/author\/admin_3ewju0jt\/","title":"Otizmde Fark\u0131ndal\u0131k Yetmez, Kapsay\u0131c\u0131l\u0131k Zaman\u0131!","type":"rich","width":600,"height":338,"html":"<blockquote class=\"wp-embedded-content\" data-secret=\"R71jclEvJS\"><a href=\"https:\/\/wp1.sedaozcan.net.tr\/en\/otizmde-farkindalik-yetmez-kapsayicilik-zamani\/\">Otizmde Fark\u0131ndal\u0131k Yetmez, Kapsay\u0131c\u0131l\u0131k Zaman\u0131!<\/a><\/blockquote><iframe sandbox=\"allow-scripts\" security=\"restricted\" src=\"https:\/\/wp1.sedaozcan.net.tr\/en\/otizmde-farkindalik-yetmez-kapsayicilik-zamani\/embed\/#?secret=R71jclEvJS\" width=\"600\" height=\"338\" title=\"&#8220;Otizmde Fark\u0131ndal\u0131k Yetmez, Kapsay\u0131c\u0131l\u0131k Zaman\u0131!&#8221; &#8212; Tohum Otizm Vakf\u0131 | Otizmin Tek \u00c7aresi E\u011fitim\" data-secret=\"R71jclEvJS\" frameborder=\"0\" marginwidth=\"0\" marginheight=\"0\" scrolling=\"no\" class=\"wp-embedded-content\"><\/iframe><script>\n\/*! This file is auto-generated *\/\n!function(d,l){\"use strict\";l.querySelector&&d.addEventListener&&\"undefined\"!=typeof URL&&(d.wp=d.wp||{},d.wp.receiveEmbedMessage||(d.wp.receiveEmbedMessage=function(e){var t=e.data;if((t||t.secret||t.message||t.value)&&!\/[^a-zA-Z0-9]\/.test(t.secret)){for(var s,r,n,a=l.querySelectorAll('iframe[data-secret=\"'+t.secret+'\"]'),o=l.querySelectorAll('blockquote[data-secret=\"'+t.secret+'\"]'),c=new RegExp(\"^https?:$\",\"i\"),i=0;i<o.length;i++)o[i].style.display=\"none\";for(i=0;i<a.length;i++)s=a[i],e.source===s.contentWindow&&(s.removeAttribute(\"style\"),\"height\"===t.message?(1e3<(r=parseInt(t.value,10))?r=1e3:~~r<200&&(r=200),s.height=r):\"link\"===t.message&&(r=new URL(s.getAttribute(\"src\")),n=new URL(t.value),c.test(n.protocol))&&n.host===r.host&&l.activeElement===s&&(d.top.location.href=t.value))}},d.addEventListener(\"message\",d.wp.receiveEmbedMessage,!1),l.addEventListener(\"DOMContentLoaded\",function(){for(var e,t,s=l.querySelectorAll(\"iframe.wp-embedded-content\"),r=0;r<s.length;r++)(t=(e=s[r]).getAttribute(\"data-secret\"))||(t=Math.random().toString(36).substring(2,12),e.src+=\"#?secret=\"+t,e.setAttribute(\"data-secret\",t)),e.contentWindow.postMessage({message:\"ready\",secret:t},\"*\")},!1)))}(window,document);\n\/\/# sourceURL=https:\/\/wp1.sedaozcan.net.tr\/wp-includes\/js\/wp-embed.min.js\n<\/script>","thumbnail_url":"https:\/\/wp1.sedaozcan.net.tr\/wp-content\/uploads\/2026\/05\/farkindalik-yetmez-kapsayicilik-zamani.jpg","thumbnail_width":1134,"thumbnail_height":768,"description":"Kapsay\u0131c\u0131l\u0131k; bireylerin cinsiyet, etnik k\u00f6ken, engel durumu, t\u0131bbi gereksinimleri ya da geli\u015fim \u00f6zelliklerinden ba\u011f\u0131ms\u0131z olarak topluma e\u015fit, onurlu ve etkin bi\u00e7imde kat\u0131l\u0131m\u0131n\u0131 g\u00fcvence alt\u0131na alan temel bir insan hakk\u0131d\u0131r. Kapsay\u0131c\u0131 bir toplumda bireyler yaln\u0131zca var olabilen de\u011fil, farkl\u0131l\u0131klar\u0131yla birlikte kabul edilen ve toplumsal ya\u015fam\u0131n aktif birer par\u00e7as\u0131 olarak g\u00f6r\u00fclen bireylerdir."}