{"version":"1.0","provider_name":"Tohum Autism Foundation | The Only Remedy for Autism is Education","provider_url":"https:\/\/wp1.sedaozcan.net.tr\/en","author_name":"Tohum Otizm","author_url":"https:\/\/wp1.sedaozcan.net.tr\/en\/author\/admin_3ewju0jt\/","title":"Yard\u0131mseverlik Ko\u015fular\u0131","type":"rich","width":600,"height":338,"html":"<blockquote class=\"wp-embedded-content\" data-secret=\"hv1cXVfcCk\"><a href=\"https:\/\/wp1.sedaozcan.net.tr\/en\/nasil-destek-olabilirsiniz\/yardimseverlik-kosulari\/\">Yard\u0131mseverlik Ko\u015fular\u0131<\/a><\/blockquote><iframe sandbox=\"allow-scripts\" security=\"restricted\" src=\"https:\/\/wp1.sedaozcan.net.tr\/en\/nasil-destek-olabilirsiniz\/yardimseverlik-kosulari\/embed\/#?secret=hv1cXVfcCk\" width=\"600\" height=\"338\" title=\"&#8220;Yard\u0131mseverlik Ko\u015fular\u0131&#8221; &#8212; Tohum Otizm Vakf\u0131 | Otizmin Tek \u00c7aresi E\u011fitim\" data-secret=\"hv1cXVfcCk\" frameborder=\"0\" marginwidth=\"0\" marginheight=\"0\" scrolling=\"no\" class=\"wp-embedded-content\"><\/iframe><script>\n\/*! This file is auto-generated *\/\n!function(d,l){\"use strict\";l.querySelector&&d.addEventListener&&\"undefined\"!=typeof URL&&(d.wp=d.wp||{},d.wp.receiveEmbedMessage||(d.wp.receiveEmbedMessage=function(e){var t=e.data;if((t||t.secret||t.message||t.value)&&!\/[^a-zA-Z0-9]\/.test(t.secret)){for(var s,r,n,a=l.querySelectorAll('iframe[data-secret=\"'+t.secret+'\"]'),o=l.querySelectorAll('blockquote[data-secret=\"'+t.secret+'\"]'),c=new RegExp(\"^https?:$\",\"i\"),i=0;i<o.length;i++)o[i].style.display=\"none\";for(i=0;i<a.length;i++)s=a[i],e.source===s.contentWindow&&(s.removeAttribute(\"style\"),\"height\"===t.message?(1e3<(r=parseInt(t.value,10))?r=1e3:~~r<200&&(r=200),s.height=r):\"link\"===t.message&&(r=new URL(s.getAttribute(\"src\")),n=new URL(t.value),c.test(n.protocol))&&n.host===r.host&&l.activeElement===s&&(d.top.location.href=t.value))}},d.addEventListener(\"message\",d.wp.receiveEmbedMessage,!1),l.addEventListener(\"DOMContentLoaded\",function(){for(var e,t,s=l.querySelectorAll(\"iframe.wp-embedded-content\"),r=0;r<s.length;r++)(t=(e=s[r]).getAttribute(\"data-secret\"))||(t=Math.random().toString(36).substring(2,12),e.src+=\"#?secret=\"+t,e.setAttribute(\"data-secret\",t)),e.contentWindow.postMessage({message:\"ready\",secret:t},\"*\")},!1)))}(window,document);\n\/\/# sourceURL=https:\/\/wp1.sedaozcan.net.tr\/wp-includes\/js\/wp-embed.min.js\n<\/script>","description":"Nas\u0131l Destek Olabilirsiniz? Yard\u0131mseverlik Ko\u015fular\u0131 Ad\u0131mlar, Otizm Fark\u0131ndal\u0131\u011f\u0131 Yaratmak ve Otizmli \u00c7ocuklar\u0131n E\u011fitimine Katk\u0131 Sa\u011flamak \u0130\u00e7in! Tohum Otizm Vakf\u0131 olarak, y\u0131l boyunca ger\u00e7ekle\u015fen bir\u00e7ok sportif faaliyette yard\u0131mseverlik ko\u015fusu ger\u00e7ekle\u015ftiriyoruz. Yard\u0131mseverlik ko\u015fular\u0131 kapsam\u0131nda g\u00f6n\u00fcll\u00fc ko\u015fucular ad\u0131mlar\u0131n\u0131 otizmli \u00e7ocuklar\u0131n tek \u00e7aresi olan e\u011fitime ula\u015fabilmeleri i\u00e7in atarak; hem sosyal \u00e7evrelerinde otizm fark\u0131ndal\u0131\u011f\u0131 yarat\u0131yor hem de otizmli \u00e7ocuklar\u0131n toplumsal"}