{"version":"1.0","provider_name":"Tohum Autism Foundation | The Only Remedy for Autism is Education","provider_url":"https:\/\/wp1.sedaozcan.net.tr\/en","author_name":"Tohum Otizm","author_url":"https:\/\/wp1.sedaozcan.net.tr\/en\/author\/admin_3ewju0jt\/","title":"Tohum Otizm Vakf\u0131 Y\u0131lba\u015f\u0131 Al\u0131\u015fveri\u015f Festivali Otizmli \u00c7ocuklar\u0131n E\u011fitimine Katk\u0131 Sa\u011flad\u0131","type":"rich","width":600,"height":338,"html":"<blockquote class=\"wp-embedded-content\" data-secret=\"oac9XplsgO\"><a href=\"https:\/\/wp1.sedaozcan.net.tr\/en\/alisveris-festivali-gerceklesti\/\">Tohum Otizm Vakf\u0131 Y\u0131lba\u015f\u0131 Al\u0131\u015fveri\u015f Festivali Otizmli \u00c7ocuklar\u0131n E\u011fitimine Katk\u0131 Sa\u011flad\u0131<\/a><\/blockquote><iframe sandbox=\"allow-scripts\" security=\"restricted\" src=\"https:\/\/wp1.sedaozcan.net.tr\/en\/alisveris-festivali-gerceklesti\/embed\/#?secret=oac9XplsgO\" width=\"600\" height=\"338\" title=\"&#8220;Tohum Otizm Vakf\u0131 Y\u0131lba\u015f\u0131 Al\u0131\u015fveri\u015f Festivali Otizmli \u00c7ocuklar\u0131n E\u011fitimine Katk\u0131 Sa\u011flad\u0131&#8221; &#8212; Tohum Otizm Vakf\u0131 | Otizmin Tek \u00c7aresi E\u011fitim\" data-secret=\"oac9XplsgO\" frameborder=\"0\" marginwidth=\"0\" marginheight=\"0\" scrolling=\"no\" class=\"wp-embedded-content\"><\/iframe><script>\n\/*! This file is auto-generated *\/\n!function(d,l){\"use strict\";l.querySelector&&d.addEventListener&&\"undefined\"!=typeof URL&&(d.wp=d.wp||{},d.wp.receiveEmbedMessage||(d.wp.receiveEmbedMessage=function(e){var t=e.data;if((t||t.secret||t.message||t.value)&&!\/[^a-zA-Z0-9]\/.test(t.secret)){for(var s,r,n,a=l.querySelectorAll('iframe[data-secret=\"'+t.secret+'\"]'),o=l.querySelectorAll('blockquote[data-secret=\"'+t.secret+'\"]'),c=new RegExp(\"^https?:$\",\"i\"),i=0;i<o.length;i++)o[i].style.display=\"none\";for(i=0;i<a.length;i++)s=a[i],e.source===s.contentWindow&&(s.removeAttribute(\"style\"),\"height\"===t.message?(1e3<(r=parseInt(t.value,10))?r=1e3:~~r<200&&(r=200),s.height=r):\"link\"===t.message&&(r=new URL(s.getAttribute(\"src\")),n=new URL(t.value),c.test(n.protocol))&&n.host===r.host&&l.activeElement===s&&(d.top.location.href=t.value))}},d.addEventListener(\"message\",d.wp.receiveEmbedMessage,!1),l.addEventListener(\"DOMContentLoaded\",function(){for(var e,t,s=l.querySelectorAll(\"iframe.wp-embedded-content\"),r=0;r<s.length;r++)(t=(e=s[r]).getAttribute(\"data-secret\"))||(t=Math.random().toString(36).substring(2,12),e.src+=\"#?secret=\"+t,e.setAttribute(\"data-secret\",t)),e.contentWindow.postMessage({message:\"ready\",secret:t},\"*\")},!1)))}(window,document);\n\/\/# sourceURL=https:\/\/wp1.sedaozcan.net.tr\/wp-includes\/js\/wp-embed.min.js\n<\/script>","thumbnail_url":"https:\/\/wp1.sedaozcan.net.tr\/wp-content\/uploads\/2026\/05\/Gorsel_2-scaled.jpg","thumbnail_width":2560,"thumbnail_height":1707,"description":"Tohum Otizm Vakf\u0131\u2019n\u0131n gelenekselle\u015fen Y\u0131lba\u015f\u0131 Al\u0131\u015fveri\u015f Festivali, bu y\u0131l da \u201c\u0130yilikten Festival Do\u011far\u201d temas\u0131yla d\u00fczenlendi. Otizmli \u00e7ocuklar\u0131n erken tan\u0131 ile ba\u015flayan yo\u011fun ve s\u00fcrekli \u00f6zel e\u011fitimle topluma kazand\u0131r\u0131lmas\u0131na katk\u0131 sa\u011flamak amac\u0131yla The Grand Tarabya\u2019da ger\u00e7ekle\u015ftirilen festival, Vakf\u0131n bu alandaki \u00e7al\u0131\u015fmalar\u0131n\u0131 tan\u0131tmay\u0131, fark\u0131ndal\u0131k ve kaynak yaratmay\u0131 hedefledi."}