{"version":"1.0","provider_name":"Tohum Autism Foundation | The Only Remedy for Autism is Education","provider_url":"https:\/\/wp1.sedaozcan.net.tr\/en","author_name":"Tohum Otizm","author_url":"https:\/\/wp1.sedaozcan.net.tr\/en\/author\/admin_3ewju0jt\/","title":"3 Aral\u0131k D\u00fcnya Engelliler G\u00fcn\u00fc\u2019nde iyilik b\u00fcy\u00fcyor, otizmli \u00e7ocuklar\u0131n e\u011fitimine d\u00f6n\u00fc\u015f\u00fcyor.","type":"rich","width":600,"height":338,"html":"<blockquote class=\"wp-embedded-content\" data-secret=\"TPu9759hIV\"><a href=\"https:\/\/wp1.sedaozcan.net.tr\/en\/3-aralik-dunya-engelliler-gunu\/\">3 Aral\u0131k D\u00fcnya Engelliler G\u00fcn\u00fc\u2019nde iyilik b\u00fcy\u00fcyor, otizmli \u00e7ocuklar\u0131n e\u011fitimine d\u00f6n\u00fc\u015f\u00fcyor.<\/a><\/blockquote><iframe sandbox=\"allow-scripts\" security=\"restricted\" src=\"https:\/\/wp1.sedaozcan.net.tr\/en\/3-aralik-dunya-engelliler-gunu\/embed\/#?secret=TPu9759hIV\" width=\"600\" height=\"338\" title=\"&#8220;3 Aral\u0131k D\u00fcnya Engelliler G\u00fcn\u00fc\u2019nde iyilik b\u00fcy\u00fcyor, otizmli \u00e7ocuklar\u0131n e\u011fitimine d\u00f6n\u00fc\u015f\u00fcyor.&#8221; &#8212; Tohum Otizm Vakf\u0131 | Otizmin Tek \u00c7aresi E\u011fitim\" data-secret=\"TPu9759hIV\" frameborder=\"0\" marginwidth=\"0\" marginheight=\"0\" scrolling=\"no\" class=\"wp-embedded-content\"><\/iframe><script>\n\/*! This file is auto-generated *\/\n!function(d,l){\"use strict\";l.querySelector&&d.addEventListener&&\"undefined\"!=typeof URL&&(d.wp=d.wp||{},d.wp.receiveEmbedMessage||(d.wp.receiveEmbedMessage=function(e){var t=e.data;if((t||t.secret||t.message||t.value)&&!\/[^a-zA-Z0-9]\/.test(t.secret)){for(var s,r,n,a=l.querySelectorAll('iframe[data-secret=\"'+t.secret+'\"]'),o=l.querySelectorAll('blockquote[data-secret=\"'+t.secret+'\"]'),c=new RegExp(\"^https?:$\",\"i\"),i=0;i<o.length;i++)o[i].style.display=\"none\";for(i=0;i<a.length;i++)s=a[i],e.source===s.contentWindow&&(s.removeAttribute(\"style\"),\"height\"===t.message?(1e3<(r=parseInt(t.value,10))?r=1e3:~~r<200&&(r=200),s.height=r):\"link\"===t.message&&(r=new URL(s.getAttribute(\"src\")),n=new URL(t.value),c.test(n.protocol))&&n.host===r.host&&l.activeElement===s&&(d.top.location.href=t.value))}},d.addEventListener(\"message\",d.wp.receiveEmbedMessage,!1),l.addEventListener(\"DOMContentLoaded\",function(){for(var e,t,s=l.querySelectorAll(\"iframe.wp-embedded-content\"),r=0;r<s.length;r++)(t=(e=s[r]).getAttribute(\"data-secret\"))||(t=Math.random().toString(36).substring(2,12),e.src+=\"#?secret=\"+t,e.setAttribute(\"data-secret\",t)),e.contentWindow.postMessage({message:\"ready\",secret:t},\"*\")},!1)))}(window,document);\n\/\/# sourceURL=https:\/\/wp1.sedaozcan.net.tr\/wp-includes\/js\/wp-embed.min.js\n<\/script>","thumbnail_url":"https:\/\/wp1.sedaozcan.net.tr\/wp-content\/uploads\/2026\/05\/Gorsel-3.jpg","thumbnail_width":1920,"thumbnail_height":1080,"description":"3 Aral\u0131k D\u00fcnya Engelliler G\u00fcn\u00fc\u2019nde Tohum Otizm Vakf\u0131, herkesi \u201ciyili\u011fin birle\u015ftirici g\u00fcc\u00fcyle\u201d otizmli bireylerin topluma tam ve e\u015fit kat\u0131l\u0131m\u0131na destek olmaya davet ediyor. Otizmli \u00e7ocuklar\u0131n erken tan\u0131 ve e\u011fitimle topluma kazand\u0131r\u0131lmas\u0131 i\u00e7in 22 y\u0131ld\u0131r \u00e7al\u0131\u015fan Vak\u0131f, bu y\u0131l da \u201c\u0130yilik Engel Tan\u0131maz\u201d mesaj\u0131yla fark\u0131ndal\u0131k yarat\u0131yor."}